{"id":130,"date":"2019-06-11T01:03:33","date_gmt":"2019-06-10T23:03:33","guid":{"rendered":"<div class=\"_5aj7 _3-8j\">\n<div class=\"_4bl9\">\n<div class=\"_50f4\"><span style=\"font-family: Times New Roman, serif\"><span style=\"font-size: small\">Genre<br \/><\/span><\/span><span style=\"font-family: Times New Roman, serif\"><span style=\"font-size: small\">Roc"},"modified":"2019-06-11T01:03:33","modified_gmt":"2019-06-10T23:03:33","slug":"erick-endres","status":"publish","type":"artistes","link":"https:\/\/saudadedaluz.fr\/br\/artistes\/erick-endres\/","title":{"rendered":"Erick Endres"},"content":{"rendered":"<div class=\"_5aj7 _3-8j\">\n<div class=\"_4bl9\">\n<div class=\"_50f4\"><span style=\"font-family: Times New Roman, serif\"><span style=\"font-size: small\">Genre<br \/><\/span><\/span><span style=\"font-family: Times New Roman, serif\"><span style=\"font-size: small\">Rock\/Alternatif<br \/><\/span><\/span><br \/><span style=\"font-family: Times New Roman, serif\"><span style=\"font-size: small\">Ville d\u2019origine<br \/><\/span><\/span><span style=\"font-family: Times New Roman, serif\"><span style=\"font-size: small\">Porto Alegre (Br\u00e9sil)<br \/><\/span><\/span><br \/><span style=\"font-family: Times New Roman, serif\"><span style=\"font-size: small\">\u00c0 propos<br \/><\/span><\/span><span style=\"font-family: Times New Roman, serif\"><span style=\"font-size: small\">Joueur de guitare depuis tout petit.<\/span><\/span><br \/><span style=\"font-family: Times New Roman, serif\"><span style=\"font-size: small\">Biographie<\/span><\/span><span style=\"font-family: Times New Roman, serif\"><span style=\"font-size: small\">N\u00e9 apr\u00e8s la r\u00e9volution digitale, Erick Endres est<br \/>un parfait exemple des mouvances actuelles, apport\u00e9es gr\u00e2ce \u00e0 un acc\u00e8s \u00e0 l&rsquo;information facile et rapide, auquel sa g\u00e9n\u00e9ration a eu acc\u00e8s.<br \/>Avoir un acc\u00e8s au monde en un clic n&rsquo;\u00e9tait pas une nouveaut\u00e9, c&rsquo;\u00e9tait \u00e0 peine la r\u00e9alit\u00e9\u00a0! Dans ce contexte, cette aisance d&rsquo;acc\u00e8s \u00e0 l&rsquo;information fut un facteur extr\u00eamement lib\u00e9rateur pour sa g\u00e9n\u00e9ration. <\/span><\/span><span style=\"font-family: Times New Roman, serif\"><span style=\"font-size: small\">L&rsquo;ensemble des donn\u00e9es passait de jours en jours sous leurs yeux. Les r\u00e9f\u00e9rences sortaient des \u00e9crans des smartphones, passant des amis, jusqu&rsquo;au trottoir, pour ensuite retourner \u00e0 internet, traversant les oc\u00e9ans, encore et encore.<br \/>En ayant cet acc\u00e8s \u00e0 ce monde d&rsquo;informations, ces jeunes ont commenc\u00e9 \u00e0 construire des identit\u00e9s mall\u00e9ables. L\u2019enjeu n&rsquo;est pas d&rsquo;\u00eatre du rock, de l&rsquo;\u00e9lectronique ou du m\u00e9tal. Il est d&rsquo;\u00eatre en un rien de temps \u00e0 la fois, le rock, l&rsquo;\u00e9lectronique et le m\u00e9tal.<\/span><\/span><span style=\"font-family: Times New Roman, serif\"><span style=\"font-size: small\"><br \/><\/span><\/span><span style=\"font-family: Times New Roman, serif\"><span style=\"font-size: small\">La musique a toujours \u00e9t\u00e9 un pilier fondamental pour la construction de l&rsquo;identit\u00e9 des jeunes. A partir du moment o\u00f9 ils ont eu une discoth\u00e8que du monde dans la poche, ils ont commenc\u00e9 \u00e0 absorber toutes les r\u00e9f\u00e9rences, en s\u2019impr\u00e9gnant de l&rsquo;une \u00e0 l&rsquo;autre, totalement librement.<\/span><\/span><strong><span style=\"font-family: Times New Roman, serif\"><span style=\"font-size: small\"><br \/><\/span><\/span><\/strong><\/p>\n<\/div>\n<\/div>\n<\/div>","protected":false},"featured_media":129,"template":"","annee":[55,58],"class_list":["post-130","artistes","type-artistes","status-publish","has-post-thumbnail","hentry","annee-55","annee-58"],"_links":{"self":[{"href":"https:\/\/saudadedaluz.fr\/br\/wp-json\/wp\/v2\/artistes\/130","targetHints":{"allow":["GET"]}}],"collection":[{"href":"https:\/\/saudadedaluz.fr\/br\/wp-json\/wp\/v2\/artistes"}],"about":[{"href":"https:\/\/saudadedaluz.fr\/br\/wp-json\/wp\/v2\/types\/artistes"}],"wp:featuredmedia":[{"embeddable":true,"href":"https:\/\/saudadedaluz.fr\/br\/wp-json\/wp\/v2\/media\/129"}],"wp:attachment":[{"href":"https:\/\/saudadedaluz.fr\/br\/wp-json\/wp\/v2\/media?parent=130"}],"wp:term":[{"taxonomy":"annee","embeddable":true,"href":"https:\/\/saudadedaluz.fr\/br\/wp-json\/wp\/v2\/annee?post=130"}],"curies":[{"name":"wp","href":"https:\/\/api.w.org\/{rel}","templated":true}]}}