{"id":240196,"date":"2019-12-06T18:04:35","date_gmt":"2019-12-06T17:04:35","guid":{"rendered":"http:\/\/Adh\u00e9sions%20et%20soutien%20aux%20artistes%2021CabaretLe%2021Cabaret%20est%20une%20petite%20salle%20de%20spectacles%20avec%20un%20bar%20associatif%20qui%20f"},"modified":"2024-04-07T21:43:10","modified_gmt":"2024-04-07T19:43:10","slug":"accueil","status":"publish","type":"page","link":"https:\/\/saudadedaluz.fr\/br\/","title":{"rendered":"Accueil 2024"},"content":{"rendered":"<!--themify_builder_content-->\n<div id=\"themify_builder_content-240196\" data-postid=\"240196\" class=\"themify_builder_content themify_builder_content-240196 themify_builder tf_clear\">\n                    <div  data-css_id=\"8j2457\" id=\"bio\" data-lazy=\"1\" class=\"module_row themify_builder_row fullwidth tb_8j2457 tb_first tf_w\">\n            <span  class=\"builder_row_cover tf_abs\" data-lazy=\"1\" id=\"bio\"><\/span>            <span class=\"tf_hide row-slider tb_slider tf_abs\" data-bgmode=\"kenburns-effect\" data-sliderspeed=\"3500\">\n                <span class=\"tf_abs row-slider-slides tf_w tf_hidden tf_clearfix\">\n                                <span data-bg=\"https:\/\/saudadedaluz.fr\/wp-content\/uploads\/sites\/10\/sites\/10\/2019\/11\/saudadedaluz-01.png\">\n                        <a href=\"javascript:;\" rel=\"nofollow\" class=\"row-slider-dot\" data-index=\"0\"><span class=\"screen-reader-text\">&bull;<\/span><\/a>\n                    <\/span>\n                                    <span data-bg=\"https:\/\/saudadedaluz.fr\/wp-content\/uploads\/sites\/10\/sites\/10\/2019\/11\/saudadedaluz-02.png\">\n                        <a href=\"javascript:;\" rel=\"nofollow\" class=\"row-slider-dot\" data-index=\"1\"><span class=\"screen-reader-text\">&bull;<\/span><\/a>\n                    <\/span>\n                                    <span data-bg=\"https:\/\/saudadedaluz.fr\/wp-content\/uploads\/sites\/10\/sites\/10\/2019\/11\/saudadedaluz-04.png\">\n                        <a href=\"javascript:;\" rel=\"nofollow\" class=\"row-slider-dot\" data-index=\"2\"><span class=\"screen-reader-text\">&bull;<\/span><\/a>\n                    <\/span>\n                                    <span data-bg=\"https:\/\/saudadedaluz.fr\/wp-content\/uploads\/sites\/10\/sites\/10\/2019\/11\/saudadedaluz-05.png\">\n                        <a href=\"javascript:;\" rel=\"nofollow\" class=\"row-slider-dot\" data-index=\"3\"><span class=\"screen-reader-text\">&bull;<\/span><\/a>\n                    <\/span>\n                                    <span data-bg=\"https:\/\/saudadedaluz.fr\/wp-content\/uploads\/sites\/10\/sites\/10\/2019\/11\/saudadedaluz-22.png\">\n                        <a href=\"javascript:;\" rel=\"nofollow\" class=\"row-slider-dot\" data-index=\"4\"><span class=\"screen-reader-text\">&bull;<\/span><\/a>\n                    <\/span>\n                                    <span data-bg=\"https:\/\/saudadedaluz.fr\/wp-content\/uploads\/sites\/10\/sites\/10\/2019\/11\/saudadedaluz-07.png\">\n                        <a href=\"javascript:;\" rel=\"nofollow\" class=\"row-slider-dot\" data-index=\"5\"><span class=\"screen-reader-text\">&bull;<\/span><\/a>\n                    <\/span>\n                                    <span data-bg=\"https:\/\/saudadedaluz.fr\/wp-content\/uploads\/sites\/10\/sites\/10\/2019\/11\/saudadedaluz-15.png\">\n                        <a href=\"javascript:;\" rel=\"nofollow\" class=\"row-slider-dot\" data-index=\"6\"><span class=\"screen-reader-text\">&bull;<\/span><\/a>\n                    <\/span>\n                                    <span data-bg=\"https:\/\/saudadedaluz.fr\/wp-content\/uploads\/sites\/10\/sites\/10\/2019\/11\/saudadedaluz-08.png\">\n                        <a href=\"javascript:;\" rel=\"nofollow\" class=\"row-slider-dot\" data-index=\"7\"><span class=\"screen-reader-text\">&bull;<\/span><\/a>\n                    <\/span>\n                                    <span data-bg=\"https:\/\/saudadedaluz.fr\/wp-content\/uploads\/sites\/10\/sites\/10\/2019\/11\/saudadedaluz-28.png\">\n                        <a href=\"javascript:;\" rel=\"nofollow\" class=\"row-slider-dot\" data-index=\"8\"><span class=\"screen-reader-text\">&bull;<\/span><\/a>\n                    <\/span>\n                                    <span data-bg=\"https:\/\/saudadedaluz.fr\/wp-content\/uploads\/sites\/10\/sites\/10\/2019\/11\/saudadedaluz-09.png\">\n                        <a href=\"javascript:;\" rel=\"nofollow\" class=\"row-slider-dot\" data-index=\"9\"><span class=\"screen-reader-text\">&bull;<\/span><\/a>\n                    <\/span>\n                                    <span data-bg=\"https:\/\/saudadedaluz.fr\/wp-content\/uploads\/sites\/10\/sites\/10\/2019\/11\/saudadedaluz-11.png\">\n                        <a href=\"javascript:;\" rel=\"nofollow\" class=\"row-slider-dot\" data-index=\"10\"><span class=\"screen-reader-text\">&bull;<\/span><\/a>\n                    <\/span>\n                                    <span data-bg=\"https:\/\/saudadedaluz.fr\/wp-content\/uploads\/sites\/10\/sites\/10\/2019\/11\/saudadedaluz-12.png\">\n                        <a href=\"javascript:;\" rel=\"nofollow\" class=\"row-slider-dot\" data-index=\"11\"><span class=\"screen-reader-text\">&bull;<\/span><\/a>\n                    <\/span>\n                                    <span data-bg=\"https:\/\/saudadedaluz.fr\/wp-content\/uploads\/sites\/10\/sites\/10\/2019\/11\/saudadedaluz-13.png\">\n                        <a href=\"javascript:;\" rel=\"nofollow\" class=\"row-slider-dot\" data-index=\"12\"><span class=\"screen-reader-text\">&bull;<\/span><\/a>\n                    <\/span>\n                                    <span data-bg=\"https:\/\/saudadedaluz.fr\/wp-content\/uploads\/sites\/10\/sites\/10\/2019\/11\/saudadedaluz-03.png\">\n                        <a href=\"javascript:;\" rel=\"nofollow\" class=\"row-slider-dot\" data-index=\"13\"><span class=\"screen-reader-text\">&bull;<\/span><\/a>\n                    <\/span>\n                                    <span data-bg=\"https:\/\/saudadedaluz.fr\/wp-content\/uploads\/sites\/10\/sites\/10\/2019\/11\/saudadedaluz-16.png\">\n                        <a href=\"javascript:;\" rel=\"nofollow\" class=\"row-slider-dot\" data-index=\"14\"><span class=\"screen-reader-text\">&bull;<\/span><\/a>\n                    <\/span>\n                                    <span data-bg=\"https:\/\/saudadedaluz.fr\/wp-content\/uploads\/sites\/10\/sites\/10\/2019\/11\/saudadedaluz-17.png\">\n                        <a href=\"javascript:;\" rel=\"nofollow\" class=\"row-slider-dot\" data-index=\"15\"><span class=\"screen-reader-text\">&bull;<\/span><\/a>\n                    <\/span>\n                                    <span data-bg=\"https:\/\/saudadedaluz.fr\/wp-content\/uploads\/sites\/10\/sites\/10\/2019\/11\/saudadedaluz-18.png\">\n                        <a href=\"javascript:;\" rel=\"nofollow\" class=\"row-slider-dot\" data-index=\"16\"><span class=\"screen-reader-text\">&bull;<\/span><\/a>\n                    <\/span>\n                                    <span data-bg=\"https:\/\/saudadedaluz.fr\/wp-content\/uploads\/sites\/10\/sites\/10\/2019\/11\/saudadedaluz-10.png\">\n                        <a href=\"javascript:;\" rel=\"nofollow\" class=\"row-slider-dot\" data-index=\"17\"><span class=\"screen-reader-text\">&bull;<\/span><\/a>\n                    <\/span>\n                                    <span data-bg=\"https:\/\/saudadedaluz.fr\/wp-content\/uploads\/sites\/10\/sites\/10\/2019\/11\/saudadedaluz-14.png\">\n                        <a href=\"javascript:;\" rel=\"nofollow\" class=\"row-slider-dot\" data-index=\"18\"><span class=\"screen-reader-text\">&bull;<\/span><\/a>\n                    <\/span>\n                                    <span data-bg=\"https:\/\/saudadedaluz.fr\/wp-content\/uploads\/sites\/10\/sites\/10\/2019\/11\/saudadedaluz-23.png\">\n                        <a href=\"javascript:;\" rel=\"nofollow\" class=\"row-slider-dot\" data-index=\"19\"><span class=\"screen-reader-text\">&bull;<\/span><\/a>\n                    <\/span>\n                                    <span data-bg=\"https:\/\/saudadedaluz.fr\/wp-content\/uploads\/sites\/10\/sites\/10\/2019\/11\/saudadedaluz-27.png\">\n                        <a href=\"javascript:;\" rel=\"nofollow\" class=\"row-slider-dot\" data-index=\"20\"><span class=\"screen-reader-text\">&bull;<\/span><\/a>\n                    <\/span>\n                                    <span data-bg=\"https:\/\/saudadedaluz.fr\/wp-content\/uploads\/sites\/10\/sites\/10\/2019\/11\/saudadedaluz-24.png\">\n                        <a href=\"javascript:;\" rel=\"nofollow\" class=\"row-slider-dot\" data-index=\"21\"><span class=\"screen-reader-text\">&bull;<\/span><\/a>\n                    <\/span>\n                                    <span data-bg=\"https:\/\/saudadedaluz.fr\/wp-content\/uploads\/sites\/10\/sites\/10\/2019\/11\/saudadedaluz-30.png\">\n                        <a href=\"javascript:;\" rel=\"nofollow\" class=\"row-slider-dot\" data-index=\"22\"><span class=\"screen-reader-text\">&bull;<\/span><\/a>\n                    <\/span>\n                                    <span data-bg=\"https:\/\/saudadedaluz.fr\/wp-content\/uploads\/sites\/10\/sites\/10\/2019\/11\/saudadedaluz-21.png\">\n                        <a href=\"javascript:;\" rel=\"nofollow\" class=\"row-slider-dot\" data-index=\"23\"><span class=\"screen-reader-text\">&bull;<\/span><\/a>\n                    <\/span>\n                                    <span data-bg=\"https:\/\/saudadedaluz.fr\/wp-content\/uploads\/sites\/10\/sites\/10\/2019\/11\/saudadedaluz-26.png\">\n                        <a href=\"javascript:;\" rel=\"nofollow\" class=\"row-slider-dot\" data-index=\"24\"><span class=\"screen-reader-text\">&bull;<\/span><\/a>\n                    <\/span>\n                                    <span data-bg=\"https:\/\/saudadedaluz.fr\/wp-content\/uploads\/sites\/10\/sites\/10\/2019\/11\/saudadedaluz-25.png\">\n                        <a href=\"javascript:;\" rel=\"nofollow\" class=\"row-slider-dot\" data-index=\"25\"><span class=\"screen-reader-text\">&bull;<\/span><\/a>\n                    <\/span>\n                                    <span data-bg=\"https:\/\/saudadedaluz.fr\/wp-content\/uploads\/sites\/10\/sites\/10\/2019\/11\/saudadedaluz-29.png\">\n                        <a href=\"javascript:;\" rel=\"nofollow\" class=\"row-slider-dot\" data-index=\"26\"><span class=\"screen-reader-text\">&bull;<\/span><\/a>\n                    <\/span>\n                                <\/span>\n                <span class=\"row-slider-nav tf_abs_t tf_w\">\n                    <a href=\"javascript:;\" rel=\"nofollow\" class=\"row-slider-arrow row-slider-prev tf_hidden tf_abs_t\"><span class=\"screen-reader-text\">&larr;<\/span><\/a>\n                    <a href=\"javascript:;\" rel=\"nofollow\" class=\"row-slider-arrow row-slider-next tf_hidden tf_abs_t\"><span class=\"screen-reader-text\">&rarr;<\/span><\/a>\n                <\/span>\n            <\/span>\n                        <div class=\"row_inner col_align_top tb_col_count_1 tf_box tf_rel\">\n                        <div  data-lazy=\"1\" class=\"module_column tb-column col-full tb_tdy059 first\">\n                    <!-- module post -->\n<div  class=\"module module-post tb_2eku60 \">\n    <div  class=\"builder-posts-wrap loops-wrapper biographie list-post tf_clear tf_clearfix\" data-lazy=\"1\">\n    \n                    \n                    <article id=\"post-240039\" class=\"post tf_clearfix post-240039 biographie type-biographie status-publish hentry\">\n\n                    \n                    \n                        <div class=\"post-content\">\n\n                        \n                            \n                            \n                                <div>Saudade da Luz participe \u00e0 l\u2019organisation d\u2019\u00e9changes culturels internationaux et \u00e0 la promotion de projets artistiques, principalement dans le domaine de la musique.<\/div>\n<div>&nbsp;<\/div>\n<div>De nombreuses collaborations entre le Br\u00e9sil et la France ont d\u00e9coul\u00e9 de ces projets.<\/div>\n\n\n\n<!--themify_builder_static--><!--\/themify_builder_static-->                            \n                        <\/div>\n                        <!-- \/.post-content -->\n                                \n                    <\/article>\n            \n                            <\/div><!-- .builder-posts-wrap -->\n            <\/div>\n<!-- \/module post -->\n            <\/div>\n                        <\/div>\n        <\/div>\n                        <div  id=\"Cabaret\" data-lazy=\"1\" class=\"module_row themify_builder_row tb_ka5l404 tf_w wow\" data-tf-animation=\"bounceIn\">\n            <span  class=\"builder_row_cover tf_abs\" data-lazy=\"1\" id=\"Cabaret\"><\/span>            <div class=\"row_inner col_align_middle tb_col_count_2 tf_box tf_rel\">\n                        <div  data-lazy=\"1\" class=\"module_column tb-column col3-1 tb_kirg406 first\">\n                    <!-- module video -->\n<div  class=\"module module-video tb_i03f366 video-top  video-autoplay\" data-lazy=\"1\">\n                    <div class=\"video-wrap-outer\" style=\"max-width:100%\">\n            <div class=\"video-wrap tf_rel tf_overflow tf_local_video\">\n                \n                    \n                    <div style=\"width: 640px;\" class=\"wp-video\"><video class=\"wp-video-shortcode\" id=\"video-240196-1\" width=\"640\" height=\"360\" loop autoplay data-hide-controls preload=\"metadata\" controls=\"controls\"><source type=\"video\/mp4\" src=\"http:\/\/saudadedaluz.fr\/wp-content\/uploads\/sites\/10\/sites\/10\/2020\/05\/Logo21Cabaret640.mp4?_=1\" \/><a href=\"http:\/\/saudadedaluz.fr\/wp-content\/uploads\/sites\/10\/sites\/10\/2020\/05\/Logo21Cabaret640.mp4\">http:\/\/saudadedaluz.fr\/wp-content\/uploads\/sites\/10\/sites\/10\/2020\/05\/Logo21Cabaret640.mp4<\/a><\/video><\/div>\n                    \n                                <\/div>\n            <!-- \/video-wrap -->\n        <\/div>\n        <!-- \/video-wrap-outer -->\n            <\/div>\n        <\/div>\n                    <div  data-lazy=\"1\" class=\"module_column tb-column col3-2 tb_kcu457 last\">\n                    <!-- module tab -->\n<div  id=\"tb_y5i2493\" class=\"module ui module-tab tb_y5i2493 minimal rounded gradient black  wow\" data-tf-animation=\"bounceIn\" data-lazy=\"1\" data-tab-breakpoint=\"2\">\n        <div class=\"tab-nav-current-active tf_hide\">\n\t\t<span class=\"tab_burger_icon_wrap\">\n\t        <span class=\"tab_burger_icon tf_rel\"><\/span>\n\t\t<\/span>\n        <span class=\"tb_activetab_title\">\n            <span class=\"tb_tab_title\">21Cabaret<\/span>\n                    <\/span>\n    <\/div>\n    <ul class=\"tab-nav tf_clearfix tf_scrollbar\">\n                <li class=\"current\" aria-expanded=\"true\">\n            <a href=\"#tab-tb_y5i2493-0\">\n                                <span class=\"tb_tab_title\">21Cabaret<\/span>                                            <\/a>\n        <\/li>\n                <li aria-expanded=\"false\">\n            <a href=\"#tab-tb_y5i2493-1\">\n                                <span class=\"tb_tab_title\">Vid\u00e9os<\/span>                                            <\/a>\n        <\/li>\n                <li aria-expanded=\"false\">\n            <a href=\"#tab-tb_y5i2493-2\">\n                                <span class=\"tb_tab_title\">Photos<\/span>                                            <\/a>\n        <\/li>\n            <\/ul>\n            <div data-id=\"tab-tb_y5i2493-0\" class=\"tab-content tf_clear\" aria-hidden=\"false\">\n                    <div  data-lazy=\"1\" class=\"module_subrow themify_builder_sub_row tf_w col_align_top tb_col_count_1 tb_g192890\">\n                <div  data-lazy=\"1\" class=\"module_column sub_column tb_j70g890 first\">\n                    <!-- module text -->\n<div  class=\"module module-text tb_7849890   \" data-lazy=\"1\">\n        <div  class=\"tb_text_wrap\">\n        <p>Le 21Cabaret est une petite salle de spectacles avec un bar associatif qui fait partie de l\u2019association d\u2019\u00e9changes culturels avec le Br\u00e9sil, Saudade da Luz, sur la place de l\u2019\u00c9glise de Toulx Sainte Croix.<\/p>\n<p>Un lieu o\u00f9 les musiciens br\u00e9siliens et fran\u00e7ais se pr\u00e9sentent pour enregistrer leurs spectacles en vid\u00e9o avec l\u2019appr\u00e9ciation d\u2019un public d\u2019adh\u00e9rents int\u00e9ress\u00e9s par les \u00e9changes culturels.<\/p>\n<p>En activit\u00e9 depuis 8 ans, cet endroit a enregistr\u00e9 des moments de haute qualit\u00e9 musicale ajoutant valeur \u00e0 la culture dans la r\u00e9gion.<\/p>\n<h3 style=\"text-align: center\"><strong><a href=\"https:\/\/saudadedaluz.fr\/21cabaret\">En savoir plus<\/a><\/strong><\/h3>    <\/div>\n<\/div>\n<!-- \/module text -->        <\/div>\n                    <\/div>\n                <\/div>\n            <div data-id=\"tab-tb_y5i2493-1\" class=\"tab-content tf_clear\" aria-hidden=\"true\">\n                    <div  data-lazy=\"1\" class=\"module_subrow themify_builder_sub_row tf_w col_align_top tb_col_count_1 tb_no32891\">\n                <div  data-lazy=\"1\" class=\"module_column sub_column tb_zdjw891 first\">\n                    <!-- module text -->\n<div  class=\"module module-text tb_l82t891   \" data-lazy=\"1\">\n        <div  class=\"tb_text_wrap\">\n        <div class=\"elfsight-widget-youtube-gallery elfsight-widget\" data-elfsight-youtube-gallery-options=\"%7B%22channel%22%3A%22https%3A%5C%2F%5C%2Fwww.youtube.com%5C%2Fchannel%5C%2FUCZOHbCyh_ppDrJs81HiYWVg%22%2C%22sourceGroups%22%3A%5B%7B%22name%22%3A%2221Cabaret%22%2C%22sources%22%3A%5B%22https%3A%5C%2F%5C%2Fwww.youtube.com%5C%2Fplaylist%3Flist%3DPLdDQXx_auGynUMofsQWNudL8Af-pG-8xn%22%5D%7D%5D%2C%22headerVisible%22%3Atrue%2C%22headerLayout%22%3A%22classic%22%2C%22headerInfo%22%3A%5B%22videosCounter%22%2C%22subscribersCounter%22%2C%22viewsCounter%22%2C%22subscribeButton%22%2C%22logo%22%2C%22banner%22%2C%22channelName%22%5D%2C%22contentColumns%22%3A3%2C%22contentRows%22%3A3%2C%22contentGutter%22%3A21%2C%22contentResponsive%22%3A%5B%7B%22minWidth%22%3A375%2C%22columns%22%3A1%2C%22rows%22%3A1%2C%22gutter%22%3A%2220%22%7D%2C%7B%22minWidth%22%3A768%2C%22columns%22%3A2%2C%22rows%22%3A1%2C%22gutter%22%3A%2220%22%7D%5D%2C%22width%22%3A%22auto%22%2C%22videoLayout%22%3A%22classic%22%2C%22videoInfo%22%3A%5B%22playIcon%22%2C%22duration%22%2C%22title%22%2C%22description%22%2C%22viewsCounter%22%2C%22likesCounter%22%2C%22commentsCounter%22%5D%2C%22videoPlayMode%22%3A%22popup%22%2C%22popupInfo%22%3A%5B%22title%22%2C%22channelLogo%22%2C%22channelName%22%2C%22subscribeButton%22%2C%22viewsCounter%22%2C%22likesCounter%22%2C%22dislikesCounter%22%2C%22likesRatio%22%2C%22share%22%2C%22date%22%2C%22description%22%2C%22descriptionMoreButton%22%2C%22comments%22%5D%2C%22popupAutoplay%22%3Atrue%2C%22contentDirection%22%3A%22horizontal%22%2C%22contentArrowsControl%22%3Atrue%2C%22contentScrollControl%22%3Afalse%2C%22contentDragControl%22%3Atrue%2C%22contentPaginationControl%22%3Atrue%2C%22contentScrollbar%22%3Afalse%2C%22contentSearch%22%3Afalse%2C%22contentTransitionSpeed%22%3A600%2C%22contentTransitionEffect%22%3A%22slide%22%2C%22contentFreeMode%22%3Afalse%2C%22contentAuto%22%3A0%2C%22contentAutoPauseOnHover%22%3Afalse%2C%22colorScheme%22%3A%22dark%22%2C%22colorHeaderBg%22%3A%22rgb%2851%2C%2051%2C%2051%29%22%2C%22colorHeaderBannerOverlay%22%3A%22rgba%2851%2C%2051%2C%2051%2C%200.81%29%22%2C%22colorHeaderChannelName%22%3A%22rgb%28255%2C%20255%2C%20255%29%22%2C%22colorHeaderChannelNameHover%22%3A%22rgb%2877%2C%20178%2C%20255%29%22%2C%22colorHeaderChannelDescription%22%3A%22rgb%28255%2C%20255%2C%20255%29%22%2C%22colorHeaderAnchor%22%3A%22rgb%2877%2C%20178%2C%20255%29%22%2C%22colorHeaderAnchorHover%22%3A%22rgb%28255%2C%20255%2C%20255%29%22%2C%22colorHeaderCounters%22%3A%22rgb%28160%2C%20160%2C%20160%29%22%2C%22colorGroupsBg%22%3A%22rgb%2851%2C%2051%2C%2051%29%22%2C%22colorGroupsLink%22%3A%22rgb%28255%2C%20255%2C%20255%2C%200.5%29%22%2C%22colorGroupsLinkHover%22%3A%22rgb%28255%2C%20255%2C%20255%29%22%2C%22colorGroupsLinkActive%22%3A%22rgb%28255%2C%2066%2C%2066%29%22%2C%22colorGroupsHighlightHover%22%3A%22rgb%28255%2C%2066%2C%2066%29%22%2C%22colorGroupsHighlightActive%22%3A%22rgb%28255%2C%2066%2C%2066%29%22%2C%22colorVideoBg%22%3A%22rgb%2851%2C%2051%2C%2051%29%22%2C%22colorVideoOverlay%22%3A%22rgba%2828%2C%2028%2C%2028%2C%200.9%29%22%2C%22colorVideoPlayIcon%22%3A%22rgba%28255%2C%20255%2C%20255%2C%200.4%29%22%2C%22colorVideoPlayIconHover%22%3A%22rgba%28255%2C%20255%2C%20255%2C%200.8%29%22%2C%22colorVideoDuration%22%3A%22rgb%28255%2C%20255%2C%20255%29%22%2C%22colorVideoDurationBg%22%3A%22rgba%2828%2C%2028%2C%2028%2C%200.81%29%22%2C%22colorVideoTitle%22%3A%22rgb%28200%2C%20200%2C%20200%29%22%2C%22colorVideoTitleHover%22%3A%22rgb%28200%2C%20200%2C%20200%29%22%2C%22colorVideoDate%22%3A%22rgb%28116%2C%20116%2C%20116%29%22%2C%22colorVideoDescription%22%3A%22rgb%28200%2C%20200%2C%20200%29%22%2C%22colorVideoAnchor%22%3A%22rgb%2842%2C%20163%2C%20255%29%22%2C%22colorVideoAnchorHover%22%3A%22rgb%2877%2C%20178%2C%20255%29%22%2C%22colorVideoCounters%22%3A%22rgb%28112%2C%20112%2C%20112%29%22%2C%22colorPopupBg%22%3A%22rgb%2851%2C%2051%2C%2051%29%22%2C%22colorPopupAnchor%22%3A%22rgb%2842%2C%20163%2C%20255%29%22%2C%22colorPopupAnchorHover%22%3A%22rgb%2877%2C%20178%2C%20255%29%22%2C%22colorPopupOverlay%22%3A%22rgba%280%2C%200%2C%200%2C%200.7%29%22%2C%22colorPopupTitle%22%3A%22rgb%28255%2C%20255%2C%20255%29%22%2C%22colorPopupChannelName%22%3A%22rgb%28255%2C%20255%2C%20255%29%22%2C%22colorPopupChannelNameHover%22%3A%22rgb%2877%2C%20178%2C%20255%29%22%2C%22colorPopupViewsCounter%22%3A%22rgb%28255%2C%20255%2C%20255%29%22%2C%22colorPopupLikesRatio%22%3A%22rgb%2847%2C%20165%2C%20255%29%22%2C%22colorPopupDislikesRatio%22%3A%22rgb%28100%2C%20100%2C%20100%29%22%2C%22colorPopupLikesCounter%22%3A%22rgb%28144%2C%20144%2C%20144%29%22%2C%22colorPopupDislikesCounter%22%3A%22rgb%28144%2C%20144%2C%20144%29%22%2C%22colorPopupShare%22%3A%22rgb%28144%2C%20144%2C%20144%29%22%2C%22colorPopupDate%22%3A%22rgb%28255%2C%20255%2C%20255%29%22%2C%22colorPopupDescription%22%3A%22rgb%28255%2C%20255%2C%20255%29%22%2C%22colorPopupDescriptionMoreButton%22%3A%22rgb%28120%2C%20120%2C%20120%29%22%2C%22colorPopupDescriptionMoreButtonHover%22%3A%22rgb%28255%2C%20255%2C%20255%29%22%2C%22colorPopupCommentsUsername%22%3A%22rgb%28255%2C%20255%2C%20255%29%22%2C%22colorPopupCommentsUsernameHover%22%3A%22rgb%2877%2C%20178%2C%20255%29%22%2C%22colorPopupCommentsPassedTime%22%3A%22rgb%28116%2C%20116%2C%20116%29%22%2C%22colorPopupCommentsLikes%22%3A%22rgb%28116%2C%20116%2C%20116%29%22%2C%22colorPopupCommentsText%22%3A%22rgb%28255%2C%20255%2C%20255%29%22%2C%22colorPopupControls%22%3A%22rgb%28160%2C%20160%2C%20160%29%22%2C%22colorPopupControlsHover%22%3A%22rgb%28220%2C%20220%2C%20220%29%22%2C%22colorPopupControlsMobile%22%3A%22rgb%28220%2C%20220%2C%20220%29%22%2C%22colorPopupControlsMobileBg%22%3A%22rgba%28255%2C%20255%2C%20255%2C%200%29%22%2C%22colorContentBg%22%3A%22rgb%2851%2C%2051%2C%2051%29%22%2C%22colorContentArrows%22%3A%22rgb%2834%2C%2034%2C%2034%29%22%2C%22colorContentArrowsHover%22%3A%22rgb%28255%2C%200%2C%200%29%22%2C%22colorContentArrowsBg%22%3A%22rgba%28255%2C%20255%2C%20255%2C%200.4%29%22%2C%22colorContentArrowsBgHover%22%3A%22rgba%28255%2C%20255%2C%20255%2C%200.8%29%22%2C%22colorContentScrollbarBg%22%3A%22rgb%2885%2C%2085%2C%2085%29%22%2C%22colorContentScrollbarSliderBg%22%3A%22rgba%28255%2C%20255%2C%20255%2C%200.4%29%22%2C%22lang%22%3A%22en%22%2C%22cacheTime%22%3A3600%2C%22key%22%3A%22AIzaSyDDrbDo0bBZL1BI7wD1RXYWdi1zwUdfD9U%22%7D\" data-elfsight-youtube-gallery-version=\"3.1.0\"><\/div>    <\/div>\n<\/div>\n<!-- \/module text -->        <\/div>\n                    <\/div>\n                <\/div>\n            <div data-id=\"tab-tb_y5i2493-2\" class=\"tab-content tf_clear\" aria-hidden=\"true\">\n                    <div  data-lazy=\"1\" class=\"module_subrow themify_builder_sub_row tf_w col_align_top tb_col_count_1 tb_ijid891\">\n                <div  data-lazy=\"1\" class=\"module_column sub_column tb_1cyp891 first\">\n                    <!-- module text -->\n<div  class=\"module module-text tb_e5o4892   \" data-lazy=\"1\">\n        <div  class=\"tb_text_wrap\">\n            <\/div>\n<\/div>\n<!-- \/module text -->        <\/div>\n                    <\/div>\n                <\/div>\n    <\/div>\n<!-- \/module tab -->\n        <\/div>\n                        <\/div>\n        <\/div>\n                        <div  data-lazy=\"1\" class=\"module_row themify_builder_row tb_gn7i148 tf_w\">\n                        <div class=\"row_inner col_align_top tb_col_count_1 tf_box tf_rel\">\n                        <div  data-lazy=\"1\" class=\"module_column tb-column col-full tb_tcb3148 first\">\n                    <!-- module text -->\n<div  class=\"module module-text tb_xxj3148   \" data-lazy=\"1\">\n        <div  class=\"tb_text_wrap\">\n        <p><img loading=\"lazy\" decoding=\"async\" class=\"alignnone size-medium wp-image-39\" src=\"http:\/\/saudadedaluz.fr\/wp-content\/uploads\/sites\/10\/sites\/10\/2019\/06\/21Connexion-logo-342x85-1-300x75.png\" alt=\"\" width=\"300\" height=\"75\" srcset=\"https:\/\/saudadedaluz.fr\/wp-content\/uploads\/sites\/10\/sites\/10\/2019\/06\/21Connexion-logo-342x85-1-300x75.png 300w, https:\/\/saudadedaluz.fr\/wp-content\/uploads\/sites\/10\/sites\/10\/2019\/06\/21Connexion-logo-342x85-1-24x6.png 24w, https:\/\/saudadedaluz.fr\/wp-content\/uploads\/sites\/10\/sites\/10\/2019\/06\/21Connexion-logo-342x85-1-36x9.png 36w, https:\/\/saudadedaluz.fr\/wp-content\/uploads\/sites\/10\/sites\/10\/2019\/06\/21Connexion-logo-342x85-1-48x12.png 48w, https:\/\/saudadedaluz.fr\/wp-content\/uploads\/sites\/10\/sites\/10\/2019\/06\/21Connexion-logo-342x85-1.png 342w\" sizes=\"auto, (max-width: 300px) 100vw, 300px\" \/><\/p>    <\/div>\n<\/div>\n<!-- \/module text --><!-- module text -->\n<div  class=\"module module-text tb_lro6242   \" data-lazy=\"1\">\n        <div  class=\"tb_text_wrap\">\n        <p id=\"bio\" style=\"text-align: right\">Voici le collectif artistique\u00a0<strong>21 Connexion<\/strong>, vous trouverez ici tous les artistes ayant particip\u00e9 aux productions de\u00a0<strong>Saudade da Luz<\/strong>\u00a0et du\u00a0<strong>21 Cabaret<\/strong>.<\/p>\n<p style=\"text-align: right\">Vous pouvez rejoindre ce collectif artistique,<br>et ainsi profiter de <strong>nombreux avantages<\/strong> qu&rsquo;offrent le <a href=\"https:\/\/saudadedaluz.fr\/21cabaret\">21Cabaret<\/a> et son <a href=\"https:\/\/saudadedaluz.fr\/21studio\">Studio<\/a>!<\/p>\n<p style=\"text-align: right\"><strong>L&rsquo;association d&rsquo;\u00e9changes culturels <a href=\"https:\/\/saudadedaluz.fr\/\">Saudade da Luz<\/a> <\/strong>organise au<strong><a href=\"https:\/\/saudadedaluz.fr\/21cabaret\"> 21Cabaret<\/a> <\/strong>toute sorte d&rsquo;<strong>\u00e9v\u00e9nements artistiques <\/strong>et<strong> culturels. <\/strong>Avec le label<strong><a href=\"https:\/\/saudadedaluz.fr\/jazzbresil\"> Jazz Br\u00e9sil<\/a>, <\/strong>de nombreuses collaborations entre le Br\u00e9sil et la France ont vu le jour.<\/p>    <\/div>\n<\/div>\n<!-- \/module text -->        <\/div>\n                        <\/div>\n        <\/div>\n                        <div  data-lazy=\"1\" class=\"module_row themify_builder_row tb_2t4a375 tf_w\">\n                        <div class=\"row_inner col_align_top tb_col_count_1 tf_box tf_rel\">\n                        <div  data-lazy=\"1\" class=\"module_column tb-column col-full tb_wr02376 first\">\n                    <!-- module post -->\n<div  class=\"module module-post tb_b94s376 \">\n    <div  class=\"builder-posts-wrap loops-wrapper artistes grid5 tf_clear tf_clearfix\" data-lazy=\"1\">\n    \n                    \n                    <article id=\"post-66\" class=\"post tf_clearfix post-66 artistes type-artistes status-publish has-post-thumbnail hentry annee-52\">\n\n                    \n                    \n                                <figure class=\"post-image\">\n                                                                        <a href=\"https:\/\/saudadedaluz.fr\/br\/artistes\/gerson-saeki\/\"><img loading=\"lazy\" decoding=\"async\" src=\"https:\/\/saudadedaluz.fr\/wp-content\/uploads\/sites\/10\/sites\/10\/2019\/06\/Gerson.Saeki_-150x150.jpg\" width=\"150\" height=\"150\" class=\"wp-post-image wp-image-65\" title=\"Gerson.Saeki\" alt=\"Gerson.Saeki\" srcset=\"https:\/\/saudadedaluz.fr\/wp-content\/uploads\/sites\/10\/sites\/10\/2019\/06\/Gerson.Saeki_-150x150.jpg 150w, https:\/\/saudadedaluz.fr\/wp-content\/uploads\/sites\/10\/sites\/10\/2019\/06\/Gerson.Saeki_-24x24.jpg 24w, https:\/\/saudadedaluz.fr\/wp-content\/uploads\/sites\/10\/sites\/10\/2019\/06\/Gerson.Saeki_-36x36.jpg 36w, https:\/\/saudadedaluz.fr\/wp-content\/uploads\/sites\/10\/sites\/10\/2019\/06\/Gerson.Saeki_-48x48.jpg 48w, https:\/\/saudadedaluz.fr\/wp-content\/uploads\/sites\/10\/sites\/10\/2019\/06\/Gerson.Saeki_-210x210.jpg 210w, https:\/\/saudadedaluz.fr\/wp-content\/uploads\/sites\/10\/sites\/10\/2019\/06\/Gerson.Saeki_-333x333.jpg 333w, https:\/\/saudadedaluz.fr\/wp-content\/uploads\/sites\/10\/sites\/10\/2019\/06\/Gerson.Saeki_-421x421.jpg 421w, https:\/\/saudadedaluz.fr\/wp-content\/uploads\/sites\/10\/sites\/10\/2019\/06\/Gerson.Saeki_-550x550.jpg 550w, https:\/\/saudadedaluz.fr\/wp-content\/uploads\/sites\/10\/sites\/10\/2019\/06\/Gerson.Saeki_-700x700.jpg 700w, https:\/\/saudadedaluz.fr\/wp-content\/uploads\/sites\/10\/sites\/10\/2019\/06\/Gerson.Saeki_.jpg 200w\" sizes=\"auto, (max-width: 150px) 100vw, 150px\" \/><\/a>\n                                                                <\/figure>\n\n                                    \n                        <div class=\"post-content\">\n\n                        \n                                                                                            <h3 class=\"post-title\">\n                                                                    <a href=\"https:\/\/saudadedaluz.fr\/br\/artistes\/gerson-saeki\/\">Gerson Saeki<\/a>\n                                                                <\/h3>\n                                                            \n                            \n                                                            \n                        <\/div>\n                        <!-- \/.post-content -->\n                                \n                    <\/article>\n            \n                        \n                    \n                    <article id=\"post-241613\" class=\"post tf_clearfix post-241613 artistes type-artistes status-publish has-post-thumbnail hentry annee-66\">\n\n                    \n                    \n                                <figure class=\"post-image\">\n                                                                        <a href=\"https:\/\/saudadedaluz.fr\/br\/artistes\/virginie-del\/\"><img loading=\"lazy\" decoding=\"async\" src=\"https:\/\/saudadedaluz.fr\/wp-content\/uploads\/sites\/10\/sites\/10\/2019\/08\/Virginie-Del-150x150.jpg\" width=\"150\" height=\"150\" class=\"wp-post-image wp-image-251\" title=\"Virginie Del\" alt=\"Virginie Del\" srcset=\"https:\/\/saudadedaluz.fr\/wp-content\/uploads\/sites\/10\/sites\/10\/2019\/08\/Virginie-Del-150x150.jpg 150w, https:\/\/saudadedaluz.fr\/wp-content\/uploads\/sites\/10\/sites\/10\/2019\/08\/Virginie-Del-210x210.jpg 210w, https:\/\/saudadedaluz.fr\/wp-content\/uploads\/sites\/10\/sites\/10\/2019\/08\/Virginie-Del-333x333.jpg 333w, https:\/\/saudadedaluz.fr\/wp-content\/uploads\/sites\/10\/sites\/10\/2019\/08\/Virginie-Del-421x421.jpg 421w, https:\/\/saudadedaluz.fr\/wp-content\/uploads\/sites\/10\/sites\/10\/2019\/08\/Virginie-Del-550x550.jpg 550w, https:\/\/saudadedaluz.fr\/wp-content\/uploads\/sites\/10\/sites\/10\/2019\/08\/Virginie-Del-700x700.jpg 700w\" sizes=\"auto, (max-width: 150px) 100vw, 150px\" \/><\/a>\n                                                                <\/figure>\n\n                                    \n                        <div class=\"post-content\">\n\n                        \n                                                                                            <h3 class=\"post-title\">\n                                                                    <a href=\"https:\/\/saudadedaluz.fr\/br\/artistes\/virginie-del\/\">Virginie Del<\/a>\n                                                                <\/h3>\n                                                            \n                            \n                                                            \n                        <\/div>\n                        <!-- \/.post-content -->\n                                \n                    <\/article>\n            \n                        \n                    \n                    <article id=\"post-68\" class=\"post tf_clearfix post-68 artistes type-artistes status-publish has-post-thumbnail hentry annee-52\">\n\n                    \n                    \n                                <figure class=\"post-image\">\n                                                                        <a href=\"https:\/\/saudadedaluz.fr\/br\/artistes\/jorge-lacerda\/\"><img loading=\"lazy\" decoding=\"async\" src=\"https:\/\/saudadedaluz.fr\/wp-content\/uploads\/sites\/10\/sites\/10\/2019\/06\/Jorge.Lacerda-150x150.jpg\" width=\"150\" height=\"150\" class=\"wp-post-image wp-image-67\" title=\"Jorge.Lacerda\" alt=\"Jorge.Lacerda\" srcset=\"https:\/\/saudadedaluz.fr\/wp-content\/uploads\/sites\/10\/sites\/10\/2019\/06\/Jorge.Lacerda-150x150.jpg 150w, https:\/\/saudadedaluz.fr\/wp-content\/uploads\/sites\/10\/sites\/10\/2019\/06\/Jorge.Lacerda-24x24.jpg 24w, https:\/\/saudadedaluz.fr\/wp-content\/uploads\/sites\/10\/sites\/10\/2019\/06\/Jorge.Lacerda-36x36.jpg 36w, https:\/\/saudadedaluz.fr\/wp-content\/uploads\/sites\/10\/sites\/10\/2019\/06\/Jorge.Lacerda-48x48.jpg 48w, https:\/\/saudadedaluz.fr\/wp-content\/uploads\/sites\/10\/sites\/10\/2019\/06\/Jorge.Lacerda-210x210.jpg 210w, https:\/\/saudadedaluz.fr\/wp-content\/uploads\/sites\/10\/sites\/10\/2019\/06\/Jorge.Lacerda-333x333.jpg 333w, https:\/\/saudadedaluz.fr\/wp-content\/uploads\/sites\/10\/sites\/10\/2019\/06\/Jorge.Lacerda-421x421.jpg 421w, https:\/\/saudadedaluz.fr\/wp-content\/uploads\/sites\/10\/sites\/10\/2019\/06\/Jorge.Lacerda-550x550.jpg 550w, https:\/\/saudadedaluz.fr\/wp-content\/uploads\/sites\/10\/sites\/10\/2019\/06\/Jorge.Lacerda-700x700.jpg 700w, https:\/\/saudadedaluz.fr\/wp-content\/uploads\/sites\/10\/sites\/10\/2019\/06\/Jorge.Lacerda.jpg 200w\" sizes=\"auto, (max-width: 150px) 100vw, 150px\" \/><\/a>\n                                                                <\/figure>\n\n                                    \n                        <div class=\"post-content\">\n\n                        \n                                                                                            <h3 class=\"post-title\">\n                                                                    <a href=\"https:\/\/saudadedaluz.fr\/br\/artistes\/jorge-lacerda\/\">Jorge Lacerda<\/a>\n                                                                <\/h3>\n                                                            \n                            \n                                                            \n                        <\/div>\n                        <!-- \/.post-content -->\n                                \n                    <\/article>\n            \n                        \n                    \n                    <article id=\"post-90\" class=\"post tf_clearfix post-90 artistes type-artistes status-publish has-post-thumbnail hentry annee-59\">\n\n                    \n                    \n                                <figure class=\"post-image\">\n                                                                        <a href=\"https:\/\/saudadedaluz.fr\/br\/artistes\/natallino-neto\/\"><img loading=\"lazy\" decoding=\"async\" src=\"https:\/\/saudadedaluz.fr\/wp-content\/uploads\/sites\/10\/sites\/10\/2019\/06\/Natallino.Neto_-150x150.jpg\" width=\"150\" height=\"150\" class=\"wp-post-image wp-image-89\" title=\"Natallino.Neto\" alt=\"Natallino.Neto\" srcset=\"https:\/\/saudadedaluz.fr\/wp-content\/uploads\/sites\/10\/sites\/10\/2019\/06\/Natallino.Neto_-150x150.jpg 150w, https:\/\/saudadedaluz.fr\/wp-content\/uploads\/sites\/10\/sites\/10\/2019\/06\/Natallino.Neto_-24x24.jpg 24w, https:\/\/saudadedaluz.fr\/wp-content\/uploads\/sites\/10\/sites\/10\/2019\/06\/Natallino.Neto_-36x36.jpg 36w, https:\/\/saudadedaluz.fr\/wp-content\/uploads\/sites\/10\/sites\/10\/2019\/06\/Natallino.Neto_-48x48.jpg 48w, https:\/\/saudadedaluz.fr\/wp-content\/uploads\/sites\/10\/sites\/10\/2019\/06\/Natallino.Neto_-210x210.jpg 210w, https:\/\/saudadedaluz.fr\/wp-content\/uploads\/sites\/10\/sites\/10\/2019\/06\/Natallino.Neto_-333x333.jpg 333w, https:\/\/saudadedaluz.fr\/wp-content\/uploads\/sites\/10\/sites\/10\/2019\/06\/Natallino.Neto_-421x421.jpg 421w, https:\/\/saudadedaluz.fr\/wp-content\/uploads\/sites\/10\/sites\/10\/2019\/06\/Natallino.Neto_-550x550.jpg 550w, https:\/\/saudadedaluz.fr\/wp-content\/uploads\/sites\/10\/sites\/10\/2019\/06\/Natallino.Neto_-700x700.jpg 700w, https:\/\/saudadedaluz.fr\/wp-content\/uploads\/sites\/10\/sites\/10\/2019\/06\/Natallino.Neto_.jpg 200w\" sizes=\"auto, (max-width: 150px) 100vw, 150px\" \/><\/a>\n                                                                <\/figure>\n\n                                    \n                        <div class=\"post-content\">\n\n                        \n                                                                                            <h3 class=\"post-title\">\n                                                                    <a href=\"https:\/\/saudadedaluz.fr\/br\/artistes\/natallino-neto\/\">Natallino Neto<\/a>\n                                                                <\/h3>\n                                                            \n                            \n                                                            \n                        <\/div>\n                        <!-- \/.post-content -->\n                                \n                    <\/article>\n            \n                        \n                    \n                    <article id=\"post-112\" class=\"post tf_clearfix post-112 artistes type-artistes status-publish has-post-thumbnail hentry annee-60\">\n\n                    \n                    \n                                <figure class=\"post-image\">\n                                                                        <a href=\"https:\/\/saudadedaluz.fr\/br\/artistes\/kali-chaouali\/\"><img loading=\"lazy\" decoding=\"async\" src=\"https:\/\/saudadedaluz.fr\/wp-content\/uploads\/sites\/10\/sites\/10\/2019\/06\/Kali.Chaouali-150x150.jpg\" width=\"150\" height=\"150\" class=\"wp-post-image wp-image-241616\" title=\"Kali.Chaouali\" alt=\"Kali.Chaouali\" srcset=\"https:\/\/saudadedaluz.fr\/wp-content\/uploads\/sites\/10\/sites\/10\/2019\/06\/Kali.Chaouali-150x150.jpg 150w, https:\/\/saudadedaluz.fr\/wp-content\/uploads\/sites\/10\/sites\/10\/2019\/06\/Kali.Chaouali-24x24.jpg 24w, https:\/\/saudadedaluz.fr\/wp-content\/uploads\/sites\/10\/sites\/10\/2019\/06\/Kali.Chaouali-36x36.jpg 36w, https:\/\/saudadedaluz.fr\/wp-content\/uploads\/sites\/10\/sites\/10\/2019\/06\/Kali.Chaouali-48x48.jpg 48w, https:\/\/saudadedaluz.fr\/wp-content\/uploads\/sites\/10\/sites\/10\/2019\/06\/Kali.Chaouali-333x333.jpg 333w, https:\/\/saudadedaluz.fr\/wp-content\/uploads\/sites\/10\/sites\/10\/2019\/06\/Kali.Chaouali-421x421.jpg 421w, https:\/\/saudadedaluz.fr\/wp-content\/uploads\/sites\/10\/sites\/10\/2019\/06\/Kali.Chaouali-550x550.jpg 550w, https:\/\/saudadedaluz.fr\/wp-content\/uploads\/sites\/10\/sites\/10\/2019\/06\/Kali.Chaouali-700x700.jpg 700w, https:\/\/saudadedaluz.fr\/wp-content\/uploads\/sites\/10\/sites\/10\/2019\/06\/Kali.Chaouali.jpg 200w\" sizes=\"auto, (max-width: 150px) 100vw, 150px\" \/><\/a>\n                                                                <\/figure>\n\n                                    \n                        <div class=\"post-content\">\n\n                        \n                                                                                            <h3 class=\"post-title\">\n                                                                    <a href=\"https:\/\/saudadedaluz.fr\/br\/artistes\/kali-chaouali\/\">Kali Chaouali<\/a>\n                                                                <\/h3>\n                                                            \n                            \n                                                            \n                        <\/div>\n                        <!-- \/.post-content -->\n                                \n                    <\/article>\n            \n                        \n                    \n                    <article id=\"post-78\" class=\"post tf_clearfix post-78 artistes type-artistes status-publish has-post-thumbnail hentry annee-53 annee-56\">\n\n                    \n                    \n                                <figure class=\"post-image\">\n                                                                        <a href=\"https:\/\/saudadedaluz.fr\/br\/artistes\/india-brazil\/\"><img loading=\"lazy\" decoding=\"async\" src=\"https:\/\/saudadedaluz.fr\/wp-content\/uploads\/sites\/10\/sites\/10\/2019\/06\/India.Brazil-150x150.jpg\" width=\"150\" height=\"150\" class=\"wp-post-image wp-image-77\" title=\"India.Brazil\" alt=\"India.Brazil\" srcset=\"https:\/\/saudadedaluz.fr\/wp-content\/uploads\/sites\/10\/sites\/10\/2019\/06\/India.Brazil-150x150.jpg 150w, https:\/\/saudadedaluz.fr\/wp-content\/uploads\/sites\/10\/sites\/10\/2019\/06\/India.Brazil-24x24.jpg 24w, https:\/\/saudadedaluz.fr\/wp-content\/uploads\/sites\/10\/sites\/10\/2019\/06\/India.Brazil-36x36.jpg 36w, https:\/\/saudadedaluz.fr\/wp-content\/uploads\/sites\/10\/sites\/10\/2019\/06\/India.Brazil-48x48.jpg 48w, https:\/\/saudadedaluz.fr\/wp-content\/uploads\/sites\/10\/sites\/10\/2019\/06\/India.Brazil-210x210.jpg 210w, https:\/\/saudadedaluz.fr\/wp-content\/uploads\/sites\/10\/sites\/10\/2019\/06\/India.Brazil-333x333.jpg 333w, https:\/\/saudadedaluz.fr\/wp-content\/uploads\/sites\/10\/sites\/10\/2019\/06\/India.Brazil-421x421.jpg 421w, https:\/\/saudadedaluz.fr\/wp-content\/uploads\/sites\/10\/sites\/10\/2019\/06\/India.Brazil-550x550.jpg 550w, https:\/\/saudadedaluz.fr\/wp-content\/uploads\/sites\/10\/sites\/10\/2019\/06\/India.Brazil-700x700.jpg 700w, https:\/\/saudadedaluz.fr\/wp-content\/uploads\/sites\/10\/sites\/10\/2019\/06\/India.Brazil.jpg 200w\" sizes=\"auto, (max-width: 150px) 100vw, 150px\" \/><\/a>\n                                                                <\/figure>\n\n                                    \n                        <div class=\"post-content\">\n\n                        \n                                                                                            <h3 class=\"post-title\">\n                                                                    <a href=\"https:\/\/saudadedaluz.fr\/br\/artistes\/india-brazil\/\">India Brazil<\/a>\n                                                                <\/h3>\n                                                            \n                            \n                                                            \n                        <\/div>\n                        <!-- \/.post-content -->\n                                \n                    <\/article>\n            \n                        \n                    \n                    <article id=\"post-132\" class=\"post tf_clearfix post-132 artistes type-artistes status-publish has-post-thumbnail hentry annee-58\">\n\n                    \n                    \n                                <figure class=\"post-image\">\n                                                                        <a href=\"https:\/\/saudadedaluz.fr\/br\/artistes\/edi-barcelo\/\"><img loading=\"lazy\" decoding=\"async\" src=\"https:\/\/saudadedaluz.fr\/wp-content\/uploads\/sites\/10\/sites\/10\/2019\/06\/Edi.Barcelo-150x150.jpg\" width=\"150\" height=\"150\" class=\"wp-post-image wp-image-131\" title=\"Edi.Barcelo\" alt=\"Edi.Barcelo\" srcset=\"https:\/\/saudadedaluz.fr\/wp-content\/uploads\/sites\/10\/sites\/10\/2019\/06\/Edi.Barcelo-150x150.jpg 150w, https:\/\/saudadedaluz.fr\/wp-content\/uploads\/sites\/10\/sites\/10\/2019\/06\/Edi.Barcelo-24x24.jpg 24w, https:\/\/saudadedaluz.fr\/wp-content\/uploads\/sites\/10\/sites\/10\/2019\/06\/Edi.Barcelo-36x36.jpg 36w, https:\/\/saudadedaluz.fr\/wp-content\/uploads\/sites\/10\/sites\/10\/2019\/06\/Edi.Barcelo-48x48.jpg 48w, https:\/\/saudadedaluz.fr\/wp-content\/uploads\/sites\/10\/sites\/10\/2019\/06\/Edi.Barcelo-210x210.jpg 210w, https:\/\/saudadedaluz.fr\/wp-content\/uploads\/sites\/10\/sites\/10\/2019\/06\/Edi.Barcelo-333x333.jpg 333w, https:\/\/saudadedaluz.fr\/wp-content\/uploads\/sites\/10\/sites\/10\/2019\/06\/Edi.Barcelo-421x421.jpg 421w, https:\/\/saudadedaluz.fr\/wp-content\/uploads\/sites\/10\/sites\/10\/2019\/06\/Edi.Barcelo-550x550.jpg 550w, https:\/\/saudadedaluz.fr\/wp-content\/uploads\/sites\/10\/sites\/10\/2019\/06\/Edi.Barcelo-700x700.jpg 700w, https:\/\/saudadedaluz.fr\/wp-content\/uploads\/sites\/10\/sites\/10\/2019\/06\/Edi.Barcelo.jpg 200w\" sizes=\"auto, (max-width: 150px) 100vw, 150px\" \/><\/a>\n                                                                <\/figure>\n\n                                    \n                        <div class=\"post-content\">\n\n                        \n                                                                                            <h3 class=\"post-title\">\n                                                                    <a href=\"https:\/\/saudadedaluz.fr\/br\/artistes\/edi-barcelo\/\">Edi Barcelo<\/a>\n                                                                <\/h3>\n                                                            \n                            \n                                                            \n                        <\/div>\n                        <!-- \/.post-content -->\n                                \n                    <\/article>\n            \n                        \n                    \n                    <article id=\"post-114\" class=\"post tf_clearfix post-114 artistes type-artistes status-publish has-post-thumbnail hentry annee-60\">\n\n                    \n                    \n                                <figure class=\"post-image\">\n                                                                        <a href=\"https:\/\/saudadedaluz.fr\/br\/artistes\/romulo-marques\/\"><img loading=\"lazy\" decoding=\"async\" src=\"https:\/\/saudadedaluz.fr\/wp-content\/uploads\/sites\/10\/sites\/10\/2019\/06\/Romulo.Marques-150x150.jpg\" width=\"150\" height=\"150\" class=\"wp-post-image wp-image-113\" title=\"Romulo.Marques\" alt=\"Romulo.Marques\" srcset=\"https:\/\/saudadedaluz.fr\/wp-content\/uploads\/sites\/10\/sites\/10\/2019\/06\/Romulo.Marques-150x150.jpg 150w, https:\/\/saudadedaluz.fr\/wp-content\/uploads\/sites\/10\/sites\/10\/2019\/06\/Romulo.Marques-24x24.jpg 24w, https:\/\/saudadedaluz.fr\/wp-content\/uploads\/sites\/10\/sites\/10\/2019\/06\/Romulo.Marques-36x36.jpg 36w, https:\/\/saudadedaluz.fr\/wp-content\/uploads\/sites\/10\/sites\/10\/2019\/06\/Romulo.Marques-48x48.jpg 48w, https:\/\/saudadedaluz.fr\/wp-content\/uploads\/sites\/10\/sites\/10\/2019\/06\/Romulo.Marques-210x210.jpg 210w, https:\/\/saudadedaluz.fr\/wp-content\/uploads\/sites\/10\/sites\/10\/2019\/06\/Romulo.Marques-333x333.jpg 333w, https:\/\/saudadedaluz.fr\/wp-content\/uploads\/sites\/10\/sites\/10\/2019\/06\/Romulo.Marques-421x421.jpg 421w, https:\/\/saudadedaluz.fr\/wp-content\/uploads\/sites\/10\/sites\/10\/2019\/06\/Romulo.Marques-550x550.jpg 550w, https:\/\/saudadedaluz.fr\/wp-content\/uploads\/sites\/10\/sites\/10\/2019\/06\/Romulo.Marques-700x700.jpg 700w, https:\/\/saudadedaluz.fr\/wp-content\/uploads\/sites\/10\/sites\/10\/2019\/06\/Romulo.Marques.jpg 200w\" sizes=\"auto, (max-width: 150px) 100vw, 150px\" \/><\/a>\n                                                                <\/figure>\n\n                                    \n                        <div class=\"post-content\">\n\n                        \n                                                                                            <h3 class=\"post-title\">\n                                                                    <a href=\"https:\/\/saudadedaluz.fr\/br\/artistes\/romulo-marques\/\">Romulo Marques<\/a>\n                                                                <\/h3>\n                                                            \n                            \n                                                            \n                        <\/div>\n                        <!-- \/.post-content -->\n                                \n                    <\/article>\n            \n                        \n                    \n                    <article id=\"post-70\" class=\"post tf_clearfix post-70 artistes type-artistes status-publish has-post-thumbnail hentry annee-54\">\n\n                    \n                    \n                                <figure class=\"post-image\">\n                                                                        <a href=\"https:\/\/saudadedaluz.fr\/br\/artistes\/vera-sabino\/\"><img loading=\"lazy\" decoding=\"async\" src=\"https:\/\/saudadedaluz.fr\/wp-content\/uploads\/sites\/10\/sites\/10\/2019\/06\/Vera.Sabino-150x150.jpg\" width=\"150\" height=\"150\" class=\"wp-post-image wp-image-69\" title=\"Vera.Sabino\" alt=\"Vera.Sabino\" srcset=\"https:\/\/saudadedaluz.fr\/wp-content\/uploads\/sites\/10\/sites\/10\/2019\/06\/Vera.Sabino-150x150.jpg 150w, https:\/\/saudadedaluz.fr\/wp-content\/uploads\/sites\/10\/sites\/10\/2019\/06\/Vera.Sabino-24x24.jpg 24w, https:\/\/saudadedaluz.fr\/wp-content\/uploads\/sites\/10\/sites\/10\/2019\/06\/Vera.Sabino-36x36.jpg 36w, https:\/\/saudadedaluz.fr\/wp-content\/uploads\/sites\/10\/sites\/10\/2019\/06\/Vera.Sabino-48x48.jpg 48w, https:\/\/saudadedaluz.fr\/wp-content\/uploads\/sites\/10\/sites\/10\/2019\/06\/Vera.Sabino-210x210.jpg 210w, https:\/\/saudadedaluz.fr\/wp-content\/uploads\/sites\/10\/sites\/10\/2019\/06\/Vera.Sabino-333x333.jpg 333w, https:\/\/saudadedaluz.fr\/wp-content\/uploads\/sites\/10\/sites\/10\/2019\/06\/Vera.Sabino-421x421.jpg 421w, https:\/\/saudadedaluz.fr\/wp-content\/uploads\/sites\/10\/sites\/10\/2019\/06\/Vera.Sabino-550x550.jpg 550w, https:\/\/saudadedaluz.fr\/wp-content\/uploads\/sites\/10\/sites\/10\/2019\/06\/Vera.Sabino-700x700.jpg 700w, https:\/\/saudadedaluz.fr\/wp-content\/uploads\/sites\/10\/sites\/10\/2019\/06\/Vera.Sabino.jpg 200w\" sizes=\"auto, (max-width: 150px) 100vw, 150px\" \/><\/a>\n                                                                <\/figure>\n\n                                    \n                        <div class=\"post-content\">\n\n                        \n                                                                                            <h3 class=\"post-title\">\n                                                                    <a href=\"https:\/\/saudadedaluz.fr\/br\/artistes\/vera-sabino\/\">Vera Sabino<\/a>\n                                                                <\/h3>\n                                                            \n                            \n                                                            \n                        <\/div>\n                        <!-- \/.post-content -->\n                                \n                    <\/article>\n            \n                        \n                    \n                    <article id=\"post-290\" class=\"post tf_clearfix post-290 artistes type-artistes status-publish has-post-thumbnail hentry annee-66\">\n\n                    \n                    \n                                <figure class=\"post-image\">\n                                                                        <a href=\"https:\/\/saudadedaluz.fr\/br\/artistes\/daniel-wolff\/\"><img loading=\"lazy\" decoding=\"async\" src=\"https:\/\/saudadedaluz.fr\/wp-content\/uploads\/sites\/10\/sites\/10\/2019\/09\/danielwolff-1-150x150.jpg\" width=\"150\" height=\"150\" class=\"wp-post-image wp-image-289\" title=\"danielwolff\" alt=\"danielwolff\" srcset=\"https:\/\/saudadedaluz.fr\/wp-content\/uploads\/sites\/10\/sites\/10\/2019\/09\/danielwolff-1-150x150.jpg 150w, https:\/\/saudadedaluz.fr\/wp-content\/uploads\/sites\/10\/sites\/10\/2019\/09\/danielwolff-1-210x210.jpg 210w, https:\/\/saudadedaluz.fr\/wp-content\/uploads\/sites\/10\/sites\/10\/2019\/09\/danielwolff-1-333x333.jpg 333w, https:\/\/saudadedaluz.fr\/wp-content\/uploads\/sites\/10\/sites\/10\/2019\/09\/danielwolff-1-421x421.jpg 421w, https:\/\/saudadedaluz.fr\/wp-content\/uploads\/sites\/10\/sites\/10\/2019\/09\/danielwolff-1-550x550.jpg 550w, https:\/\/saudadedaluz.fr\/wp-content\/uploads\/sites\/10\/sites\/10\/2019\/09\/danielwolff-1-700x700.jpg 700w\" sizes=\"auto, (max-width: 150px) 100vw, 150px\" \/><\/a>\n                                                                <\/figure>\n\n                                    \n                        <div class=\"post-content\">\n\n                        \n                                                                                            <h3 class=\"post-title\">\n                                                                    <a href=\"https:\/\/saudadedaluz.fr\/br\/artistes\/daniel-wolff\/\">Daniel Wolff<\/a>\n                                                                <\/h3>\n                                                            \n                            \n                                                            \n                        <\/div>\n                        <!-- \/.post-content -->\n                                \n                    <\/article>\n            \n                        \n                    \n                    <article id=\"post-118\" class=\"post tf_clearfix post-118 artistes type-artistes status-publish has-post-thumbnail hentry annee-62\">\n\n                    \n                    \n                                <figure class=\"post-image\">\n                                                                        <a href=\"https:\/\/saudadedaluz.fr\/br\/artistes\/elojac-shot\/\"><img loading=\"lazy\" decoding=\"async\" src=\"https:\/\/saudadedaluz.fr\/wp-content\/uploads\/sites\/10\/sites\/10\/2019\/06\/Elojac.Shot_-150x150.jpg\" width=\"150\" height=\"150\" class=\"wp-post-image wp-image-117\" title=\"Elojac.Shot\" alt=\"Elojac.Shot\" srcset=\"https:\/\/saudadedaluz.fr\/wp-content\/uploads\/sites\/10\/sites\/10\/2019\/06\/Elojac.Shot_-150x150.jpg 150w, https:\/\/saudadedaluz.fr\/wp-content\/uploads\/sites\/10\/sites\/10\/2019\/06\/Elojac.Shot_-24x24.jpg 24w, https:\/\/saudadedaluz.fr\/wp-content\/uploads\/sites\/10\/sites\/10\/2019\/06\/Elojac.Shot_-36x36.jpg 36w, https:\/\/saudadedaluz.fr\/wp-content\/uploads\/sites\/10\/sites\/10\/2019\/06\/Elojac.Shot_-48x48.jpg 48w, https:\/\/saudadedaluz.fr\/wp-content\/uploads\/sites\/10\/sites\/10\/2019\/06\/Elojac.Shot_-210x210.jpg 210w, https:\/\/saudadedaluz.fr\/wp-content\/uploads\/sites\/10\/sites\/10\/2019\/06\/Elojac.Shot_-333x333.jpg 333w, https:\/\/saudadedaluz.fr\/wp-content\/uploads\/sites\/10\/sites\/10\/2019\/06\/Elojac.Shot_-421x421.jpg 421w, https:\/\/saudadedaluz.fr\/wp-content\/uploads\/sites\/10\/sites\/10\/2019\/06\/Elojac.Shot_-550x550.jpg 550w, https:\/\/saudadedaluz.fr\/wp-content\/uploads\/sites\/10\/sites\/10\/2019\/06\/Elojac.Shot_-700x700.jpg 700w, https:\/\/saudadedaluz.fr\/wp-content\/uploads\/sites\/10\/sites\/10\/2019\/06\/Elojac.Shot_.jpg 200w\" sizes=\"auto, (max-width: 150px) 100vw, 150px\" \/><\/a>\n                                                                <\/figure>\n\n                                    \n                        <div class=\"post-content\">\n\n                        \n                                                                                            <h3 class=\"post-title\">\n                                                                    <a href=\"https:\/\/saudadedaluz.fr\/br\/artistes\/elojac-shot\/\">Elojac Shot<\/a>\n                                                                <\/h3>\n                                                            \n                            \n                                                            \n                        <\/div>\n                        <!-- \/.post-content -->\n                                \n                    <\/article>\n            \n                        \n                    \n                    <article id=\"post-233\" class=\"post tf_clearfix post-233 artistes type-artistes status-publish has-post-thumbnail hentry annee-66\">\n\n                    \n                    \n                                <figure class=\"post-image\">\n                                                                        <a href=\"https:\/\/saudadedaluz.fr\/br\/artistes\/jo-ziako\/\"><img loading=\"lazy\" decoding=\"async\" src=\"https:\/\/saudadedaluz.fr\/wp-content\/uploads\/sites\/10\/sites\/10\/2019\/08\/2019-Jo-Ziako-150x150.jpg\" width=\"150\" height=\"150\" class=\"wp-post-image wp-image-249\" title=\"Jo Ziako\" alt=\"Jo Ziako\" srcset=\"https:\/\/saudadedaluz.fr\/wp-content\/uploads\/sites\/10\/sites\/10\/2019\/08\/2019-Jo-Ziako-150x150.jpg 150w, https:\/\/saudadedaluz.fr\/wp-content\/uploads\/sites\/10\/sites\/10\/2019\/08\/2019-Jo-Ziako-300x300.jpg 300w, https:\/\/saudadedaluz.fr\/wp-content\/uploads\/sites\/10\/sites\/10\/2019\/08\/2019-Jo-Ziako-24x24.jpg 24w, https:\/\/saudadedaluz.fr\/wp-content\/uploads\/sites\/10\/sites\/10\/2019\/08\/2019-Jo-Ziako-36x36.jpg 36w, https:\/\/saudadedaluz.fr\/wp-content\/uploads\/sites\/10\/sites\/10\/2019\/08\/2019-Jo-Ziako-48x48.jpg 48w, https:\/\/saudadedaluz.fr\/wp-content\/uploads\/sites\/10\/sites\/10\/2019\/08\/2019-Jo-Ziako-210x210.jpg 210w, https:\/\/saudadedaluz.fr\/wp-content\/uploads\/sites\/10\/sites\/10\/2019\/08\/2019-Jo-Ziako-333x333.jpg 333w, https:\/\/saudadedaluz.fr\/wp-content\/uploads\/sites\/10\/sites\/10\/2019\/08\/2019-Jo-Ziako-421x421.jpg 421w, https:\/\/saudadedaluz.fr\/wp-content\/uploads\/sites\/10\/sites\/10\/2019\/08\/2019-Jo-Ziako-550x550.jpg 550w, https:\/\/saudadedaluz.fr\/wp-content\/uploads\/sites\/10\/sites\/10\/2019\/08\/2019-Jo-Ziako-700x700.jpg 700w, https:\/\/saudadedaluz.fr\/wp-content\/uploads\/sites\/10\/sites\/10\/2019\/08\/2019-Jo-Ziako.jpg 640w\" sizes=\"auto, (max-width: 150px) 100vw, 150px\" \/><\/a>\n                                                                <\/figure>\n\n                                    \n                        <div class=\"post-content\">\n\n                        \n                                                                                            <h3 class=\"post-title\">\n                                                                    <a href=\"https:\/\/saudadedaluz.fr\/br\/artistes\/jo-ziako\/\">Jo Ziako<\/a>\n                                                                <\/h3>\n                                                            \n                            \n                                                            \n                        <\/div>\n                        <!-- \/.post-content -->\n                                \n                    <\/article>\n            \n                        \n                    \n                    <article id=\"post-82\" class=\"post tf_clearfix post-82 artistes type-artistes status-publish has-post-thumbnail hentry annee-57 annee-59\">\n\n                    \n                    \n                                <figure class=\"post-image\">\n                                                                        <a href=\"https:\/\/saudadedaluz.fr\/br\/artistes\/sebastien-guillouzo\/\"><img loading=\"lazy\" decoding=\"async\" src=\"https:\/\/saudadedaluz.fr\/wp-content\/uploads\/sites\/10\/sites\/10\/2019\/06\/Sebastien.Guillouzo-150x150.jpg\" width=\"150\" height=\"150\" class=\"wp-post-image wp-image-81\" title=\"Sebastien.Guillouzo\" alt=\"Sebastien.Guillouzo\" srcset=\"https:\/\/saudadedaluz.fr\/wp-content\/uploads\/sites\/10\/sites\/10\/2019\/06\/Sebastien.Guillouzo-150x150.jpg 150w, https:\/\/saudadedaluz.fr\/wp-content\/uploads\/sites\/10\/sites\/10\/2019\/06\/Sebastien.Guillouzo-24x24.jpg 24w, https:\/\/saudadedaluz.fr\/wp-content\/uploads\/sites\/10\/sites\/10\/2019\/06\/Sebastien.Guillouzo-36x36.jpg 36w, https:\/\/saudadedaluz.fr\/wp-content\/uploads\/sites\/10\/sites\/10\/2019\/06\/Sebastien.Guillouzo-48x48.jpg 48w, https:\/\/saudadedaluz.fr\/wp-content\/uploads\/sites\/10\/sites\/10\/2019\/06\/Sebastien.Guillouzo-210x210.jpg 210w, https:\/\/saudadedaluz.fr\/wp-content\/uploads\/sites\/10\/sites\/10\/2019\/06\/Sebastien.Guillouzo-333x333.jpg 333w, https:\/\/saudadedaluz.fr\/wp-content\/uploads\/sites\/10\/sites\/10\/2019\/06\/Sebastien.Guillouzo-421x421.jpg 421w, https:\/\/saudadedaluz.fr\/wp-content\/uploads\/sites\/10\/sites\/10\/2019\/06\/Sebastien.Guillouzo-550x550.jpg 550w, https:\/\/saudadedaluz.fr\/wp-content\/uploads\/sites\/10\/sites\/10\/2019\/06\/Sebastien.Guillouzo-700x700.jpg 700w, https:\/\/saudadedaluz.fr\/wp-content\/uploads\/sites\/10\/sites\/10\/2019\/06\/Sebastien.Guillouzo-20x20.jpg 20w, https:\/\/saudadedaluz.fr\/wp-content\/uploads\/sites\/10\/sites\/10\/2019\/06\/Sebastien.Guillouzo.jpg 200w\" sizes=\"auto, (max-width: 150px) 100vw, 150px\" \/><\/a>\n                                                                <\/figure>\n\n                                    \n                        <div class=\"post-content\">\n\n                        \n                                                                                            <h3 class=\"post-title\">\n                                                                    <a href=\"https:\/\/saudadedaluz.fr\/br\/artistes\/sebastien-guillouzo\/\">Sebastien Guillouzo<\/a>\n                                                                <\/h3>\n                                                            \n                            \n                                                            \n                        <\/div>\n                        <!-- \/.post-content -->\n                                \n                    <\/article>\n            \n                        \n                    \n                    <article id=\"post-76\" class=\"post tf_clearfix post-76 artistes type-artistes status-publish has-post-thumbnail hentry annee-53\">\n\n                    \n                    \n                                <figure class=\"post-image\">\n                                                                        <a href=\"https:\/\/saudadedaluz.fr\/br\/artistes\/rosange-sena\/\"><img loading=\"lazy\" decoding=\"async\" src=\"https:\/\/saudadedaluz.fr\/wp-content\/uploads\/sites\/10\/sites\/10\/2019\/06\/Rosange.Sena_-150x150.jpg\" width=\"150\" height=\"150\" class=\"wp-post-image wp-image-75\" title=\"Rosange.Sena\" alt=\"Rosange.Sena\" srcset=\"https:\/\/saudadedaluz.fr\/wp-content\/uploads\/sites\/10\/sites\/10\/2019\/06\/Rosange.Sena_-150x150.jpg 150w, https:\/\/saudadedaluz.fr\/wp-content\/uploads\/sites\/10\/sites\/10\/2019\/06\/Rosange.Sena_-24x24.jpg 24w, https:\/\/saudadedaluz.fr\/wp-content\/uploads\/sites\/10\/sites\/10\/2019\/06\/Rosange.Sena_-36x36.jpg 36w, https:\/\/saudadedaluz.fr\/wp-content\/uploads\/sites\/10\/sites\/10\/2019\/06\/Rosange.Sena_-48x48.jpg 48w, https:\/\/saudadedaluz.fr\/wp-content\/uploads\/sites\/10\/sites\/10\/2019\/06\/Rosange.Sena_-210x210.jpg 210w, https:\/\/saudadedaluz.fr\/wp-content\/uploads\/sites\/10\/sites\/10\/2019\/06\/Rosange.Sena_-333x333.jpg 333w, https:\/\/saudadedaluz.fr\/wp-content\/uploads\/sites\/10\/sites\/10\/2019\/06\/Rosange.Sena_-421x421.jpg 421w, https:\/\/saudadedaluz.fr\/wp-content\/uploads\/sites\/10\/sites\/10\/2019\/06\/Rosange.Sena_-550x550.jpg 550w, https:\/\/saudadedaluz.fr\/wp-content\/uploads\/sites\/10\/sites\/10\/2019\/06\/Rosange.Sena_-700x700.jpg 700w, https:\/\/saudadedaluz.fr\/wp-content\/uploads\/sites\/10\/sites\/10\/2019\/06\/Rosange.Sena_-20x20.jpg 20w, https:\/\/saudadedaluz.fr\/wp-content\/uploads\/sites\/10\/sites\/10\/2019\/06\/Rosange.Sena_.jpg 200w\" sizes=\"auto, (max-width: 150px) 100vw, 150px\" \/><\/a>\n                                                                <\/figure>\n\n                                    \n                        <div class=\"post-content\">\n\n                        \n                                                                                            <h3 class=\"post-title\">\n                                                                    <a href=\"https:\/\/saudadedaluz.fr\/br\/artistes\/rosange-sena\/\">Rosange Sena<\/a>\n                                                                <\/h3>\n                                                            \n                            \n                                                            \n                        <\/div>\n                        <!-- \/.post-content -->\n                                \n                    <\/article>\n            \n                        \n                    \n                    <article id=\"post-136\" class=\"post tf_clearfix post-136 artistes type-artistes status-publish has-post-thumbnail hentry annee-52 annee-54 annee-53 annee-55 annee-57 annee-59 annee-60 annee-61 annee-63 annee-62 annee-65 annee-64 annee-56 annee-58 annee-66\">\n\n                    \n                    \n                                <figure class=\"post-image\">\n                                                                        <a href=\"https:\/\/saudadedaluz.fr\/br\/artistes\/bernard-brun\/\"><img loading=\"lazy\" decoding=\"async\" src=\"https:\/\/saudadedaluz.fr\/wp-content\/uploads\/sites\/10\/sites\/10\/2019\/06\/Bernard.Brun_-150x150.jpg\" width=\"150\" height=\"150\" class=\"wp-post-image wp-image-135\" title=\"Bernard.Brun\" alt=\"Bernard.Brun\" srcset=\"https:\/\/saudadedaluz.fr\/wp-content\/uploads\/sites\/10\/sites\/10\/2019\/06\/Bernard.Brun_-150x150.jpg 150w, https:\/\/saudadedaluz.fr\/wp-content\/uploads\/sites\/10\/sites\/10\/2019\/06\/Bernard.Brun_-24x24.jpg 24w, https:\/\/saudadedaluz.fr\/wp-content\/uploads\/sites\/10\/sites\/10\/2019\/06\/Bernard.Brun_-36x36.jpg 36w, https:\/\/saudadedaluz.fr\/wp-content\/uploads\/sites\/10\/sites\/10\/2019\/06\/Bernard.Brun_-48x48.jpg 48w, https:\/\/saudadedaluz.fr\/wp-content\/uploads\/sites\/10\/sites\/10\/2019\/06\/Bernard.Brun_-210x210.jpg 210w, https:\/\/saudadedaluz.fr\/wp-content\/uploads\/sites\/10\/sites\/10\/2019\/06\/Bernard.Brun_-333x333.jpg 333w, https:\/\/saudadedaluz.fr\/wp-content\/uploads\/sites\/10\/sites\/10\/2019\/06\/Bernard.Brun_-421x421.jpg 421w, https:\/\/saudadedaluz.fr\/wp-content\/uploads\/sites\/10\/sites\/10\/2019\/06\/Bernard.Brun_-550x550.jpg 550w, https:\/\/saudadedaluz.fr\/wp-content\/uploads\/sites\/10\/sites\/10\/2019\/06\/Bernard.Brun_-700x700.jpg 700w, https:\/\/saudadedaluz.fr\/wp-content\/uploads\/sites\/10\/sites\/10\/2019\/06\/Bernard.Brun_-20x20.jpg 20w, https:\/\/saudadedaluz.fr\/wp-content\/uploads\/sites\/10\/sites\/10\/2019\/06\/Bernard.Brun_.jpg 200w\" sizes=\"auto, (max-width: 150px) 100vw, 150px\" \/><\/a>\n                                                                <\/figure>\n\n                                    \n                        <div class=\"post-content\">\n\n                        \n                                                                                            <h3 class=\"post-title\">\n                                                                    <a href=\"https:\/\/saudadedaluz.fr\/br\/artistes\/bernard-brun\/\">Bernard Brun<\/a>\n                                                                <\/h3>\n                                                            \n                            \n                                                            \n                        <\/div>\n                        <!-- \/.post-content -->\n                                \n                    <\/article>\n            \n                        \n                    \n                    <article id=\"post-98\" class=\"post tf_clearfix post-98 artistes type-artistes status-publish has-post-thumbnail hentry annee-59\">\n\n                    \n                    \n                                <figure class=\"post-image\">\n                                                                        <a href=\"https:\/\/saudadedaluz.fr\/br\/artistes\/raimundo-luiz\/\"><img loading=\"lazy\" decoding=\"async\" src=\"https:\/\/saudadedaluz.fr\/wp-content\/uploads\/sites\/10\/sites\/10\/2019\/06\/Raimundo.Luiz_-150x150.jpg\" width=\"150\" height=\"150\" class=\"wp-post-image wp-image-97\" title=\"Raimundo.Luiz\" alt=\"Raimundo.Luiz\" srcset=\"https:\/\/saudadedaluz.fr\/wp-content\/uploads\/sites\/10\/sites\/10\/2019\/06\/Raimundo.Luiz_-150x150.jpg 150w, https:\/\/saudadedaluz.fr\/wp-content\/uploads\/sites\/10\/sites\/10\/2019\/06\/Raimundo.Luiz_-24x24.jpg 24w, https:\/\/saudadedaluz.fr\/wp-content\/uploads\/sites\/10\/sites\/10\/2019\/06\/Raimundo.Luiz_-36x36.jpg 36w, https:\/\/saudadedaluz.fr\/wp-content\/uploads\/sites\/10\/sites\/10\/2019\/06\/Raimundo.Luiz_-48x48.jpg 48w, https:\/\/saudadedaluz.fr\/wp-content\/uploads\/sites\/10\/sites\/10\/2019\/06\/Raimundo.Luiz_-210x210.jpg 210w, https:\/\/saudadedaluz.fr\/wp-content\/uploads\/sites\/10\/sites\/10\/2019\/06\/Raimundo.Luiz_-333x333.jpg 333w, https:\/\/saudadedaluz.fr\/wp-content\/uploads\/sites\/10\/sites\/10\/2019\/06\/Raimundo.Luiz_-421x421.jpg 421w, https:\/\/saudadedaluz.fr\/wp-content\/uploads\/sites\/10\/sites\/10\/2019\/06\/Raimundo.Luiz_-550x550.jpg 550w, https:\/\/saudadedaluz.fr\/wp-content\/uploads\/sites\/10\/sites\/10\/2019\/06\/Raimundo.Luiz_-700x700.jpg 700w, https:\/\/saudadedaluz.fr\/wp-content\/uploads\/sites\/10\/sites\/10\/2019\/06\/Raimundo.Luiz_-20x20.jpg 20w, https:\/\/saudadedaluz.fr\/wp-content\/uploads\/sites\/10\/sites\/10\/2019\/06\/Raimundo.Luiz_.jpg 200w\" sizes=\"auto, (max-width: 150px) 100vw, 150px\" \/><\/a>\n                                                                <\/figure>\n\n                                    \n                        <div class=\"post-content\">\n\n                        \n                                                                                            <h3 class=\"post-title\">\n                                                                    <a href=\"https:\/\/saudadedaluz.fr\/br\/artistes\/raimundo-luiz\/\">Raimundo Luiz<\/a>\n                                                                <\/h3>\n                                                            \n                            \n                                                            \n                        <\/div>\n                        <!-- \/.post-content -->\n                                \n                    <\/article>\n            \n                        \n                    \n                    <article id=\"post-72\" class=\"post tf_clearfix post-72 artistes type-artistes status-publish has-post-thumbnail hentry annee-55\">\n\n                    \n                    \n                                <figure class=\"post-image\">\n                                                                        <a href=\"https:\/\/saudadedaluz.fr\/br\/artistes\/cacau-salabert\/\"><img loading=\"lazy\" decoding=\"async\" src=\"https:\/\/saudadedaluz.fr\/wp-content\/uploads\/sites\/10\/sites\/10\/2019\/06\/Cacau.Salabert-150x150.jpg\" width=\"150\" height=\"150\" class=\"wp-post-image wp-image-71\" title=\"Cacau.Salabert\" alt=\"Cacau.Salabert\" srcset=\"https:\/\/saudadedaluz.fr\/wp-content\/uploads\/sites\/10\/sites\/10\/2019\/06\/Cacau.Salabert-150x150.jpg 150w, https:\/\/saudadedaluz.fr\/wp-content\/uploads\/sites\/10\/sites\/10\/2019\/06\/Cacau.Salabert-24x24.jpg 24w, https:\/\/saudadedaluz.fr\/wp-content\/uploads\/sites\/10\/sites\/10\/2019\/06\/Cacau.Salabert-36x36.jpg 36w, https:\/\/saudadedaluz.fr\/wp-content\/uploads\/sites\/10\/sites\/10\/2019\/06\/Cacau.Salabert-48x48.jpg 48w, https:\/\/saudadedaluz.fr\/wp-content\/uploads\/sites\/10\/sites\/10\/2019\/06\/Cacau.Salabert-210x210.jpg 210w, https:\/\/saudadedaluz.fr\/wp-content\/uploads\/sites\/10\/sites\/10\/2019\/06\/Cacau.Salabert-333x333.jpg 333w, https:\/\/saudadedaluz.fr\/wp-content\/uploads\/sites\/10\/sites\/10\/2019\/06\/Cacau.Salabert-421x421.jpg 421w, https:\/\/saudadedaluz.fr\/wp-content\/uploads\/sites\/10\/sites\/10\/2019\/06\/Cacau.Salabert-550x550.jpg 550w, https:\/\/saudadedaluz.fr\/wp-content\/uploads\/sites\/10\/sites\/10\/2019\/06\/Cacau.Salabert-700x700.jpg 700w, https:\/\/saudadedaluz.fr\/wp-content\/uploads\/sites\/10\/sites\/10\/2019\/06\/Cacau.Salabert.jpg 200w\" sizes=\"auto, (max-width: 150px) 100vw, 150px\" \/><\/a>\n                                                                <\/figure>\n\n                                    \n                        <div class=\"post-content\">\n\n                        \n                                                                                            <h3 class=\"post-title\">\n                                                                    <a href=\"https:\/\/saudadedaluz.fr\/br\/artistes\/cacau-salabert\/\">Cacau Salabert<\/a>\n                                                                <\/h3>\n                                                            \n                            \n                                                            \n                        <\/div>\n                        <!-- \/.post-content -->\n                                \n                    <\/article>\n            \n                        \n                    \n                    <article id=\"post-128\" class=\"post tf_clearfix post-128 artistes type-artistes status-publish has-post-thumbnail hentry annee-56 annee-58\">\n\n                    \n                    \n                                <figure class=\"post-image\">\n                                                                        <a href=\"https:\/\/saudadedaluz.fr\/br\/artistes\/edmundo-carneiro\/\"><img loading=\"lazy\" decoding=\"async\" src=\"https:\/\/saudadedaluz.fr\/wp-content\/uploads\/sites\/10\/sites\/10\/2019\/06\/Edmundo.Canreiro-150x150.jpg\" width=\"150\" height=\"150\" class=\"wp-post-image wp-image-127\" title=\"Edmundo.Canreiro\" alt=\"Edmundo.Canreiro\" srcset=\"https:\/\/saudadedaluz.fr\/wp-content\/uploads\/sites\/10\/sites\/10\/2019\/06\/Edmundo.Canreiro-150x150.jpg 150w, https:\/\/saudadedaluz.fr\/wp-content\/uploads\/sites\/10\/sites\/10\/2019\/06\/Edmundo.Canreiro-24x24.jpg 24w, https:\/\/saudadedaluz.fr\/wp-content\/uploads\/sites\/10\/sites\/10\/2019\/06\/Edmundo.Canreiro-36x36.jpg 36w, https:\/\/saudadedaluz.fr\/wp-content\/uploads\/sites\/10\/sites\/10\/2019\/06\/Edmundo.Canreiro-48x48.jpg 48w, https:\/\/saudadedaluz.fr\/wp-content\/uploads\/sites\/10\/sites\/10\/2019\/06\/Edmundo.Canreiro-210x210.jpg 210w, https:\/\/saudadedaluz.fr\/wp-content\/uploads\/sites\/10\/sites\/10\/2019\/06\/Edmundo.Canreiro-333x333.jpg 333w, https:\/\/saudadedaluz.fr\/wp-content\/uploads\/sites\/10\/sites\/10\/2019\/06\/Edmundo.Canreiro-421x421.jpg 421w, https:\/\/saudadedaluz.fr\/wp-content\/uploads\/sites\/10\/sites\/10\/2019\/06\/Edmundo.Canreiro-550x550.jpg 550w, https:\/\/saudadedaluz.fr\/wp-content\/uploads\/sites\/10\/sites\/10\/2019\/06\/Edmundo.Canreiro-700x700.jpg 700w, https:\/\/saudadedaluz.fr\/wp-content\/uploads\/sites\/10\/sites\/10\/2019\/06\/Edmundo.Canreiro-20x20.jpg 20w, https:\/\/saudadedaluz.fr\/wp-content\/uploads\/sites\/10\/sites\/10\/2019\/06\/Edmundo.Canreiro.jpg 200w\" sizes=\"auto, (max-width: 150px) 100vw, 150px\" \/><\/a>\n                                                                <\/figure>\n\n                                    \n                        <div class=\"post-content\">\n\n                        \n                                                                                            <h3 class=\"post-title\">\n                                                                    <a href=\"https:\/\/saudadedaluz.fr\/br\/artistes\/edmundo-carneiro\/\">Edmundo Carneiro<\/a>\n                                                                <\/h3>\n                                                            \n                            \n                                                            \n                        <\/div>\n                        <!-- \/.post-content -->\n                                \n                    <\/article>\n            \n                        \n                    \n                    <article id=\"post-47\" class=\"post tf_clearfix post-47 artistes type-artistes status-publish has-post-thumbnail hentry annee-52 annee-53\">\n\n                    \n                    \n                                <figure class=\"post-image\">\n                                                                        <a href=\"https:\/\/saudadedaluz.fr\/br\/artistes\/cristina-ventura\/\"><img loading=\"lazy\" decoding=\"async\" src=\"https:\/\/saudadedaluz.fr\/wp-content\/uploads\/sites\/10\/sites\/10\/2019\/06\/Cristina.Ventura-150x150.jpg\" width=\"150\" height=\"150\" class=\"wp-post-image wp-image-46\" title=\"Cristina.Ventura\" alt=\"Cristina.Ventura\" srcset=\"https:\/\/saudadedaluz.fr\/wp-content\/uploads\/sites\/10\/sites\/10\/2019\/06\/Cristina.Ventura-150x150.jpg 150w, https:\/\/saudadedaluz.fr\/wp-content\/uploads\/sites\/10\/sites\/10\/2019\/06\/Cristina.Ventura-24x24.jpg 24w, https:\/\/saudadedaluz.fr\/wp-content\/uploads\/sites\/10\/sites\/10\/2019\/06\/Cristina.Ventura-36x36.jpg 36w, https:\/\/saudadedaluz.fr\/wp-content\/uploads\/sites\/10\/sites\/10\/2019\/06\/Cristina.Ventura-48x48.jpg 48w, https:\/\/saudadedaluz.fr\/wp-content\/uploads\/sites\/10\/sites\/10\/2019\/06\/Cristina.Ventura-210x210.jpg 210w, https:\/\/saudadedaluz.fr\/wp-content\/uploads\/sites\/10\/sites\/10\/2019\/06\/Cristina.Ventura-333x333.jpg 333w, https:\/\/saudadedaluz.fr\/wp-content\/uploads\/sites\/10\/sites\/10\/2019\/06\/Cristina.Ventura-421x421.jpg 421w, https:\/\/saudadedaluz.fr\/wp-content\/uploads\/sites\/10\/sites\/10\/2019\/06\/Cristina.Ventura-550x550.jpg 550w, https:\/\/saudadedaluz.fr\/wp-content\/uploads\/sites\/10\/sites\/10\/2019\/06\/Cristina.Ventura-700x700.jpg 700w, https:\/\/saudadedaluz.fr\/wp-content\/uploads\/sites\/10\/sites\/10\/2019\/06\/Cristina.Ventura.jpg 200w\" sizes=\"auto, (max-width: 150px) 100vw, 150px\" \/><\/a>\n                                                                <\/figure>\n\n                                    \n                        <div class=\"post-content\">\n\n                        \n                                                                                            <h3 class=\"post-title\">\n                                                                    <a href=\"https:\/\/saudadedaluz.fr\/br\/artistes\/cristina-ventura\/\">Cristina Ventura<\/a>\n                                                                <\/h3>\n                                                            \n                            \n                                                            \n                        <\/div>\n                        <!-- \/.post-content -->\n                                \n                    <\/article>\n            \n                        \n                    \n                    <article id=\"post-100\" class=\"post tf_clearfix post-100 artistes type-artistes status-publish has-post-thumbnail hentry annee-53 annee-59\">\n\n                    \n                    \n                                <figure class=\"post-image\">\n                                                                        <a href=\"https:\/\/saudadedaluz.fr\/br\/artistes\/pierre-noell\/\"><img loading=\"lazy\" decoding=\"async\" src=\"https:\/\/saudadedaluz.fr\/wp-content\/uploads\/sites\/10\/sites\/10\/2019\/06\/Pierre.Noell_-150x150.jpg\" width=\"150\" height=\"150\" class=\"wp-post-image wp-image-99\" title=\"Pierre.Noell\" alt=\"Pierre.Noell\" srcset=\"https:\/\/saudadedaluz.fr\/wp-content\/uploads\/sites\/10\/sites\/10\/2019\/06\/Pierre.Noell_-150x150.jpg 150w, https:\/\/saudadedaluz.fr\/wp-content\/uploads\/sites\/10\/sites\/10\/2019\/06\/Pierre.Noell_-24x24.jpg 24w, https:\/\/saudadedaluz.fr\/wp-content\/uploads\/sites\/10\/sites\/10\/2019\/06\/Pierre.Noell_-36x36.jpg 36w, https:\/\/saudadedaluz.fr\/wp-content\/uploads\/sites\/10\/sites\/10\/2019\/06\/Pierre.Noell_-48x48.jpg 48w, https:\/\/saudadedaluz.fr\/wp-content\/uploads\/sites\/10\/sites\/10\/2019\/06\/Pierre.Noell_-210x210.jpg 210w, https:\/\/saudadedaluz.fr\/wp-content\/uploads\/sites\/10\/sites\/10\/2019\/06\/Pierre.Noell_-333x333.jpg 333w, https:\/\/saudadedaluz.fr\/wp-content\/uploads\/sites\/10\/sites\/10\/2019\/06\/Pierre.Noell_-421x421.jpg 421w, https:\/\/saudadedaluz.fr\/wp-content\/uploads\/sites\/10\/sites\/10\/2019\/06\/Pierre.Noell_-550x550.jpg 550w, https:\/\/saudadedaluz.fr\/wp-content\/uploads\/sites\/10\/sites\/10\/2019\/06\/Pierre.Noell_-700x700.jpg 700w, https:\/\/saudadedaluz.fr\/wp-content\/uploads\/sites\/10\/sites\/10\/2019\/06\/Pierre.Noell_.jpg 200w\" sizes=\"auto, (max-width: 150px) 100vw, 150px\" \/><\/a>\n                                                                <\/figure>\n\n                                    \n                        <div class=\"post-content\">\n\n                        \n                                                                                            <h3 class=\"post-title\">\n                                                                    <a href=\"https:\/\/saudadedaluz.fr\/br\/artistes\/pierre-noell\/\">Pierre Noell<\/a>\n                                                                <\/h3>\n                                                            \n                            \n                                                            \n                        <\/div>\n                        <!-- \/.post-content -->\n                                \n                    <\/article>\n            \n                        \n                    \n                    <article id=\"post-92\" class=\"post tf_clearfix post-92 artistes type-artistes status-publish has-post-thumbnail hentry annee-54 annee-59 annee-60\">\n\n                    \n                    \n                                <figure class=\"post-image\">\n                                                                        <a href=\"https:\/\/saudadedaluz.fr\/br\/artistes\/christophe-de-oliveira\/\"><img loading=\"lazy\" decoding=\"async\" src=\"https:\/\/saudadedaluz.fr\/wp-content\/uploads\/sites\/10\/sites\/10\/2019\/06\/Christophe.de_.Oliveira-150x150.jpg\" width=\"150\" height=\"150\" class=\"wp-post-image wp-image-91\" title=\"Christophe.de.Oliveira\" alt=\"Christophe.de.Oliveira\" srcset=\"https:\/\/saudadedaluz.fr\/wp-content\/uploads\/sites\/10\/sites\/10\/2019\/06\/Christophe.de_.Oliveira-150x150.jpg 150w, https:\/\/saudadedaluz.fr\/wp-content\/uploads\/sites\/10\/sites\/10\/2019\/06\/Christophe.de_.Oliveira-24x24.jpg 24w, https:\/\/saudadedaluz.fr\/wp-content\/uploads\/sites\/10\/sites\/10\/2019\/06\/Christophe.de_.Oliveira-36x36.jpg 36w, https:\/\/saudadedaluz.fr\/wp-content\/uploads\/sites\/10\/sites\/10\/2019\/06\/Christophe.de_.Oliveira-48x48.jpg 48w, https:\/\/saudadedaluz.fr\/wp-content\/uploads\/sites\/10\/sites\/10\/2019\/06\/Christophe.de_.Oliveira-210x210.jpg 210w, https:\/\/saudadedaluz.fr\/wp-content\/uploads\/sites\/10\/sites\/10\/2019\/06\/Christophe.de_.Oliveira-333x333.jpg 333w, https:\/\/saudadedaluz.fr\/wp-content\/uploads\/sites\/10\/sites\/10\/2019\/06\/Christophe.de_.Oliveira-421x421.jpg 421w, https:\/\/saudadedaluz.fr\/wp-content\/uploads\/sites\/10\/sites\/10\/2019\/06\/Christophe.de_.Oliveira-550x550.jpg 550w, https:\/\/saudadedaluz.fr\/wp-content\/uploads\/sites\/10\/sites\/10\/2019\/06\/Christophe.de_.Oliveira-700x700.jpg 700w, https:\/\/saudadedaluz.fr\/wp-content\/uploads\/sites\/10\/sites\/10\/2019\/06\/Christophe.de_.Oliveira.jpg 200w\" sizes=\"auto, (max-width: 150px) 100vw, 150px\" \/><\/a>\n                                                                <\/figure>\n\n                                    \n                        <div class=\"post-content\">\n\n                        \n                                                                                            <h3 class=\"post-title\">\n                                                                    <a href=\"https:\/\/saudadedaluz.fr\/br\/artistes\/christophe-de-oliveira\/\">Christophe de Oliveira<\/a>\n                                                                <\/h3>\n                                                            \n                            \n                                                            \n                        <\/div>\n                        <!-- \/.post-content -->\n                                \n                    <\/article>\n            \n                        \n                    \n                    <article id=\"post-1503\" class=\"post tf_clearfix post-1503 artistes type-artistes status-publish has-post-thumbnail hentry annee-52 annee-63 annee-65 annee-64 annee-58 annee-66\">\n\n                    \n                    \n                                <figure class=\"post-image\">\n                                                                        <a href=\"https:\/\/saudadedaluz.fr\/br\/artistes\/ney-veras\/\"><img loading=\"lazy\" decoding=\"async\" src=\"https:\/\/saudadedaluz.fr\/wp-content\/uploads\/sites\/10\/sites\/10\/2020\/04\/index-150x150.jpg\" width=\"150\" height=\"150\" class=\"wp-post-image wp-image-1502\" title=\"index\" alt=\"index\" srcset=\"https:\/\/saudadedaluz.fr\/wp-content\/uploads\/sites\/10\/sites\/10\/2020\/04\/index-150x150.jpg 150w, https:\/\/saudadedaluz.fr\/wp-content\/uploads\/sites\/10\/sites\/10\/2020\/04\/index-210x210.jpg 210w, https:\/\/saudadedaluz.fr\/wp-content\/uploads\/sites\/10\/sites\/10\/2020\/04\/index-333x333.jpg 333w, https:\/\/saudadedaluz.fr\/wp-content\/uploads\/sites\/10\/sites\/10\/2020\/04\/index-421x421.jpg 421w, https:\/\/saudadedaluz.fr\/wp-content\/uploads\/sites\/10\/sites\/10\/2020\/04\/index-550x550.jpg 550w, https:\/\/saudadedaluz.fr\/wp-content\/uploads\/sites\/10\/sites\/10\/2020\/04\/index-700x700.jpg 700w\" sizes=\"auto, (max-width: 150px) 100vw, 150px\" \/><\/a>\n                                                                <\/figure>\n\n                                    \n                        <div class=\"post-content\">\n\n                        \n                                                                                            <h3 class=\"post-title\">\n                                                                    <a href=\"https:\/\/saudadedaluz.fr\/br\/artistes\/ney-veras\/\">Ney Veras<\/a>\n                                                                <\/h3>\n                                                            \n                            \n                                                            \n                        <\/div>\n                        <!-- \/.post-content -->\n                                \n                    <\/article>\n            \n                        \n                    \n                    <article id=\"post-96\" class=\"post tf_clearfix post-96 artistes type-artistes status-publish has-post-thumbnail hentry annee-53 annee-59\">\n\n                    \n                    \n                                <figure class=\"post-image\">\n                                                                        <a href=\"https:\/\/saudadedaluz.fr\/br\/artistes\/mazinho-ventura\/\"><img loading=\"lazy\" decoding=\"async\" src=\"https:\/\/saudadedaluz.fr\/wp-content\/uploads\/sites\/10\/sites\/10\/2019\/06\/Mazinho.Ventura-150x150.jpg\" width=\"150\" height=\"150\" class=\"wp-post-image wp-image-95\" title=\"Mazinho.Ventura\" alt=\"Mazinho.Ventura\" srcset=\"https:\/\/saudadedaluz.fr\/wp-content\/uploads\/sites\/10\/sites\/10\/2019\/06\/Mazinho.Ventura-150x150.jpg 150w, https:\/\/saudadedaluz.fr\/wp-content\/uploads\/sites\/10\/sites\/10\/2019\/06\/Mazinho.Ventura-24x24.jpg 24w, https:\/\/saudadedaluz.fr\/wp-content\/uploads\/sites\/10\/sites\/10\/2019\/06\/Mazinho.Ventura-36x36.jpg 36w, https:\/\/saudadedaluz.fr\/wp-content\/uploads\/sites\/10\/sites\/10\/2019\/06\/Mazinho.Ventura-48x48.jpg 48w, https:\/\/saudadedaluz.fr\/wp-content\/uploads\/sites\/10\/sites\/10\/2019\/06\/Mazinho.Ventura-210x210.jpg 210w, https:\/\/saudadedaluz.fr\/wp-content\/uploads\/sites\/10\/sites\/10\/2019\/06\/Mazinho.Ventura-333x333.jpg 333w, https:\/\/saudadedaluz.fr\/wp-content\/uploads\/sites\/10\/sites\/10\/2019\/06\/Mazinho.Ventura-421x421.jpg 421w, https:\/\/saudadedaluz.fr\/wp-content\/uploads\/sites\/10\/sites\/10\/2019\/06\/Mazinho.Ventura-550x550.jpg 550w, https:\/\/saudadedaluz.fr\/wp-content\/uploads\/sites\/10\/sites\/10\/2019\/06\/Mazinho.Ventura-700x700.jpg 700w, https:\/\/saudadedaluz.fr\/wp-content\/uploads\/sites\/10\/sites\/10\/2019\/06\/Mazinho.Ventura.jpg 200w\" sizes=\"auto, (max-width: 150px) 100vw, 150px\" \/><\/a>\n                                                                <\/figure>\n\n                                    \n                        <div class=\"post-content\">\n\n                        \n                                                                                            <h3 class=\"post-title\">\n                                                                    <a href=\"https:\/\/saudadedaluz.fr\/br\/artistes\/mazinho-ventura\/\">Mazinho Ventura<\/a>\n                                                                <\/h3>\n                                                            \n                            \n                                                            \n                        <\/div>\n                        <!-- \/.post-content -->\n                                \n                    <\/article>\n            \n                        \n                    \n                    <article id=\"post-74\" class=\"post tf_clearfix post-74 artistes type-artistes status-publish has-post-thumbnail hentry annee-53\">\n\n                    \n                    \n                                <figure class=\"post-image\">\n                                                                        <a href=\"https:\/\/saudadedaluz.fr\/br\/artistes\/benjamin-rassat\/\"><img loading=\"lazy\" decoding=\"async\" src=\"https:\/\/saudadedaluz.fr\/wp-content\/uploads\/sites\/10\/sites\/10\/2019\/06\/Benjamin.Rassat-150x150.jpg\" width=\"150\" height=\"150\" class=\"wp-post-image wp-image-73\" title=\"Benjamin.Rassat\" alt=\"Benjamin.Rassat\" srcset=\"https:\/\/saudadedaluz.fr\/wp-content\/uploads\/sites\/10\/sites\/10\/2019\/06\/Benjamin.Rassat-150x150.jpg 150w, https:\/\/saudadedaluz.fr\/wp-content\/uploads\/sites\/10\/sites\/10\/2019\/06\/Benjamin.Rassat-24x24.jpg 24w, https:\/\/saudadedaluz.fr\/wp-content\/uploads\/sites\/10\/sites\/10\/2019\/06\/Benjamin.Rassat-36x36.jpg 36w, https:\/\/saudadedaluz.fr\/wp-content\/uploads\/sites\/10\/sites\/10\/2019\/06\/Benjamin.Rassat-48x48.jpg 48w, https:\/\/saudadedaluz.fr\/wp-content\/uploads\/sites\/10\/sites\/10\/2019\/06\/Benjamin.Rassat-210x210.jpg 210w, https:\/\/saudadedaluz.fr\/wp-content\/uploads\/sites\/10\/sites\/10\/2019\/06\/Benjamin.Rassat-333x333.jpg 333w, https:\/\/saudadedaluz.fr\/wp-content\/uploads\/sites\/10\/sites\/10\/2019\/06\/Benjamin.Rassat-421x421.jpg 421w, https:\/\/saudadedaluz.fr\/wp-content\/uploads\/sites\/10\/sites\/10\/2019\/06\/Benjamin.Rassat-550x550.jpg 550w, https:\/\/saudadedaluz.fr\/wp-content\/uploads\/sites\/10\/sites\/10\/2019\/06\/Benjamin.Rassat-700x700.jpg 700w, https:\/\/saudadedaluz.fr\/wp-content\/uploads\/sites\/10\/sites\/10\/2019\/06\/Benjamin.Rassat.jpg 200w\" sizes=\"auto, (max-width: 150px) 100vw, 150px\" \/><\/a>\n                                                                <\/figure>\n\n                                    \n                        <div class=\"post-content\">\n\n                        \n                                                                                            <h3 class=\"post-title\">\n                                                                    <a href=\"https:\/\/saudadedaluz.fr\/br\/artistes\/benjamin-rassat\/\">Benjamin Rassat<\/a>\n                                                                <\/h3>\n                                                            \n                            \n                                                            \n                        <\/div>\n                        <!-- \/.post-content -->\n                                \n                    <\/article>\n            \n                        \n                    \n                    <article id=\"post-80\" class=\"post tf_clearfix post-80 artistes type-artistes status-publish has-post-thumbnail hentry annee-57 annee-58\">\n\n                    \n                    \n                                <figure class=\"post-image\">\n                                                                        <a href=\"https:\/\/saudadedaluz.fr\/br\/artistes\/steve-franceschi\/\"><img loading=\"lazy\" decoding=\"async\" src=\"https:\/\/saudadedaluz.fr\/wp-content\/uploads\/sites\/10\/sites\/10\/2019\/06\/Steve.Franceschi-150x150.jpg\" width=\"150\" height=\"150\" class=\"wp-post-image wp-image-79\" title=\"Steve.Franceschi\" alt=\"Steve.Franceschi\" srcset=\"https:\/\/saudadedaluz.fr\/wp-content\/uploads\/sites\/10\/sites\/10\/2019\/06\/Steve.Franceschi-150x150.jpg 150w, https:\/\/saudadedaluz.fr\/wp-content\/uploads\/sites\/10\/sites\/10\/2019\/06\/Steve.Franceschi-24x24.jpg 24w, https:\/\/saudadedaluz.fr\/wp-content\/uploads\/sites\/10\/sites\/10\/2019\/06\/Steve.Franceschi-36x36.jpg 36w, https:\/\/saudadedaluz.fr\/wp-content\/uploads\/sites\/10\/sites\/10\/2019\/06\/Steve.Franceschi-48x48.jpg 48w, https:\/\/saudadedaluz.fr\/wp-content\/uploads\/sites\/10\/sites\/10\/2019\/06\/Steve.Franceschi-210x210.jpg 210w, https:\/\/saudadedaluz.fr\/wp-content\/uploads\/sites\/10\/sites\/10\/2019\/06\/Steve.Franceschi-333x333.jpg 333w, https:\/\/saudadedaluz.fr\/wp-content\/uploads\/sites\/10\/sites\/10\/2019\/06\/Steve.Franceschi-421x421.jpg 421w, https:\/\/saudadedaluz.fr\/wp-content\/uploads\/sites\/10\/sites\/10\/2019\/06\/Steve.Franceschi-550x550.jpg 550w, https:\/\/saudadedaluz.fr\/wp-content\/uploads\/sites\/10\/sites\/10\/2019\/06\/Steve.Franceschi-700x700.jpg 700w, https:\/\/saudadedaluz.fr\/wp-content\/uploads\/sites\/10\/sites\/10\/2019\/06\/Steve.Franceschi.jpg 200w\" sizes=\"auto, (max-width: 150px) 100vw, 150px\" \/><\/a>\n                                                                <\/figure>\n\n                                    \n                        <div class=\"post-content\">\n\n                        \n                                                                                            <h3 class=\"post-title\">\n                                                                    <a href=\"https:\/\/saudadedaluz.fr\/br\/artistes\/steve-franceschi\/\">Steve Franceschi<\/a>\n                                                                <\/h3>\n                                                            \n                            \n                                                            \n                        <\/div>\n                        <!-- \/.post-content -->\n                                \n                    <\/article>\n            \n                        \n                    \n                    <article id=\"post-134\" class=\"post tf_clearfix post-134 artistes type-artistes status-publish has-post-thumbnail hentry annee-52 annee-54 annee-53 annee-55 annee-57 annee-59 annee-60 annee-61 annee-63 annee-62 annee-65 annee-64 annee-56 annee-58 annee-66 annee-67 annee-68\">\n\n                    \n                    \n                                <figure class=\"post-image\">\n                                                                        <a href=\"https:\/\/saudadedaluz.fr\/br\/artistes\/nara-lisboa\/\"><img loading=\"lazy\" decoding=\"async\" src=\"https:\/\/saudadedaluz.fr\/wp-content\/uploads\/sites\/10\/sites\/10\/2019\/06\/Nara.Lisboa-150x150.jpg\" width=\"150\" height=\"150\" class=\"wp-post-image wp-image-133\" title=\"Nara.Lisboa\" alt=\"Nara.Lisboa\" srcset=\"https:\/\/saudadedaluz.fr\/wp-content\/uploads\/sites\/10\/sites\/10\/2019\/06\/Nara.Lisboa-150x150.jpg 150w, https:\/\/saudadedaluz.fr\/wp-content\/uploads\/sites\/10\/sites\/10\/2019\/06\/Nara.Lisboa-24x24.jpg 24w, https:\/\/saudadedaluz.fr\/wp-content\/uploads\/sites\/10\/sites\/10\/2019\/06\/Nara.Lisboa-36x36.jpg 36w, https:\/\/saudadedaluz.fr\/wp-content\/uploads\/sites\/10\/sites\/10\/2019\/06\/Nara.Lisboa-48x48.jpg 48w, https:\/\/saudadedaluz.fr\/wp-content\/uploads\/sites\/10\/sites\/10\/2019\/06\/Nara.Lisboa-210x210.jpg 210w, https:\/\/saudadedaluz.fr\/wp-content\/uploads\/sites\/10\/sites\/10\/2019\/06\/Nara.Lisboa-333x333.jpg 333w, https:\/\/saudadedaluz.fr\/wp-content\/uploads\/sites\/10\/sites\/10\/2019\/06\/Nara.Lisboa-421x421.jpg 421w, https:\/\/saudadedaluz.fr\/wp-content\/uploads\/sites\/10\/sites\/10\/2019\/06\/Nara.Lisboa-550x550.jpg 550w, https:\/\/saudadedaluz.fr\/wp-content\/uploads\/sites\/10\/sites\/10\/2019\/06\/Nara.Lisboa-700x700.jpg 700w, https:\/\/saudadedaluz.fr\/wp-content\/uploads\/sites\/10\/sites\/10\/2019\/06\/Nara.Lisboa-20x20.jpg 20w, https:\/\/saudadedaluz.fr\/wp-content\/uploads\/sites\/10\/sites\/10\/2019\/06\/Nara.Lisboa.jpg 200w\" sizes=\"auto, (max-width: 150px) 100vw, 150px\" \/><\/a>\n                                                                <\/figure>\n\n                                    \n                        <div class=\"post-content\">\n\n                        \n                                                                                            <h3 class=\"post-title\">\n                                                                    <a href=\"https:\/\/saudadedaluz.fr\/br\/artistes\/nara-lisboa\/\">Nara Lisb\u00f4a<\/a>\n                                                                <\/h3>\n                                                            \n                            \n                                                            \n                        <\/div>\n                        <!-- \/.post-content -->\n                                \n                    <\/article>\n            \n                        \n                    \n                    <article id=\"post-106\" class=\"post tf_clearfix post-106 artistes type-artistes status-publish has-post-thumbnail hentry annee-59 annee-58\">\n\n                    \n                    \n                                <figure class=\"post-image\">\n                                                                        <a href=\"https:\/\/saudadedaluz.fr\/br\/artistes\/josue-domingues\/\"><img loading=\"lazy\" decoding=\"async\" src=\"https:\/\/saudadedaluz.fr\/wp-content\/uploads\/sites\/10\/sites\/10\/2019\/06\/Josue.Domingues-150x150.jpg\" width=\"150\" height=\"150\" class=\"wp-post-image wp-image-105\" title=\"Josue.Domingues\" alt=\"Josue.Domingues\" srcset=\"https:\/\/saudadedaluz.fr\/wp-content\/uploads\/sites\/10\/sites\/10\/2019\/06\/Josue.Domingues-150x150.jpg 150w, https:\/\/saudadedaluz.fr\/wp-content\/uploads\/sites\/10\/sites\/10\/2019\/06\/Josue.Domingues-24x24.jpg 24w, https:\/\/saudadedaluz.fr\/wp-content\/uploads\/sites\/10\/sites\/10\/2019\/06\/Josue.Domingues-36x36.jpg 36w, https:\/\/saudadedaluz.fr\/wp-content\/uploads\/sites\/10\/sites\/10\/2019\/06\/Josue.Domingues-48x48.jpg 48w, https:\/\/saudadedaluz.fr\/wp-content\/uploads\/sites\/10\/sites\/10\/2019\/06\/Josue.Domingues-210x210.jpg 210w, https:\/\/saudadedaluz.fr\/wp-content\/uploads\/sites\/10\/sites\/10\/2019\/06\/Josue.Domingues-333x333.jpg 333w, https:\/\/saudadedaluz.fr\/wp-content\/uploads\/sites\/10\/sites\/10\/2019\/06\/Josue.Domingues-421x421.jpg 421w, https:\/\/saudadedaluz.fr\/wp-content\/uploads\/sites\/10\/sites\/10\/2019\/06\/Josue.Domingues-550x550.jpg 550w, https:\/\/saudadedaluz.fr\/wp-content\/uploads\/sites\/10\/sites\/10\/2019\/06\/Josue.Domingues-700x700.jpg 700w, https:\/\/saudadedaluz.fr\/wp-content\/uploads\/sites\/10\/sites\/10\/2019\/06\/Josue.Domingues-20x20.jpg 20w, https:\/\/saudadedaluz.fr\/wp-content\/uploads\/sites\/10\/sites\/10\/2019\/06\/Josue.Domingues.jpg 200w\" sizes=\"auto, (max-width: 150px) 100vw, 150px\" \/><\/a>\n                                                                <\/figure>\n\n                                    \n                        <div class=\"post-content\">\n\n                        \n                                                                                            <h3 class=\"post-title\">\n                                                                    <a href=\"https:\/\/saudadedaluz.fr\/br\/artistes\/josue-domingues\/\">Josu\u00e9 Domingues<\/a>\n                                                                <\/h3>\n                                                            \n                            \n                                                            \n                        <\/div>\n                        <!-- \/.post-content -->\n                                \n                    <\/article>\n            \n                        \n                    \n                    <article id=\"post-86\" class=\"post tf_clearfix post-86 artistes type-artistes status-publish has-post-thumbnail hentry annee-55 annee-57\">\n\n                    \n                    \n                                <figure class=\"post-image\">\n                                                                        <a href=\"https:\/\/saudadedaluz.fr\/br\/artistes\/marc-potier\/\"><img loading=\"lazy\" decoding=\"async\" src=\"https:\/\/saudadedaluz.fr\/wp-content\/uploads\/sites\/10\/sites\/10\/2019\/06\/Marc.Potier-150x150.jpg\" width=\"150\" height=\"150\" class=\"wp-post-image wp-image-85\" title=\"Marc.Potier\" alt=\"Marc.Potier\" srcset=\"https:\/\/saudadedaluz.fr\/wp-content\/uploads\/sites\/10\/sites\/10\/2019\/06\/Marc.Potier-150x150.jpg 150w, https:\/\/saudadedaluz.fr\/wp-content\/uploads\/sites\/10\/sites\/10\/2019\/06\/Marc.Potier-24x24.jpg 24w, https:\/\/saudadedaluz.fr\/wp-content\/uploads\/sites\/10\/sites\/10\/2019\/06\/Marc.Potier-36x36.jpg 36w, https:\/\/saudadedaluz.fr\/wp-content\/uploads\/sites\/10\/sites\/10\/2019\/06\/Marc.Potier-210x210.jpg 210w, https:\/\/saudadedaluz.fr\/wp-content\/uploads\/sites\/10\/sites\/10\/2019\/06\/Marc.Potier-333x333.jpg 333w, https:\/\/saudadedaluz.fr\/wp-content\/uploads\/sites\/10\/sites\/10\/2019\/06\/Marc.Potier-421x421.jpg 421w, https:\/\/saudadedaluz.fr\/wp-content\/uploads\/sites\/10\/sites\/10\/2019\/06\/Marc.Potier-550x550.jpg 550w, https:\/\/saudadedaluz.fr\/wp-content\/uploads\/sites\/10\/sites\/10\/2019\/06\/Marc.Potier-700x700.jpg 700w\" sizes=\"auto, (max-width: 150px) 100vw, 150px\" \/><\/a>\n                                                                <\/figure>\n\n                                    \n                        <div class=\"post-content\">\n\n                        \n                                                                                            <h3 class=\"post-title\">\n                                                                    <a href=\"https:\/\/saudadedaluz.fr\/br\/artistes\/marc-potier\/\">Marc Potier<\/a>\n                                                                <\/h3>\n                                                            \n                            \n                                                            \n                        <\/div>\n                        <!-- \/.post-content -->\n                                \n                    <\/article>\n            \n                        \n                    \n                    <article id=\"post-130\" class=\"post tf_clearfix post-130 artistes type-artistes status-publish has-post-thumbnail hentry annee-55 annee-58\">\n\n                    \n                    \n                                <figure class=\"post-image\">\n                                                                        <a href=\"https:\/\/saudadedaluz.fr\/br\/artistes\/erick-endres\/\"><img loading=\"lazy\" decoding=\"async\" src=\"https:\/\/saudadedaluz.fr\/wp-content\/uploads\/sites\/10\/sites\/10\/2019\/06\/Erick.Endres-150x150.jpg\" width=\"150\" height=\"150\" class=\"wp-post-image wp-image-129\" title=\"Erick.Endres\" alt=\"Erick.Endres\" srcset=\"https:\/\/saudadedaluz.fr\/wp-content\/uploads\/sites\/10\/sites\/10\/2019\/06\/Erick.Endres-150x150.jpg 150w, https:\/\/saudadedaluz.fr\/wp-content\/uploads\/sites\/10\/sites\/10\/2019\/06\/Erick.Endres-24x24.jpg 24w, https:\/\/saudadedaluz.fr\/wp-content\/uploads\/sites\/10\/sites\/10\/2019\/06\/Erick.Endres-36x36.jpg 36w, https:\/\/saudadedaluz.fr\/wp-content\/uploads\/sites\/10\/sites\/10\/2019\/06\/Erick.Endres-48x48.jpg 48w, https:\/\/saudadedaluz.fr\/wp-content\/uploads\/sites\/10\/sites\/10\/2019\/06\/Erick.Endres-210x210.jpg 210w, https:\/\/saudadedaluz.fr\/wp-content\/uploads\/sites\/10\/sites\/10\/2019\/06\/Erick.Endres-333x333.jpg 333w, https:\/\/saudadedaluz.fr\/wp-content\/uploads\/sites\/10\/sites\/10\/2019\/06\/Erick.Endres-421x421.jpg 421w, https:\/\/saudadedaluz.fr\/wp-content\/uploads\/sites\/10\/sites\/10\/2019\/06\/Erick.Endres-550x550.jpg 550w, https:\/\/saudadedaluz.fr\/wp-content\/uploads\/sites\/10\/sites\/10\/2019\/06\/Erick.Endres-700x700.jpg 700w, https:\/\/saudadedaluz.fr\/wp-content\/uploads\/sites\/10\/sites\/10\/2019\/06\/Erick.Endres.jpg 200w\" sizes=\"auto, (max-width: 150px) 100vw, 150px\" \/><\/a>\n                                                                <\/figure>\n\n                                    \n                        <div class=\"post-content\">\n\n                        \n                                                                                            <h3 class=\"post-title\">\n                                                                    <a href=\"https:\/\/saudadedaluz.fr\/br\/artistes\/erick-endres\/\">Erick Endres<\/a>\n                                                                <\/h3>\n                                                            \n                            \n                                                            \n                        <\/div>\n                        <!-- \/.post-content -->\n                                \n                    <\/article>\n            \n                        \n                    \n                    <article id=\"post-84\" class=\"post tf_clearfix post-84 artistes type-artistes status-publish has-post-thumbnail hentry annee-57 annee-59 annee-60 annee-61\">\n\n                    \n                    \n                                <figure class=\"post-image\">\n                                                                        <a href=\"https:\/\/saudadedaluz.fr\/br\/artistes\/loic-wioland\/\"><img loading=\"lazy\" decoding=\"async\" src=\"https:\/\/saudadedaluz.fr\/wp-content\/uploads\/sites\/10\/sites\/10\/2019\/06\/Loic.Wioland-150x150.jpg\" width=\"150\" height=\"150\" class=\"wp-post-image wp-image-83\" title=\"Loic.Wioland\" alt=\"Loic.Wioland\" srcset=\"https:\/\/saudadedaluz.fr\/wp-content\/uploads\/sites\/10\/sites\/10\/2019\/06\/Loic.Wioland-150x150.jpg 150w, https:\/\/saudadedaluz.fr\/wp-content\/uploads\/sites\/10\/sites\/10\/2019\/06\/Loic.Wioland-24x24.jpg 24w, https:\/\/saudadedaluz.fr\/wp-content\/uploads\/sites\/10\/sites\/10\/2019\/06\/Loic.Wioland-36x36.jpg 36w, https:\/\/saudadedaluz.fr\/wp-content\/uploads\/sites\/10\/sites\/10\/2019\/06\/Loic.Wioland-48x48.jpg 48w, https:\/\/saudadedaluz.fr\/wp-content\/uploads\/sites\/10\/sites\/10\/2019\/06\/Loic.Wioland-210x210.jpg 210w, https:\/\/saudadedaluz.fr\/wp-content\/uploads\/sites\/10\/sites\/10\/2019\/06\/Loic.Wioland-333x333.jpg 333w, https:\/\/saudadedaluz.fr\/wp-content\/uploads\/sites\/10\/sites\/10\/2019\/06\/Loic.Wioland-421x421.jpg 421w, https:\/\/saudadedaluz.fr\/wp-content\/uploads\/sites\/10\/sites\/10\/2019\/06\/Loic.Wioland-550x550.jpg 550w, https:\/\/saudadedaluz.fr\/wp-content\/uploads\/sites\/10\/sites\/10\/2019\/06\/Loic.Wioland-700x700.jpg 700w, https:\/\/saudadedaluz.fr\/wp-content\/uploads\/sites\/10\/sites\/10\/2019\/06\/Loic.Wioland.jpg 200w\" sizes=\"auto, (max-width: 150px) 100vw, 150px\" \/><\/a>\n                                                                <\/figure>\n\n                                    \n                        <div class=\"post-content\">\n\n                        \n                                                                                            <h3 class=\"post-title\">\n                                                                    <a href=\"https:\/\/saudadedaluz.fr\/br\/artistes\/loic-wioland\/\">Loic Wioland<\/a>\n                                                                <\/h3>\n                                                            \n                            \n                                                            \n                        <\/div>\n                        <!-- \/.post-content -->\n                                \n                    <\/article>\n            \n                        \n                    \n                    <article id=\"post-122\" class=\"post tf_clearfix post-122 artistes type-artistes status-publish has-post-thumbnail hentry annee-64\">\n\n                    \n                    \n                                <figure class=\"post-image\">\n                                                                        <a href=\"https:\/\/saudadedaluz.fr\/br\/artistes\/gabriel-fortunato\/\"><img loading=\"lazy\" decoding=\"async\" src=\"https:\/\/saudadedaluz.fr\/wp-content\/uploads\/sites\/10\/sites\/10\/2019\/06\/Gabriel-Fortunato-150x150.jpg\" width=\"150\" height=\"150\" class=\"wp-post-image wp-image-121\" title=\"Gabriel Fortunato\" alt=\"Gabriel Fortunato\" srcset=\"https:\/\/saudadedaluz.fr\/wp-content\/uploads\/sites\/10\/sites\/10\/2019\/06\/Gabriel-Fortunato-150x150.jpg 150w, https:\/\/saudadedaluz.fr\/wp-content\/uploads\/sites\/10\/sites\/10\/2019\/06\/Gabriel-Fortunato-24x24.jpg 24w, https:\/\/saudadedaluz.fr\/wp-content\/uploads\/sites\/10\/sites\/10\/2019\/06\/Gabriel-Fortunato-36x36.jpg 36w, https:\/\/saudadedaluz.fr\/wp-content\/uploads\/sites\/10\/sites\/10\/2019\/06\/Gabriel-Fortunato-48x48.jpg 48w, https:\/\/saudadedaluz.fr\/wp-content\/uploads\/sites\/10\/sites\/10\/2019\/06\/Gabriel-Fortunato-210x210.jpg 210w, https:\/\/saudadedaluz.fr\/wp-content\/uploads\/sites\/10\/sites\/10\/2019\/06\/Gabriel-Fortunato-333x333.jpg 333w, https:\/\/saudadedaluz.fr\/wp-content\/uploads\/sites\/10\/sites\/10\/2019\/06\/Gabriel-Fortunato-421x421.jpg 421w, https:\/\/saudadedaluz.fr\/wp-content\/uploads\/sites\/10\/sites\/10\/2019\/06\/Gabriel-Fortunato-550x550.jpg 550w, https:\/\/saudadedaluz.fr\/wp-content\/uploads\/sites\/10\/sites\/10\/2019\/06\/Gabriel-Fortunato-700x700.jpg 700w, https:\/\/saudadedaluz.fr\/wp-content\/uploads\/sites\/10\/sites\/10\/2019\/06\/Gabriel-Fortunato.jpg 200w\" sizes=\"auto, (max-width: 150px) 100vw, 150px\" \/><\/a>\n                                                                <\/figure>\n\n                                    \n                        <div class=\"post-content\">\n\n                        \n                                                                                            <h3 class=\"post-title\">\n                                                                    <a href=\"https:\/\/saudadedaluz.fr\/br\/artistes\/gabriel-fortunato\/\">Gabriel Fortunato<\/a>\n                                                                <\/h3>\n                                                            \n                            \n                                                            \n                        <\/div>\n                        <!-- \/.post-content -->\n                                \n                    <\/article>\n            \n                        \n                    \n                    <article id=\"post-104\" class=\"post tf_clearfix post-104 artistes type-artistes status-publish has-post-thumbnail hentry annee-59\">\n\n                    \n                    \n                                <figure class=\"post-image\">\n                                                                        <a href=\"https:\/\/saudadedaluz.fr\/br\/artistes\/eloise-lourenco\/\"><img loading=\"lazy\" decoding=\"async\" src=\"https:\/\/saudadedaluz.fr\/wp-content\/uploads\/sites\/10\/sites\/10\/2019\/06\/Eloise.Lourenco-150x150.jpg\" width=\"150\" height=\"150\" class=\"wp-post-image wp-image-103\" title=\"Eloise.Louren\u00e7o\" alt=\"Eloise.Louren\u00e7o\" srcset=\"https:\/\/saudadedaluz.fr\/wp-content\/uploads\/sites\/10\/sites\/10\/2019\/06\/Eloise.Lourenco-150x150.jpg 150w, https:\/\/saudadedaluz.fr\/wp-content\/uploads\/sites\/10\/sites\/10\/2019\/06\/Eloise.Lourenco-24x24.jpg 24w, https:\/\/saudadedaluz.fr\/wp-content\/uploads\/sites\/10\/sites\/10\/2019\/06\/Eloise.Lourenco-36x36.jpg 36w, https:\/\/saudadedaluz.fr\/wp-content\/uploads\/sites\/10\/sites\/10\/2019\/06\/Eloise.Lourenco-48x48.jpg 48w, https:\/\/saudadedaluz.fr\/wp-content\/uploads\/sites\/10\/sites\/10\/2019\/06\/Eloise.Lourenco-210x210.jpg 210w, https:\/\/saudadedaluz.fr\/wp-content\/uploads\/sites\/10\/sites\/10\/2019\/06\/Eloise.Lourenco-333x333.jpg 333w, https:\/\/saudadedaluz.fr\/wp-content\/uploads\/sites\/10\/sites\/10\/2019\/06\/Eloise.Lourenco-421x421.jpg 421w, https:\/\/saudadedaluz.fr\/wp-content\/uploads\/sites\/10\/sites\/10\/2019\/06\/Eloise.Lourenco-550x550.jpg 550w, https:\/\/saudadedaluz.fr\/wp-content\/uploads\/sites\/10\/sites\/10\/2019\/06\/Eloise.Lourenco-700x700.jpg 700w, https:\/\/saudadedaluz.fr\/wp-content\/uploads\/sites\/10\/sites\/10\/2019\/06\/Eloise.Lourenco-20x20.jpg 20w, https:\/\/saudadedaluz.fr\/wp-content\/uploads\/sites\/10\/sites\/10\/2019\/06\/Eloise.Lourenco.jpg 200w\" sizes=\"auto, (max-width: 150px) 100vw, 150px\" \/><\/a>\n                                                                <\/figure>\n\n                                    \n                        <div class=\"post-content\">\n\n                        \n                                                                                            <h3 class=\"post-title\">\n                                                                    <a href=\"https:\/\/saudadedaluz.fr\/br\/artistes\/eloise-lourenco\/\">Eloise Luma Louren\u00e7o<\/a>\n                                                                <\/h3>\n                                                            \n                            \n                                                            \n                        <\/div>\n                        <!-- \/.post-content -->\n                                \n                    <\/article>\n            \n                        \n                    \n                    <article id=\"post-126\" class=\"post tf_clearfix post-126 artistes type-artistes status-publish has-post-thumbnail hentry annee-56\">\n\n                    \n                    \n                                <figure class=\"post-image\">\n                                                                        <a href=\"https:\/\/saudadedaluz.fr\/br\/artistes\/mario-bakuna\/\"><img loading=\"lazy\" decoding=\"async\" src=\"https:\/\/saudadedaluz.fr\/wp-content\/uploads\/sites\/10\/sites\/10\/2019\/06\/Mario.Bakuna-150x150.jpg\" width=\"150\" height=\"150\" class=\"wp-post-image wp-image-125\" title=\"Mario.Bakuna\" alt=\"Mario.Bakuna\" srcset=\"https:\/\/saudadedaluz.fr\/wp-content\/uploads\/sites\/10\/sites\/10\/2019\/06\/Mario.Bakuna-150x150.jpg 150w, https:\/\/saudadedaluz.fr\/wp-content\/uploads\/sites\/10\/sites\/10\/2019\/06\/Mario.Bakuna-24x24.jpg 24w, https:\/\/saudadedaluz.fr\/wp-content\/uploads\/sites\/10\/sites\/10\/2019\/06\/Mario.Bakuna-36x36.jpg 36w, https:\/\/saudadedaluz.fr\/wp-content\/uploads\/sites\/10\/sites\/10\/2019\/06\/Mario.Bakuna-48x48.jpg 48w, https:\/\/saudadedaluz.fr\/wp-content\/uploads\/sites\/10\/sites\/10\/2019\/06\/Mario.Bakuna-210x210.jpg 210w, https:\/\/saudadedaluz.fr\/wp-content\/uploads\/sites\/10\/sites\/10\/2019\/06\/Mario.Bakuna-333x333.jpg 333w, https:\/\/saudadedaluz.fr\/wp-content\/uploads\/sites\/10\/sites\/10\/2019\/06\/Mario.Bakuna-421x421.jpg 421w, https:\/\/saudadedaluz.fr\/wp-content\/uploads\/sites\/10\/sites\/10\/2019\/06\/Mario.Bakuna-550x550.jpg 550w, https:\/\/saudadedaluz.fr\/wp-content\/uploads\/sites\/10\/sites\/10\/2019\/06\/Mario.Bakuna-700x700.jpg 700w, https:\/\/saudadedaluz.fr\/wp-content\/uploads\/sites\/10\/sites\/10\/2019\/06\/Mario.Bakuna-20x20.jpg 20w, https:\/\/saudadedaluz.fr\/wp-content\/uploads\/sites\/10\/sites\/10\/2019\/06\/Mario.Bakuna.jpg 200w\" sizes=\"auto, (max-width: 150px) 100vw, 150px\" \/><\/a>\n                                                                <\/figure>\n\n                                    \n                        <div class=\"post-content\">\n\n                        \n                                                                                            <h3 class=\"post-title\">\n                                                                    <a href=\"https:\/\/saudadedaluz.fr\/br\/artistes\/mario-bakuna\/\">Mario Bakuna<\/a>\n                                                                <\/h3>\n                                                            \n                            \n                                                            \n                        <\/div>\n                        <!-- \/.post-content -->\n                                \n                    <\/article>\n            \n                        \n                    \n                    <article id=\"post-124\" class=\"post tf_clearfix post-124 artistes type-artistes status-publish has-post-thumbnail hentry annee-56 annee-58\">\n\n                    \n                    \n                                <figure class=\"post-image\">\n                                                                        <a href=\"https:\/\/saudadedaluz.fr\/br\/artistes\/leandro-maia\/\"><img loading=\"lazy\" decoding=\"async\" src=\"https:\/\/saudadedaluz.fr\/wp-content\/uploads\/sites\/10\/sites\/10\/2019\/06\/Leandro.Maia_-150x150.jpg\" width=\"150\" height=\"150\" class=\"wp-post-image wp-image-123\" title=\"Leandro.Maia\" alt=\"Leandro.Maia\" srcset=\"https:\/\/saudadedaluz.fr\/wp-content\/uploads\/sites\/10\/sites\/10\/2019\/06\/Leandro.Maia_-150x150.jpg 150w, https:\/\/saudadedaluz.fr\/wp-content\/uploads\/sites\/10\/sites\/10\/2019\/06\/Leandro.Maia_-24x24.jpg 24w, https:\/\/saudadedaluz.fr\/wp-content\/uploads\/sites\/10\/sites\/10\/2019\/06\/Leandro.Maia_-36x36.jpg 36w, https:\/\/saudadedaluz.fr\/wp-content\/uploads\/sites\/10\/sites\/10\/2019\/06\/Leandro.Maia_-48x48.jpg 48w, https:\/\/saudadedaluz.fr\/wp-content\/uploads\/sites\/10\/sites\/10\/2019\/06\/Leandro.Maia_-210x210.jpg 210w, https:\/\/saudadedaluz.fr\/wp-content\/uploads\/sites\/10\/sites\/10\/2019\/06\/Leandro.Maia_-333x333.jpg 333w, https:\/\/saudadedaluz.fr\/wp-content\/uploads\/sites\/10\/sites\/10\/2019\/06\/Leandro.Maia_-421x421.jpg 421w, https:\/\/saudadedaluz.fr\/wp-content\/uploads\/sites\/10\/sites\/10\/2019\/06\/Leandro.Maia_-550x550.jpg 550w, https:\/\/saudadedaluz.fr\/wp-content\/uploads\/sites\/10\/sites\/10\/2019\/06\/Leandro.Maia_-700x700.jpg 700w, https:\/\/saudadedaluz.fr\/wp-content\/uploads\/sites\/10\/sites\/10\/2019\/06\/Leandro.Maia_.jpg 200w\" sizes=\"auto, (max-width: 150px) 100vw, 150px\" \/><\/a>\n                                                                <\/figure>\n\n                                    \n                        <div class=\"post-content\">\n\n                        \n                                                                                            <h3 class=\"post-title\">\n                                                                    <a href=\"https:\/\/saudadedaluz.fr\/br\/artistes\/leandro-maia\/\">Leandro Maia<\/a>\n                                                                <\/h3>\n                                                            \n                            \n                                                            \n                        <\/div>\n                        <!-- \/.post-content -->\n                                \n                    <\/article>\n            \n                        \n                    \n                    <article id=\"post-109\" class=\"post tf_clearfix post-109 artistes type-artistes status-publish has-post-thumbnail hentry annee-60 annee-61 annee-63\">\n\n                    \n                    \n                                <figure class=\"post-image\">\n                                                                        <a href=\"https:\/\/saudadedaluz.fr\/br\/artistes\/david-ponte\/\"><img loading=\"lazy\" decoding=\"async\" src=\"https:\/\/saudadedaluz.fr\/wp-content\/uploads\/sites\/10\/sites\/10\/2019\/06\/David.Ponte_-150x150.jpg\" width=\"150\" height=\"150\" class=\"wp-post-image wp-image-108\" title=\"David.Ponte\" alt=\"David.Ponte\" srcset=\"https:\/\/saudadedaluz.fr\/wp-content\/uploads\/sites\/10\/sites\/10\/2019\/06\/David.Ponte_-150x150.jpg 150w, https:\/\/saudadedaluz.fr\/wp-content\/uploads\/sites\/10\/sites\/10\/2019\/06\/David.Ponte_-24x24.jpg 24w, https:\/\/saudadedaluz.fr\/wp-content\/uploads\/sites\/10\/sites\/10\/2019\/06\/David.Ponte_-36x36.jpg 36w, https:\/\/saudadedaluz.fr\/wp-content\/uploads\/sites\/10\/sites\/10\/2019\/06\/David.Ponte_-48x48.jpg 48w, https:\/\/saudadedaluz.fr\/wp-content\/uploads\/sites\/10\/sites\/10\/2019\/06\/David.Ponte_-210x210.jpg 210w, https:\/\/saudadedaluz.fr\/wp-content\/uploads\/sites\/10\/sites\/10\/2019\/06\/David.Ponte_-333x333.jpg 333w, https:\/\/saudadedaluz.fr\/wp-content\/uploads\/sites\/10\/sites\/10\/2019\/06\/David.Ponte_-421x421.jpg 421w, https:\/\/saudadedaluz.fr\/wp-content\/uploads\/sites\/10\/sites\/10\/2019\/06\/David.Ponte_-550x550.jpg 550w, https:\/\/saudadedaluz.fr\/wp-content\/uploads\/sites\/10\/sites\/10\/2019\/06\/David.Ponte_-700x700.jpg 700w, https:\/\/saudadedaluz.fr\/wp-content\/uploads\/sites\/10\/sites\/10\/2019\/06\/David.Ponte_.jpg 200w\" sizes=\"auto, (max-width: 150px) 100vw, 150px\" \/><\/a>\n                                                                <\/figure>\n\n                                    \n                        <div class=\"post-content\">\n\n                        \n                                                                                            <h3 class=\"post-title\">\n                                                                    <a href=\"https:\/\/saudadedaluz.fr\/br\/artistes\/david-ponte\/\">David Ponte<\/a>\n                                                                <\/h3>\n                                                            \n                            \n                                                            \n                        <\/div>\n                        <!-- \/.post-content -->\n                                \n                    <\/article>\n            \n                        \n                    \n                    <article id=\"post-292\" class=\"post tf_clearfix post-292 artistes type-artistes status-publish has-post-thumbnail hentry annee-66\">\n\n                    \n                    \n                                <figure class=\"post-image\">\n                                                                        <a href=\"https:\/\/saudadedaluz.fr\/br\/artistes\/ayres-potthoff\/\"><img loading=\"lazy\" decoding=\"async\" src=\"https:\/\/saudadedaluz.fr\/wp-content\/uploads\/sites\/10\/sites\/10\/2019\/09\/ayrespotthoff-654x1024-150x150.jpg\" width=\"150\" height=\"150\" class=\"wp-post-image wp-image-291\" title=\"ayrespotthoff\" alt=\"ayrespotthoff\" srcset=\"https:\/\/saudadedaluz.fr\/wp-content\/uploads\/sites\/10\/sites\/10\/2019\/09\/ayrespotthoff-654x1024-150x150.jpg 150w, https:\/\/saudadedaluz.fr\/wp-content\/uploads\/sites\/10\/sites\/10\/2019\/09\/ayrespotthoff-654x1024-210x210.jpg 210w, https:\/\/saudadedaluz.fr\/wp-content\/uploads\/sites\/10\/sites\/10\/2019\/09\/ayrespotthoff-654x1024-333x333.jpg 333w, https:\/\/saudadedaluz.fr\/wp-content\/uploads\/sites\/10\/sites\/10\/2019\/09\/ayrespotthoff-654x1024-421x421.jpg 421w, https:\/\/saudadedaluz.fr\/wp-content\/uploads\/sites\/10\/sites\/10\/2019\/09\/ayrespotthoff-654x1024-550x550.jpg 550w, https:\/\/saudadedaluz.fr\/wp-content\/uploads\/sites\/10\/sites\/10\/2019\/09\/ayrespotthoff-654x1024-700x700.jpg 700w\" sizes=\"auto, (max-width: 150px) 100vw, 150px\" \/><\/a>\n                                                                <\/figure>\n\n                                    \n                        <div class=\"post-content\">\n\n                        \n                                                                                            <h3 class=\"post-title\">\n                                                                    <a href=\"https:\/\/saudadedaluz.fr\/br\/artistes\/ayres-potthoff\/\">Ayres Potthoff<\/a>\n                                                                <\/h3>\n                                                            \n                            \n                                                            \n                        <\/div>\n                        <!-- \/.post-content -->\n                                \n                    <\/article>\n            \n                        \n                    \n                    <article id=\"post-236\" class=\"post tf_clearfix post-236 artistes type-artistes status-publish has-post-thumbnail hentry annee-66\">\n\n                    \n                    \n                                <figure class=\"post-image\">\n                                                                        <a href=\"https:\/\/saudadedaluz.fr\/br\/artistes\/liana-timm\/\"><img loading=\"lazy\" decoding=\"async\" src=\"https:\/\/saudadedaluz.fr\/wp-content\/uploads\/sites\/10\/sites\/10\/2019\/08\/2019-Liana-Timm-luis-ventura-2018x800-1-150x150.jpg\" width=\"150\" height=\"150\" class=\"wp-post-image wp-image-243\" title=\"Liana Timm\" alt=\"Liana Timm\" srcset=\"https:\/\/saudadedaluz.fr\/wp-content\/uploads\/sites\/10\/sites\/10\/2019\/08\/2019-Liana-Timm-luis-ventura-2018x800-1-150x150.jpg 150w, https:\/\/saudadedaluz.fr\/wp-content\/uploads\/sites\/10\/sites\/10\/2019\/08\/2019-Liana-Timm-luis-ventura-2018x800-1-300x300.jpg 300w, https:\/\/saudadedaluz.fr\/wp-content\/uploads\/sites\/10\/sites\/10\/2019\/08\/2019-Liana-Timm-luis-ventura-2018x800-1-768x768.jpg 768w, https:\/\/saudadedaluz.fr\/wp-content\/uploads\/sites\/10\/sites\/10\/2019\/08\/2019-Liana-Timm-luis-ventura-2018x800-1-24x24.jpg 24w, https:\/\/saudadedaluz.fr\/wp-content\/uploads\/sites\/10\/sites\/10\/2019\/08\/2019-Liana-Timm-luis-ventura-2018x800-1-36x36.jpg 36w, https:\/\/saudadedaluz.fr\/wp-content\/uploads\/sites\/10\/sites\/10\/2019\/08\/2019-Liana-Timm-luis-ventura-2018x800-1-48x48.jpg 48w, https:\/\/saudadedaluz.fr\/wp-content\/uploads\/sites\/10\/sites\/10\/2019\/08\/2019-Liana-Timm-luis-ventura-2018x800-1-210x210.jpg 210w, https:\/\/saudadedaluz.fr\/wp-content\/uploads\/sites\/10\/sites\/10\/2019\/08\/2019-Liana-Timm-luis-ventura-2018x800-1-333x333.jpg 333w, https:\/\/saudadedaluz.fr\/wp-content\/uploads\/sites\/10\/sites\/10\/2019\/08\/2019-Liana-Timm-luis-ventura-2018x800-1-421x421.jpg 421w, https:\/\/saudadedaluz.fr\/wp-content\/uploads\/sites\/10\/sites\/10\/2019\/08\/2019-Liana-Timm-luis-ventura-2018x800-1-550x550.jpg 550w, https:\/\/saudadedaluz.fr\/wp-content\/uploads\/sites\/10\/sites\/10\/2019\/08\/2019-Liana-Timm-luis-ventura-2018x800-1-700x700.jpg 700w, https:\/\/saudadedaluz.fr\/wp-content\/uploads\/sites\/10\/sites\/10\/2019\/08\/2019-Liana-Timm-luis-ventura-2018x800-1-20x20.jpg 20w, https:\/\/saudadedaluz.fr\/wp-content\/uploads\/sites\/10\/sites\/10\/2019\/08\/2019-Liana-Timm-luis-ventura-2018x800-1.jpg 800w\" sizes=\"auto, (max-width: 150px) 100vw, 150px\" \/><\/a>\n                                                                <\/figure>\n\n                                    \n                        <div class=\"post-content\">\n\n                        \n                                                                                            <h3 class=\"post-title\">\n                                                                    <a href=\"https:\/\/saudadedaluz.fr\/br\/artistes\/liana-timm\/\">Liana Timm<\/a>\n                                                                <\/h3>\n                                                            \n                            \n                                                            \n                        <\/div>\n                        <!-- \/.post-content -->\n                                \n                    <\/article>\n            \n                        \n                    \n                    <article id=\"post-241612\" class=\"post tf_clearfix post-241612 artistes type-artistes status-publish has-post-thumbnail hentry annee-59\">\n\n                    \n                    \n                                <figure class=\"post-image\">\n                                                                        <a href=\"https:\/\/saudadedaluz.fr\/br\/artistes\/dada-viana\/\"><img loading=\"lazy\" decoding=\"async\" src=\"https:\/\/saudadedaluz.fr\/wp-content\/uploads\/sites\/10\/sites\/10\/2020\/05\/Dada.Viana_-150x150.jpg\" width=\"150\" height=\"150\" class=\"wp-post-image wp-image-241723\" title=\"Dada Viana\" alt=\"Dada Viana\" srcset=\"https:\/\/saudadedaluz.fr\/wp-content\/uploads\/sites\/10\/sites\/10\/2020\/05\/Dada.Viana_-150x150.jpg 150w, https:\/\/saudadedaluz.fr\/wp-content\/uploads\/sites\/10\/sites\/10\/2020\/05\/Dada.Viana_-24x24.jpg 24w, https:\/\/saudadedaluz.fr\/wp-content\/uploads\/sites\/10\/sites\/10\/2020\/05\/Dada.Viana_-36x36.jpg 36w, https:\/\/saudadedaluz.fr\/wp-content\/uploads\/sites\/10\/sites\/10\/2020\/05\/Dada.Viana_-48x48.jpg 48w, https:\/\/saudadedaluz.fr\/wp-content\/uploads\/sites\/10\/sites\/10\/2020\/05\/Dada.Viana_-700x700.jpg 700w, https:\/\/saudadedaluz.fr\/wp-content\/uploads\/sites\/10\/sites\/10\/2020\/05\/Dada.Viana_.jpg 200w\" sizes=\"auto, (max-width: 150px) 100vw, 150px\" \/><\/a>\n                                                                <\/figure>\n\n                                    \n                        <div class=\"post-content\">\n\n                        \n                                                                                            <h3 class=\"post-title\">\n                                                                    <a href=\"https:\/\/saudadedaluz.fr\/br\/artistes\/dada-viana\/\">Dada Viana<\/a>\n                                                                <\/h3>\n                                                            \n                            \n                                                            \n                        <\/div>\n                        <!-- \/.post-content -->\n                                \n                    <\/article>\n            \n                        \n                    \n                    <article id=\"post-88\" class=\"post tf_clearfix post-88 artistes type-artistes status-publish has-post-thumbnail hentry annee-54 annee-59 annee-60\">\n\n                    \n                    \n                                <figure class=\"post-image\">\n                                                                        <a href=\"https:\/\/saudadedaluz.fr\/br\/artistes\/laurent-de-oliveira\/\"><img loading=\"lazy\" decoding=\"async\" src=\"https:\/\/saudadedaluz.fr\/wp-content\/uploads\/sites\/10\/sites\/10\/2019\/06\/Laurent.de_.Oliveira-150x150.jpg\" width=\"150\" height=\"150\" class=\"wp-post-image wp-image-87\" title=\"Laurent.de.Oliveira\" alt=\"Laurent.de.Oliveira\" srcset=\"https:\/\/saudadedaluz.fr\/wp-content\/uploads\/sites\/10\/sites\/10\/2019\/06\/Laurent.de_.Oliveira-150x150.jpg 150w, https:\/\/saudadedaluz.fr\/wp-content\/uploads\/sites\/10\/sites\/10\/2019\/06\/Laurent.de_.Oliveira-24x24.jpg 24w, https:\/\/saudadedaluz.fr\/wp-content\/uploads\/sites\/10\/sites\/10\/2019\/06\/Laurent.de_.Oliveira-36x36.jpg 36w, https:\/\/saudadedaluz.fr\/wp-content\/uploads\/sites\/10\/sites\/10\/2019\/06\/Laurent.de_.Oliveira-48x48.jpg 48w, https:\/\/saudadedaluz.fr\/wp-content\/uploads\/sites\/10\/sites\/10\/2019\/06\/Laurent.de_.Oliveira-210x210.jpg 210w, https:\/\/saudadedaluz.fr\/wp-content\/uploads\/sites\/10\/sites\/10\/2019\/06\/Laurent.de_.Oliveira-333x333.jpg 333w, https:\/\/saudadedaluz.fr\/wp-content\/uploads\/sites\/10\/sites\/10\/2019\/06\/Laurent.de_.Oliveira-421x421.jpg 421w, https:\/\/saudadedaluz.fr\/wp-content\/uploads\/sites\/10\/sites\/10\/2019\/06\/Laurent.de_.Oliveira-550x550.jpg 550w, https:\/\/saudadedaluz.fr\/wp-content\/uploads\/sites\/10\/sites\/10\/2019\/06\/Laurent.de_.Oliveira-700x700.jpg 700w, https:\/\/saudadedaluz.fr\/wp-content\/uploads\/sites\/10\/sites\/10\/2019\/06\/Laurent.de_.Oliveira.jpg 200w\" sizes=\"auto, (max-width: 150px) 100vw, 150px\" \/><\/a>\n                                                                <\/figure>\n\n                                    \n                        <div class=\"post-content\">\n\n                        \n                                                                                            <h3 class=\"post-title\">\n                                                                    <a href=\"https:\/\/saudadedaluz.fr\/br\/artistes\/laurent-de-oliveira\/\">Laurent de Oliveira<\/a>\n                                                                <\/h3>\n                                                            \n                            \n                                                            \n                        <\/div>\n                        <!-- \/.post-content -->\n                                \n                    <\/article>\n            \n                        \n                    \n                    <article id=\"post-279\" class=\"post tf_clearfix post-279 artistes type-artistes status-publish has-post-thumbnail hentry annee-66\">\n\n                    \n                    \n                                <figure class=\"post-image\">\n                                                                        <a href=\"https:\/\/saudadedaluz.fr\/br\/artistes\/antonio-villeroy\/\"><img loading=\"lazy\" decoding=\"async\" src=\"https:\/\/saudadedaluz.fr\/wp-content\/uploads\/sites\/10\/sites\/10\/2019\/08\/Totonho-1024x574-1-150x150.jpg\" width=\"150\" height=\"150\" class=\"wp-post-image wp-image-278\" title=\"Totonho-1024x574\" alt=\"Totonho-1024x574\" srcset=\"https:\/\/saudadedaluz.fr\/wp-content\/uploads\/sites\/10\/sites\/10\/2019\/08\/Totonho-1024x574-1-150x150.jpg 150w, https:\/\/saudadedaluz.fr\/wp-content\/uploads\/sites\/10\/sites\/10\/2019\/08\/Totonho-1024x574-1-210x210.jpg 210w, https:\/\/saudadedaluz.fr\/wp-content\/uploads\/sites\/10\/sites\/10\/2019\/08\/Totonho-1024x574-1-333x333.jpg 333w, https:\/\/saudadedaluz.fr\/wp-content\/uploads\/sites\/10\/sites\/10\/2019\/08\/Totonho-1024x574-1-421x421.jpg 421w, https:\/\/saudadedaluz.fr\/wp-content\/uploads\/sites\/10\/sites\/10\/2019\/08\/Totonho-1024x574-1-550x550.jpg 550w, https:\/\/saudadedaluz.fr\/wp-content\/uploads\/sites\/10\/sites\/10\/2019\/08\/Totonho-1024x574-1-700x700.jpg 700w\" sizes=\"auto, (max-width: 150px) 100vw, 150px\" \/><\/a>\n                                                                <\/figure>\n\n                                    \n                        <div class=\"post-content\">\n\n                        \n                                                                                            <h3 class=\"post-title\">\n                                                                    <a href=\"https:\/\/saudadedaluz.fr\/br\/artistes\/antonio-villeroy\/\">Antonio Villeroy<\/a>\n                                                                <\/h3>\n                                                            \n                            \n                                                            \n                        <\/div>\n                        <!-- \/.post-content -->\n                                \n                    <\/article>\n            \n                        \n                    \n                    <article id=\"post-102\" class=\"post tf_clearfix post-102 artistes type-artistes status-publish has-post-thumbnail hentry annee-59\">\n\n                    \n                    \n                                <figure class=\"post-image\">\n                                                                        <a href=\"https:\/\/saudadedaluz.fr\/br\/artistes\/valerie-lu\/\"><img loading=\"lazy\" decoding=\"async\" src=\"https:\/\/saudadedaluz.fr\/wp-content\/uploads\/sites\/10\/sites\/10\/2019\/06\/Valerie.Lu_-150x150.jpg\" width=\"150\" height=\"150\" class=\"wp-post-image wp-image-101\" title=\"Valerie.Lu\" alt=\"Valerie.Lu\" srcset=\"https:\/\/saudadedaluz.fr\/wp-content\/uploads\/sites\/10\/sites\/10\/2019\/06\/Valerie.Lu_-150x150.jpg 150w, https:\/\/saudadedaluz.fr\/wp-content\/uploads\/sites\/10\/sites\/10\/2019\/06\/Valerie.Lu_-24x24.jpg 24w, https:\/\/saudadedaluz.fr\/wp-content\/uploads\/sites\/10\/sites\/10\/2019\/06\/Valerie.Lu_-36x36.jpg 36w, https:\/\/saudadedaluz.fr\/wp-content\/uploads\/sites\/10\/sites\/10\/2019\/06\/Valerie.Lu_-48x48.jpg 48w, https:\/\/saudadedaluz.fr\/wp-content\/uploads\/sites\/10\/sites\/10\/2019\/06\/Valerie.Lu_-210x210.jpg 210w, https:\/\/saudadedaluz.fr\/wp-content\/uploads\/sites\/10\/sites\/10\/2019\/06\/Valerie.Lu_-333x333.jpg 333w, https:\/\/saudadedaluz.fr\/wp-content\/uploads\/sites\/10\/sites\/10\/2019\/06\/Valerie.Lu_-421x421.jpg 421w, https:\/\/saudadedaluz.fr\/wp-content\/uploads\/sites\/10\/sites\/10\/2019\/06\/Valerie.Lu_-550x550.jpg 550w, https:\/\/saudadedaluz.fr\/wp-content\/uploads\/sites\/10\/sites\/10\/2019\/06\/Valerie.Lu_-700x700.jpg 700w, https:\/\/saudadedaluz.fr\/wp-content\/uploads\/sites\/10\/sites\/10\/2019\/06\/Valerie.Lu_.jpg 200w\" sizes=\"auto, (max-width: 150px) 100vw, 150px\" \/><\/a>\n                                                                <\/figure>\n\n                                    \n                        <div class=\"post-content\">\n\n                        \n                                                                                            <h3 class=\"post-title\">\n                                                                    <a href=\"https:\/\/saudadedaluz.fr\/br\/artistes\/valerie-lu\/\">Valerie Lu<\/a>\n                                                                <\/h3>\n                                                            \n                            \n                                                            \n                        <\/div>\n                        <!-- \/.post-content -->\n                                \n                    <\/article>\n            \n                            <\/div><!-- .builder-posts-wrap -->\n            <\/div>\n<!-- \/module post -->\n    <!-- module text -->\n<div  class=\"module module-text tb_bn08327   \" data-lazy=\"1\">\n        <div  class=\"tb_text_wrap\">\n        <h3 style=\"font-family: Muli, sans-serif;font-style: normal;text-align: center\"><span style=\"font-weight: bold\"><a style=\"color: #00a2ff\" href=\"https:\/\/saudadedaluz.fr\/21connexion\" target=\"_blank\" rel=\"external noopener noreferrer\" data-wpel-link=\"external\">En savoir plus<\/a><\/span><\/h3>    <\/div>\n<\/div>\n<!-- \/module text -->        <\/div>\n                        <\/div>\n        <\/div>\n                        <div  id=\"ateliers\" data-lazy=\"1\" class=\"module_row themify_builder_row tb_9el0887 tf_w wow\" data-tf-animation=\"lightSpeedIn\">\n            <span  class=\"builder_row_cover tf_abs\" data-lazy=\"1\" id=\"ateliers\"><\/span>            <div class=\"row_inner col_align_top gutter-none tb_col_count_2 tf_box tf_rel\">\n                        <div  data-lazy=\"1\" class=\"module_column tb-column col3-1 tb_ddey890 first\">\n                    <!-- module text -->\n<div  class=\"module module-text tb_1gfy891   \" data-lazy=\"1\">\n        <div  class=\"tb_text_wrap\">\n        <h3><strong>Ateliers<\/strong><\/h3>    <\/div>\n<\/div>\n<!-- \/module text -->        <\/div>\n                    <div  data-lazy=\"1\" class=\"module_column tb-column col3-2 tb_wpa2892 last\">\n                    <!-- module tab -->\n<div  id=\"tb_vm1e627\" class=\"module ui module-tab tb_vm1e627 minimal rounded gradient black  wow\" data-tf-animation=\"bounceIn\" data-lazy=\"1\">\n        <div class=\"tab-nav-current-active tf_hide\">\n\t\t<span class=\"tab_burger_icon_wrap\">\n\t        <span class=\"tab_burger_icon tf_rel\"><\/span>\n\t\t<\/span>\n        <span class=\"tb_activetab_title\">\n            <span class=\"tb_tab_title\">Info<\/span>\n                    <\/span>\n    <\/div>\n    <ul class=\"tab-nav tf_clearfix tf_scrollbar\">\n                <li class=\"current\" aria-expanded=\"true\">\n            <a href=\"#tab-tb_vm1e627-0\">\n                                <span class=\"tb_tab_title\">Info<\/span>                                            <\/a>\n        <\/li>\n                <li aria-expanded=\"false\">\n            <a href=\"#tab-tb_vm1e627-1\">\n                                <span class=\"tb_tab_title\">2019<\/span>                                            <\/a>\n        <\/li>\n                <li aria-expanded=\"false\">\n            <a href=\"#tab-tb_vm1e627-2\">\n                                <span class=\"tb_tab_title\">Contact<\/span>                                            <\/a>\n        <\/li>\n            <\/ul>\n            <div data-id=\"tab-tb_vm1e627-0\" class=\"tab-content tf_clear\" aria-hidden=\"false\">\n                    <div  data-lazy=\"1\" class=\"module_subrow themify_builder_sub_row tf_w col_align_top tb_col_count_1 tb_znki907\">\n                <div  data-lazy=\"1\" class=\"module_column sub_column tb_wo82907 first\">\n                    <!-- module text -->\n<div  class=\"module module-text tb_qxlb907   \" data-lazy=\"1\">\n        <div  class=\"tb_text_wrap\">\n        <p style=\"text-align: left\">Sp\u00e9cialis\u00e9e en musique br\u00e9silienne, l\u2019association Saudade da Luz organise r\u00e9guli\u00e8rement des ateliers d&rsquo;initiation ou de perfectionnement.<\/p>\n<p style=\"text-align: left\">Les ateliers peuvent \u00eatre collectifs ou individuels et sont adapt\u00e9s aux niveaux musicaux des participants.<\/p>    <\/div>\n<\/div>\n<!-- \/module text -->        <\/div>\n                    <\/div>\n                <\/div>\n            <div data-id=\"tab-tb_vm1e627-1\" class=\"tab-content tf_clear\" aria-hidden=\"true\">\n                    <div  data-lazy=\"1\" class=\"module_subrow themify_builder_sub_row tf_w col_align_top tb_col_count_1 tb_j40u907\">\n                <div  data-lazy=\"1\" class=\"module_column sub_column tb_i6g7907 first\">\n                    <!-- module text -->\n<div  class=\"module module-text tb_fyu5907   \" data-lazy=\"1\">\n        <div  class=\"tb_text_wrap\">\n        <h4 style=\"text-align: left\"><strong>Du 24 juillet au 25 octobre\u00a0<\/strong><br><strong>Stages de musique br\u00e9silienne<\/strong><\/h4>\n<p style=\"text-align: left\">Sp\u00e9cialis\u00e9e en musique br\u00e9silienne, l\u2019association Saudade da Luz propose tous les jours des ateliers musicaux et des r\u00e9p\u00e9titions ouverts librement au public<\/p>\n<p><strong>Programme:<\/strong><br>d\u00e9couverte, \u00e9tude, perfectionnement en musique br\u00e9silienne bossa nova, choro, chorinho, samba, bai\u00e3o, samba rock, samba funk\u2026<br>Initiation aux rythmes br\u00e9siliens<br>\u00e9tude de l\u2019harmonie en g\u00e9n\u00e9ral<br>techniques de cr\u00e9ation, composition, improvisation<br>interpr\u00e9tation des airs les plus c\u00e9l\u00e8bres<br>Utiliser les rythmes br\u00e9siliens et les harmonies pour enrichir les autres styles comme le funk, rock, jazz rock, jazz\u2026<\/p>\n<p>Pour tout instrument et chant, sp\u00e9cialisation guitare, basse, percussions<br>du 24\u00a0juillet au 30\u00a0octobre de 13h30\u00a0\u00e0 18h30<\/p>\n<p><strong>Journ\u00e9es musicales, Master Classes<\/strong><\/p>\n<p style=\"text-align: left\">Ateliers musicaux avec la participation d\u2019artistes br\u00e9siliens<\/p>\n<p>le 25\u00a0juillet Ney Veras, batterie, percussions, mandoline, guitare<br>le 22\u00a0ao\u00fbt Liana Timm et Nara Lisb\u00f4a, expos\u00e9 sur la culture fran\u00e7aise au br\u00e9sil<br>le 9\u00a0septembre Antonio Villeroy, auteur, compositeur<br>le 23\u00a0octobre Ayres Pottof, fl\u00fbte, professeur de musique<br>Daniel Wolf, guitare, professeur de musique<\/p>    <\/div>\n<\/div>\n<!-- \/module text -->        <\/div>\n                    <\/div>\n                <\/div>\n            <div data-id=\"tab-tb_vm1e627-2\" class=\"tab-content tf_clear\" aria-hidden=\"true\">\n                    <div  data-lazy=\"1\" class=\"module_subrow themify_builder_sub_row tf_w col_align_top tb_col_count_1 tb_b4cp907\">\n                <div  data-lazy=\"1\" class=\"module_column sub_column tb_c08b908 first\">\n                    <!-- module text -->\n<div  class=\"module module-text tb_prdr908   \" data-lazy=\"1\">\n        <div  class=\"tb_text_wrap\">\n        <p>Pour participer aux ateliers ou pour plus d&rsquo;informations vous pouvez nous au 06 38 78 39 20 du lundi au vendredi de 10 h \u00e0 18 h<\/p>    <\/div>\n<\/div>\n<!-- \/module text -->        <\/div>\n                    <\/div>\n                <\/div>\n    <\/div>\n<!-- \/module tab -->\n        <\/div>\n                        <\/div>\n        <\/div>\n                        <div  id=\"studio\" data-lazy=\"1\" class=\"module_row themify_builder_row tb_vsmw685 tf_w wow\" data-tf-animation=\"tada\">\n            <span  class=\"builder_row_cover tf_abs\" data-lazy=\"1\" id=\"studio\"><\/span>            <span class=\"tf_hide row-slider tb_slider tf_abs\" data-bgmode=\"best-fit\" data-sliderspeed=\"2000\">\n                <span class=\"tf_abs row-slider-slides tf_w tf_hidden tf_clearfix\">\n                                <span data-bg=\"https:\/\/saudadedaluz.fr\/wp-content\/uploads\/sites\/10\/sites\/10\/2019\/11\/Image3-1024x576.jpg\">\n                        <a href=\"javascript:;\" rel=\"nofollow\" class=\"row-slider-dot\" data-index=\"0\"><span class=\"screen-reader-text\">&bull;<\/span><\/a>\n                    <\/span>\n                                    <span data-bg=\"https:\/\/saudadedaluz.fr\/wp-content\/uploads\/sites\/10\/sites\/10\/2019\/11\/Image12-1024x576.jpg\">\n                        <a href=\"javascript:;\" rel=\"nofollow\" class=\"row-slider-dot\" data-index=\"1\"><span class=\"screen-reader-text\">&bull;<\/span><\/a>\n                    <\/span>\n                                <\/span>\n                <span class=\"row-slider-nav tf_abs_t tf_w\">\n                    <a href=\"javascript:;\" rel=\"nofollow\" class=\"row-slider-arrow row-slider-prev tf_hidden tf_abs_t\"><span class=\"screen-reader-text\">&larr;<\/span><\/a>\n                    <a href=\"javascript:;\" rel=\"nofollow\" class=\"row-slider-arrow row-slider-next tf_hidden tf_abs_t\"><span class=\"screen-reader-text\">&rarr;<\/span><\/a>\n                <\/span>\n            <\/span>\n                        <div class=\"row_inner col_align_top gutter-none tb_col_count_2 tf_box tf_rel\">\n                        <div  data-lazy=\"1\" class=\"module_column tb-column col3-1 tb_sufg688 first\">\n                    <!-- module text -->\n<div  class=\"module module-text tb_6xeb638   \" data-lazy=\"1\">\n        <div  class=\"tb_text_wrap\">\n        <h2><strong>STUDIO LIVE<\/strong><\/h2>    <\/div>\n<\/div>\n<!-- \/module text --><!-- module image -->\n<div  class=\"module module-image tb_ya88690 image-center rounded bordered circle  tf_mw\" data-lazy=\"1\">\n        <div class=\"image-wrap tf_rel tf_mw\">\n            <a href=\"http:\/\/21cabaret.fr\">\n                   <img loading=\"lazy\" decoding=\"async\" src=\"http:\/\/saudadedaluz.fr\/wp-content\/uploads\/sites\/10\/sites\/10\/2019\/11\/2019.11-Palco.jpg\" width=\"270\" height=\"1080\" title=\"Accueil 2024\" alt=\"Accueil 2024\">        <\/a>\n    \n        <\/div>\n    <!-- \/image-wrap -->\n    \n        <\/div>\n<!-- \/module image -->        <\/div>\n                    <div  data-lazy=\"1\" class=\"module_column tb-column col3-2 tb_87ne692 last\">\n                    <!-- module tab -->\n<div  id=\"tb_llz8692\" class=\"module ui module-tab tb_llz8692 minimal rounded gradient black  wow\" data-tf-animation=\"bounceIn\" data-lazy=\"1\">\n        <div class=\"tab-nav-current-active tf_hide\">\n\t\t<span class=\"tab_burger_icon_wrap\">\n\t        <span class=\"tab_burger_icon tf_rel\"><\/span>\n\t\t<\/span>\n        <span class=\"tb_activetab_title\">\n            <span class=\"tb_tab_title\">Studio<\/span>\n                    <\/span>\n    <\/div>\n    <ul class=\"tab-nav tf_clearfix tf_scrollbar\">\n                <li class=\"current\" aria-expanded=\"true\">\n            <a href=\"#tab-tb_llz8692-0\">\n                                <span class=\"tb_tab_title\">Studio<\/span>                                            <\/a>\n        <\/li>\n                <li aria-expanded=\"false\">\n            <a href=\"#tab-tb_llz8692-1\">\n                                <span class=\"tb_tab_title\">Mat\u00e9riel<\/span>                                            <\/a>\n        <\/li>\n                <li aria-expanded=\"false\">\n            <a href=\"#tab-tb_llz8692-2\">\n                                <span class=\"tb_tab_title\">Contact<\/span>                                            <\/a>\n        <\/li>\n            <\/ul>\n            <div data-id=\"tab-tb_llz8692-0\" class=\"tab-content tf_clear\" aria-hidden=\"false\">\n                    <div  data-lazy=\"1\" class=\"module_subrow themify_builder_sub_row tf_w col_align_top tb_col_count_1 tb_xbiu909\">\n                <div  data-lazy=\"1\" class=\"module_column sub_column tb_nddw909 first\">\n                    <!-- module text -->\n<div  class=\"module module-text tb_ux37909   \" data-lazy=\"1\">\n        <div  class=\"tb_text_wrap\">\n        <p style=\"text-align: left\">Dans le charme et la tranquillit\u00e9 de la Creuse, le Studio Live permet d&rsquo;utiliser la salle du 21Cabaret pour obtenir des enregistrements multipistes et des vid\u00e9os \u00e0 partir de plusieurs prises de vue. <br>La sc\u00e8ne \u00e9quip\u00e9e en son et lumi\u00e8re permet de produire des spectacles, donner des repr\u00e9sentations pour les enregistrer, aller jusqu&rsquo;\u00e0 la r\u00e9alisation de DVD ou autre clip multim\u00e9dia&#8230;<\/p>\n<h3 style=\"text-align: center\"><strong><a href=\"https:\/\/saudadedaluz.fr\/21studio\">En savoir plus<\/a><\/strong><\/h3>    <\/div>\n<\/div>\n<!-- \/module text -->        <\/div>\n                    <\/div>\n                <\/div>\n            <div data-id=\"tab-tb_llz8692-1\" class=\"tab-content tf_clear\" aria-hidden=\"true\">\n                    <div  data-lazy=\"1\" class=\"module_subrow themify_builder_sub_row tf_w col_align_top tb_col_count_1 tb_1726909\">\n                <div  data-lazy=\"1\" class=\"module_column sub_column tb_fv0u910 first\">\n                    <!-- module text -->\n<div  class=\"module module-text tb_u28l910   \" data-lazy=\"1\">\n        <div  class=\"tb_text_wrap\">\n        <p>La salle dispose d&rsquo;un \u00e9quipement de base avec une fa\u00e7ade, 4 retours, console de mixage et enregistreur num\u00e9riques, sets de micros chant, batterie, projecteurs PAR 56 automatis\u00e9s par informatique&#8230;<\/p>\n<p>Mat\u00e9riel sp\u00e9cifique sur demande<\/p>    <\/div>\n<\/div>\n<!-- \/module text -->        <\/div>\n                    <\/div>\n                <\/div>\n            <div data-id=\"tab-tb_llz8692-2\" class=\"tab-content tf_clear\" aria-hidden=\"true\">\n                    <div  data-lazy=\"1\" class=\"module_subrow themify_builder_sub_row tf_w col_align_top tb_col_count_1 tb_ijxi910\">\n                <div  data-lazy=\"1\" class=\"module_column sub_column tb_wfip910 first\">\n                    <!-- module text -->\n<div  class=\"module module-text tb_cqye910   \" data-lazy=\"1\">\n        <div  class=\"tb_text_wrap\">\n        <p>Pour toute information compl\u00e9mentaire, vous pouvez nous contacter au 06 38 78 39 20 du mardi au samedi de 10h \u00e0 18h<\/p>\n<p><strong>Studio Live &#8211; 21Cabaret<br><\/strong>23600 &#8211; Toulx Sainte Croix<\/p>    <\/div>\n<\/div>\n<!-- \/module text -->        <\/div>\n                    <\/div>\n                <\/div>\n    <\/div>\n<!-- \/module tab -->\n        <\/div>\n                        <\/div>\n        <\/div>\n                        <div  data-parallax-bg=\"desktop\" id=\"presse\" data-lazy=\"1\" class=\"module_row themify_builder_row tb_7c6i84 tf_w wow\" data-tf-animation=\"flipInX\">\n            <span  class=\"builder_row_cover tf_abs\" data-lazy=\"1\" id=\"presse\"><\/span>            <div class=\"row_inner col_align_top gutter-none tb_col_count_2 tf_box tf_rel\">\n                        <div  data-lazy=\"1\" class=\"module_column tb-column col3-1 tb_btc5156 first\">\n        <span class=\"tb_row_frame_wrap tf_overflow tf_abs\" data-lazy=\"1\"><span class=\"tb_row_frame tb_row_frame_top  tf_abs tf_hide tf_overflow tf_w\"><\/span><\/span>            <!-- module text -->\n<div  class=\"module module-text tb_o5tp156   \" data-lazy=\"1\">\n        <div  class=\"tb_text_wrap\">\n        <h3><strong>Presse<\/strong><\/h3>    <\/div>\n<\/div>\n<!-- \/module text -->        <\/div>\n                    <div  data-lazy=\"1\" class=\"module_column tb-column col3-2 tb_1vr491 last\">\n                    <!-- module post -->\n<div  class=\"module module-post tb_ioms575 \">\n    <div  class=\"builder-posts-wrap loops-wrapper presse grid3 tf_clear tf_clearfix\" data-lazy=\"1\">\n    \n                    \n                    <article id=\"post-239334\" class=\"post tf_clearfix post-239334 presse type-presse status-publish has-post-thumbnail hentry\">\n\n                    \n                    \n                                <figure class=\"post-image\">\n                                                                        <a href=\"https:\/\/saudadedaluz.fr\/br\/presse\/un-deuxieme-moment-sympa-ce-jeudi\/\"><img decoding=\"async\" src=\"https:\/\/saudadedaluz.fr\/wp-content\/uploads\/sites\/10\/sites\/10\/2019\/06\/Un-deuxieme-Moment-Sympa-ce-jeudi-Toulx-Sainte-Croix-23600-La-Montagnex800-692x777.jpg\" height=\"777\" class=\"wp-post-image wp-image-239336\" title=\"Un deuxi\u00e8me \u00ab Moment Sympa \u00bb ce jeudi - Toulx-Sainte-Croix (23600) - La Montagnex800\" alt=\"Un deuxi\u00e8me \u00ab Moment Sympa \u00bb ce jeudi - Toulx-Sainte-Croix (23600) - La Montagnex800\" srcset=\"https:\/\/saudadedaluz.fr\/wp-content\/uploads\/sites\/10\/sites\/10\/2019\/06\/Un-deuxieme-Moment-Sympa-ce-jeudi-Toulx-Sainte-Croix-23600-La-Montagnex800-692x777.jpg 692w, https:\/\/saudadedaluz.fr\/wp-content\/uploads\/sites\/10\/sites\/10\/2019\/06\/Un-deuxieme-Moment-Sympa-ce-jeudi-Toulx-Sainte-Croix-23600-La-Montagnex800-267x300.jpg 267w, https:\/\/saudadedaluz.fr\/wp-content\/uploads\/sites\/10\/sites\/10\/2019\/06\/Un-deuxieme-Moment-Sympa-ce-jeudi-Toulx-Sainte-Croix-23600-La-Montagnex800-768x861.jpg 768w, https:\/\/saudadedaluz.fr\/wp-content\/uploads\/sites\/10\/sites\/10\/2019\/06\/Un-deuxieme-Moment-Sympa-ce-jeudi-Toulx-Sainte-Croix-23600-La-Montagnex800-21x24.jpg 21w, https:\/\/saudadedaluz.fr\/wp-content\/uploads\/sites\/10\/sites\/10\/2019\/06\/Un-deuxieme-Moment-Sympa-ce-jeudi-Toulx-Sainte-Croix-23600-La-Montagnex800-32x36.jpg 32w, https:\/\/saudadedaluz.fr\/wp-content\/uploads\/sites\/10\/sites\/10\/2019\/06\/Un-deuxieme-Moment-Sympa-ce-jeudi-Toulx-Sainte-Croix-23600-La-Montagnex800-43x48.jpg 43w, https:\/\/saudadedaluz.fr\/wp-content\/uploads\/sites\/10\/sites\/10\/2019\/06\/Un-deuxieme-Moment-Sympa-ce-jeudi-Toulx-Sainte-Croix-23600-La-Montagnex800.jpg 912w\" sizes=\"(max-width: 692px) 100vw, 692px\" \/><\/a>\n                                                                <\/figure>\n\n                                    \n                        <div class=\"post-content\">\n\n                        \n                                                                                            <h2 class=\"post-title\">\n                                                                    <a href=\"https:\/\/saudadedaluz.fr\/br\/presse\/un-deuxieme-moment-sympa-ce-jeudi\/\">Un deuxi\u00e8me \u00ab Moment Sympa \u00bb ce jeudi<\/a>\n                                                                <\/h2>\n                                                            \n                            \n                                                            \n                        <\/div>\n                        <!-- \/.post-content -->\n                                \n                    <\/article>\n            \n                        \n                    \n                    <article id=\"post-21805\" class=\"post tf_clearfix post-21805 presse type-presse status-publish has-post-thumbnail hentry\">\n\n                    \n                    \n                                <figure class=\"post-image\">\n                                                                        <a href=\"https:\/\/saudadedaluz.fr\/br\/presse\/la-montagne-saudade-da-luz-lance-un-cabaret\/\"><img decoding=\"async\" src=\"https:\/\/saudadedaluz.fr\/wp-content\/uploads\/sites\/10\/sites\/10\/2016\/06\/2013-04-21_La.Montagne-21Cabaret-453x1024-343x777.jpg\" height=\"777\" class=\"wp-post-image wp-image-17010\" title=\"La Montagne \u2013 Saudade da Luz lance un cabaret\" alt=\"La Montagne \u2013 Saudade da Luz lance un cabaret\" srcset=\"https:\/\/saudadedaluz.fr\/wp-content\/uploads\/sites\/10\/sites\/10\/2016\/06\/2013-04-21_La.Montagne-21Cabaret-453x1024-343x777.jpg 343w, https:\/\/saudadedaluz.fr\/wp-content\/uploads\/sites\/10\/sites\/10\/2016\/06\/2013-04-21_La.Montagne-21Cabaret-133x300.jpg 133w, https:\/\/saudadedaluz.fr\/wp-content\/uploads\/sites\/10\/sites\/10\/2016\/06\/2013-04-21_La.Montagne-21Cabaret-768x1738.jpg 768w, https:\/\/saudadedaluz.fr\/wp-content\/uploads\/sites\/10\/sites\/10\/2016\/06\/2013-04-21_La.Montagne-21Cabaret-679x1536.jpg 679w, https:\/\/saudadedaluz.fr\/wp-content\/uploads\/sites\/10\/sites\/10\/2016\/06\/2013-04-21_La.Montagne-21Cabaret-905x2048.jpg 905w, https:\/\/saudadedaluz.fr\/wp-content\/uploads\/sites\/10\/sites\/10\/2016\/06\/2013-04-21_La.Montagne-21Cabaret-11x24.jpg 11w, https:\/\/saudadedaluz.fr\/wp-content\/uploads\/sites\/10\/sites\/10\/2016\/06\/2013-04-21_La.Montagne-21Cabaret-16x36.jpg 16w, https:\/\/saudadedaluz.fr\/wp-content\/uploads\/sites\/10\/sites\/10\/2016\/06\/2013-04-21_La.Montagne-21Cabaret-21x48.jpg 21w, https:\/\/saudadedaluz.fr\/wp-content\/uploads\/sites\/10\/sites\/10\/2016\/06\/2013-04-21_La.Montagne-21Cabaret.jpg 1039w\" sizes=\"(max-width: 343px) 100vw, 343px\" \/><\/a>\n                                                                <\/figure>\n\n                                    \n                        <div class=\"post-content\">\n\n                        \n                                                                                            <h2 class=\"post-title\">\n                                                                    <a href=\"https:\/\/saudadedaluz.fr\/br\/presse\/la-montagne-saudade-da-luz-lance-un-cabaret\/\">La Montagne \u2013 Saudade da Luz lance un cabaret<\/a>\n                                                                <\/h2>\n                                                            \n                            \n                                                            \n                        <\/div>\n                        <!-- \/.post-content -->\n                                \n                    <\/article>\n            \n                        \n                    \n                    <article id=\"post-17100\" class=\"post tf_clearfix post-17100 presse type-presse status-publish has-post-thumbnail hentry\">\n\n                    \n                    \n                                <figure class=\"post-image\">\n                                                                        <a href=\"https:\/\/saudadedaluz.fr\/br\/presse\/quand-le-bresil-pose-ses-valises-a-boussac-3\/\"><img decoding=\"async\" src=\"https:\/\/saudadedaluz.fr\/wp-content\/uploads\/sites\/10\/sites\/10\/2016\/06\/Saudade.da_.Luz-Echo.Du_.Berry_.20.09.2012-764x777.jpg\" height=\"777\" class=\"wp-post-image wp-image-17101\" title=\"Saudade.da.Luz-Echo.Du.Berry.20.09.2012\" alt=\"Saudade.da.Luz-Echo.Du.Berry.20.09.2012\" srcset=\"https:\/\/saudadedaluz.fr\/wp-content\/uploads\/sites\/10\/sites\/10\/2016\/06\/Saudade.da_.Luz-Echo.Du_.Berry_.20.09.2012-764x777.jpg 764w, https:\/\/saudadedaluz.fr\/wp-content\/uploads\/sites\/10\/sites\/10\/2016\/06\/Saudade.da_.Luz-Echo.Du_.Berry_.20.09.2012-295x300.jpg 295w, https:\/\/saudadedaluz.fr\/wp-content\/uploads\/sites\/10\/sites\/10\/2016\/06\/Saudade.da_.Luz-Echo.Du_.Berry_.20.09.2012-768x781.jpg 768w, https:\/\/saudadedaluz.fr\/wp-content\/uploads\/sites\/10\/sites\/10\/2016\/06\/Saudade.da_.Luz-Echo.Du_.Berry_.20.09.2012-24x24.jpg 24w, https:\/\/saudadedaluz.fr\/wp-content\/uploads\/sites\/10\/sites\/10\/2016\/06\/Saudade.da_.Luz-Echo.Du_.Berry_.20.09.2012-36x36.jpg 36w, https:\/\/saudadedaluz.fr\/wp-content\/uploads\/sites\/10\/sites\/10\/2016\/06\/Saudade.da_.Luz-Echo.Du_.Berry_.20.09.2012-48x48.jpg 48w, https:\/\/saudadedaluz.fr\/wp-content\/uploads\/sites\/10\/sites\/10\/2016\/06\/Saudade.da_.Luz-Echo.Du_.Berry_.20.09.2012.jpg 1007w\" sizes=\"(max-width: 764px) 100vw, 764px\" \/><\/a>\n                                                                <\/figure>\n\n                                    \n                        <div class=\"post-content\">\n\n                        \n                                                                                            <h2 class=\"post-title\">\n                                                                    <a href=\"https:\/\/saudadedaluz.fr\/br\/presse\/quand-le-bresil-pose-ses-valises-a-boussac-3\/\">Quand le Br\u00e9sil pose ses valises \u00e0 Boussac<\/a>\n                                                                <\/h2>\n                                                            \n                            \n                                                            \n                        <\/div>\n                        <!-- \/.post-content -->\n                                \n                    <\/article>\n            \n                            <\/div><!-- .builder-posts-wrap -->\n            <\/div>\n<!-- \/module post -->\n            <\/div>\n                        <\/div>\n        <\/div>\n                        <div  data-parallax-bg=\"desktop\" id=\"presse-2\" data-lazy=\"1\" class=\"module_row themify_builder_row tb_ynoc67 tf_w wow\" data-tf-animation=\"flipInX\">\n            <span  class=\"builder_row_cover tf_abs\" data-lazy=\"1\" id=\"presse-2\"><\/span>            <div class=\"row_inner col_align_top gutter-none tb_col_count_2 tf_box tf_rel\">\n                        <div  data-lazy=\"1\" class=\"module_column tb-column col3-1 tb_8mhe107 first\">\n        <span class=\"tb_row_frame_wrap tf_overflow tf_abs\" data-lazy=\"1\"><span class=\"tb_row_frame tb_row_frame_top  tf_abs tf_hide tf_overflow tf_w\"><\/span><\/span>            <!-- module text -->\n<div  class=\"module module-text tb_n77i571   \" data-lazy=\"1\">\n        <div  class=\"tb_text_wrap\">\n        <h3><strong>Nouveaut\u00e9s<\/strong><\/h3>    <\/div>\n<\/div>\n<!-- \/module text -->        <\/div>\n                    <div  data-lazy=\"1\" class=\"module_column tb-column col3-2 tb_ierk76 last\">\n                    <!-- module post -->\n<div  class=\"module module-post tb_27v076 \">\n    <div  class=\"builder-posts-wrap loops-wrapper news grid3 tf_clear tf_clearfix\" data-lazy=\"1\">\n    \n                    \n                    <article id=\"post-19521\" class=\"post tf_clearfix post-19521 news type-news status-publish has-post-thumbnail hentry\">\n\n                    \n                    \n                                <figure class=\"post-image\">\n                                                                        <a href=\"https:\/\/saudadedaluz.fr\/br\/news\/inauguration-de-lespace-dart-boutique-boussac\/\"><img decoding=\"async\" src=\"https:\/\/saudadedaluz.fr\/wp-content\/uploads\/sites\/10\/sites\/10\/2016\/06\/2012.09.14-Boutique-Boussac-Inauguration-Invitation-592x777.jpg\" height=\"777\" class=\"wp-post-image wp-image-19522\" title=\"2012.09.14 - Boutique Boussac - Inauguration Invitation\" alt=\"2012.09.14 - Boutique Boussac - Inauguration Invitation\" srcset=\"https:\/\/saudadedaluz.fr\/wp-content\/uploads\/sites\/10\/sites\/10\/2016\/06\/2012.09.14-Boutique-Boussac-Inauguration-Invitation-592x777.jpg 592w, https:\/\/saudadedaluz.fr\/wp-content\/uploads\/sites\/10\/sites\/10\/2016\/06\/2012.09.14-Boutique-Boussac-Inauguration-Invitation-229x300.jpg 229w, https:\/\/saudadedaluz.fr\/wp-content\/uploads\/sites\/10\/sites\/10\/2016\/06\/2012.09.14-Boutique-Boussac-Inauguration-Invitation-18x24.jpg 18w, https:\/\/saudadedaluz.fr\/wp-content\/uploads\/sites\/10\/sites\/10\/2016\/06\/2012.09.14-Boutique-Boussac-Inauguration-Invitation-27x36.jpg 27w, https:\/\/saudadedaluz.fr\/wp-content\/uploads\/sites\/10\/sites\/10\/2016\/06\/2012.09.14-Boutique-Boussac-Inauguration-Invitation-37x48.jpg 37w, https:\/\/saudadedaluz.fr\/wp-content\/uploads\/sites\/10\/sites\/10\/2016\/06\/2012.09.14-Boutique-Boussac-Inauguration-Invitation.jpg 610w\" sizes=\"(max-width: 592px) 100vw, 592px\" \/><\/a>\n                                                                <\/figure>\n\n                                    \n                        <div class=\"post-content\">\n\n                        \n                                                                                            <h2 class=\"post-title\">\n                                                                    <a href=\"https:\/\/saudadedaluz.fr\/br\/news\/inauguration-de-lespace-dart-boutique-boussac\/\">Inauguration de l&rsquo;Espace d&rsquo;Art &#8211; Boutique Boussac<\/a>\n                                                                <\/h2>\n                                                            \n                            \n                                                            \n                        <\/div>\n                        <!-- \/.post-content -->\n                                \n                    <\/article>\n            \n                        \n                    \n                    <article id=\"post-19519\" class=\"post tf_clearfix post-19519 news type-news status-publish has-post-thumbnail hentry\">\n\n                    \n                    \n                                <figure class=\"post-image\">\n                                                                        <a href=\"https:\/\/saudadedaluz.fr\/br\/news\/radio-bossa-brazil-musica-do-mundo\/\"><img decoding=\"async\" src=\"https:\/\/saudadedaluz.fr\/wp-content\/uploads\/sites\/10\/sites\/10\/2016\/06\/2009-Bossa-Brazil-549x777.jpg\" height=\"777\" class=\"wp-post-image wp-image-19520\" title=\"2009 - Bossa Brazil\" alt=\"2009 - Bossa Brazil\" srcset=\"https:\/\/saudadedaluz.fr\/wp-content\/uploads\/sites\/10\/sites\/10\/2016\/06\/2009-Bossa-Brazil-549x777.jpg 549w, https:\/\/saudadedaluz.fr\/wp-content\/uploads\/sites\/10\/sites\/10\/2016\/06\/2009-Bossa-Brazil-212x300.jpg 212w, https:\/\/saudadedaluz.fr\/wp-content\/uploads\/sites\/10\/sites\/10\/2016\/06\/2009-Bossa-Brazil-17x24.jpg 17w, https:\/\/saudadedaluz.fr\/wp-content\/uploads\/sites\/10\/sites\/10\/2016\/06\/2009-Bossa-Brazil-25x36.jpg 25w, https:\/\/saudadedaluz.fr\/wp-content\/uploads\/sites\/10\/sites\/10\/2016\/06\/2009-Bossa-Brazil-34x48.jpg 34w, https:\/\/saudadedaluz.fr\/wp-content\/uploads\/sites\/10\/sites\/10\/2016\/06\/2009-Bossa-Brazil.jpg 595w\" sizes=\"(max-width: 549px) 100vw, 549px\" \/><\/a>\n                                                                <\/figure>\n\n                                    \n                        <div class=\"post-content\">\n\n                        \n                                                                                            <h2 class=\"post-title\">\n                                                                    <a href=\"https:\/\/saudadedaluz.fr\/br\/news\/radio-bossa-brazil-musica-do-mundo\/\">Radio Bossa Brazil &#8211; Musica do Mundo<\/a>\n                                                                <\/h2>\n                                                            \n                            \n                                                            \n                        <\/div>\n                        <!-- \/.post-content -->\n                                \n                    <\/article>\n            \n                        \n                    \n                    <article id=\"post-19516\" class=\"post tf_clearfix post-19516 news type-news status-publish has-post-thumbnail hentry\">\n\n                    \n                    \n                                <figure class=\"post-image\">\n                                                                        <a href=\"https:\/\/saudadedaluz.fr\/br\/news\/soiree-musicale-5\/\"><img decoding=\"async\" src=\"https:\/\/saudadedaluz.fr\/wp-content\/uploads\/sites\/10\/sites\/10\/2016\/06\/2008.08.09-Roti-porc-548x777.jpg\" height=\"777\" class=\"wp-post-image wp-image-19518\" title=\"2008.08.09 - Roti porc\" alt=\"2008.08.09 - Roti porc\" srcset=\"https:\/\/saudadedaluz.fr\/wp-content\/uploads\/sites\/10\/sites\/10\/2016\/06\/2008.08.09-Roti-porc-548x777.jpg 548w, https:\/\/saudadedaluz.fr\/wp-content\/uploads\/sites\/10\/sites\/10\/2016\/06\/2008.08.09-Roti-porc-212x300.jpg 212w, https:\/\/saudadedaluz.fr\/wp-content\/uploads\/sites\/10\/sites\/10\/2016\/06\/2008.08.09-Roti-porc-17x24.jpg 17w, https:\/\/saudadedaluz.fr\/wp-content\/uploads\/sites\/10\/sites\/10\/2016\/06\/2008.08.09-Roti-porc-25x36.jpg 25w, https:\/\/saudadedaluz.fr\/wp-content\/uploads\/sites\/10\/sites\/10\/2016\/06\/2008.08.09-Roti-porc-34x48.jpg 34w, https:\/\/saudadedaluz.fr\/wp-content\/uploads\/sites\/10\/sites\/10\/2016\/06\/2008.08.09-Roti-porc.jpg 565w\" sizes=\"(max-width: 548px) 100vw, 548px\" \/><\/a>\n                                                                <\/figure>\n\n                                    \n                        <div class=\"post-content\">\n\n                        \n                                                                                            <h2 class=\"post-title\">\n                                                                    <a href=\"https:\/\/saudadedaluz.fr\/br\/news\/soiree-musicale-5\/\">Soir\u00e9e musicale<\/a>\n                                                                <\/h2>\n                                                            \n                            \n                                                            \n                        <\/div>\n                        <!-- \/.post-content -->\n                                \n                    <\/article>\n            \n                            <\/div><!-- .builder-posts-wrap -->\n            <\/div>\n<!-- \/module post -->\n            <\/div>\n                        <\/div>\n        <\/div>\n                        <div  id=\"agenda-2\" data-lazy=\"1\" class=\"module_row themify_builder_row tb_hex0734 tf_w wow\" data-tf-animation=\"slideInRight\">\n            <span  class=\"builder_row_cover tf_abs\" data-lazy=\"1\" id=\"agenda-2\"><\/span>            <div class=\"row_inner col_align_top gutter-none tb_col_count_2 tf_box tf_rel\">\n                        <div  data-lazy=\"1\" class=\"module_column tb-column col3-1 tb_z80p736 first\">\n        <span class=\"tb_row_frame_wrap tf_overflow tf_abs\" data-lazy=\"1\"><span class=\"tb_row_frame tb_row_frame_top  tf_abs tf_hide tf_overflow tf_w\"><\/span><\/span>            <!-- module text -->\n<div  class=\"module module-text tb_fbph737   \" data-lazy=\"1\" id=\"contact\">\n        <div  class=\"tb_text_wrap\">\n        <h3><strong>Contacts<\/strong><\/h3>    <\/div>\n<\/div>\n<!-- \/module text -->        <\/div>\n                    <div  data-lazy=\"1\" class=\"module_column tb-column col3-2 tb_kgcb737 last\">\n                    <!-- module text -->\n<div  class=\"module module-text tb_fyg6395   \" data-lazy=\"1\">\n        <div  class=\"tb_text_wrap\">\n        <div class=\"forminator-ui forminator-custom-form forminator-custom-form-242009 forminator-design--default  forminator_ajax\" data-forminator-render=\"0\" data-form=\"forminator-module-242009\" data-uid=\"69f1a986543f4\"><br\/><\/div><form\n\t\t\t\tid=\"forminator-module-242009\"\n\t\t\t\tclass=\"forminator-ui forminator-custom-form forminator-custom-form-242009 forminator-design--default  forminator_ajax\"\n\t\t\t\tmethod=\"post\"\n\t\t\t\tdata-forminator-render=\"0\"\n\t\t\t\tdata-form-id=\"242009\"\n\t\t\t\t data-color-option=\"default\" data-design=\"default\" data-grid=\"open\" style=\"display: none;\"\n\t\t\t\tdata-uid=\"69f1a986543f4\"\n\t\t\t><div role=\"alert\" aria-live=\"polite\" class=\"forminator-response-message forminator-error\" aria-hidden=\"true\"><\/div><div class=\"forminator-row\"><div id=\"name-1\" class=\"forminator-field-name forminator-col forminator-col-12 \"><div class=\"forminator-row forminator-no-margin\" data-multiple=\"true\"><div class=\"forminator-col forminator-col-md-6\"><div class=\"forminator-field\"><label for=\"forminator-field-first-name-1_69f1a986543f4\" id=\"forminator-field-first-name-1_69f1a986543f4-label\" class=\"forminator-label\">Pr\u00e9nom<\/label><input type=\"text\" name=\"name-1-first-name\" placeholder=\"Par exemple\u00a0: Jean\" id=\"forminator-field-first-name-1_69f1a986543f4\" class=\"forminator-input\" aria-required=\"false\" data-multi=\"1\" autocomplete=\"given-name\" value=\"\" \/><\/div><\/div><div class=\"forminator-col forminator-col-md-6\"><div class=\"forminator-field\"><label for=\"forminator-field-last-name-1_69f1a986543f4\" id=\"forminator-field-last-name-1_69f1a986543f4-label\" class=\"forminator-label\">Nom de famille<\/label><input type=\"text\" name=\"name-1-last-name\" placeholder=\"Par exemple\u00a0: Durand\" id=\"forminator-field-last-name-1_69f1a986543f4\" class=\"forminator-input\" aria-required=\"false\" data-multi=\"1\" autocomplete=\"family-name\" value=\"\" \/><\/div><\/div><\/div><\/div><\/div><div class=\"forminator-row\"><div id=\"email-1\" class=\"forminator-field-email forminator-col forminator-col-12 \"><div class=\"forminator-field\"><label for=\"forminator-field-email-1_69f1a986543f4\" id=\"forminator-field-email-1_69f1a986543f4-label\" class=\"forminator-label\">Adresse de messagerie <span class=\"forminator-required\">*<\/span><\/label><input type=\"email\" name=\"email-1\" value=\"\" placeholder=\"Par exemple\u00a0: jacques@martin.com\" id=\"forminator-field-email-1_69f1a986543f4\" class=\"forminator-input forminator-email--field\" data-required=\"true\" aria-required=\"true\" autocomplete=\"email\" \/><\/div><\/div><\/div><div class=\"forminator-row\"><div id=\"phone-1\" class=\"forminator-field-phone forminator-col forminator-col-12 \"><div class=\"forminator-field\"><label for=\"forminator-field-phone-1_69f1a986543f4\" id=\"forminator-field-phone-1_69f1a986543f4-label\" class=\"forminator-label\">Num\u00e9ro de t\u00e9l\u00e9phone<\/label><input type=\"text\" name=\"phone-1\" value=\"\" placeholder=\"Par exemple\u00a0: +1 02 03 04 05\" id=\"forminator-field-phone-1_69f1a986543f4\" class=\"forminator-input forminator-field--phone\" data-required=\"\" aria-required=\"false\" autocomplete=\"off\" \/><\/div><\/div><\/div><div class=\"forminator-row\"><div id=\"textarea-1\" class=\"forminator-field-textarea forminator-col forminator-col-12 \"><div class=\"forminator-field\"><label for=\"forminator-field-textarea-1_69f1a986543f4\" id=\"forminator-field-textarea-1_69f1a986543f4-label\" class=\"forminator-label\">Message<\/label><textarea name=\"textarea-1\" placeholder=\"Saisissez votre message\u2026\" id=\"forminator-field-textarea-1_69f1a986543f4\" class=\"forminator-textarea\" rows=\"6\" style=\"min-height:140px;\" maxlength=\"180\" ><\/textarea><span id=\"forminator-field-textarea-1_69f1a986543f4-description\" class=\"forminator-description\"><span data-limit=\"180\" data-type=\"characters\" data-editor=\"\">0 \/ 180<\/span><\/span><\/div><\/div><\/div><input type=\"hidden\" name=\"referer_url\" value=\"\" \/><!--n2css--><!--n2js--><script src=\"https:\/\/challenges.cloudflare.com\/turnstile\/v0\/api.js?render=explicit&amp;ver=6.9.1\" id=\"cfturnstile-js\"><\/script>\n<style>#cf-turnstile-fmntr-242009 { margin-left: 0px !important; }<\/style>\t\t<div id=\"cf-turnstile-fmntr-242009\"\r\n\t\tclass=\"cf-turnstile\" \t\tdata-sitekey=\"0x4AAAAAAAWksrrqvDxcpdIP\"\r\n\t\tdata-theme=\"light\"\r\n\t\tdata-language=\"auto\"\r\n\t\tdata-size=\"\"\r\n\t\tdata-retry=\"auto\" data-retry-interval=\"1000\"\r\n\t\tdata-refresh-expired=\"auto\"\r\n\t\tdata-action=\"forminator-form-242009\"\r\n\t\t\t\tdata-appearance=\"always\"><\/div>\r\n\t\t\t<script>document.addEventListener(\"DOMContentLoaded\", function() { setTimeout(function(){ var e=document.getElementById(\"cf-turnstile-fmntr-242009\"); e&&!e.innerHTML.trim()&&(turnstile.remove(\"#cf-turnstile-fmntr-242009\"), turnstile.render(\"#cf-turnstile-fmntr-242009\", {sitekey:\"0x4AAAAAAAWksrrqvDxcpdIP\"})); }, 100); });<\/script>\r\n\t\t\t<br class=\"cf-turnstile-br cf-turnstile-br-fmntr-242009\">\r\n\t\t\t\t<style>#cf-turnstile-fmntr-242009 { margin-left: -15px; }<\/style>\r\n\t\t                        <script>\r\n            \/\/ On ajax.complete run turnstile.render if element is empty\r\n            jQuery(document).ajaxComplete(function() {\r\n                setTimeout(function() {\r\n                    if (document.getElementById('cf-turnstile-fmntr-242009')) {\r\n                        if(!document.getElementById('cf-turnstile-fmntr-242009').innerHTML.trim()) {\r\n                                turnstile.remove('#cf-turnstile-fmntr-242009');\r\n                                turnstile.render('#cf-turnstile-fmntr-242009');\r\n                        }\r\n                    }\r\n                }, 1000);\r\n            });\r\n            \/\/ Enable Submit Button Function\r\n            function turnstileForminatorCallback() {\r\n                document.querySelectorAll('.forminator-button, .forminator-button-submit').forEach(function(el) {\r\n                    el.style.pointerEvents = 'auto';\r\n                    el.style.opacity = '1';\r\n                });\r\n            }\r\n            \/\/ On submit re-render\r\n            jQuery(document).ready(function() {\r\n                jQuery('.forminator-custom-form').on('submit', function() {\r\n                    if(document.getElementById('cf-turnstile-fmntr-242009')) {\r\n                        setTimeout(function() {\r\n                            turnstile.remove('#cf-turnstile-fmntr-242009');\r\n                            turnstile.render('#cf-turnstile-fmntr-242009');\r\n                        }, 1000);\r\n                    }\r\n                });\r\n            });\r\n            <\/script>\r\n                        <div class=\"forminator-row forminator-row-last\"><div class=\"forminator-col\"><div class=\"forminator-field\"><button class=\"forminator-button forminator-button-submit\">Envoyer le message<\/button><\/div><\/div><\/div><input type=\"hidden\" id=\"forminator_nonce\" name=\"forminator_nonce\" value=\"89cc87f456\" \/><input type=\"hidden\" name=\"_wp_http_referer\" value=\"\/br\/wp-json\/wp\/v2\/pages\/240196\" \/><input type=\"hidden\" name=\"form_id\" value=\"242009\"><input type=\"hidden\" name=\"page_id\" value=\"240196\"><input type=\"hidden\" name=\"form_type\" value=\"default\"><input type=\"hidden\" name=\"current_url\" value=\"https:\/\/saudadedaluz.fr\/br\/\"><input type=\"hidden\" name=\"render_id\" value=\"0\"><input type=\"hidden\" name=\"action\" value=\"forminator_submit_form_custom-forms\"><\/form>    <\/div>\n<\/div>\n<!-- \/module text --><!-- module menu -->\n<div  class=\"module module-menu tb_h8bd640  mobile-menu-slide\" data-menu-style=\"mobile-menu-slide\" data-menu-breakpoint=\"0\" data-element-id=\"tb_h8bd640\" data-lazy=\"1\">\n        \n    <div class=\"module-menu-container\"><ul id=\"menu-social-links-2\" class=\"ui tf_clearfix nav tf_rel tf_scrollbar fullwidth transparent\"><li id=\"menu-item-241319\" class=\"menu-item-custom-241319 menu-item menu-item-type-custom menu-item-object-custom menu-item-241319\"><a href=\"https:\/\/www.facebook.com\/saudadedaluz\" class=\"menu-image-title-hide menu-image-not-hovered\"><span class=\"menu-image-title-hide menu-image-title\">Facebook<\/span><img loading=\"lazy\" decoding=\"async\" width=\"36\" height=\"36\" src=\"https:\/\/saudadedaluz.fr\/wp-content\/uploads\/sites\/10\/sites\/10\/2019\/11\/Fichier-1-36x36.png\" class=\"menu-image menu-image-title-hide\" alt=\"\" \/><\/a><\/li>\n<li id=\"menu-item-241320\" class=\"menu-item-custom-241320 menu-item menu-item-type-custom menu-item-object-custom menu-item-241320\"><a href=\"https:\/\/plus.google.com\/117775148093693481284\" class=\"menu-image-title-hide menu-image-not-hovered\"><span class=\"menu-image-title-hide menu-image-title\">Google+<\/span><img loading=\"lazy\" decoding=\"async\" width=\"36\" height=\"36\" src=\"https:\/\/saudadedaluz.fr\/wp-content\/uploads\/sites\/10\/sites\/10\/2019\/11\/Fichier-2-36x36.png\" class=\"menu-image menu-image-title-hide\" alt=\"\" \/><\/a><\/li>\n<li id=\"menu-item-241326\" class=\"menu-item-custom-241326 menu-item menu-item-type-custom menu-item-object-custom menu-item-241326\"><a href=\"https:\/\/www.linkedin.com\/in\/saudade-da-luz-27bb5bb4\/\" class=\"menu-image-title-hide menu-image-not-hovered\"><span class=\"menu-image-title-hide menu-image-title\">LinkedIn<\/span><img loading=\"lazy\" decoding=\"async\" width=\"36\" height=\"36\" src=\"https:\/\/saudadedaluz.fr\/wp-content\/uploads\/sites\/10\/sites\/10\/2019\/11\/Fichier-3-36x36.png\" class=\"menu-image menu-image-title-hide\" alt=\"\" \/><\/a><\/li>\n<li id=\"menu-item-241554\" class=\"menu-item-custom-241554 menu-item menu-item-type-custom menu-item-object-custom menu-item-241554\"><a href=\"https:\/\/twitter.com\/SaudadeDaLuz\" class=\"menu-image-title-hide menu-image-not-hovered\"><span class=\"menu-image-title-hide menu-image-title\">Twitter<\/span><img loading=\"lazy\" decoding=\"async\" width=\"36\" height=\"36\" src=\"https:\/\/saudadedaluz.fr\/wp-content\/uploads\/sites\/10\/sites\/10\/2019\/11\/Fichier-4-36x36.png\" class=\"menu-image menu-image-title-hide\" alt=\"\" \/><\/a><\/li>\n<li id=\"menu-item-241322\" class=\"menu-item-custom-241322 menu-item menu-item-type-custom menu-item-object-custom menu-item-241322\"><a href=\"https:\/\/www.youtube.com\/channel\/UCZOHbCyh_ppDrJs81HiYWVg\" class=\"menu-image-title-hide menu-image-not-hovered\"><span class=\"menu-image-title-hide menu-image-title\">Youtube<\/span><img loading=\"lazy\" decoding=\"async\" width=\"36\" height=\"36\" src=\"https:\/\/saudadedaluz.fr\/wp-content\/uploads\/sites\/10\/sites\/10\/2019\/11\/Fichier-5-36x36.png\" class=\"menu-image menu-image-title-hide\" alt=\"\" \/><\/a><\/li>\n<li id=\"menu-item-241323\" class=\"menu-item-custom-241323 menu-item menu-item-type-custom menu-item-object-custom menu-item-241323\"><a href=\"https:\/\/www.pinterest.com\/saudadedaluz\/\" class=\"menu-image-title-hide menu-image-not-hovered\"><span class=\"menu-image-title-hide menu-image-title\">Pinterest<\/span><img loading=\"lazy\" decoding=\"async\" width=\"36\" height=\"36\" src=\"https:\/\/saudadedaluz.fr\/wp-content\/uploads\/sites\/10\/sites\/10\/2019\/11\/Fichier-6-36x36.png\" class=\"menu-image menu-image-title-hide\" alt=\"\" \/><\/a><\/li>\n<li id=\"menu-item-241324\" class=\"menu-item-custom-241324 menu-item menu-item-type-custom menu-item-object-custom menu-item-241324\"><a href=\"https:\/\/soundcloud.com\/saudade-da-luz\" class=\"menu-image-title-hide menu-image-not-hovered\"><span class=\"menu-image-title-hide menu-image-title\">Soundcloud<\/span><img loading=\"lazy\" decoding=\"async\" width=\"36\" height=\"36\" src=\"https:\/\/saudadedaluz.fr\/wp-content\/uploads\/sites\/10\/sites\/10\/2019\/11\/Soundcloud-36x36.png\" class=\"menu-image menu-image-title-hide\" alt=\"\" \/><\/a><\/li>\n<\/ul><\/div>        <style>\n            .mobile-menu-module[data-module=\"tb_h8bd640\"]{\n                right:-300px            }\n        <\/style>\n    <\/div>\n<!-- \/module menu -->\n        <\/div>\n                        <\/div>\n        <\/div>\n        <\/div>\n<!--\/themify_builder_content-->","protected":false},"excerpt":{"rendered":"<p>Voici le collectif artistique\u00a021 Connexion, vous trouverez ici tous les artistes ayant particip\u00e9 aux productions de\u00a0Saudade da Luz\u00a0et du\u00a021 Cabaret. Vous pouvez rejoindre ce collectif artistique,et ainsi profiter de nombreux avantages qu&rsquo;offrent le 21Cabaret et son Studio! L&rsquo;association d&rsquo;\u00e9changes culturels Saudade da Luz organise au 21Cabaret toute sorte d&rsquo;\u00e9v\u00e9nements artistiques et culturels. Avec le label &#8230; <a title=\"Accueil 2024\" class=\"read-more\" href=\"https:\/\/saudadedaluz.fr\/br\/\" aria-label=\"Read more about Accueil 2024\">Leia mais<\/a><\/p>","protected":false},"author":1,"featured_media":0,"parent":0,"menu_order":27,"comment_status":"closed","ping_status":"closed","template":"","meta":{"footnotes":""},"class_list":["post-240196","page","type-page","status-publish"],"_links":{"self":[{"href":"https:\/\/saudadedaluz.fr\/br\/wp-json\/wp\/v2\/pages\/240196","targetHints":{"allow":["GET"]}}],"collection":[{"href":"https:\/\/saudadedaluz.fr\/br\/wp-json\/wp\/v2\/pages"}],"about":[{"href":"https:\/\/saudadedaluz.fr\/br\/wp-json\/wp\/v2\/types\/page"}],"author":[{"embeddable":true,"href":"https:\/\/saudadedaluz.fr\/br\/wp-json\/wp\/v2\/users\/1"}],"replies":[{"embeddable":true,"href":"https:\/\/saudadedaluz.fr\/br\/wp-json\/wp\/v2\/comments?post=240196"}],"version-history":[{"count":44,"href":"https:\/\/saudadedaluz.fr\/br\/wp-json\/wp\/v2\/pages\/240196\/revisions"}],"predecessor-version":[{"id":242011,"href":"https:\/\/saudadedaluz.fr\/br\/wp-json\/wp\/v2\/pages\/240196\/revisions\/242011"}],"wp:attachment":[{"href":"https:\/\/saudadedaluz.fr\/br\/wp-json\/wp\/v2\/media?parent=240196"}],"curies":[{"name":"wp","href":"https:\/\/api.w.org\/{rel}","templated":true}]}}