{"id":241618,"date":"2024-02-14T18:01:02","date_gmt":"2024-02-14T17:01:02","guid":{"rendered":"<!--themify_builder_static--><img decoding=\"async\" src=\"http:\/\/saudadedaluz.fr\/wp-content\/uploads\/sites\/10\/sites\/10\/2019\/06\/21Connexion-logo-342x85-1-300x75.png\" alt=\"\" width=\"300\" height=\"75\" srcset=\"https:\/\/saudadedaluz.fr\/wp-content\/uploads\/sites\/10\/si"},"modified":"2024-03-15T19:05:52","modified_gmt":"2024-03-15T18:05:52","slug":"21connexion","status":"publish","type":"page","link":"https:\/\/saudadedaluz.fr\/br\/21connexion\/","title":{"rendered":"21Conex\u00e3o"},"content":{"rendered":"<!--themify_builder_content-->\n<div id=\"themify_builder_content-241618\" data-postid=\"241618\" class=\"themify_builder_content themify_builder_content-241618 themify_builder tf_clear\">\n                    <div  data-lazy=\"1\" class=\"module_row themify_builder_row tb_5ly6166 tb_first tf_w\">\n                        <div class=\"row_inner col_align_top tb_col_count_1 tf_box tf_rel\">\n                        <div  data-lazy=\"1\" class=\"module_column tb-column col-full tb_ivt0167 first\">\n                    <!-- module text -->\n<div  class=\"module module-text tb_sjai439   \" data-lazy=\"1\">\n        <div  class=\"tb_text_wrap\">\n        <p><img loading=\"lazy\" decoding=\"async\" class=\"alignnone size-medium wp-image-39 aligncenter\" src=\"http:\/\/saudadedaluz.fr\/wp-content\/uploads\/sites\/10\/sites\/10\/2019\/06\/21Connexion-logo-342x85-1-300x75.png\" alt=\"\" width=\"300\" height=\"75\" srcset=\"https:\/\/saudadedaluz.fr\/wp-content\/uploads\/sites\/10\/sites\/10\/2019\/06\/21Connexion-logo-342x85-1-300x75.png 300w, https:\/\/saudadedaluz.fr\/wp-content\/uploads\/sites\/10\/sites\/10\/2019\/06\/21Connexion-logo-342x85-1-24x6.png 24w, https:\/\/saudadedaluz.fr\/wp-content\/uploads\/sites\/10\/sites\/10\/2019\/06\/21Connexion-logo-342x85-1-36x9.png 36w, https:\/\/saudadedaluz.fr\/wp-content\/uploads\/sites\/10\/sites\/10\/2019\/06\/21Connexion-logo-342x85-1-48x12.png 48w, https:\/\/saudadedaluz.fr\/wp-content\/uploads\/sites\/10\/sites\/10\/2019\/06\/21Connexion-logo-342x85-1.png 342w\" sizes=\"auto, (max-width: 300px) 100vw, 300px\" \/><\/p>    <\/div>\n<\/div>\n<!-- \/module text -->        <\/div>\n                        <\/div>\n        <\/div>\n                        <div  data-lazy=\"1\" class=\"module_row themify_builder_row tb_qd8755 tf_w\">\n                        <div class=\"row_inner col_align_top tb_col_count_1 tf_box tf_rel\">\n                        <div  data-lazy=\"1\" class=\"module_column tb-column col-full tb_rbdh56 first\">\n                    <!-- module text -->\n<div  class=\"module module-text tb_pz3s56   \" data-lazy=\"1\">\n        <div  class=\"tb_text_wrap\">\n        <h2 id=\"bio\" style=\"text-align: center\">Voici le collectif artistique\u00a0<strong>21 Connexion<\/strong><\/h2>\n<h2 style=\"text-align: center\">Vous trouverez ici tous les artistes ayant particip\u00e9 aux productions de <strong>Saudade da Luz<\/strong>\u00a0et du\u00a0<strong>21 Cabaret<\/strong>.<\/h2>\n<h2 style=\"text-align: center\">Vous pouvez <a href=\"https:\/\/saudadedaluz.fr\/adhesions\">rejoindre<\/a> ce collectif artistique,<br>et ainsi profiter de <strong>nombreux avantages<\/strong> qu&rsquo;offrent le <a href=\"https:\/\/21cabaret.fr\/\">21Cabaret<\/a> et son <a href=\"https:\/\/21studio.fr\/\">Studio<\/a>!<\/h2>\n<p style=\"text-align: center\"><strong>L&rsquo;association d&rsquo;\u00e9changes culturels <a href=\"https:\/\/saudadedaluz.fr\/\">Saudade da Luz<\/a> <\/strong>organise au<strong><a href=\"https:\/\/21cabaret.fr\/\"> 21Cabaret<\/a> <\/strong>toute sorte d&rsquo;<strong>\u00e9v\u00e9nements artistiques <\/strong>et<strong> culturels. <\/strong>Avec le label<strong><a href=\"https:\/\/jazzbresil.fr\/\"> Jazz Br\u00e9sil<\/a>, <\/strong>de nombreuses collaborations entre le Br\u00e9sil et la France ont vu le jour.<\/p>    <\/div>\n<\/div>\n<!-- \/module text -->        <\/div>\n                        <\/div>\n        <\/div>\n                        <div  data-lazy=\"1\" class=\"module_row themify_builder_row tb_wdhq429 tf_w\">\n                        <div class=\"row_inner col_align_top tb_col_count_1 tf_box tf_rel\">\n                        <div  data-lazy=\"1\" class=\"module_column tb-column col-full tb_b5sw429 first\">\n                    <!-- module post -->\n<div  class=\"module module-post tb_bhmy147 \">\n    <div  class=\"builder-posts-wrap loops-wrapper artistes grid5 tf_clear tf_clearfix\" data-lazy=\"1\">\n    \n                    \n                    <article id=\"post-236\" class=\"post tf_clearfix post-236 artistes type-artistes status-publish has-post-thumbnail hentry annee-66\">\n\n                    \n                    \n                                <figure class=\"post-image\">\n                                                                        <a href=\"https:\/\/saudadedaluz.fr\/br\/artistes\/liana-timm\/\"><img loading=\"lazy\" decoding=\"async\" src=\"https:\/\/saudadedaluz.fr\/wp-content\/uploads\/sites\/10\/sites\/10\/2019\/08\/2019-Liana-Timm-luis-ventura-2018x800-1-700x700.jpg\" width=\"700\" height=\"700\" class=\"wp-post-image wp-image-243\" title=\"Liana Timm\" alt=\"Liana Timm\" srcset=\"https:\/\/saudadedaluz.fr\/wp-content\/uploads\/sites\/10\/sites\/10\/2019\/08\/2019-Liana-Timm-luis-ventura-2018x800-1-700x700.jpg 700w, https:\/\/saudadedaluz.fr\/wp-content\/uploads\/sites\/10\/sites\/10\/2019\/08\/2019-Liana-Timm-luis-ventura-2018x800-1-300x300.jpg 300w, https:\/\/saudadedaluz.fr\/wp-content\/uploads\/sites\/10\/sites\/10\/2019\/08\/2019-Liana-Timm-luis-ventura-2018x800-1-150x150.jpg 150w, https:\/\/saudadedaluz.fr\/wp-content\/uploads\/sites\/10\/sites\/10\/2019\/08\/2019-Liana-Timm-luis-ventura-2018x800-1-768x768.jpg 768w, https:\/\/saudadedaluz.fr\/wp-content\/uploads\/sites\/10\/sites\/10\/2019\/08\/2019-Liana-Timm-luis-ventura-2018x800-1-24x24.jpg 24w, https:\/\/saudadedaluz.fr\/wp-content\/uploads\/sites\/10\/sites\/10\/2019\/08\/2019-Liana-Timm-luis-ventura-2018x800-1-36x36.jpg 36w, https:\/\/saudadedaluz.fr\/wp-content\/uploads\/sites\/10\/sites\/10\/2019\/08\/2019-Liana-Timm-luis-ventura-2018x800-1-48x48.jpg 48w, https:\/\/saudadedaluz.fr\/wp-content\/uploads\/sites\/10\/sites\/10\/2019\/08\/2019-Liana-Timm-luis-ventura-2018x800-1-210x210.jpg 210w, https:\/\/saudadedaluz.fr\/wp-content\/uploads\/sites\/10\/sites\/10\/2019\/08\/2019-Liana-Timm-luis-ventura-2018x800-1-333x333.jpg 333w, https:\/\/saudadedaluz.fr\/wp-content\/uploads\/sites\/10\/sites\/10\/2019\/08\/2019-Liana-Timm-luis-ventura-2018x800-1-421x421.jpg 421w, https:\/\/saudadedaluz.fr\/wp-content\/uploads\/sites\/10\/sites\/10\/2019\/08\/2019-Liana-Timm-luis-ventura-2018x800-1-550x550.jpg 550w, https:\/\/saudadedaluz.fr\/wp-content\/uploads\/sites\/10\/sites\/10\/2019\/08\/2019-Liana-Timm-luis-ventura-2018x800-1-20x20.jpg 20w, https:\/\/saudadedaluz.fr\/wp-content\/uploads\/sites\/10\/sites\/10\/2019\/08\/2019-Liana-Timm-luis-ventura-2018x800-1.jpg 800w\" sizes=\"auto, (max-width: 700px) 100vw, 700px\" \/><\/a>\n                                                                <\/figure>\n\n                                    \n                        <div class=\"post-content\">\n\n                        \n                                                                                            <h3 class=\"post-title\">\n                                                                    <a href=\"https:\/\/saudadedaluz.fr\/br\/artistes\/liana-timm\/\">Liana Timm<\/a>\n                                                                <\/h3>\n                                                            \n                            \n                                                            \n                        <\/div>\n                        <!-- \/.post-content -->\n                                \n                    <\/article>\n            \n                        \n                    \n                    <article id=\"post-241612\" class=\"post tf_clearfix post-241612 artistes type-artistes status-publish has-post-thumbnail hentry annee-59\">\n\n                    \n                    \n                                <figure class=\"post-image\">\n                                                                        <a href=\"https:\/\/saudadedaluz.fr\/br\/artistes\/dada-viana\/\"><img loading=\"lazy\" decoding=\"async\" src=\"https:\/\/saudadedaluz.fr\/wp-content\/uploads\/sites\/10\/sites\/10\/2020\/05\/Dada.Viana_-700x700.jpg\" width=\"700\" height=\"700\" class=\"wp-post-image wp-image-241723\" title=\"Dada Viana\" alt=\"Dada Viana\" srcset=\"https:\/\/saudadedaluz.fr\/wp-content\/uploads\/sites\/10\/sites\/10\/2020\/05\/Dada.Viana_-700x700.jpg 700w, https:\/\/saudadedaluz.fr\/wp-content\/uploads\/sites\/10\/sites\/10\/2020\/05\/Dada.Viana_-150x150.jpg 150w, https:\/\/saudadedaluz.fr\/wp-content\/uploads\/sites\/10\/sites\/10\/2020\/05\/Dada.Viana_-24x24.jpg 24w, https:\/\/saudadedaluz.fr\/wp-content\/uploads\/sites\/10\/sites\/10\/2020\/05\/Dada.Viana_-36x36.jpg 36w, https:\/\/saudadedaluz.fr\/wp-content\/uploads\/sites\/10\/sites\/10\/2020\/05\/Dada.Viana_-48x48.jpg 48w, https:\/\/saudadedaluz.fr\/wp-content\/uploads\/sites\/10\/sites\/10\/2020\/05\/Dada.Viana_.jpg 200w\" sizes=\"auto, (max-width: 700px) 100vw, 700px\" \/><\/a>\n                                                                <\/figure>\n\n                                    \n                        <div class=\"post-content\">\n\n                        \n                                                                                            <h3 class=\"post-title\">\n                                                                    <a href=\"https:\/\/saudadedaluz.fr\/br\/artistes\/dada-viana\/\">Dada Viana<\/a>\n                                                                <\/h3>\n                                                            \n                            \n                                                            \n                        <\/div>\n                        <!-- \/.post-content -->\n                                \n                    <\/article>\n            \n                        \n                    \n                    <article id=\"post-68\" class=\"post tf_clearfix post-68 artistes type-artistes status-publish has-post-thumbnail hentry annee-52\">\n\n                    \n                    \n                                <figure class=\"post-image\">\n                                                                        <a href=\"https:\/\/saudadedaluz.fr\/br\/artistes\/jorge-lacerda\/\"><img loading=\"lazy\" decoding=\"async\" src=\"https:\/\/saudadedaluz.fr\/wp-content\/uploads\/sites\/10\/sites\/10\/2019\/06\/Jorge.Lacerda-700x700.jpg\" width=\"700\" height=\"700\" class=\"wp-post-image wp-image-67\" title=\"Jorge.Lacerda\" alt=\"Jorge.Lacerda\" srcset=\"https:\/\/saudadedaluz.fr\/wp-content\/uploads\/sites\/10\/sites\/10\/2019\/06\/Jorge.Lacerda-700x700.jpg 700w, https:\/\/saudadedaluz.fr\/wp-content\/uploads\/sites\/10\/sites\/10\/2019\/06\/Jorge.Lacerda-150x150.jpg 150w, https:\/\/saudadedaluz.fr\/wp-content\/uploads\/sites\/10\/sites\/10\/2019\/06\/Jorge.Lacerda-24x24.jpg 24w, https:\/\/saudadedaluz.fr\/wp-content\/uploads\/sites\/10\/sites\/10\/2019\/06\/Jorge.Lacerda-36x36.jpg 36w, https:\/\/saudadedaluz.fr\/wp-content\/uploads\/sites\/10\/sites\/10\/2019\/06\/Jorge.Lacerda-48x48.jpg 48w, https:\/\/saudadedaluz.fr\/wp-content\/uploads\/sites\/10\/sites\/10\/2019\/06\/Jorge.Lacerda-210x210.jpg 210w, https:\/\/saudadedaluz.fr\/wp-content\/uploads\/sites\/10\/sites\/10\/2019\/06\/Jorge.Lacerda-333x333.jpg 333w, https:\/\/saudadedaluz.fr\/wp-content\/uploads\/sites\/10\/sites\/10\/2019\/06\/Jorge.Lacerda-421x421.jpg 421w, https:\/\/saudadedaluz.fr\/wp-content\/uploads\/sites\/10\/sites\/10\/2019\/06\/Jorge.Lacerda-550x550.jpg 550w, https:\/\/saudadedaluz.fr\/wp-content\/uploads\/sites\/10\/sites\/10\/2019\/06\/Jorge.Lacerda.jpg 200w\" sizes=\"auto, (max-width: 700px) 100vw, 700px\" \/><\/a>\n                                                                <\/figure>\n\n                                    \n                        <div class=\"post-content\">\n\n                        \n                                                                                            <h3 class=\"post-title\">\n                                                                    <a href=\"https:\/\/saudadedaluz.fr\/br\/artistes\/jorge-lacerda\/\">Jorge Lacerda<\/a>\n                                                                <\/h3>\n                                                            \n                            \n                                                            \n                        <\/div>\n                        <!-- \/.post-content -->\n                                \n                    <\/article>\n            \n                        \n                    \n                    <article id=\"post-78\" class=\"post tf_clearfix post-78 artistes type-artistes status-publish has-post-thumbnail hentry annee-53 annee-56\">\n\n                    \n                    \n                                <figure class=\"post-image\">\n                                                                        <a href=\"https:\/\/saudadedaluz.fr\/br\/artistes\/india-brazil\/\"><img loading=\"lazy\" decoding=\"async\" src=\"https:\/\/saudadedaluz.fr\/wp-content\/uploads\/sites\/10\/sites\/10\/2019\/06\/India.Brazil-700x700.jpg\" width=\"700\" height=\"700\" class=\"wp-post-image wp-image-77\" title=\"India.Brazil\" alt=\"India.Brazil\" srcset=\"https:\/\/saudadedaluz.fr\/wp-content\/uploads\/sites\/10\/sites\/10\/2019\/06\/India.Brazil-700x700.jpg 700w, https:\/\/saudadedaluz.fr\/wp-content\/uploads\/sites\/10\/sites\/10\/2019\/06\/India.Brazil-150x150.jpg 150w, https:\/\/saudadedaluz.fr\/wp-content\/uploads\/sites\/10\/sites\/10\/2019\/06\/India.Brazil-24x24.jpg 24w, https:\/\/saudadedaluz.fr\/wp-content\/uploads\/sites\/10\/sites\/10\/2019\/06\/India.Brazil-36x36.jpg 36w, https:\/\/saudadedaluz.fr\/wp-content\/uploads\/sites\/10\/sites\/10\/2019\/06\/India.Brazil-48x48.jpg 48w, https:\/\/saudadedaluz.fr\/wp-content\/uploads\/sites\/10\/sites\/10\/2019\/06\/India.Brazil-210x210.jpg 210w, https:\/\/saudadedaluz.fr\/wp-content\/uploads\/sites\/10\/sites\/10\/2019\/06\/India.Brazil-333x333.jpg 333w, https:\/\/saudadedaluz.fr\/wp-content\/uploads\/sites\/10\/sites\/10\/2019\/06\/India.Brazil-421x421.jpg 421w, https:\/\/saudadedaluz.fr\/wp-content\/uploads\/sites\/10\/sites\/10\/2019\/06\/India.Brazil-550x550.jpg 550w, https:\/\/saudadedaluz.fr\/wp-content\/uploads\/sites\/10\/sites\/10\/2019\/06\/India.Brazil.jpg 200w\" sizes=\"auto, (max-width: 700px) 100vw, 700px\" \/><\/a>\n                                                                <\/figure>\n\n                                    \n                        <div class=\"post-content\">\n\n                        \n                                                                                            <h3 class=\"post-title\">\n                                                                    <a href=\"https:\/\/saudadedaluz.fr\/br\/artistes\/india-brazil\/\">India Brazil<\/a>\n                                                                <\/h3>\n                                                            \n                            \n                                                            \n                        <\/div>\n                        <!-- \/.post-content -->\n                                \n                    <\/article>\n            \n                        \n                    \n                    <article id=\"post-84\" class=\"post tf_clearfix post-84 artistes type-artistes status-publish has-post-thumbnail hentry annee-57 annee-59 annee-60 annee-61\">\n\n                    \n                    \n                                <figure class=\"post-image\">\n                                                                        <a href=\"https:\/\/saudadedaluz.fr\/br\/artistes\/loic-wioland\/\"><img loading=\"lazy\" decoding=\"async\" src=\"https:\/\/saudadedaluz.fr\/wp-content\/uploads\/sites\/10\/sites\/10\/2019\/06\/Loic.Wioland-700x700.jpg\" width=\"700\" height=\"700\" class=\"wp-post-image wp-image-83\" title=\"Loic.Wioland\" alt=\"Loic.Wioland\" srcset=\"https:\/\/saudadedaluz.fr\/wp-content\/uploads\/sites\/10\/sites\/10\/2019\/06\/Loic.Wioland-700x700.jpg 700w, https:\/\/saudadedaluz.fr\/wp-content\/uploads\/sites\/10\/sites\/10\/2019\/06\/Loic.Wioland-150x150.jpg 150w, https:\/\/saudadedaluz.fr\/wp-content\/uploads\/sites\/10\/sites\/10\/2019\/06\/Loic.Wioland-24x24.jpg 24w, https:\/\/saudadedaluz.fr\/wp-content\/uploads\/sites\/10\/sites\/10\/2019\/06\/Loic.Wioland-36x36.jpg 36w, https:\/\/saudadedaluz.fr\/wp-content\/uploads\/sites\/10\/sites\/10\/2019\/06\/Loic.Wioland-48x48.jpg 48w, https:\/\/saudadedaluz.fr\/wp-content\/uploads\/sites\/10\/sites\/10\/2019\/06\/Loic.Wioland-210x210.jpg 210w, https:\/\/saudadedaluz.fr\/wp-content\/uploads\/sites\/10\/sites\/10\/2019\/06\/Loic.Wioland-333x333.jpg 333w, https:\/\/saudadedaluz.fr\/wp-content\/uploads\/sites\/10\/sites\/10\/2019\/06\/Loic.Wioland-421x421.jpg 421w, https:\/\/saudadedaluz.fr\/wp-content\/uploads\/sites\/10\/sites\/10\/2019\/06\/Loic.Wioland-550x550.jpg 550w, https:\/\/saudadedaluz.fr\/wp-content\/uploads\/sites\/10\/sites\/10\/2019\/06\/Loic.Wioland.jpg 200w\" sizes=\"auto, (max-width: 700px) 100vw, 700px\" \/><\/a>\n                                                                <\/figure>\n\n                                    \n                        <div class=\"post-content\">\n\n                        \n                                                                                            <h3 class=\"post-title\">\n                                                                    <a href=\"https:\/\/saudadedaluz.fr\/br\/artistes\/loic-wioland\/\">Loic Wioland<\/a>\n                                                                <\/h3>\n                                                            \n                            \n                                                            \n                        <\/div>\n                        <!-- \/.post-content -->\n                                \n                    <\/article>\n            \n                        \n                    \n                    <article id=\"post-100\" class=\"post tf_clearfix post-100 artistes type-artistes status-publish has-post-thumbnail hentry annee-53 annee-59\">\n\n                    \n                    \n                                <figure class=\"post-image\">\n                                                                        <a href=\"https:\/\/saudadedaluz.fr\/br\/artistes\/pierre-noell\/\"><img loading=\"lazy\" decoding=\"async\" src=\"https:\/\/saudadedaluz.fr\/wp-content\/uploads\/sites\/10\/sites\/10\/2019\/06\/Pierre.Noell_-700x700.jpg\" width=\"700\" height=\"700\" class=\"wp-post-image wp-image-99\" title=\"Pierre.Noell\" alt=\"Pierre.Noell\" srcset=\"https:\/\/saudadedaluz.fr\/wp-content\/uploads\/sites\/10\/sites\/10\/2019\/06\/Pierre.Noell_-700x700.jpg 700w, https:\/\/saudadedaluz.fr\/wp-content\/uploads\/sites\/10\/sites\/10\/2019\/06\/Pierre.Noell_-150x150.jpg 150w, https:\/\/saudadedaluz.fr\/wp-content\/uploads\/sites\/10\/sites\/10\/2019\/06\/Pierre.Noell_-24x24.jpg 24w, https:\/\/saudadedaluz.fr\/wp-content\/uploads\/sites\/10\/sites\/10\/2019\/06\/Pierre.Noell_-36x36.jpg 36w, https:\/\/saudadedaluz.fr\/wp-content\/uploads\/sites\/10\/sites\/10\/2019\/06\/Pierre.Noell_-48x48.jpg 48w, https:\/\/saudadedaluz.fr\/wp-content\/uploads\/sites\/10\/sites\/10\/2019\/06\/Pierre.Noell_-210x210.jpg 210w, https:\/\/saudadedaluz.fr\/wp-content\/uploads\/sites\/10\/sites\/10\/2019\/06\/Pierre.Noell_-333x333.jpg 333w, https:\/\/saudadedaluz.fr\/wp-content\/uploads\/sites\/10\/sites\/10\/2019\/06\/Pierre.Noell_-421x421.jpg 421w, https:\/\/saudadedaluz.fr\/wp-content\/uploads\/sites\/10\/sites\/10\/2019\/06\/Pierre.Noell_-550x550.jpg 550w\" sizes=\"auto, (max-width: 700px) 100vw, 700px\" \/><\/a>\n                                                                <\/figure>\n\n                                    \n                        <div class=\"post-content\">\n\n                        \n                                                                                            <h3 class=\"post-title\">\n                                                                    <a href=\"https:\/\/saudadedaluz.fr\/br\/artistes\/pierre-noell\/\">Pierre Noell<\/a>\n                                                                <\/h3>\n                                                            \n                            \n                                                            \n                        <\/div>\n                        <!-- \/.post-content -->\n                                \n                    <\/article>\n            \n                        \n                    \n                    <article id=\"post-122\" class=\"post tf_clearfix post-122 artistes type-artistes status-publish has-post-thumbnail hentry annee-64\">\n\n                    \n                    \n                                <figure class=\"post-image\">\n                                                                        <a href=\"https:\/\/saudadedaluz.fr\/br\/artistes\/gabriel-fortunato\/\"><img loading=\"lazy\" decoding=\"async\" src=\"https:\/\/saudadedaluz.fr\/wp-content\/uploads\/sites\/10\/sites\/10\/2019\/06\/Gabriel-Fortunato-700x700.jpg\" width=\"700\" height=\"700\" class=\"wp-post-image wp-image-121\" title=\"Gabriel Fortunato\" alt=\"Gabriel Fortunato\" srcset=\"https:\/\/saudadedaluz.fr\/wp-content\/uploads\/sites\/10\/sites\/10\/2019\/06\/Gabriel-Fortunato-700x700.jpg 700w, https:\/\/saudadedaluz.fr\/wp-content\/uploads\/sites\/10\/sites\/10\/2019\/06\/Gabriel-Fortunato-150x150.jpg 150w, https:\/\/saudadedaluz.fr\/wp-content\/uploads\/sites\/10\/sites\/10\/2019\/06\/Gabriel-Fortunato-24x24.jpg 24w, https:\/\/saudadedaluz.fr\/wp-content\/uploads\/sites\/10\/sites\/10\/2019\/06\/Gabriel-Fortunato-36x36.jpg 36w, https:\/\/saudadedaluz.fr\/wp-content\/uploads\/sites\/10\/sites\/10\/2019\/06\/Gabriel-Fortunato-48x48.jpg 48w, https:\/\/saudadedaluz.fr\/wp-content\/uploads\/sites\/10\/sites\/10\/2019\/06\/Gabriel-Fortunato-210x210.jpg 210w, https:\/\/saudadedaluz.fr\/wp-content\/uploads\/sites\/10\/sites\/10\/2019\/06\/Gabriel-Fortunato-333x333.jpg 333w, https:\/\/saudadedaluz.fr\/wp-content\/uploads\/sites\/10\/sites\/10\/2019\/06\/Gabriel-Fortunato-421x421.jpg 421w, https:\/\/saudadedaluz.fr\/wp-content\/uploads\/sites\/10\/sites\/10\/2019\/06\/Gabriel-Fortunato-550x550.jpg 550w, https:\/\/saudadedaluz.fr\/wp-content\/uploads\/sites\/10\/sites\/10\/2019\/06\/Gabriel-Fortunato.jpg 200w\" sizes=\"auto, (max-width: 700px) 100vw, 700px\" \/><\/a>\n                                                                <\/figure>\n\n                                    \n                        <div class=\"post-content\">\n\n                        \n                                                                                            <h3 class=\"post-title\">\n                                                                    <a href=\"https:\/\/saudadedaluz.fr\/br\/artistes\/gabriel-fortunato\/\">Gabriel Fortunato<\/a>\n                                                                <\/h3>\n                                                            \n                            \n                                                            \n                        <\/div>\n                        <!-- \/.post-content -->\n                                \n                    <\/article>\n            \n                        \n                    \n                    <article id=\"post-98\" class=\"post tf_clearfix post-98 artistes type-artistes status-publish has-post-thumbnail hentry annee-59\">\n\n                    \n                    \n                                <figure class=\"post-image\">\n                                                                        <a href=\"https:\/\/saudadedaluz.fr\/br\/artistes\/raimundo-luiz\/\"><img loading=\"lazy\" decoding=\"async\" src=\"https:\/\/saudadedaluz.fr\/wp-content\/uploads\/sites\/10\/sites\/10\/2019\/06\/Raimundo.Luiz_-700x700.jpg\" width=\"700\" height=\"700\" class=\"wp-post-image wp-image-97\" title=\"Raimundo.Luiz\" alt=\"Raimundo.Luiz\" srcset=\"https:\/\/saudadedaluz.fr\/wp-content\/uploads\/sites\/10\/sites\/10\/2019\/06\/Raimundo.Luiz_-700x700.jpg 700w, https:\/\/saudadedaluz.fr\/wp-content\/uploads\/sites\/10\/sites\/10\/2019\/06\/Raimundo.Luiz_-150x150.jpg 150w, https:\/\/saudadedaluz.fr\/wp-content\/uploads\/sites\/10\/sites\/10\/2019\/06\/Raimundo.Luiz_-24x24.jpg 24w, https:\/\/saudadedaluz.fr\/wp-content\/uploads\/sites\/10\/sites\/10\/2019\/06\/Raimundo.Luiz_-36x36.jpg 36w, https:\/\/saudadedaluz.fr\/wp-content\/uploads\/sites\/10\/sites\/10\/2019\/06\/Raimundo.Luiz_-48x48.jpg 48w, https:\/\/saudadedaluz.fr\/wp-content\/uploads\/sites\/10\/sites\/10\/2019\/06\/Raimundo.Luiz_-210x210.jpg 210w, https:\/\/saudadedaluz.fr\/wp-content\/uploads\/sites\/10\/sites\/10\/2019\/06\/Raimundo.Luiz_-333x333.jpg 333w, https:\/\/saudadedaluz.fr\/wp-content\/uploads\/sites\/10\/sites\/10\/2019\/06\/Raimundo.Luiz_-421x421.jpg 421w, https:\/\/saudadedaluz.fr\/wp-content\/uploads\/sites\/10\/sites\/10\/2019\/06\/Raimundo.Luiz_-550x550.jpg 550w, https:\/\/saudadedaluz.fr\/wp-content\/uploads\/sites\/10\/sites\/10\/2019\/06\/Raimundo.Luiz_-20x20.jpg 20w, https:\/\/saudadedaluz.fr\/wp-content\/uploads\/sites\/10\/sites\/10\/2019\/06\/Raimundo.Luiz_.jpg 200w\" sizes=\"auto, (max-width: 700px) 100vw, 700px\" \/><\/a>\n                                                                <\/figure>\n\n                                    \n                        <div class=\"post-content\">\n\n                        \n                                                                                            <h3 class=\"post-title\">\n                                                                    <a href=\"https:\/\/saudadedaluz.fr\/br\/artistes\/raimundo-luiz\/\">Raimundo Luiz<\/a>\n                                                                <\/h3>\n                                                            \n                            \n                                                            \n                        <\/div>\n                        <!-- \/.post-content -->\n                                \n                    <\/article>\n            \n                        \n                    \n                    <article id=\"post-118\" class=\"post tf_clearfix post-118 artistes type-artistes status-publish has-post-thumbnail hentry annee-62\">\n\n                    \n                    \n                                <figure class=\"post-image\">\n                                                                        <a href=\"https:\/\/saudadedaluz.fr\/br\/artistes\/elojac-shot\/\"><img loading=\"lazy\" decoding=\"async\" src=\"https:\/\/saudadedaluz.fr\/wp-content\/uploads\/sites\/10\/sites\/10\/2019\/06\/Elojac.Shot_-700x700.jpg\" width=\"700\" height=\"700\" class=\"wp-post-image wp-image-117\" title=\"Elojac.Shot\" alt=\"Elojac.Shot\" srcset=\"https:\/\/saudadedaluz.fr\/wp-content\/uploads\/sites\/10\/sites\/10\/2019\/06\/Elojac.Shot_-700x700.jpg 700w, https:\/\/saudadedaluz.fr\/wp-content\/uploads\/sites\/10\/sites\/10\/2019\/06\/Elojac.Shot_-150x150.jpg 150w, https:\/\/saudadedaluz.fr\/wp-content\/uploads\/sites\/10\/sites\/10\/2019\/06\/Elojac.Shot_-24x24.jpg 24w, https:\/\/saudadedaluz.fr\/wp-content\/uploads\/sites\/10\/sites\/10\/2019\/06\/Elojac.Shot_-36x36.jpg 36w, https:\/\/saudadedaluz.fr\/wp-content\/uploads\/sites\/10\/sites\/10\/2019\/06\/Elojac.Shot_-48x48.jpg 48w, https:\/\/saudadedaluz.fr\/wp-content\/uploads\/sites\/10\/sites\/10\/2019\/06\/Elojac.Shot_-210x210.jpg 210w, https:\/\/saudadedaluz.fr\/wp-content\/uploads\/sites\/10\/sites\/10\/2019\/06\/Elojac.Shot_-333x333.jpg 333w, https:\/\/saudadedaluz.fr\/wp-content\/uploads\/sites\/10\/sites\/10\/2019\/06\/Elojac.Shot_-421x421.jpg 421w, https:\/\/saudadedaluz.fr\/wp-content\/uploads\/sites\/10\/sites\/10\/2019\/06\/Elojac.Shot_-550x550.jpg 550w, https:\/\/saudadedaluz.fr\/wp-content\/uploads\/sites\/10\/sites\/10\/2019\/06\/Elojac.Shot_.jpg 200w\" sizes=\"auto, (max-width: 700px) 100vw, 700px\" \/><\/a>\n                                                                <\/figure>\n\n                                    \n                        <div class=\"post-content\">\n\n                        \n                                                                                            <h3 class=\"post-title\">\n                                                                    <a href=\"https:\/\/saudadedaluz.fr\/br\/artistes\/elojac-shot\/\">Elojac Shot<\/a>\n                                                                <\/h3>\n                                                            \n                            \n                                                            \n                        <\/div>\n                        <!-- \/.post-content -->\n                                \n                    <\/article>\n            \n                        \n                    \n                    <article id=\"post-132\" class=\"post tf_clearfix post-132 artistes type-artistes status-publish has-post-thumbnail hentry annee-58\">\n\n                    \n                    \n                                <figure class=\"post-image\">\n                                                                        <a href=\"https:\/\/saudadedaluz.fr\/br\/artistes\/edi-barcelo\/\"><img loading=\"lazy\" decoding=\"async\" src=\"https:\/\/saudadedaluz.fr\/wp-content\/uploads\/sites\/10\/sites\/10\/2019\/06\/Edi.Barcelo-700x700.jpg\" width=\"700\" height=\"700\" class=\"wp-post-image wp-image-131\" title=\"Edi.Barcelo\" alt=\"Edi.Barcelo\" srcset=\"https:\/\/saudadedaluz.fr\/wp-content\/uploads\/sites\/10\/sites\/10\/2019\/06\/Edi.Barcelo-700x700.jpg 700w, https:\/\/saudadedaluz.fr\/wp-content\/uploads\/sites\/10\/sites\/10\/2019\/06\/Edi.Barcelo-150x150.jpg 150w, https:\/\/saudadedaluz.fr\/wp-content\/uploads\/sites\/10\/sites\/10\/2019\/06\/Edi.Barcelo-24x24.jpg 24w, https:\/\/saudadedaluz.fr\/wp-content\/uploads\/sites\/10\/sites\/10\/2019\/06\/Edi.Barcelo-36x36.jpg 36w, https:\/\/saudadedaluz.fr\/wp-content\/uploads\/sites\/10\/sites\/10\/2019\/06\/Edi.Barcelo-48x48.jpg 48w, https:\/\/saudadedaluz.fr\/wp-content\/uploads\/sites\/10\/sites\/10\/2019\/06\/Edi.Barcelo-210x210.jpg 210w, https:\/\/saudadedaluz.fr\/wp-content\/uploads\/sites\/10\/sites\/10\/2019\/06\/Edi.Barcelo-333x333.jpg 333w, https:\/\/saudadedaluz.fr\/wp-content\/uploads\/sites\/10\/sites\/10\/2019\/06\/Edi.Barcelo-421x421.jpg 421w, https:\/\/saudadedaluz.fr\/wp-content\/uploads\/sites\/10\/sites\/10\/2019\/06\/Edi.Barcelo-550x550.jpg 550w, https:\/\/saudadedaluz.fr\/wp-content\/uploads\/sites\/10\/sites\/10\/2019\/06\/Edi.Barcelo.jpg 200w\" sizes=\"auto, (max-width: 700px) 100vw, 700px\" \/><\/a>\n                                                                <\/figure>\n\n                                    \n                        <div class=\"post-content\">\n\n                        \n                                                                                            <h3 class=\"post-title\">\n                                                                    <a href=\"https:\/\/saudadedaluz.fr\/br\/artistes\/edi-barcelo\/\">Edi Barcelo<\/a>\n                                                                <\/h3>\n                                                            \n                            \n                                                            \n                        <\/div>\n                        <!-- \/.post-content -->\n                                \n                    <\/article>\n            \n                        \n                    \n                    <article id=\"post-109\" class=\"post tf_clearfix post-109 artistes type-artistes status-publish has-post-thumbnail hentry annee-60 annee-61 annee-63\">\n\n                    \n                    \n                                <figure class=\"post-image\">\n                                                                        <a href=\"https:\/\/saudadedaluz.fr\/br\/artistes\/david-ponte\/\"><img loading=\"lazy\" decoding=\"async\" src=\"https:\/\/saudadedaluz.fr\/wp-content\/uploads\/sites\/10\/sites\/10\/2019\/06\/David.Ponte_-700x700.jpg\" width=\"700\" height=\"700\" class=\"wp-post-image wp-image-108\" title=\"David.Ponte\" alt=\"David.Ponte\" srcset=\"https:\/\/saudadedaluz.fr\/wp-content\/uploads\/sites\/10\/sites\/10\/2019\/06\/David.Ponte_-700x700.jpg 700w, https:\/\/saudadedaluz.fr\/wp-content\/uploads\/sites\/10\/sites\/10\/2019\/06\/David.Ponte_-150x150.jpg 150w, https:\/\/saudadedaluz.fr\/wp-content\/uploads\/sites\/10\/sites\/10\/2019\/06\/David.Ponte_-24x24.jpg 24w, https:\/\/saudadedaluz.fr\/wp-content\/uploads\/sites\/10\/sites\/10\/2019\/06\/David.Ponte_-36x36.jpg 36w, https:\/\/saudadedaluz.fr\/wp-content\/uploads\/sites\/10\/sites\/10\/2019\/06\/David.Ponte_-48x48.jpg 48w, https:\/\/saudadedaluz.fr\/wp-content\/uploads\/sites\/10\/sites\/10\/2019\/06\/David.Ponte_-210x210.jpg 210w, https:\/\/saudadedaluz.fr\/wp-content\/uploads\/sites\/10\/sites\/10\/2019\/06\/David.Ponte_-333x333.jpg 333w, https:\/\/saudadedaluz.fr\/wp-content\/uploads\/sites\/10\/sites\/10\/2019\/06\/David.Ponte_-421x421.jpg 421w, https:\/\/saudadedaluz.fr\/wp-content\/uploads\/sites\/10\/sites\/10\/2019\/06\/David.Ponte_-550x550.jpg 550w, https:\/\/saudadedaluz.fr\/wp-content\/uploads\/sites\/10\/sites\/10\/2019\/06\/David.Ponte_.jpg 200w\" sizes=\"auto, (max-width: 700px) 100vw, 700px\" \/><\/a>\n                                                                <\/figure>\n\n                                    \n                        <div class=\"post-content\">\n\n                        \n                                                                                            <h3 class=\"post-title\">\n                                                                    <a href=\"https:\/\/saudadedaluz.fr\/br\/artistes\/david-ponte\/\">David Ponte<\/a>\n                                                                <\/h3>\n                                                            \n                            \n                                                            \n                        <\/div>\n                        <!-- \/.post-content -->\n                                \n                    <\/article>\n            \n                        \n                    \n                    <article id=\"post-74\" class=\"post tf_clearfix post-74 artistes type-artistes status-publish has-post-thumbnail hentry annee-53\">\n\n                    \n                    \n                                <figure class=\"post-image\">\n                                                                        <a href=\"https:\/\/saudadedaluz.fr\/br\/artistes\/benjamin-rassat\/\"><img loading=\"lazy\" decoding=\"async\" src=\"https:\/\/saudadedaluz.fr\/wp-content\/uploads\/sites\/10\/sites\/10\/2019\/06\/Benjamin.Rassat-700x700.jpg\" width=\"700\" height=\"700\" class=\"wp-post-image wp-image-73\" title=\"Benjamin.Rassat\" alt=\"Benjamin.Rassat\" srcset=\"https:\/\/saudadedaluz.fr\/wp-content\/uploads\/sites\/10\/sites\/10\/2019\/06\/Benjamin.Rassat-700x700.jpg 700w, https:\/\/saudadedaluz.fr\/wp-content\/uploads\/sites\/10\/sites\/10\/2019\/06\/Benjamin.Rassat-150x150.jpg 150w, https:\/\/saudadedaluz.fr\/wp-content\/uploads\/sites\/10\/sites\/10\/2019\/06\/Benjamin.Rassat-24x24.jpg 24w, https:\/\/saudadedaluz.fr\/wp-content\/uploads\/sites\/10\/sites\/10\/2019\/06\/Benjamin.Rassat-36x36.jpg 36w, https:\/\/saudadedaluz.fr\/wp-content\/uploads\/sites\/10\/sites\/10\/2019\/06\/Benjamin.Rassat-48x48.jpg 48w, https:\/\/saudadedaluz.fr\/wp-content\/uploads\/sites\/10\/sites\/10\/2019\/06\/Benjamin.Rassat-210x210.jpg 210w, https:\/\/saudadedaluz.fr\/wp-content\/uploads\/sites\/10\/sites\/10\/2019\/06\/Benjamin.Rassat-333x333.jpg 333w, https:\/\/saudadedaluz.fr\/wp-content\/uploads\/sites\/10\/sites\/10\/2019\/06\/Benjamin.Rassat-421x421.jpg 421w, https:\/\/saudadedaluz.fr\/wp-content\/uploads\/sites\/10\/sites\/10\/2019\/06\/Benjamin.Rassat-550x550.jpg 550w, https:\/\/saudadedaluz.fr\/wp-content\/uploads\/sites\/10\/sites\/10\/2019\/06\/Benjamin.Rassat.jpg 200w\" sizes=\"auto, (max-width: 700px) 100vw, 700px\" \/><\/a>\n                                                                <\/figure>\n\n                                    \n                        <div class=\"post-content\">\n\n                        \n                                                                                            <h3 class=\"post-title\">\n                                                                    <a href=\"https:\/\/saudadedaluz.fr\/br\/artistes\/benjamin-rassat\/\">Benjamin Rassat<\/a>\n                                                                <\/h3>\n                                                            \n                            \n                                                            \n                        <\/div>\n                        <!-- \/.post-content -->\n                                \n                    <\/article>\n            \n                        \n                    \n                    <article id=\"post-80\" class=\"post tf_clearfix post-80 artistes type-artistes status-publish has-post-thumbnail hentry annee-57 annee-58\">\n\n                    \n                    \n                                <figure class=\"post-image\">\n                                                                        <a href=\"https:\/\/saudadedaluz.fr\/br\/artistes\/steve-franceschi\/\"><img loading=\"lazy\" decoding=\"async\" src=\"https:\/\/saudadedaluz.fr\/wp-content\/uploads\/sites\/10\/sites\/10\/2019\/06\/Steve.Franceschi-700x700.jpg\" width=\"700\" height=\"700\" class=\"wp-post-image wp-image-79\" title=\"Steve.Franceschi\" alt=\"Steve.Franceschi\" srcset=\"https:\/\/saudadedaluz.fr\/wp-content\/uploads\/sites\/10\/sites\/10\/2019\/06\/Steve.Franceschi-700x700.jpg 700w, https:\/\/saudadedaluz.fr\/wp-content\/uploads\/sites\/10\/sites\/10\/2019\/06\/Steve.Franceschi-150x150.jpg 150w, https:\/\/saudadedaluz.fr\/wp-content\/uploads\/sites\/10\/sites\/10\/2019\/06\/Steve.Franceschi-24x24.jpg 24w, https:\/\/saudadedaluz.fr\/wp-content\/uploads\/sites\/10\/sites\/10\/2019\/06\/Steve.Franceschi-36x36.jpg 36w, https:\/\/saudadedaluz.fr\/wp-content\/uploads\/sites\/10\/sites\/10\/2019\/06\/Steve.Franceschi-48x48.jpg 48w, https:\/\/saudadedaluz.fr\/wp-content\/uploads\/sites\/10\/sites\/10\/2019\/06\/Steve.Franceschi-210x210.jpg 210w, https:\/\/saudadedaluz.fr\/wp-content\/uploads\/sites\/10\/sites\/10\/2019\/06\/Steve.Franceschi-333x333.jpg 333w, https:\/\/saudadedaluz.fr\/wp-content\/uploads\/sites\/10\/sites\/10\/2019\/06\/Steve.Franceschi-421x421.jpg 421w, https:\/\/saudadedaluz.fr\/wp-content\/uploads\/sites\/10\/sites\/10\/2019\/06\/Steve.Franceschi-550x550.jpg 550w, https:\/\/saudadedaluz.fr\/wp-content\/uploads\/sites\/10\/sites\/10\/2019\/06\/Steve.Franceschi.jpg 200w\" sizes=\"auto, (max-width: 700px) 100vw, 700px\" \/><\/a>\n                                                                <\/figure>\n\n                                    \n                        <div class=\"post-content\">\n\n                        \n                                                                                            <h3 class=\"post-title\">\n                                                                    <a href=\"https:\/\/saudadedaluz.fr\/br\/artistes\/steve-franceschi\/\">Steve Franceschi<\/a>\n                                                                <\/h3>\n                                                            \n                            \n                                                            \n                        <\/div>\n                        <!-- \/.post-content -->\n                                \n                    <\/article>\n            \n                        \n                    \n                    <article id=\"post-72\" class=\"post tf_clearfix post-72 artistes type-artistes status-publish has-post-thumbnail hentry annee-55\">\n\n                    \n                    \n                                <figure class=\"post-image\">\n                                                                        <a href=\"https:\/\/saudadedaluz.fr\/br\/artistes\/cacau-salabert\/\"><img loading=\"lazy\" decoding=\"async\" src=\"https:\/\/saudadedaluz.fr\/wp-content\/uploads\/sites\/10\/sites\/10\/2019\/06\/Cacau.Salabert-700x700.jpg\" width=\"700\" height=\"700\" class=\"wp-post-image wp-image-71\" title=\"Cacau.Salabert\" alt=\"Cacau.Salabert\" srcset=\"https:\/\/saudadedaluz.fr\/wp-content\/uploads\/sites\/10\/sites\/10\/2019\/06\/Cacau.Salabert-700x700.jpg 700w, https:\/\/saudadedaluz.fr\/wp-content\/uploads\/sites\/10\/sites\/10\/2019\/06\/Cacau.Salabert-150x150.jpg 150w, https:\/\/saudadedaluz.fr\/wp-content\/uploads\/sites\/10\/sites\/10\/2019\/06\/Cacau.Salabert-24x24.jpg 24w, https:\/\/saudadedaluz.fr\/wp-content\/uploads\/sites\/10\/sites\/10\/2019\/06\/Cacau.Salabert-36x36.jpg 36w, https:\/\/saudadedaluz.fr\/wp-content\/uploads\/sites\/10\/sites\/10\/2019\/06\/Cacau.Salabert-48x48.jpg 48w, https:\/\/saudadedaluz.fr\/wp-content\/uploads\/sites\/10\/sites\/10\/2019\/06\/Cacau.Salabert-210x210.jpg 210w, https:\/\/saudadedaluz.fr\/wp-content\/uploads\/sites\/10\/sites\/10\/2019\/06\/Cacau.Salabert-333x333.jpg 333w, https:\/\/saudadedaluz.fr\/wp-content\/uploads\/sites\/10\/sites\/10\/2019\/06\/Cacau.Salabert-421x421.jpg 421w, https:\/\/saudadedaluz.fr\/wp-content\/uploads\/sites\/10\/sites\/10\/2019\/06\/Cacau.Salabert-550x550.jpg 550w, https:\/\/saudadedaluz.fr\/wp-content\/uploads\/sites\/10\/sites\/10\/2019\/06\/Cacau.Salabert.jpg 200w\" sizes=\"auto, (max-width: 700px) 100vw, 700px\" \/><\/a>\n                                                                <\/figure>\n\n                                    \n                        <div class=\"post-content\">\n\n                        \n                                                                                            <h3 class=\"post-title\">\n                                                                    <a href=\"https:\/\/saudadedaluz.fr\/br\/artistes\/cacau-salabert\/\">Cacau Salabert<\/a>\n                                                                <\/h3>\n                                                            \n                            \n                                                            \n                        <\/div>\n                        <!-- \/.post-content -->\n                                \n                    <\/article>\n            \n                        \n                    \n                    <article id=\"post-86\" class=\"post tf_clearfix post-86 artistes type-artistes status-publish has-post-thumbnail hentry annee-55 annee-57\">\n\n                    \n                    \n                                <figure class=\"post-image\">\n                                                                        <a href=\"https:\/\/saudadedaluz.fr\/br\/artistes\/marc-potier\/\"><img loading=\"lazy\" decoding=\"async\" src=\"https:\/\/saudadedaluz.fr\/wp-content\/uploads\/sites\/10\/sites\/10\/2019\/06\/Marc.Potier-700x700.jpg\" width=\"700\" height=\"700\" class=\"wp-post-image wp-image-85\" title=\"Marc.Potier\" alt=\"Marc.Potier\" srcset=\"https:\/\/saudadedaluz.fr\/wp-content\/uploads\/sites\/10\/sites\/10\/2019\/06\/Marc.Potier-700x700.jpg 700w, https:\/\/saudadedaluz.fr\/wp-content\/uploads\/sites\/10\/sites\/10\/2019\/06\/Marc.Potier-150x150.jpg 150w, https:\/\/saudadedaluz.fr\/wp-content\/uploads\/sites\/10\/sites\/10\/2019\/06\/Marc.Potier-24x24.jpg 24w, https:\/\/saudadedaluz.fr\/wp-content\/uploads\/sites\/10\/sites\/10\/2019\/06\/Marc.Potier-36x36.jpg 36w, https:\/\/saudadedaluz.fr\/wp-content\/uploads\/sites\/10\/sites\/10\/2019\/06\/Marc.Potier-210x210.jpg 210w, https:\/\/saudadedaluz.fr\/wp-content\/uploads\/sites\/10\/sites\/10\/2019\/06\/Marc.Potier-333x333.jpg 333w, https:\/\/saudadedaluz.fr\/wp-content\/uploads\/sites\/10\/sites\/10\/2019\/06\/Marc.Potier-421x421.jpg 421w, https:\/\/saudadedaluz.fr\/wp-content\/uploads\/sites\/10\/sites\/10\/2019\/06\/Marc.Potier-550x550.jpg 550w\" sizes=\"auto, (max-width: 700px) 100vw, 700px\" \/><\/a>\n                                                                <\/figure>\n\n                                    \n                        <div class=\"post-content\">\n\n                        \n                                                                                            <h3 class=\"post-title\">\n                                                                    <a href=\"https:\/\/saudadedaluz.fr\/br\/artistes\/marc-potier\/\">Marc Potier<\/a>\n                                                                <\/h3>\n                                                            \n                            \n                                                            \n                        <\/div>\n                        <!-- \/.post-content -->\n                                \n                    <\/article>\n            \n                        \n                    \n                    <article id=\"post-130\" class=\"post tf_clearfix post-130 artistes type-artistes status-publish has-post-thumbnail hentry annee-55 annee-58\">\n\n                    \n                    \n                                <figure class=\"post-image\">\n                                                                        <a href=\"https:\/\/saudadedaluz.fr\/br\/artistes\/erick-endres\/\"><img loading=\"lazy\" decoding=\"async\" src=\"https:\/\/saudadedaluz.fr\/wp-content\/uploads\/sites\/10\/sites\/10\/2019\/06\/Erick.Endres-700x700.jpg\" width=\"700\" height=\"700\" class=\"wp-post-image wp-image-129\" title=\"Erick.Endres\" alt=\"Erick.Endres\" srcset=\"https:\/\/saudadedaluz.fr\/wp-content\/uploads\/sites\/10\/sites\/10\/2019\/06\/Erick.Endres-700x700.jpg 700w, https:\/\/saudadedaluz.fr\/wp-content\/uploads\/sites\/10\/sites\/10\/2019\/06\/Erick.Endres-150x150.jpg 150w, https:\/\/saudadedaluz.fr\/wp-content\/uploads\/sites\/10\/sites\/10\/2019\/06\/Erick.Endres-24x24.jpg 24w, https:\/\/saudadedaluz.fr\/wp-content\/uploads\/sites\/10\/sites\/10\/2019\/06\/Erick.Endres-36x36.jpg 36w, https:\/\/saudadedaluz.fr\/wp-content\/uploads\/sites\/10\/sites\/10\/2019\/06\/Erick.Endres-48x48.jpg 48w, https:\/\/saudadedaluz.fr\/wp-content\/uploads\/sites\/10\/sites\/10\/2019\/06\/Erick.Endres-210x210.jpg 210w, https:\/\/saudadedaluz.fr\/wp-content\/uploads\/sites\/10\/sites\/10\/2019\/06\/Erick.Endres-333x333.jpg 333w, https:\/\/saudadedaluz.fr\/wp-content\/uploads\/sites\/10\/sites\/10\/2019\/06\/Erick.Endres-421x421.jpg 421w, https:\/\/saudadedaluz.fr\/wp-content\/uploads\/sites\/10\/sites\/10\/2019\/06\/Erick.Endres-550x550.jpg 550w, https:\/\/saudadedaluz.fr\/wp-content\/uploads\/sites\/10\/sites\/10\/2019\/06\/Erick.Endres.jpg 200w\" sizes=\"auto, (max-width: 700px) 100vw, 700px\" \/><\/a>\n                                                                <\/figure>\n\n                                    \n                        <div class=\"post-content\">\n\n                        \n                                                                                            <h3 class=\"post-title\">\n                                                                    <a href=\"https:\/\/saudadedaluz.fr\/br\/artistes\/erick-endres\/\">Erick Endres<\/a>\n                                                                <\/h3>\n                                                            \n                            \n                                                            \n                        <\/div>\n                        <!-- \/.post-content -->\n                                \n                    <\/article>\n            \n                        \n                    \n                    <article id=\"post-92\" class=\"post tf_clearfix post-92 artistes type-artistes status-publish has-post-thumbnail hentry annee-54 annee-59 annee-60\">\n\n                    \n                    \n                                <figure class=\"post-image\">\n                                                                        <a href=\"https:\/\/saudadedaluz.fr\/br\/artistes\/christophe-de-oliveira\/\"><img loading=\"lazy\" decoding=\"async\" src=\"https:\/\/saudadedaluz.fr\/wp-content\/uploads\/sites\/10\/sites\/10\/2019\/06\/Christophe.de_.Oliveira-700x700.jpg\" width=\"700\" height=\"700\" class=\"wp-post-image wp-image-91\" title=\"Christophe.de.Oliveira\" alt=\"Christophe.de.Oliveira\" srcset=\"https:\/\/saudadedaluz.fr\/wp-content\/uploads\/sites\/10\/sites\/10\/2019\/06\/Christophe.de_.Oliveira-700x700.jpg 700w, https:\/\/saudadedaluz.fr\/wp-content\/uploads\/sites\/10\/sites\/10\/2019\/06\/Christophe.de_.Oliveira-150x150.jpg 150w, https:\/\/saudadedaluz.fr\/wp-content\/uploads\/sites\/10\/sites\/10\/2019\/06\/Christophe.de_.Oliveira-24x24.jpg 24w, https:\/\/saudadedaluz.fr\/wp-content\/uploads\/sites\/10\/sites\/10\/2019\/06\/Christophe.de_.Oliveira-36x36.jpg 36w, https:\/\/saudadedaluz.fr\/wp-content\/uploads\/sites\/10\/sites\/10\/2019\/06\/Christophe.de_.Oliveira-48x48.jpg 48w, https:\/\/saudadedaluz.fr\/wp-content\/uploads\/sites\/10\/sites\/10\/2019\/06\/Christophe.de_.Oliveira-210x210.jpg 210w, https:\/\/saudadedaluz.fr\/wp-content\/uploads\/sites\/10\/sites\/10\/2019\/06\/Christophe.de_.Oliveira-333x333.jpg 333w, https:\/\/saudadedaluz.fr\/wp-content\/uploads\/sites\/10\/sites\/10\/2019\/06\/Christophe.de_.Oliveira-421x421.jpg 421w, https:\/\/saudadedaluz.fr\/wp-content\/uploads\/sites\/10\/sites\/10\/2019\/06\/Christophe.de_.Oliveira-550x550.jpg 550w, https:\/\/saudadedaluz.fr\/wp-content\/uploads\/sites\/10\/sites\/10\/2019\/06\/Christophe.de_.Oliveira.jpg 200w\" sizes=\"auto, (max-width: 700px) 100vw, 700px\" \/><\/a>\n                                                                <\/figure>\n\n                                    \n                        <div class=\"post-content\">\n\n                        \n                                                                                            <h3 class=\"post-title\">\n                                                                    <a href=\"https:\/\/saudadedaluz.fr\/br\/artistes\/christophe-de-oliveira\/\">Christophe de Oliveira<\/a>\n                                                                <\/h3>\n                                                            \n                            \n                                                            \n                        <\/div>\n                        <!-- \/.post-content -->\n                                \n                    <\/article>\n            \n                        \n                    \n                    <article id=\"post-70\" class=\"post tf_clearfix post-70 artistes type-artistes status-publish has-post-thumbnail hentry annee-54\">\n\n                    \n                    \n                                <figure class=\"post-image\">\n                                                                        <a href=\"https:\/\/saudadedaluz.fr\/br\/artistes\/vera-sabino\/\"><img loading=\"lazy\" decoding=\"async\" src=\"https:\/\/saudadedaluz.fr\/wp-content\/uploads\/sites\/10\/sites\/10\/2019\/06\/Vera.Sabino-700x700.jpg\" width=\"700\" height=\"700\" class=\"wp-post-image wp-image-69\" title=\"Vera.Sabino\" alt=\"Vera.Sabino\" srcset=\"https:\/\/saudadedaluz.fr\/wp-content\/uploads\/sites\/10\/sites\/10\/2019\/06\/Vera.Sabino-700x700.jpg 700w, https:\/\/saudadedaluz.fr\/wp-content\/uploads\/sites\/10\/sites\/10\/2019\/06\/Vera.Sabino-150x150.jpg 150w, https:\/\/saudadedaluz.fr\/wp-content\/uploads\/sites\/10\/sites\/10\/2019\/06\/Vera.Sabino-24x24.jpg 24w, https:\/\/saudadedaluz.fr\/wp-content\/uploads\/sites\/10\/sites\/10\/2019\/06\/Vera.Sabino-36x36.jpg 36w, https:\/\/saudadedaluz.fr\/wp-content\/uploads\/sites\/10\/sites\/10\/2019\/06\/Vera.Sabino-48x48.jpg 48w, https:\/\/saudadedaluz.fr\/wp-content\/uploads\/sites\/10\/sites\/10\/2019\/06\/Vera.Sabino-210x210.jpg 210w, https:\/\/saudadedaluz.fr\/wp-content\/uploads\/sites\/10\/sites\/10\/2019\/06\/Vera.Sabino-333x333.jpg 333w, https:\/\/saudadedaluz.fr\/wp-content\/uploads\/sites\/10\/sites\/10\/2019\/06\/Vera.Sabino-421x421.jpg 421w, https:\/\/saudadedaluz.fr\/wp-content\/uploads\/sites\/10\/sites\/10\/2019\/06\/Vera.Sabino-550x550.jpg 550w, https:\/\/saudadedaluz.fr\/wp-content\/uploads\/sites\/10\/sites\/10\/2019\/06\/Vera.Sabino.jpg 200w\" sizes=\"auto, (max-width: 700px) 100vw, 700px\" \/><\/a>\n                                                                <\/figure>\n\n                                    \n                        <div class=\"post-content\">\n\n                        \n                                                                                            <h3 class=\"post-title\">\n                                                                    <a href=\"https:\/\/saudadedaluz.fr\/br\/artistes\/vera-sabino\/\">Vera Sabino<\/a>\n                                                                <\/h3>\n                                                            \n                            \n                                                            \n                        <\/div>\n                        <!-- \/.post-content -->\n                                \n                    <\/article>\n            \n                        \n                    \n                    <article id=\"post-126\" class=\"post tf_clearfix post-126 artistes type-artistes status-publish has-post-thumbnail hentry annee-56\">\n\n                    \n                    \n                                <figure class=\"post-image\">\n                                                                        <a href=\"https:\/\/saudadedaluz.fr\/br\/artistes\/mario-bakuna\/\"><img loading=\"lazy\" decoding=\"async\" src=\"https:\/\/saudadedaluz.fr\/wp-content\/uploads\/sites\/10\/sites\/10\/2019\/06\/Mario.Bakuna-700x700.jpg\" width=\"700\" height=\"700\" class=\"wp-post-image wp-image-125\" title=\"Mario.Bakuna\" alt=\"Mario.Bakuna\" srcset=\"https:\/\/saudadedaluz.fr\/wp-content\/uploads\/sites\/10\/sites\/10\/2019\/06\/Mario.Bakuna-700x700.jpg 700w, https:\/\/saudadedaluz.fr\/wp-content\/uploads\/sites\/10\/sites\/10\/2019\/06\/Mario.Bakuna-150x150.jpg 150w, https:\/\/saudadedaluz.fr\/wp-content\/uploads\/sites\/10\/sites\/10\/2019\/06\/Mario.Bakuna-24x24.jpg 24w, https:\/\/saudadedaluz.fr\/wp-content\/uploads\/sites\/10\/sites\/10\/2019\/06\/Mario.Bakuna-36x36.jpg 36w, https:\/\/saudadedaluz.fr\/wp-content\/uploads\/sites\/10\/sites\/10\/2019\/06\/Mario.Bakuna-48x48.jpg 48w, https:\/\/saudadedaluz.fr\/wp-content\/uploads\/sites\/10\/sites\/10\/2019\/06\/Mario.Bakuna-210x210.jpg 210w, https:\/\/saudadedaluz.fr\/wp-content\/uploads\/sites\/10\/sites\/10\/2019\/06\/Mario.Bakuna-333x333.jpg 333w, https:\/\/saudadedaluz.fr\/wp-content\/uploads\/sites\/10\/sites\/10\/2019\/06\/Mario.Bakuna-421x421.jpg 421w, https:\/\/saudadedaluz.fr\/wp-content\/uploads\/sites\/10\/sites\/10\/2019\/06\/Mario.Bakuna-550x550.jpg 550w, https:\/\/saudadedaluz.fr\/wp-content\/uploads\/sites\/10\/sites\/10\/2019\/06\/Mario.Bakuna-20x20.jpg 20w, https:\/\/saudadedaluz.fr\/wp-content\/uploads\/sites\/10\/sites\/10\/2019\/06\/Mario.Bakuna.jpg 200w\" sizes=\"auto, (max-width: 700px) 100vw, 700px\" \/><\/a>\n                                                                <\/figure>\n\n                                    \n                        <div class=\"post-content\">\n\n                        \n                                                                                            <h3 class=\"post-title\">\n                                                                    <a href=\"https:\/\/saudadedaluz.fr\/br\/artistes\/mario-bakuna\/\">Mario Bakuna<\/a>\n                                                                <\/h3>\n                                                            \n                            \n                                                            \n                        <\/div>\n                        <!-- \/.post-content -->\n                                \n                    <\/article>\n            \n                        \n                    \n                    <article id=\"post-66\" class=\"post tf_clearfix post-66 artistes type-artistes status-publish has-post-thumbnail hentry annee-52\">\n\n                    \n                    \n                                <figure class=\"post-image\">\n                                                                        <a href=\"https:\/\/saudadedaluz.fr\/br\/artistes\/gerson-saeki\/\"><img loading=\"lazy\" decoding=\"async\" src=\"https:\/\/saudadedaluz.fr\/wp-content\/uploads\/sites\/10\/sites\/10\/2019\/06\/Gerson.Saeki_-700x700.jpg\" width=\"700\" height=\"700\" class=\"wp-post-image wp-image-65\" title=\"Gerson.Saeki\" alt=\"Gerson.Saeki\" srcset=\"https:\/\/saudadedaluz.fr\/wp-content\/uploads\/sites\/10\/sites\/10\/2019\/06\/Gerson.Saeki_-700x700.jpg 700w, https:\/\/saudadedaluz.fr\/wp-content\/uploads\/sites\/10\/sites\/10\/2019\/06\/Gerson.Saeki_-150x150.jpg 150w, https:\/\/saudadedaluz.fr\/wp-content\/uploads\/sites\/10\/sites\/10\/2019\/06\/Gerson.Saeki_-24x24.jpg 24w, https:\/\/saudadedaluz.fr\/wp-content\/uploads\/sites\/10\/sites\/10\/2019\/06\/Gerson.Saeki_-36x36.jpg 36w, https:\/\/saudadedaluz.fr\/wp-content\/uploads\/sites\/10\/sites\/10\/2019\/06\/Gerson.Saeki_-48x48.jpg 48w, https:\/\/saudadedaluz.fr\/wp-content\/uploads\/sites\/10\/sites\/10\/2019\/06\/Gerson.Saeki_-210x210.jpg 210w, https:\/\/saudadedaluz.fr\/wp-content\/uploads\/sites\/10\/sites\/10\/2019\/06\/Gerson.Saeki_-333x333.jpg 333w, https:\/\/saudadedaluz.fr\/wp-content\/uploads\/sites\/10\/sites\/10\/2019\/06\/Gerson.Saeki_-421x421.jpg 421w, https:\/\/saudadedaluz.fr\/wp-content\/uploads\/sites\/10\/sites\/10\/2019\/06\/Gerson.Saeki_-550x550.jpg 550w, https:\/\/saudadedaluz.fr\/wp-content\/uploads\/sites\/10\/sites\/10\/2019\/06\/Gerson.Saeki_.jpg 200w\" sizes=\"auto, (max-width: 700px) 100vw, 700px\" \/><\/a>\n                                                                <\/figure>\n\n                                    \n                        <div class=\"post-content\">\n\n                        \n                                                                                            <h3 class=\"post-title\">\n                                                                    <a href=\"https:\/\/saudadedaluz.fr\/br\/artistes\/gerson-saeki\/\">Gerson Saeki<\/a>\n                                                                <\/h3>\n                                                            \n                            \n                                                            \n                        <\/div>\n                        <!-- \/.post-content -->\n                                \n                    <\/article>\n            \n                        \n                    \n                    <article id=\"post-112\" class=\"post tf_clearfix post-112 artistes type-artistes status-publish has-post-thumbnail hentry annee-60\">\n\n                    \n                    \n                                <figure class=\"post-image\">\n                                                                        <a href=\"https:\/\/saudadedaluz.fr\/br\/artistes\/kali-chaouali\/\"><img loading=\"lazy\" decoding=\"async\" src=\"https:\/\/saudadedaluz.fr\/wp-content\/uploads\/sites\/10\/sites\/10\/2019\/06\/Kali.Chaouali-700x700.jpg\" width=\"700\" height=\"700\" class=\"wp-post-image wp-image-241616\" title=\"Kali.Chaouali\" alt=\"Kali.Chaouali\" srcset=\"https:\/\/saudadedaluz.fr\/wp-content\/uploads\/sites\/10\/sites\/10\/2019\/06\/Kali.Chaouali-700x700.jpg 700w, https:\/\/saudadedaluz.fr\/wp-content\/uploads\/sites\/10\/sites\/10\/2019\/06\/Kali.Chaouali-150x150.jpg 150w, https:\/\/saudadedaluz.fr\/wp-content\/uploads\/sites\/10\/sites\/10\/2019\/06\/Kali.Chaouali-24x24.jpg 24w, https:\/\/saudadedaluz.fr\/wp-content\/uploads\/sites\/10\/sites\/10\/2019\/06\/Kali.Chaouali-36x36.jpg 36w, https:\/\/saudadedaluz.fr\/wp-content\/uploads\/sites\/10\/sites\/10\/2019\/06\/Kali.Chaouali-48x48.jpg 48w, https:\/\/saudadedaluz.fr\/wp-content\/uploads\/sites\/10\/sites\/10\/2019\/06\/Kali.Chaouali-333x333.jpg 333w, https:\/\/saudadedaluz.fr\/wp-content\/uploads\/sites\/10\/sites\/10\/2019\/06\/Kali.Chaouali-421x421.jpg 421w, https:\/\/saudadedaluz.fr\/wp-content\/uploads\/sites\/10\/sites\/10\/2019\/06\/Kali.Chaouali-550x550.jpg 550w, https:\/\/saudadedaluz.fr\/wp-content\/uploads\/sites\/10\/sites\/10\/2019\/06\/Kali.Chaouali.jpg 200w\" sizes=\"auto, (max-width: 700px) 100vw, 700px\" \/><\/a>\n                                                                <\/figure>\n\n                                    \n                        <div class=\"post-content\">\n\n                        \n                                                                                            <h3 class=\"post-title\">\n                                                                    <a href=\"https:\/\/saudadedaluz.fr\/br\/artistes\/kali-chaouali\/\">Kali Chaouali<\/a>\n                                                                <\/h3>\n                                                            \n                            \n                                                            \n                        <\/div>\n                        <!-- \/.post-content -->\n                                \n                    <\/article>\n            \n                        \n                    \n                    <article id=\"post-104\" class=\"post tf_clearfix post-104 artistes type-artistes status-publish has-post-thumbnail hentry annee-59\">\n\n                    \n                    \n                                <figure class=\"post-image\">\n                                                                        <a href=\"https:\/\/saudadedaluz.fr\/br\/artistes\/eloise-lourenco\/\"><img loading=\"lazy\" decoding=\"async\" src=\"https:\/\/saudadedaluz.fr\/wp-content\/uploads\/sites\/10\/sites\/10\/2019\/06\/Eloise.Lourenco-700x700.jpg\" width=\"700\" height=\"700\" class=\"wp-post-image wp-image-103\" title=\"Eloise.Louren\u00e7o\" alt=\"Eloise.Louren\u00e7o\" srcset=\"https:\/\/saudadedaluz.fr\/wp-content\/uploads\/sites\/10\/sites\/10\/2019\/06\/Eloise.Lourenco-700x700.jpg 700w, https:\/\/saudadedaluz.fr\/wp-content\/uploads\/sites\/10\/sites\/10\/2019\/06\/Eloise.Lourenco-150x150.jpg 150w, https:\/\/saudadedaluz.fr\/wp-content\/uploads\/sites\/10\/sites\/10\/2019\/06\/Eloise.Lourenco-24x24.jpg 24w, https:\/\/saudadedaluz.fr\/wp-content\/uploads\/sites\/10\/sites\/10\/2019\/06\/Eloise.Lourenco-36x36.jpg 36w, https:\/\/saudadedaluz.fr\/wp-content\/uploads\/sites\/10\/sites\/10\/2019\/06\/Eloise.Lourenco-48x48.jpg 48w, https:\/\/saudadedaluz.fr\/wp-content\/uploads\/sites\/10\/sites\/10\/2019\/06\/Eloise.Lourenco-210x210.jpg 210w, https:\/\/saudadedaluz.fr\/wp-content\/uploads\/sites\/10\/sites\/10\/2019\/06\/Eloise.Lourenco-333x333.jpg 333w, https:\/\/saudadedaluz.fr\/wp-content\/uploads\/sites\/10\/sites\/10\/2019\/06\/Eloise.Lourenco-421x421.jpg 421w, https:\/\/saudadedaluz.fr\/wp-content\/uploads\/sites\/10\/sites\/10\/2019\/06\/Eloise.Lourenco-550x550.jpg 550w, https:\/\/saudadedaluz.fr\/wp-content\/uploads\/sites\/10\/sites\/10\/2019\/06\/Eloise.Lourenco-20x20.jpg 20w, https:\/\/saudadedaluz.fr\/wp-content\/uploads\/sites\/10\/sites\/10\/2019\/06\/Eloise.Lourenco.jpg 200w\" sizes=\"auto, (max-width: 700px) 100vw, 700px\" \/><\/a>\n                                                                <\/figure>\n\n                                    \n                        <div class=\"post-content\">\n\n                        \n                                                                                            <h3 class=\"post-title\">\n                                                                    <a href=\"https:\/\/saudadedaluz.fr\/br\/artistes\/eloise-lourenco\/\">Eloise Luma Louren\u00e7o<\/a>\n                                                                <\/h3>\n                                                            \n                            \n                                                            \n                        <\/div>\n                        <!-- \/.post-content -->\n                                \n                    <\/article>\n            \n                        \n                    \n                    <article id=\"post-128\" class=\"post tf_clearfix post-128 artistes type-artistes status-publish has-post-thumbnail hentry annee-56 annee-58\">\n\n                    \n                    \n                                <figure class=\"post-image\">\n                                                                        <a href=\"https:\/\/saudadedaluz.fr\/br\/artistes\/edmundo-carneiro\/\"><img loading=\"lazy\" decoding=\"async\" src=\"https:\/\/saudadedaluz.fr\/wp-content\/uploads\/sites\/10\/sites\/10\/2019\/06\/Edmundo.Canreiro-700x700.jpg\" width=\"700\" height=\"700\" class=\"wp-post-image wp-image-127\" title=\"Edmundo.Canreiro\" alt=\"Edmundo.Canreiro\" srcset=\"https:\/\/saudadedaluz.fr\/wp-content\/uploads\/sites\/10\/sites\/10\/2019\/06\/Edmundo.Canreiro-700x700.jpg 700w, https:\/\/saudadedaluz.fr\/wp-content\/uploads\/sites\/10\/sites\/10\/2019\/06\/Edmundo.Canreiro-150x150.jpg 150w, https:\/\/saudadedaluz.fr\/wp-content\/uploads\/sites\/10\/sites\/10\/2019\/06\/Edmundo.Canreiro-24x24.jpg 24w, https:\/\/saudadedaluz.fr\/wp-content\/uploads\/sites\/10\/sites\/10\/2019\/06\/Edmundo.Canreiro-36x36.jpg 36w, https:\/\/saudadedaluz.fr\/wp-content\/uploads\/sites\/10\/sites\/10\/2019\/06\/Edmundo.Canreiro-48x48.jpg 48w, https:\/\/saudadedaluz.fr\/wp-content\/uploads\/sites\/10\/sites\/10\/2019\/06\/Edmundo.Canreiro-210x210.jpg 210w, https:\/\/saudadedaluz.fr\/wp-content\/uploads\/sites\/10\/sites\/10\/2019\/06\/Edmundo.Canreiro-333x333.jpg 333w, https:\/\/saudadedaluz.fr\/wp-content\/uploads\/sites\/10\/sites\/10\/2019\/06\/Edmundo.Canreiro-421x421.jpg 421w, https:\/\/saudadedaluz.fr\/wp-content\/uploads\/sites\/10\/sites\/10\/2019\/06\/Edmundo.Canreiro-550x550.jpg 550w, https:\/\/saudadedaluz.fr\/wp-content\/uploads\/sites\/10\/sites\/10\/2019\/06\/Edmundo.Canreiro-20x20.jpg 20w, https:\/\/saudadedaluz.fr\/wp-content\/uploads\/sites\/10\/sites\/10\/2019\/06\/Edmundo.Canreiro.jpg 200w\" sizes=\"auto, (max-width: 700px) 100vw, 700px\" \/><\/a>\n                                                                <\/figure>\n\n                                    \n                        <div class=\"post-content\">\n\n                        \n                                                                                            <h3 class=\"post-title\">\n                                                                    <a href=\"https:\/\/saudadedaluz.fr\/br\/artistes\/edmundo-carneiro\/\">Edmundo Carneiro<\/a>\n                                                                <\/h3>\n                                                            \n                            \n                                                            \n                        <\/div>\n                        <!-- \/.post-content -->\n                                \n                    <\/article>\n            \n                        \n                    \n                    <article id=\"post-106\" class=\"post tf_clearfix post-106 artistes type-artistes status-publish has-post-thumbnail hentry annee-59 annee-58\">\n\n                    \n                    \n                                <figure class=\"post-image\">\n                                                                        <a href=\"https:\/\/saudadedaluz.fr\/br\/artistes\/josue-domingues\/\"><img loading=\"lazy\" decoding=\"async\" src=\"https:\/\/saudadedaluz.fr\/wp-content\/uploads\/sites\/10\/sites\/10\/2019\/06\/Josue.Domingues-700x700.jpg\" width=\"700\" height=\"700\" class=\"wp-post-image wp-image-105\" title=\"Josue.Domingues\" alt=\"Josue.Domingues\" srcset=\"https:\/\/saudadedaluz.fr\/wp-content\/uploads\/sites\/10\/sites\/10\/2019\/06\/Josue.Domingues-700x700.jpg 700w, https:\/\/saudadedaluz.fr\/wp-content\/uploads\/sites\/10\/sites\/10\/2019\/06\/Josue.Domingues-150x150.jpg 150w, https:\/\/saudadedaluz.fr\/wp-content\/uploads\/sites\/10\/sites\/10\/2019\/06\/Josue.Domingues-24x24.jpg 24w, https:\/\/saudadedaluz.fr\/wp-content\/uploads\/sites\/10\/sites\/10\/2019\/06\/Josue.Domingues-36x36.jpg 36w, https:\/\/saudadedaluz.fr\/wp-content\/uploads\/sites\/10\/sites\/10\/2019\/06\/Josue.Domingues-48x48.jpg 48w, https:\/\/saudadedaluz.fr\/wp-content\/uploads\/sites\/10\/sites\/10\/2019\/06\/Josue.Domingues-210x210.jpg 210w, https:\/\/saudadedaluz.fr\/wp-content\/uploads\/sites\/10\/sites\/10\/2019\/06\/Josue.Domingues-333x333.jpg 333w, https:\/\/saudadedaluz.fr\/wp-content\/uploads\/sites\/10\/sites\/10\/2019\/06\/Josue.Domingues-421x421.jpg 421w, https:\/\/saudadedaluz.fr\/wp-content\/uploads\/sites\/10\/sites\/10\/2019\/06\/Josue.Domingues-550x550.jpg 550w, https:\/\/saudadedaluz.fr\/wp-content\/uploads\/sites\/10\/sites\/10\/2019\/06\/Josue.Domingues-20x20.jpg 20w, https:\/\/saudadedaluz.fr\/wp-content\/uploads\/sites\/10\/sites\/10\/2019\/06\/Josue.Domingues.jpg 200w\" sizes=\"auto, (max-width: 700px) 100vw, 700px\" \/><\/a>\n                                                                <\/figure>\n\n                                    \n                        <div class=\"post-content\">\n\n                        \n                                                                                            <h3 class=\"post-title\">\n                                                                    <a href=\"https:\/\/saudadedaluz.fr\/br\/artistes\/josue-domingues\/\">Josu\u00e9 Domingues<\/a>\n                                                                <\/h3>\n                                                            \n                            \n                                                            \n                        <\/div>\n                        <!-- \/.post-content -->\n                                \n                    <\/article>\n            \n                        \n                    \n                    <article id=\"post-76\" class=\"post tf_clearfix post-76 artistes type-artistes status-publish has-post-thumbnail hentry annee-53\">\n\n                    \n                    \n                                <figure class=\"post-image\">\n                                                                        <a href=\"https:\/\/saudadedaluz.fr\/br\/artistes\/rosange-sena\/\"><img loading=\"lazy\" decoding=\"async\" src=\"https:\/\/saudadedaluz.fr\/wp-content\/uploads\/sites\/10\/sites\/10\/2019\/06\/Rosange.Sena_-700x700.jpg\" width=\"700\" height=\"700\" class=\"wp-post-image wp-image-75\" title=\"Rosange.Sena\" alt=\"Rosange.Sena\" srcset=\"https:\/\/saudadedaluz.fr\/wp-content\/uploads\/sites\/10\/sites\/10\/2019\/06\/Rosange.Sena_-700x700.jpg 700w, https:\/\/saudadedaluz.fr\/wp-content\/uploads\/sites\/10\/sites\/10\/2019\/06\/Rosange.Sena_-150x150.jpg 150w, https:\/\/saudadedaluz.fr\/wp-content\/uploads\/sites\/10\/sites\/10\/2019\/06\/Rosange.Sena_-24x24.jpg 24w, https:\/\/saudadedaluz.fr\/wp-content\/uploads\/sites\/10\/sites\/10\/2019\/06\/Rosange.Sena_-36x36.jpg 36w, https:\/\/saudadedaluz.fr\/wp-content\/uploads\/sites\/10\/sites\/10\/2019\/06\/Rosange.Sena_-48x48.jpg 48w, https:\/\/saudadedaluz.fr\/wp-content\/uploads\/sites\/10\/sites\/10\/2019\/06\/Rosange.Sena_-210x210.jpg 210w, https:\/\/saudadedaluz.fr\/wp-content\/uploads\/sites\/10\/sites\/10\/2019\/06\/Rosange.Sena_-333x333.jpg 333w, https:\/\/saudadedaluz.fr\/wp-content\/uploads\/sites\/10\/sites\/10\/2019\/06\/Rosange.Sena_-421x421.jpg 421w, https:\/\/saudadedaluz.fr\/wp-content\/uploads\/sites\/10\/sites\/10\/2019\/06\/Rosange.Sena_-550x550.jpg 550w, https:\/\/saudadedaluz.fr\/wp-content\/uploads\/sites\/10\/sites\/10\/2019\/06\/Rosange.Sena_-20x20.jpg 20w, https:\/\/saudadedaluz.fr\/wp-content\/uploads\/sites\/10\/sites\/10\/2019\/06\/Rosange.Sena_.jpg 200w\" sizes=\"auto, (max-width: 700px) 100vw, 700px\" \/><\/a>\n                                                                <\/figure>\n\n                                    \n                        <div class=\"post-content\">\n\n                        \n                                                                                            <h3 class=\"post-title\">\n                                                                    <a href=\"https:\/\/saudadedaluz.fr\/br\/artistes\/rosange-sena\/\">Rosange Sena<\/a>\n                                                                <\/h3>\n                                                            \n                            \n                                                            \n                        <\/div>\n                        <!-- \/.post-content -->\n                                \n                    <\/article>\n            \n                        \n                    \n                    <article id=\"post-82\" class=\"post tf_clearfix post-82 artistes type-artistes status-publish has-post-thumbnail hentry annee-57 annee-59\">\n\n                    \n                    \n                                <figure class=\"post-image\">\n                                                                        <a href=\"https:\/\/saudadedaluz.fr\/br\/artistes\/sebastien-guillouzo\/\"><img loading=\"lazy\" decoding=\"async\" src=\"https:\/\/saudadedaluz.fr\/wp-content\/uploads\/sites\/10\/sites\/10\/2019\/06\/Sebastien.Guillouzo-700x700.jpg\" width=\"700\" height=\"700\" class=\"wp-post-image wp-image-81\" title=\"Sebastien.Guillouzo\" alt=\"Sebastien.Guillouzo\" srcset=\"https:\/\/saudadedaluz.fr\/wp-content\/uploads\/sites\/10\/sites\/10\/2019\/06\/Sebastien.Guillouzo-700x700.jpg 700w, https:\/\/saudadedaluz.fr\/wp-content\/uploads\/sites\/10\/sites\/10\/2019\/06\/Sebastien.Guillouzo-150x150.jpg 150w, https:\/\/saudadedaluz.fr\/wp-content\/uploads\/sites\/10\/sites\/10\/2019\/06\/Sebastien.Guillouzo-24x24.jpg 24w, https:\/\/saudadedaluz.fr\/wp-content\/uploads\/sites\/10\/sites\/10\/2019\/06\/Sebastien.Guillouzo-36x36.jpg 36w, https:\/\/saudadedaluz.fr\/wp-content\/uploads\/sites\/10\/sites\/10\/2019\/06\/Sebastien.Guillouzo-48x48.jpg 48w, https:\/\/saudadedaluz.fr\/wp-content\/uploads\/sites\/10\/sites\/10\/2019\/06\/Sebastien.Guillouzo-210x210.jpg 210w, https:\/\/saudadedaluz.fr\/wp-content\/uploads\/sites\/10\/sites\/10\/2019\/06\/Sebastien.Guillouzo-333x333.jpg 333w, https:\/\/saudadedaluz.fr\/wp-content\/uploads\/sites\/10\/sites\/10\/2019\/06\/Sebastien.Guillouzo-421x421.jpg 421w, https:\/\/saudadedaluz.fr\/wp-content\/uploads\/sites\/10\/sites\/10\/2019\/06\/Sebastien.Guillouzo-550x550.jpg 550w, https:\/\/saudadedaluz.fr\/wp-content\/uploads\/sites\/10\/sites\/10\/2019\/06\/Sebastien.Guillouzo-20x20.jpg 20w, https:\/\/saudadedaluz.fr\/wp-content\/uploads\/sites\/10\/sites\/10\/2019\/06\/Sebastien.Guillouzo.jpg 200w\" sizes=\"auto, (max-width: 700px) 100vw, 700px\" \/><\/a>\n                                                                <\/figure>\n\n                                    \n                        <div class=\"post-content\">\n\n                        \n                                                                                            <h3 class=\"post-title\">\n                                                                    <a href=\"https:\/\/saudadedaluz.fr\/br\/artistes\/sebastien-guillouzo\/\">Sebastien Guillouzo<\/a>\n                                                                <\/h3>\n                                                            \n                            \n                                                            \n                        <\/div>\n                        <!-- \/.post-content -->\n                                \n                    <\/article>\n            \n                        \n                    \n                    <article id=\"post-96\" class=\"post tf_clearfix post-96 artistes type-artistes status-publish has-post-thumbnail hentry annee-53 annee-59\">\n\n                    \n                    \n                                <figure class=\"post-image\">\n                                                                        <a href=\"https:\/\/saudadedaluz.fr\/br\/artistes\/mazinho-ventura\/\"><img loading=\"lazy\" decoding=\"async\" src=\"https:\/\/saudadedaluz.fr\/wp-content\/uploads\/sites\/10\/sites\/10\/2019\/06\/Mazinho.Ventura-700x700.jpg\" width=\"700\" height=\"700\" class=\"wp-post-image wp-image-95\" title=\"Mazinho.Ventura\" alt=\"Mazinho.Ventura\" srcset=\"https:\/\/saudadedaluz.fr\/wp-content\/uploads\/sites\/10\/sites\/10\/2019\/06\/Mazinho.Ventura-700x700.jpg 700w, https:\/\/saudadedaluz.fr\/wp-content\/uploads\/sites\/10\/sites\/10\/2019\/06\/Mazinho.Ventura-150x150.jpg 150w, https:\/\/saudadedaluz.fr\/wp-content\/uploads\/sites\/10\/sites\/10\/2019\/06\/Mazinho.Ventura-24x24.jpg 24w, https:\/\/saudadedaluz.fr\/wp-content\/uploads\/sites\/10\/sites\/10\/2019\/06\/Mazinho.Ventura-36x36.jpg 36w, https:\/\/saudadedaluz.fr\/wp-content\/uploads\/sites\/10\/sites\/10\/2019\/06\/Mazinho.Ventura-48x48.jpg 48w, https:\/\/saudadedaluz.fr\/wp-content\/uploads\/sites\/10\/sites\/10\/2019\/06\/Mazinho.Ventura-210x210.jpg 210w, https:\/\/saudadedaluz.fr\/wp-content\/uploads\/sites\/10\/sites\/10\/2019\/06\/Mazinho.Ventura-333x333.jpg 333w, https:\/\/saudadedaluz.fr\/wp-content\/uploads\/sites\/10\/sites\/10\/2019\/06\/Mazinho.Ventura-421x421.jpg 421w, https:\/\/saudadedaluz.fr\/wp-content\/uploads\/sites\/10\/sites\/10\/2019\/06\/Mazinho.Ventura-550x550.jpg 550w, https:\/\/saudadedaluz.fr\/wp-content\/uploads\/sites\/10\/sites\/10\/2019\/06\/Mazinho.Ventura.jpg 200w\" sizes=\"auto, (max-width: 700px) 100vw, 700px\" \/><\/a>\n                                                                <\/figure>\n\n                                    \n                        <div class=\"post-content\">\n\n                        \n                                                                                            <h3 class=\"post-title\">\n                                                                    <a href=\"https:\/\/saudadedaluz.fr\/br\/artistes\/mazinho-ventura\/\">Mazinho Ventura<\/a>\n                                                                <\/h3>\n                                                            \n                            \n                                                            \n                        <\/div>\n                        <!-- \/.post-content -->\n                                \n                    <\/article>\n            \n                        \n                    \n                    <article id=\"post-233\" class=\"post tf_clearfix post-233 artistes type-artistes status-publish has-post-thumbnail hentry annee-66\">\n\n                    \n                    \n                                <figure class=\"post-image\">\n                                                                        <a href=\"https:\/\/saudadedaluz.fr\/br\/artistes\/jo-ziako\/\"><img loading=\"lazy\" decoding=\"async\" src=\"https:\/\/saudadedaluz.fr\/wp-content\/uploads\/sites\/10\/sites\/10\/2019\/08\/2019-Jo-Ziako-700x700.jpg\" width=\"700\" height=\"700\" class=\"wp-post-image wp-image-249\" title=\"Jo Ziako\" alt=\"Jo Ziako\" srcset=\"https:\/\/saudadedaluz.fr\/wp-content\/uploads\/sites\/10\/sites\/10\/2019\/08\/2019-Jo-Ziako-700x700.jpg 700w, https:\/\/saudadedaluz.fr\/wp-content\/uploads\/sites\/10\/sites\/10\/2019\/08\/2019-Jo-Ziako-300x300.jpg 300w, https:\/\/saudadedaluz.fr\/wp-content\/uploads\/sites\/10\/sites\/10\/2019\/08\/2019-Jo-Ziako-150x150.jpg 150w, https:\/\/saudadedaluz.fr\/wp-content\/uploads\/sites\/10\/sites\/10\/2019\/08\/2019-Jo-Ziako-24x24.jpg 24w, https:\/\/saudadedaluz.fr\/wp-content\/uploads\/sites\/10\/sites\/10\/2019\/08\/2019-Jo-Ziako-36x36.jpg 36w, https:\/\/saudadedaluz.fr\/wp-content\/uploads\/sites\/10\/sites\/10\/2019\/08\/2019-Jo-Ziako-48x48.jpg 48w, https:\/\/saudadedaluz.fr\/wp-content\/uploads\/sites\/10\/sites\/10\/2019\/08\/2019-Jo-Ziako-210x210.jpg 210w, https:\/\/saudadedaluz.fr\/wp-content\/uploads\/sites\/10\/sites\/10\/2019\/08\/2019-Jo-Ziako-333x333.jpg 333w, https:\/\/saudadedaluz.fr\/wp-content\/uploads\/sites\/10\/sites\/10\/2019\/08\/2019-Jo-Ziako-421x421.jpg 421w, https:\/\/saudadedaluz.fr\/wp-content\/uploads\/sites\/10\/sites\/10\/2019\/08\/2019-Jo-Ziako-550x550.jpg 550w, https:\/\/saudadedaluz.fr\/wp-content\/uploads\/sites\/10\/sites\/10\/2019\/08\/2019-Jo-Ziako.jpg 640w\" sizes=\"auto, (max-width: 700px) 100vw, 700px\" \/><\/a>\n                                                                <\/figure>\n\n                                    \n                        <div class=\"post-content\">\n\n                        \n                                                                                            <h3 class=\"post-title\">\n                                                                    <a href=\"https:\/\/saudadedaluz.fr\/br\/artistes\/jo-ziako\/\">Jo Ziako<\/a>\n                                                                <\/h3>\n                                                            \n                            \n                                                            \n                        <\/div>\n                        <!-- \/.post-content -->\n                                \n                    <\/article>\n            \n                        \n                    \n                    <article id=\"post-102\" class=\"post tf_clearfix post-102 artistes type-artistes status-publish has-post-thumbnail hentry annee-59\">\n\n                    \n                    \n                                <figure class=\"post-image\">\n                                                                        <a href=\"https:\/\/saudadedaluz.fr\/br\/artistes\/valerie-lu\/\"><img loading=\"lazy\" decoding=\"async\" src=\"https:\/\/saudadedaluz.fr\/wp-content\/uploads\/sites\/10\/sites\/10\/2019\/06\/Valerie.Lu_-700x700.jpg\" width=\"700\" height=\"700\" class=\"wp-post-image wp-image-101\" title=\"Valerie.Lu\" alt=\"Valerie.Lu\" srcset=\"https:\/\/saudadedaluz.fr\/wp-content\/uploads\/sites\/10\/sites\/10\/2019\/06\/Valerie.Lu_-700x700.jpg 700w, https:\/\/saudadedaluz.fr\/wp-content\/uploads\/sites\/10\/sites\/10\/2019\/06\/Valerie.Lu_-150x150.jpg 150w, https:\/\/saudadedaluz.fr\/wp-content\/uploads\/sites\/10\/sites\/10\/2019\/06\/Valerie.Lu_-24x24.jpg 24w, https:\/\/saudadedaluz.fr\/wp-content\/uploads\/sites\/10\/sites\/10\/2019\/06\/Valerie.Lu_-36x36.jpg 36w, https:\/\/saudadedaluz.fr\/wp-content\/uploads\/sites\/10\/sites\/10\/2019\/06\/Valerie.Lu_-48x48.jpg 48w, https:\/\/saudadedaluz.fr\/wp-content\/uploads\/sites\/10\/sites\/10\/2019\/06\/Valerie.Lu_-210x210.jpg 210w, https:\/\/saudadedaluz.fr\/wp-content\/uploads\/sites\/10\/sites\/10\/2019\/06\/Valerie.Lu_-333x333.jpg 333w, https:\/\/saudadedaluz.fr\/wp-content\/uploads\/sites\/10\/sites\/10\/2019\/06\/Valerie.Lu_-421x421.jpg 421w, https:\/\/saudadedaluz.fr\/wp-content\/uploads\/sites\/10\/sites\/10\/2019\/06\/Valerie.Lu_-550x550.jpg 550w, https:\/\/saudadedaluz.fr\/wp-content\/uploads\/sites\/10\/sites\/10\/2019\/06\/Valerie.Lu_.jpg 200w\" sizes=\"auto, (max-width: 700px) 100vw, 700px\" \/><\/a>\n                                                                <\/figure>\n\n                                    \n                        <div class=\"post-content\">\n\n                        \n                                                                                            <h3 class=\"post-title\">\n                                                                    <a href=\"https:\/\/saudadedaluz.fr\/br\/artistes\/valerie-lu\/\">Valerie Lu<\/a>\n                                                                <\/h3>\n                                                            \n                            \n                                                            \n                        <\/div>\n                        <!-- \/.post-content -->\n                                \n                    <\/article>\n            \n                        \n                    \n                    <article id=\"post-90\" class=\"post tf_clearfix post-90 artistes type-artistes status-publish has-post-thumbnail hentry annee-59\">\n\n                    \n                    \n                                <figure class=\"post-image\">\n                                                                        <a href=\"https:\/\/saudadedaluz.fr\/br\/artistes\/natallino-neto\/\"><img loading=\"lazy\" decoding=\"async\" src=\"https:\/\/saudadedaluz.fr\/wp-content\/uploads\/sites\/10\/sites\/10\/2019\/06\/Natallino.Neto_-700x700.jpg\" width=\"700\" height=\"700\" class=\"wp-post-image wp-image-89\" title=\"Natallino.Neto\" alt=\"Natallino.Neto\" srcset=\"https:\/\/saudadedaluz.fr\/wp-content\/uploads\/sites\/10\/sites\/10\/2019\/06\/Natallino.Neto_-700x700.jpg 700w, https:\/\/saudadedaluz.fr\/wp-content\/uploads\/sites\/10\/sites\/10\/2019\/06\/Natallino.Neto_-150x150.jpg 150w, https:\/\/saudadedaluz.fr\/wp-content\/uploads\/sites\/10\/sites\/10\/2019\/06\/Natallino.Neto_-24x24.jpg 24w, https:\/\/saudadedaluz.fr\/wp-content\/uploads\/sites\/10\/sites\/10\/2019\/06\/Natallino.Neto_-36x36.jpg 36w, https:\/\/saudadedaluz.fr\/wp-content\/uploads\/sites\/10\/sites\/10\/2019\/06\/Natallino.Neto_-48x48.jpg 48w, https:\/\/saudadedaluz.fr\/wp-content\/uploads\/sites\/10\/sites\/10\/2019\/06\/Natallino.Neto_-210x210.jpg 210w, https:\/\/saudadedaluz.fr\/wp-content\/uploads\/sites\/10\/sites\/10\/2019\/06\/Natallino.Neto_-333x333.jpg 333w, https:\/\/saudadedaluz.fr\/wp-content\/uploads\/sites\/10\/sites\/10\/2019\/06\/Natallino.Neto_-421x421.jpg 421w, https:\/\/saudadedaluz.fr\/wp-content\/uploads\/sites\/10\/sites\/10\/2019\/06\/Natallino.Neto_-550x550.jpg 550w, https:\/\/saudadedaluz.fr\/wp-content\/uploads\/sites\/10\/sites\/10\/2019\/06\/Natallino.Neto_.jpg 200w\" sizes=\"auto, (max-width: 700px) 100vw, 700px\" \/><\/a>\n                                                                <\/figure>\n\n                                    \n                        <div class=\"post-content\">\n\n                        \n                                                                                            <h3 class=\"post-title\">\n                                                                    <a href=\"https:\/\/saudadedaluz.fr\/br\/artistes\/natallino-neto\/\">Natallino Neto<\/a>\n                                                                <\/h3>\n                                                            \n                            \n                                                            \n                        <\/div>\n                        <!-- \/.post-content -->\n                                \n                    <\/article>\n            \n                        \n                    \n                    <article id=\"post-279\" class=\"post tf_clearfix post-279 artistes type-artistes status-publish has-post-thumbnail hentry annee-66\">\n\n                    \n                    \n                                <figure class=\"post-image\">\n                                                                        <a href=\"https:\/\/saudadedaluz.fr\/br\/artistes\/antonio-villeroy\/\"><img loading=\"lazy\" decoding=\"async\" src=\"https:\/\/saudadedaluz.fr\/wp-content\/uploads\/sites\/10\/sites\/10\/2019\/08\/Totonho-1024x574-1-700x700.jpg\" width=\"700\" height=\"700\" class=\"wp-post-image wp-image-278\" title=\"Totonho-1024x574\" alt=\"Totonho-1024x574\" srcset=\"https:\/\/saudadedaluz.fr\/wp-content\/uploads\/sites\/10\/sites\/10\/2019\/08\/Totonho-1024x574-1-700x700.jpg 700w, https:\/\/saudadedaluz.fr\/wp-content\/uploads\/sites\/10\/sites\/10\/2019\/08\/Totonho-1024x574-1-150x150.jpg 150w, https:\/\/saudadedaluz.fr\/wp-content\/uploads\/sites\/10\/sites\/10\/2019\/08\/Totonho-1024x574-1-210x210.jpg 210w, https:\/\/saudadedaluz.fr\/wp-content\/uploads\/sites\/10\/sites\/10\/2019\/08\/Totonho-1024x574-1-333x333.jpg 333w, https:\/\/saudadedaluz.fr\/wp-content\/uploads\/sites\/10\/sites\/10\/2019\/08\/Totonho-1024x574-1-421x421.jpg 421w, https:\/\/saudadedaluz.fr\/wp-content\/uploads\/sites\/10\/sites\/10\/2019\/08\/Totonho-1024x574-1-550x550.jpg 550w\" sizes=\"auto, (max-width: 700px) 100vw, 700px\" \/><\/a>\n                                                                <\/figure>\n\n                                    \n                        <div class=\"post-content\">\n\n                        \n                                                                                            <h3 class=\"post-title\">\n                                                                    <a href=\"https:\/\/saudadedaluz.fr\/br\/artistes\/antonio-villeroy\/\">Antonio Villeroy<\/a>\n                                                                <\/h3>\n                                                            \n                            \n                                                            \n                        <\/div>\n                        <!-- \/.post-content -->\n                                \n                    <\/article>\n            \n                        \n                    \n                    <article id=\"post-88\" class=\"post tf_clearfix post-88 artistes type-artistes status-publish has-post-thumbnail hentry annee-54 annee-59 annee-60\">\n\n                    \n                    \n                                <figure class=\"post-image\">\n                                                                        <a href=\"https:\/\/saudadedaluz.fr\/br\/artistes\/laurent-de-oliveira\/\"><img loading=\"lazy\" decoding=\"async\" src=\"https:\/\/saudadedaluz.fr\/wp-content\/uploads\/sites\/10\/sites\/10\/2019\/06\/Laurent.de_.Oliveira-700x700.jpg\" width=\"700\" height=\"700\" class=\"wp-post-image wp-image-87\" title=\"Laurent.de.Oliveira\" alt=\"Laurent.de.Oliveira\" srcset=\"https:\/\/saudadedaluz.fr\/wp-content\/uploads\/sites\/10\/sites\/10\/2019\/06\/Laurent.de_.Oliveira-700x700.jpg 700w, https:\/\/saudadedaluz.fr\/wp-content\/uploads\/sites\/10\/sites\/10\/2019\/06\/Laurent.de_.Oliveira-150x150.jpg 150w, https:\/\/saudadedaluz.fr\/wp-content\/uploads\/sites\/10\/sites\/10\/2019\/06\/Laurent.de_.Oliveira-24x24.jpg 24w, https:\/\/saudadedaluz.fr\/wp-content\/uploads\/sites\/10\/sites\/10\/2019\/06\/Laurent.de_.Oliveira-36x36.jpg 36w, https:\/\/saudadedaluz.fr\/wp-content\/uploads\/sites\/10\/sites\/10\/2019\/06\/Laurent.de_.Oliveira-48x48.jpg 48w, https:\/\/saudadedaluz.fr\/wp-content\/uploads\/sites\/10\/sites\/10\/2019\/06\/Laurent.de_.Oliveira-210x210.jpg 210w, https:\/\/saudadedaluz.fr\/wp-content\/uploads\/sites\/10\/sites\/10\/2019\/06\/Laurent.de_.Oliveira-333x333.jpg 333w, https:\/\/saudadedaluz.fr\/wp-content\/uploads\/sites\/10\/sites\/10\/2019\/06\/Laurent.de_.Oliveira-421x421.jpg 421w, https:\/\/saudadedaluz.fr\/wp-content\/uploads\/sites\/10\/sites\/10\/2019\/06\/Laurent.de_.Oliveira-550x550.jpg 550w, https:\/\/saudadedaluz.fr\/wp-content\/uploads\/sites\/10\/sites\/10\/2019\/06\/Laurent.de_.Oliveira.jpg 200w\" sizes=\"auto, (max-width: 700px) 100vw, 700px\" \/><\/a>\n                                                                <\/figure>\n\n                                    \n                        <div class=\"post-content\">\n\n                        \n                                                                                            <h3 class=\"post-title\">\n                                                                    <a href=\"https:\/\/saudadedaluz.fr\/br\/artistes\/laurent-de-oliveira\/\">Laurent de Oliveira<\/a>\n                                                                <\/h3>\n                                                            \n                            \n                                                            \n                        <\/div>\n                        <!-- \/.post-content -->\n                                \n                    <\/article>\n            \n                        \n                    \n                    <article id=\"post-290\" class=\"post tf_clearfix post-290 artistes type-artistes status-publish has-post-thumbnail hentry annee-66\">\n\n                    \n                    \n                                <figure class=\"post-image\">\n                                                                        <a href=\"https:\/\/saudadedaluz.fr\/br\/artistes\/daniel-wolff\/\"><img loading=\"lazy\" decoding=\"async\" src=\"https:\/\/saudadedaluz.fr\/wp-content\/uploads\/sites\/10\/sites\/10\/2019\/09\/danielwolff-1-700x700.jpg\" width=\"700\" height=\"700\" class=\"wp-post-image wp-image-289\" title=\"danielwolff\" alt=\"danielwolff\" srcset=\"https:\/\/saudadedaluz.fr\/wp-content\/uploads\/sites\/10\/sites\/10\/2019\/09\/danielwolff-1-700x700.jpg 700w, https:\/\/saudadedaluz.fr\/wp-content\/uploads\/sites\/10\/sites\/10\/2019\/09\/danielwolff-1-150x150.jpg 150w, https:\/\/saudadedaluz.fr\/wp-content\/uploads\/sites\/10\/sites\/10\/2019\/09\/danielwolff-1-210x210.jpg 210w, https:\/\/saudadedaluz.fr\/wp-content\/uploads\/sites\/10\/sites\/10\/2019\/09\/danielwolff-1-333x333.jpg 333w, https:\/\/saudadedaluz.fr\/wp-content\/uploads\/sites\/10\/sites\/10\/2019\/09\/danielwolff-1-421x421.jpg 421w, https:\/\/saudadedaluz.fr\/wp-content\/uploads\/sites\/10\/sites\/10\/2019\/09\/danielwolff-1-550x550.jpg 550w\" sizes=\"auto, (max-width: 700px) 100vw, 700px\" \/><\/a>\n                                                                <\/figure>\n\n                                    \n                        <div class=\"post-content\">\n\n                        \n                                                                                            <h3 class=\"post-title\">\n                                                                    <a href=\"https:\/\/saudadedaluz.fr\/br\/artistes\/daniel-wolff\/\">Daniel Wolff<\/a>\n                                                                <\/h3>\n                                                            \n                            \n                                                            \n                        <\/div>\n                        <!-- \/.post-content -->\n                                \n                    <\/article>\n            \n                        \n                    \n                    <article id=\"post-47\" class=\"post tf_clearfix post-47 artistes type-artistes status-publish has-post-thumbnail hentry annee-52 annee-53\">\n\n                    \n                    \n                                <figure class=\"post-image\">\n                                                                        <a href=\"https:\/\/saudadedaluz.fr\/br\/artistes\/cristina-ventura\/\"><img loading=\"lazy\" decoding=\"async\" src=\"https:\/\/saudadedaluz.fr\/wp-content\/uploads\/sites\/10\/sites\/10\/2019\/06\/Cristina.Ventura-700x700.jpg\" width=\"700\" height=\"700\" class=\"wp-post-image wp-image-46\" title=\"Cristina.Ventura\" alt=\"Cristina.Ventura\" srcset=\"https:\/\/saudadedaluz.fr\/wp-content\/uploads\/sites\/10\/sites\/10\/2019\/06\/Cristina.Ventura-700x700.jpg 700w, https:\/\/saudadedaluz.fr\/wp-content\/uploads\/sites\/10\/sites\/10\/2019\/06\/Cristina.Ventura-150x150.jpg 150w, https:\/\/saudadedaluz.fr\/wp-content\/uploads\/sites\/10\/sites\/10\/2019\/06\/Cristina.Ventura-24x24.jpg 24w, https:\/\/saudadedaluz.fr\/wp-content\/uploads\/sites\/10\/sites\/10\/2019\/06\/Cristina.Ventura-36x36.jpg 36w, https:\/\/saudadedaluz.fr\/wp-content\/uploads\/sites\/10\/sites\/10\/2019\/06\/Cristina.Ventura-48x48.jpg 48w, https:\/\/saudadedaluz.fr\/wp-content\/uploads\/sites\/10\/sites\/10\/2019\/06\/Cristina.Ventura-210x210.jpg 210w, https:\/\/saudadedaluz.fr\/wp-content\/uploads\/sites\/10\/sites\/10\/2019\/06\/Cristina.Ventura-333x333.jpg 333w, https:\/\/saudadedaluz.fr\/wp-content\/uploads\/sites\/10\/sites\/10\/2019\/06\/Cristina.Ventura-421x421.jpg 421w, https:\/\/saudadedaluz.fr\/wp-content\/uploads\/sites\/10\/sites\/10\/2019\/06\/Cristina.Ventura-550x550.jpg 550w, https:\/\/saudadedaluz.fr\/wp-content\/uploads\/sites\/10\/sites\/10\/2019\/06\/Cristina.Ventura.jpg 200w\" sizes=\"auto, (max-width: 700px) 100vw, 700px\" \/><\/a>\n                                                                <\/figure>\n\n                                    \n                        <div class=\"post-content\">\n\n                        \n                                                                                            <h3 class=\"post-title\">\n                                                                    <a href=\"https:\/\/saudadedaluz.fr\/br\/artistes\/cristina-ventura\/\">Cristina Ventura<\/a>\n                                                                <\/h3>\n                                                            \n                            \n                                                            \n                        <\/div>\n                        <!-- \/.post-content -->\n                                \n                    <\/article>\n            \n                        \n                    \n                    <article id=\"post-292\" class=\"post tf_clearfix post-292 artistes type-artistes status-publish has-post-thumbnail hentry annee-66\">\n\n                    \n                    \n                                <figure class=\"post-image\">\n                                                                        <a href=\"https:\/\/saudadedaluz.fr\/br\/artistes\/ayres-potthoff\/\"><img loading=\"lazy\" decoding=\"async\" src=\"https:\/\/saudadedaluz.fr\/wp-content\/uploads\/sites\/10\/sites\/10\/2019\/09\/ayrespotthoff-654x1024-700x700.jpg\" width=\"700\" height=\"700\" class=\"wp-post-image wp-image-291\" title=\"ayrespotthoff\" alt=\"ayrespotthoff\" srcset=\"https:\/\/saudadedaluz.fr\/wp-content\/uploads\/sites\/10\/sites\/10\/2019\/09\/ayrespotthoff-654x1024-700x700.jpg 700w, https:\/\/saudadedaluz.fr\/wp-content\/uploads\/sites\/10\/sites\/10\/2019\/09\/ayrespotthoff-654x1024-150x150.jpg 150w, https:\/\/saudadedaluz.fr\/wp-content\/uploads\/sites\/10\/sites\/10\/2019\/09\/ayrespotthoff-654x1024-210x210.jpg 210w, https:\/\/saudadedaluz.fr\/wp-content\/uploads\/sites\/10\/sites\/10\/2019\/09\/ayrespotthoff-654x1024-333x333.jpg 333w, https:\/\/saudadedaluz.fr\/wp-content\/uploads\/sites\/10\/sites\/10\/2019\/09\/ayrespotthoff-654x1024-421x421.jpg 421w, https:\/\/saudadedaluz.fr\/wp-content\/uploads\/sites\/10\/sites\/10\/2019\/09\/ayrespotthoff-654x1024-550x550.jpg 550w\" sizes=\"auto, (max-width: 700px) 100vw, 700px\" \/><\/a>\n                                                                <\/figure>\n\n                                    \n                        <div class=\"post-content\">\n\n                        \n                                                                                            <h3 class=\"post-title\">\n                                                                    <a href=\"https:\/\/saudadedaluz.fr\/br\/artistes\/ayres-potthoff\/\">Ayres Potthoff<\/a>\n                                                                <\/h3>\n                                                            \n                            \n                                                            \n                        <\/div>\n                        <!-- \/.post-content -->\n                                \n                    <\/article>\n            \n                        \n                    \n                    <article id=\"post-241613\" class=\"post tf_clearfix post-241613 artistes type-artistes status-publish has-post-thumbnail hentry annee-66\">\n\n                    \n                    \n                                <figure class=\"post-image\">\n                                                                        <a href=\"https:\/\/saudadedaluz.fr\/br\/artistes\/virginie-del\/\"><img loading=\"lazy\" decoding=\"async\" src=\"https:\/\/saudadedaluz.fr\/wp-content\/uploads\/sites\/10\/sites\/10\/2019\/08\/Virginie-Del-700x700.jpg\" width=\"700\" height=\"700\" class=\"wp-post-image wp-image-251\" title=\"Virginie Del\" alt=\"Virginie Del\" srcset=\"https:\/\/saudadedaluz.fr\/wp-content\/uploads\/sites\/10\/sites\/10\/2019\/08\/Virginie-Del-700x700.jpg 700w, https:\/\/saudadedaluz.fr\/wp-content\/uploads\/sites\/10\/sites\/10\/2019\/08\/Virginie-Del-150x150.jpg 150w, https:\/\/saudadedaluz.fr\/wp-content\/uploads\/sites\/10\/sites\/10\/2019\/08\/Virginie-Del-210x210.jpg 210w, https:\/\/saudadedaluz.fr\/wp-content\/uploads\/sites\/10\/sites\/10\/2019\/08\/Virginie-Del-333x333.jpg 333w, https:\/\/saudadedaluz.fr\/wp-content\/uploads\/sites\/10\/sites\/10\/2019\/08\/Virginie-Del-421x421.jpg 421w, https:\/\/saudadedaluz.fr\/wp-content\/uploads\/sites\/10\/sites\/10\/2019\/08\/Virginie-Del-550x550.jpg 550w\" sizes=\"auto, (max-width: 700px) 100vw, 700px\" \/><\/a>\n                                                                <\/figure>\n\n                                    \n                        <div class=\"post-content\">\n\n                        \n                                                                                            <h3 class=\"post-title\">\n                                                                    <a href=\"https:\/\/saudadedaluz.fr\/br\/artistes\/virginie-del\/\">Virginie Del<\/a>\n                                                                <\/h3>\n                                                            \n                            \n                                                            \n                        <\/div>\n                        <!-- \/.post-content -->\n                                \n                    <\/article>\n            \n                        \n                    \n                    <article id=\"post-134\" class=\"post tf_clearfix post-134 artistes type-artistes status-publish has-post-thumbnail hentry annee-52 annee-54 annee-53 annee-55 annee-57 annee-59 annee-60 annee-61 annee-63 annee-62 annee-65 annee-64 annee-56 annee-58 annee-66 annee-67 annee-68\">\n\n                    \n                    \n                                <figure class=\"post-image\">\n                                                                        <a href=\"https:\/\/saudadedaluz.fr\/br\/artistes\/nara-lisboa\/\"><img loading=\"lazy\" decoding=\"async\" src=\"https:\/\/saudadedaluz.fr\/wp-content\/uploads\/sites\/10\/sites\/10\/2019\/06\/Nara.Lisboa-700x700.jpg\" width=\"700\" height=\"700\" class=\"wp-post-image wp-image-133\" title=\"Nara.Lisboa\" alt=\"Nara.Lisboa\" srcset=\"https:\/\/saudadedaluz.fr\/wp-content\/uploads\/sites\/10\/sites\/10\/2019\/06\/Nara.Lisboa-700x700.jpg 700w, https:\/\/saudadedaluz.fr\/wp-content\/uploads\/sites\/10\/sites\/10\/2019\/06\/Nara.Lisboa-150x150.jpg 150w, https:\/\/saudadedaluz.fr\/wp-content\/uploads\/sites\/10\/sites\/10\/2019\/06\/Nara.Lisboa-24x24.jpg 24w, https:\/\/saudadedaluz.fr\/wp-content\/uploads\/sites\/10\/sites\/10\/2019\/06\/Nara.Lisboa-36x36.jpg 36w, https:\/\/saudadedaluz.fr\/wp-content\/uploads\/sites\/10\/sites\/10\/2019\/06\/Nara.Lisboa-48x48.jpg 48w, https:\/\/saudadedaluz.fr\/wp-content\/uploads\/sites\/10\/sites\/10\/2019\/06\/Nara.Lisboa-210x210.jpg 210w, https:\/\/saudadedaluz.fr\/wp-content\/uploads\/sites\/10\/sites\/10\/2019\/06\/Nara.Lisboa-333x333.jpg 333w, https:\/\/saudadedaluz.fr\/wp-content\/uploads\/sites\/10\/sites\/10\/2019\/06\/Nara.Lisboa-421x421.jpg 421w, https:\/\/saudadedaluz.fr\/wp-content\/uploads\/sites\/10\/sites\/10\/2019\/06\/Nara.Lisboa-550x550.jpg 550w, https:\/\/saudadedaluz.fr\/wp-content\/uploads\/sites\/10\/sites\/10\/2019\/06\/Nara.Lisboa-20x20.jpg 20w, https:\/\/saudadedaluz.fr\/wp-content\/uploads\/sites\/10\/sites\/10\/2019\/06\/Nara.Lisboa.jpg 200w\" sizes=\"auto, (max-width: 700px) 100vw, 700px\" \/><\/a>\n                                                                <\/figure>\n\n                                    \n                        <div class=\"post-content\">\n\n                        \n                                                                                            <h3 class=\"post-title\">\n                                                                    <a href=\"https:\/\/saudadedaluz.fr\/br\/artistes\/nara-lisboa\/\">Nara Lisb\u00f4a<\/a>\n                                                                <\/h3>\n                                                            \n                            \n                                                            \n                        <\/div>\n                        <!-- \/.post-content -->\n                                \n                    <\/article>\n            \n                        \n                    \n                    <article id=\"post-136\" class=\"post tf_clearfix post-136 artistes type-artistes status-publish has-post-thumbnail hentry annee-52 annee-54 annee-53 annee-55 annee-57 annee-59 annee-60 annee-61 annee-63 annee-62 annee-65 annee-64 annee-56 annee-58 annee-66\">\n\n                    \n                    \n                                <figure class=\"post-image\">\n                                                                        <a href=\"https:\/\/saudadedaluz.fr\/br\/artistes\/bernard-brun\/\"><img loading=\"lazy\" decoding=\"async\" src=\"https:\/\/saudadedaluz.fr\/wp-content\/uploads\/sites\/10\/sites\/10\/2019\/06\/Bernard.Brun_-700x700.jpg\" width=\"700\" height=\"700\" class=\"wp-post-image wp-image-135\" title=\"Bernard.Brun\" alt=\"Bernard.Brun\" srcset=\"https:\/\/saudadedaluz.fr\/wp-content\/uploads\/sites\/10\/sites\/10\/2019\/06\/Bernard.Brun_-700x700.jpg 700w, https:\/\/saudadedaluz.fr\/wp-content\/uploads\/sites\/10\/sites\/10\/2019\/06\/Bernard.Brun_-150x150.jpg 150w, https:\/\/saudadedaluz.fr\/wp-content\/uploads\/sites\/10\/sites\/10\/2019\/06\/Bernard.Brun_-24x24.jpg 24w, https:\/\/saudadedaluz.fr\/wp-content\/uploads\/sites\/10\/sites\/10\/2019\/06\/Bernard.Brun_-36x36.jpg 36w, https:\/\/saudadedaluz.fr\/wp-content\/uploads\/sites\/10\/sites\/10\/2019\/06\/Bernard.Brun_-48x48.jpg 48w, https:\/\/saudadedaluz.fr\/wp-content\/uploads\/sites\/10\/sites\/10\/2019\/06\/Bernard.Brun_-210x210.jpg 210w, https:\/\/saudadedaluz.fr\/wp-content\/uploads\/sites\/10\/sites\/10\/2019\/06\/Bernard.Brun_-333x333.jpg 333w, https:\/\/saudadedaluz.fr\/wp-content\/uploads\/sites\/10\/sites\/10\/2019\/06\/Bernard.Brun_-421x421.jpg 421w, https:\/\/saudadedaluz.fr\/wp-content\/uploads\/sites\/10\/sites\/10\/2019\/06\/Bernard.Brun_-550x550.jpg 550w, https:\/\/saudadedaluz.fr\/wp-content\/uploads\/sites\/10\/sites\/10\/2019\/06\/Bernard.Brun_-20x20.jpg 20w, https:\/\/saudadedaluz.fr\/wp-content\/uploads\/sites\/10\/sites\/10\/2019\/06\/Bernard.Brun_.jpg 200w\" sizes=\"auto, (max-width: 700px) 100vw, 700px\" \/><\/a>\n                                                                <\/figure>\n\n                                    \n                        <div class=\"post-content\">\n\n                        \n                                                                                            <h3 class=\"post-title\">\n                                                                    <a href=\"https:\/\/saudadedaluz.fr\/br\/artistes\/bernard-brun\/\">Bernard Brun<\/a>\n                                                                <\/h3>\n                                                            \n                            \n                                                            \n                        <\/div>\n                        <!-- \/.post-content -->\n                                \n                    <\/article>\n            \n                        \n                    \n                    <article id=\"post-124\" class=\"post tf_clearfix post-124 artistes type-artistes status-publish has-post-thumbnail hentry annee-56 annee-58\">\n\n                    \n                    \n                                <figure class=\"post-image\">\n                                                                        <a href=\"https:\/\/saudadedaluz.fr\/br\/artistes\/leandro-maia\/\"><img loading=\"lazy\" decoding=\"async\" src=\"https:\/\/saudadedaluz.fr\/wp-content\/uploads\/sites\/10\/sites\/10\/2019\/06\/Leandro.Maia_-700x700.jpg\" width=\"700\" height=\"700\" class=\"wp-post-image wp-image-123\" title=\"Leandro.Maia\" alt=\"Leandro.Maia\" srcset=\"https:\/\/saudadedaluz.fr\/wp-content\/uploads\/sites\/10\/sites\/10\/2019\/06\/Leandro.Maia_-700x700.jpg 700w, https:\/\/saudadedaluz.fr\/wp-content\/uploads\/sites\/10\/sites\/10\/2019\/06\/Leandro.Maia_-150x150.jpg 150w, https:\/\/saudadedaluz.fr\/wp-content\/uploads\/sites\/10\/sites\/10\/2019\/06\/Leandro.Maia_-24x24.jpg 24w, https:\/\/saudadedaluz.fr\/wp-content\/uploads\/sites\/10\/sites\/10\/2019\/06\/Leandro.Maia_-36x36.jpg 36w, https:\/\/saudadedaluz.fr\/wp-content\/uploads\/sites\/10\/sites\/10\/2019\/06\/Leandro.Maia_-48x48.jpg 48w, https:\/\/saudadedaluz.fr\/wp-content\/uploads\/sites\/10\/sites\/10\/2019\/06\/Leandro.Maia_-210x210.jpg 210w, https:\/\/saudadedaluz.fr\/wp-content\/uploads\/sites\/10\/sites\/10\/2019\/06\/Leandro.Maia_-333x333.jpg 333w, https:\/\/saudadedaluz.fr\/wp-content\/uploads\/sites\/10\/sites\/10\/2019\/06\/Leandro.Maia_-421x421.jpg 421w, https:\/\/saudadedaluz.fr\/wp-content\/uploads\/sites\/10\/sites\/10\/2019\/06\/Leandro.Maia_-550x550.jpg 550w, https:\/\/saudadedaluz.fr\/wp-content\/uploads\/sites\/10\/sites\/10\/2019\/06\/Leandro.Maia_.jpg 200w\" sizes=\"auto, (max-width: 700px) 100vw, 700px\" \/><\/a>\n                                                                <\/figure>\n\n                                    \n                        <div class=\"post-content\">\n\n                        \n                                                                                            <h3 class=\"post-title\">\n                                                                    <a href=\"https:\/\/saudadedaluz.fr\/br\/artistes\/leandro-maia\/\">Leandro Maia<\/a>\n                                                                <\/h3>\n                                                            \n                            \n                                                            \n                        <\/div>\n                        <!-- \/.post-content -->\n                                \n                    <\/article>\n            \n                        \n                    \n                    <article id=\"post-114\" class=\"post tf_clearfix post-114 artistes type-artistes status-publish has-post-thumbnail hentry annee-60\">\n\n                    \n                    \n                                <figure class=\"post-image\">\n                                                                        <a href=\"https:\/\/saudadedaluz.fr\/br\/artistes\/romulo-marques\/\"><img loading=\"lazy\" decoding=\"async\" src=\"https:\/\/saudadedaluz.fr\/wp-content\/uploads\/sites\/10\/sites\/10\/2019\/06\/Romulo.Marques-700x700.jpg\" width=\"700\" height=\"700\" class=\"wp-post-image wp-image-113\" title=\"Romulo.Marques\" alt=\"Romulo.Marques\" srcset=\"https:\/\/saudadedaluz.fr\/wp-content\/uploads\/sites\/10\/sites\/10\/2019\/06\/Romulo.Marques-700x700.jpg 700w, https:\/\/saudadedaluz.fr\/wp-content\/uploads\/sites\/10\/sites\/10\/2019\/06\/Romulo.Marques-150x150.jpg 150w, https:\/\/saudadedaluz.fr\/wp-content\/uploads\/sites\/10\/sites\/10\/2019\/06\/Romulo.Marques-24x24.jpg 24w, https:\/\/saudadedaluz.fr\/wp-content\/uploads\/sites\/10\/sites\/10\/2019\/06\/Romulo.Marques-36x36.jpg 36w, https:\/\/saudadedaluz.fr\/wp-content\/uploads\/sites\/10\/sites\/10\/2019\/06\/Romulo.Marques-48x48.jpg 48w, https:\/\/saudadedaluz.fr\/wp-content\/uploads\/sites\/10\/sites\/10\/2019\/06\/Romulo.Marques-210x210.jpg 210w, https:\/\/saudadedaluz.fr\/wp-content\/uploads\/sites\/10\/sites\/10\/2019\/06\/Romulo.Marques-333x333.jpg 333w, https:\/\/saudadedaluz.fr\/wp-content\/uploads\/sites\/10\/sites\/10\/2019\/06\/Romulo.Marques-421x421.jpg 421w, https:\/\/saudadedaluz.fr\/wp-content\/uploads\/sites\/10\/sites\/10\/2019\/06\/Romulo.Marques-550x550.jpg 550w, https:\/\/saudadedaluz.fr\/wp-content\/uploads\/sites\/10\/sites\/10\/2019\/06\/Romulo.Marques.jpg 200w\" sizes=\"auto, (max-width: 700px) 100vw, 700px\" \/><\/a>\n                                                                <\/figure>\n\n                                    \n                        <div class=\"post-content\">\n\n                        \n                                                                                            <h3 class=\"post-title\">\n                                                                    <a href=\"https:\/\/saudadedaluz.fr\/br\/artistes\/romulo-marques\/\">Romulo Marques<\/a>\n                                                                <\/h3>\n                                                            \n                            \n                                                            \n                        <\/div>\n                        <!-- \/.post-content -->\n                                \n                    <\/article>\n            \n                        \n                    \n                    <article id=\"post-1503\" class=\"post tf_clearfix post-1503 artistes type-artistes status-publish has-post-thumbnail hentry annee-52 annee-63 annee-65 annee-64 annee-58 annee-66\">\n\n                    \n                    \n                                <figure class=\"post-image\">\n                                                                        <a href=\"https:\/\/saudadedaluz.fr\/br\/artistes\/ney-veras\/\"><img loading=\"lazy\" decoding=\"async\" src=\"https:\/\/saudadedaluz.fr\/wp-content\/uploads\/sites\/10\/sites\/10\/2020\/04\/index-700x700.jpg\" width=\"700\" height=\"700\" class=\"wp-post-image wp-image-1502\" title=\"index\" alt=\"index\" srcset=\"https:\/\/saudadedaluz.fr\/wp-content\/uploads\/sites\/10\/sites\/10\/2020\/04\/index-700x700.jpg 700w, https:\/\/saudadedaluz.fr\/wp-content\/uploads\/sites\/10\/sites\/10\/2020\/04\/index-150x150.jpg 150w, https:\/\/saudadedaluz.fr\/wp-content\/uploads\/sites\/10\/sites\/10\/2020\/04\/index-210x210.jpg 210w, https:\/\/saudadedaluz.fr\/wp-content\/uploads\/sites\/10\/sites\/10\/2020\/04\/index-333x333.jpg 333w, https:\/\/saudadedaluz.fr\/wp-content\/uploads\/sites\/10\/sites\/10\/2020\/04\/index-421x421.jpg 421w, https:\/\/saudadedaluz.fr\/wp-content\/uploads\/sites\/10\/sites\/10\/2020\/04\/index-550x550.jpg 550w\" sizes=\"auto, (max-width: 700px) 100vw, 700px\" \/><\/a>\n                                                                <\/figure>\n\n                                    \n                        <div class=\"post-content\">\n\n                        \n                                                                                            <h3 class=\"post-title\">\n                                                                    <a href=\"https:\/\/saudadedaluz.fr\/br\/artistes\/ney-veras\/\">Ney Veras<\/a>\n                                                                <\/h3>\n                                                            \n                            \n                                                            \n                        <\/div>\n                        <!-- \/.post-content -->\n                                \n                    <\/article>\n            \n                            <\/div><!-- .builder-posts-wrap -->\n            <\/div>\n<!-- \/module post -->\n            <\/div>\n                        <\/div>\n        <\/div>\n                        <div  id=\"contact-2\" data-lazy=\"1\" class=\"module_row themify_builder_row tb_n9ki4 tf_w\">\n                        <div class=\"row_inner col_align_middle tb_col_count_3 tf_box tf_rel\">\n                        <div  data-lazy=\"1\" class=\"module_column tb-column col4-1 tb_ebq95 first\">\n                    <!-- module buttons -->\n<div  class=\"module module-buttons tb_dcyv5 buttons-horizontal outline  large circle\" data-lazy=\"1\">\n        <div class=\"module-buttons-item tf_in_flx\">\n                        <a href=\"https:\/\/saudadedaluz.fr\/adhesions\" class=\"ui builder_button tf_in_flx tb_default_color\" >\n                                    <em><svg  class=\"tf_fa tf-fas-music\" aria-hidden=\"true\"><use href=\"#tf-fas-music\"><\/use><\/svg><\/em>                                        ADHESIONS                                        <\/a>\n                <\/div>\n            <\/div>\n<!-- \/module buttons -->\n        <\/div>\n                    <div  data-lazy=\"1\" class=\"module_column tb-column col4-2 tb_6m5m6\">\n                    <!-- module tab -->\n<div  id=\"tb_2jlg6\" class=\"module ui module-tab tb_2jlg6 tab-frame rounded embossed shadow black \" data-lazy=\"1\" data-tab-breakpoint=\"1\">\n        <div class=\"tab-nav-current-active tf_hide\">\n\t\t<span class=\"tab_burger_icon_wrap\">\n\t        <span class=\"tab_burger_icon tf_rel\"><\/span>\n\t\t<\/span>\n        <span class=\"tb_activetab_title\">\n            <span class=\"tb_tab_title\">Management<\/span>\n                    <\/span>\n    <\/div>\n    <ul class=\"tab-nav tf_clearfix tf_scrollbar\">\n                <li class=\"current\" aria-expanded=\"true\">\n            <a href=\"#tab-tb_2jlg6-0\">\n                                <span class=\"tb_tab_title\">Management<\/span>                                            <\/a>\n        <\/li>\n                <li aria-expanded=\"false\">\n            <a href=\"#tab-tb_2jlg6-1\">\n                                <span class=\"tb_tab_title\">Ev\u00e9nements<\/span>                                            <\/a>\n        <\/li>\n                <li aria-expanded=\"false\">\n            <a href=\"#tab-tb_2jlg6-2\">\n                                <span class=\"tb_tab_title\">Artistes<\/span>                                            <\/a>\n        <\/li>\n            <\/ul>\n            <div data-id=\"tab-tb_2jlg6-0\" class=\"tab-content tf_clear\" aria-hidden=\"false\">\n                            <div class=\"tb_text_wrap\">\n                    <p>Pour obtenir des informations sur un artiste ou pour des renseignements sur des spectacles, merci de nous contacter par e-mail \u00e0 l&rsquo;adresse <a href=\"mailto:contact@saudadedaluz.fr\">contact@saudadedaluz.fr<\/a> ou par t\u00e9l\u00e9phone au 06 38 78 39 20<\/p>                <\/div>\n                    <\/div>\n            <div data-id=\"tab-tb_2jlg6-1\" class=\"tab-content tf_clear\" aria-hidden=\"true\">\n                            <div class=\"tb_text_wrap\">\n                    <p>Pour obtenir des renseignement sur les expositions, les vernissages merci de nous contacter par e-mail \u00e0 l&rsquo;adresse <a href=\"mailto:contact@saudadedaluz.fr\">contact@saudadedaluz.fr<\/a> ou par t\u00e9l\u00e9phone au 06 38 78 39 20<\/p>                <\/div>\n                    <\/div>\n            <div data-id=\"tab-tb_2jlg6-2\" class=\"tab-content tf_clear\" aria-hidden=\"true\">\n                            <div class=\"tb_text_wrap\">\n                    <p>Vous \u00eates artiste, artisan et vous \u00eates int\u00e9ress\u00e9 pour rejoindre le collectif, merci de nous contacter par e-mail \u00e0 l&rsquo;adresse <a href=\"mailto:contact@saudadedaluz.fr\">contact@saudadedaluz.fr<\/a> ou par t\u00e9l\u00e9phone au 06 38 78 39 20<\/p>                <\/div>\n                    <\/div>\n    <\/div>\n<!-- \/module tab -->\n        <\/div>\n                    <div  data-lazy=\"1\" class=\"module_column tb-column col4-1 tb_0xs96 last\">\n                            <\/div>\n                        <\/div>\n        <\/div>\n                        <div  id=\"contact\" data-lazy=\"1\" class=\"module_row themify_builder_row tb_joax375 tf_w\">\n                        <div class=\"row_inner col_align_top tb_col_count_1 tf_box tf_rel\">\n                        <div  data-lazy=\"1\" class=\"module_column tb-column col-full tb_gq2k375 first\">\n                    <!-- module fancy heading -->\n<div  class=\"module module-fancy-heading tb_pfze247 \" data-lazy=\"1\">\n        <h1 class=\"fancy-heading\">\n    <span class=\"main-head tf_block\">\n                    Contact            <\/span>\n\n    \n    <span class=\"sub-head tf_block tf_rel\">\n                                <\/span>\n    <\/h1>\n<\/div>\n<!-- \/module fancy heading -->\n<!-- module plain text -->\n<div  class=\"module module-plain-text tb_mehy376 \" data-lazy=\"1\">\n        <div class=\"tb_text_wrap\">\n    \r\n        \r\n\r\n                <form class=\"wpuf-form-add weforms-241578  wpuf-style\" action=\"\" method=\"post\"   id=\"\">\r\n\r\n            <ul class=\"wpuf-form form-label-above\">\r\n\r\n                        <li class=\"wpuf-el name field-size-large\" data-label=\"Name\">\r\n                    <div class=\"wpuf-label\">\r\n            <label for=\"name_241578\">Name <span class=\"required\">*<\/span><\/label>\r\n        <\/div>\r\n        \r\n            <div class=\"wpuf-fields\">\r\n                <div class=\"wpuf-name-field-wrap format-first-last\" data-style=\"wpuf-style\">\r\n                    <div class=\"wpuf-name-field-first-name\">\r\n                        <input\r\n                            name=\"name[first]\"\r\n                            type=\"text\"\r\n                            placeholder=\"\"\r\n                            value=\"\"\r\n                            size=\"40\"\r\n                            data-required=\"yes\"\r\n                            data-type=\"text\"\r\n                            data-style=\"wpuf-style\"\r\n                            class=\"textfield wpuf_name_241578\"\r\n                            autocomplete=\"given-name\"\r\n                        >\r\n                                                    <label class=\"wpuf-form-sub-label\" data-style=\"wpuf-style\">First<\/label>\r\n                                            <\/div>\r\n\r\n                                            <input type=\"hidden\" name=\"name[middle]\" value=\"\">\r\n                    \r\n                    <div class=\"wpuf-name-field-last-name\">\r\n                        <input\r\n                            name=\"name[last]\"\r\n                            type=\"text\" class=\"textfield\"\r\n                            placeholder=\"\"\r\n                            value=\"\"\r\n                            size=\"40\"\r\n                            autocomplete=\"family-name\"\r\n                            data-style=\"wpuf-style\"\r\n                        >\r\n                                                    <label class=\"wpuf-form-sub-label\" data-style=\"wpuf-style\">Last<\/label>\r\n                                            <\/div>\r\n                <\/div>\r\n                            <\/div>\r\n        <\/li>\r\n                <li class=\"wpuf-el email field-size-large\" data-label=\"Email Address\">\r\n                    <div class=\"wpuf-label\">\r\n            <label for=\"email_241578\">Email Address <span class=\"required\">*<\/span><\/label>\r\n        <\/div>\r\n        \r\n            <div class=\"wpuf-fields\">\r\n                <input\r\n                    id=\"email_241578\"\r\n                    type=\"email\"\r\n                    class=\"email  wpuf_email_241578\"\r\n                    data-duplicate=\"\"\r\n                    data-required=\"yes\"\r\n                    data-type=\"email\"\r\n                    data-style=\"wpuf-style\"\r\n                    name=\"email\"\r\n                    placeholder=\"\"\r\n                    value=\"\"\r\n                    size=\"40\"\r\n                    autocomplete=\"email\"\r\n                \/>\r\n                            <\/div>\r\n        <\/li>\r\n                <li class=\"wpuf-el message field-size-large\" data-label=\"Message\">\r\n                    <div class=\"wpuf-label\">\r\n            <label for=\"message_241578\">Message <span class=\"required\">*<\/span><\/label>\r\n        <\/div>\r\n                                    <div class=\"wpuf-fields\">\r\n            \r\n                                    <textarea\r\n                        class=\"textareafield  wpuf_message_241578\"\r\n                        id=\"message_241578\"\r\n                        name=\"message\"\r\n                        data-required=\"yes\"\r\n                        data-type=\"textarea\"\r\n                        placeholder=\"\"\r\n                        rows=\"5\"\r\n                        cols=\"25\"\r\n                        data-style=\"wpuf-style\"\r\n                    ><\/textarea>\r\n                    <span class=\"wpuf-wordlimit-message wpuf-help\"><\/span>\r\n\r\n                \r\n                        <\/div><\/li>\r\n                <li class=\"wpuf-submit\">\r\n            <div class=\"wpuf-label\">\r\n                &nbsp;\r\n            <\/div>\r\n\r\n            <input type=\"hidden\" id=\"_wpnonce\" name=\"_wpnonce\" value=\"4cd6f11f51\" \/><input type=\"hidden\" name=\"_wp_http_referer\" value=\"\/br\/wp-json\/wp\/v2\/pages\/241618\" \/>\r\n            <input type=\"hidden\" name=\"form_id\" value=\"241578\">\r\n            <input type=\"hidden\" name=\"page_id\" value=\"241618\">\r\n            <input type=\"hidden\" name=\"action\" value=\"weforms_frontend_submit\">\r\n\r\n                            <input type=\"hidden\" name=\"weforms-front-report\" value=\"no\">\r\n            \r\n            \r\n                            <input type=\"submit\" class=\"weforms_submit_btn wpuf_submit_241578\" name=\"submit\" value=\"Submit\" \/>\r\n                    <\/li>\r\n                <\/ul>\r\n\r\n        <\/form>\r\n                    <\/div>\n<\/div>\n<!-- \/module plain text --><!-- module menu -->\n<div  class=\"module module-menu tb_lfgf376  mobile-menu-slide\" data-menu-style=\"mobile-menu-slide\" data-menu-breakpoint=\"0\" data-element-id=\"tb_lfgf376\" data-lazy=\"1\">\n        \n            <style>\n            .mobile-menu-module[data-module=\"tb_lfgf376\"]{\n                right:-300px            }\n        <\/style>\n    <\/div>\n<!-- \/module menu -->\n        <\/div>\n                        <\/div>\n        <\/div>\n        <\/div>\n<!--\/themify_builder_content-->","protected":false},"excerpt":{"rendered":"<p>Voici le collectif artistique\u00a021 Connexion Vous trouverez ici tous les artistes ayant particip\u00e9 aux productions de Saudade da Luz\u00a0et du\u00a021 Cabaret. Vous pouvez rejoindre ce collectif artistique,et ainsi profiter de nombreux avantages qu&rsquo;offrent le 21Cabaret et son Studio! L&rsquo;association d&rsquo;\u00e9changes culturels Saudade da Luz organise au 21Cabaret toute sorte d&rsquo;\u00e9v\u00e9nements artistiques et culturels. Avec le &#8230; <a title=\"21Conex\u00e3o\" class=\"read-more\" href=\"https:\/\/saudadedaluz.fr\/br\/21connexion\/\" aria-label=\"Read more about 21Connexion\">Leia mais<\/a><\/p>","protected":false},"author":1,"featured_media":0,"parent":0,"menu_order":0,"comment_status":"closed","ping_status":"closed","template":"","meta":{"footnotes":""},"class_list":["post-241618","page","type-page","status-publish"],"_links":{"self":[{"href":"https:\/\/saudadedaluz.fr\/br\/wp-json\/wp\/v2\/pages\/241618","targetHints":{"allow":["GET"]}}],"collection":[{"href":"https:\/\/saudadedaluz.fr\/br\/wp-json\/wp\/v2\/pages"}],"about":[{"href":"https:\/\/saudadedaluz.fr\/br\/wp-json\/wp\/v2\/types\/page"}],"author":[{"embeddable":true,"href":"https:\/\/saudadedaluz.fr\/br\/wp-json\/wp\/v2\/users\/1"}],"replies":[{"embeddable":true,"href":"https:\/\/saudadedaluz.fr\/br\/wp-json\/wp\/v2\/comments?post=241618"}],"version-history":[{"count":83,"href":"https:\/\/saudadedaluz.fr\/br\/wp-json\/wp\/v2\/pages\/241618\/revisions"}],"predecessor-version":[{"id":241927,"href":"https:\/\/saudadedaluz.fr\/br\/wp-json\/wp\/v2\/pages\/241618\/revisions\/241927"}],"wp:attachment":[{"href":"https:\/\/saudadedaluz.fr\/br\/wp-json\/wp\/v2\/media?parent=241618"}],"curies":[{"name":"wp","href":"https:\/\/api.w.org\/{rel}","templated":true}]}}