{"id":241919,"date":"2024-03-15T18:39:43","date_gmt":"2024-03-15T17:39:43","guid":{"rendered":"https:\/\/saudadedaluz.fr\/?page_id=241919"},"modified":"2024-04-13T17:17:09","modified_gmt":"2024-04-13T15:17:09","slug":"21cabaret","status":"publish","type":"page","link":"https:\/\/saudadedaluz.fr\/br\/21cabaret\/","title":{"rendered":"21Cabaret"},"content":{"rendered":"<!--themify_builder_content-->\n<div id=\"themify_builder_content-241919\" data-postid=\"241919\" class=\"themify_builder_content themify_builder_content-241919 themify_builder tf_clear\">\n                    <div  data-css_id=\"966y157\" id=\"accueil\" data-lazy=\"1\" class=\"module_row themify_builder_row fullwidth tb_966y157 tb_first tf_w\">\n                        <div class=\"row_inner col_align_top tb_col_count_1 tf_box tf_rel\">\n                        <div  data-lazy=\"1\" class=\"module_column tb-column col-full tb_y232157 first\">\n                            <\/div>\n                        <\/div>\n        <\/div>\n                        <div  data-css_id=\"tqdu484\" id=\"accueil-2\" data-lazy=\"1\" class=\"module_row themify_builder_row fullwidth tb_tqdu484 tf_w\">\n                        <div class=\"row_inner col_align_top tb_col_count_1 tf_box tf_rel\">\n                        <div  data-lazy=\"1\" class=\"module_column tb-column col-full tb_lq5v484 first\">\n                            <\/div>\n                        <\/div>\n        <\/div>\n                        <div  data-css_id=\"47cf299\" data-lazy=\"1\" class=\"module_row themify_builder_row fullwidth tb_47cf299 tf_w\">\n                        <div class=\"row_inner col_align_top tb_col_count_3 tf_box tf_rel\">\n                        <div  data-lazy=\"1\" class=\"module_column tb-column col3-1 tb_710b93c first\">\n                            <\/div>\n                    <div  data-lazy=\"1\" class=\"module_column tb-column col3-1 tb_7d1f92f\" data-tbfullwidthvideo=\"https:\/\/21cabaret.fr\/wp-content\/blogs.dir\/4\/files\/sites\/4\/2019\/07\/Logo21Cabaret640.mp4\" data-mutevideo=\"unmute\" data-unloopvideo=\"unloop\">\n                    <!-- module image -->\n<div  class=\"module module-image tb_v36i986 image-top   tf_mw\" data-lazy=\"1\">\n        <div class=\"image-wrap tf_rel tf_mw\">\n            <img decoding=\"async\" src=\"http:\/\/saudadedaluz.fr\/wp-content\/uploads\/sites\/10\/sites\/10\/2020\/05\/LogoPerspquitivax210.png\" width=\"210\" height=\"210\" title=\"21Cabaret\" alt=\"21Cabaret\">    \n        <\/div>\n    <!-- \/image-wrap -->\n    \n        <\/div>\n<!-- \/module image -->        <\/div>\n                    <div  data-lazy=\"1\" class=\"module_column tb-column col3-1 tb_0myj25 last\">\n                            <\/div>\n                        <\/div>\n        <\/div>\n                        <div  data-lazy=\"1\" class=\"module_row themify_builder_row tb_6bfa979 tf_w\">\n                        <div class=\"row_inner col_align_top tb_col_count_1 tf_box tf_rel\">\n                        <div  data-lazy=\"1\" class=\"module_column tb-column col-full tb_0oi6981 first\">\n                    <!-- module text -->\n<div  class=\"module module-text tb_outg223   \" data-lazy=\"1\">\n        <div  class=\"tb_text_wrap\">\n        <p>\u00a0<\/p>\n<p>\u00a0<\/p>    <\/div>\n<\/div>\n<!-- \/module text --><!-- module buttons -->\n<div  class=\"module module-buttons tb_r4v6235 buttons-horizontal outline   circle\" data-lazy=\"1\">\n        <div class=\"module-buttons-item tf_in_flx\">\n                        <a href=\"https:\/\/saudadedaluz.fr\/adhesions\" class=\"ui builder_button tf_in_flx tb_default_color\" >\n                                                Adh\u00e9sions et soutien aux artistes                                        <\/a>\n                <\/div>\n            <\/div>\n<!-- \/module buttons -->\n        <\/div>\n                        <\/div>\n        <\/div>\n                        <div  data-css_id=\"7e77e6e\" id=\"spectacles\" data-lazy=\"1\" class=\"module_row themify_builder_row fullheight fullwidth tb_7e77e6e tf_w\">\n                        <div class=\"row_inner col_align_middle gutter-none tb_col_count_2 tf_box tf_rel\">\n                        <div  data-lazy=\"1\" class=\"module_column tb-column col4-2 tb_d117a9f first\">\n                    <!-- module text -->\n<div  class=\"module module-text tb_854507d   \" data-lazy=\"1\">\n        <div  class=\"tb_text_wrap\">\n        <h2>Spectacles<\/h2>\n<p>Le 21Cabaret est une petite salle de spectacles, avec un bar associatif, qui fait partie de l\u2019association d\u2019\u00e9changes culturels avec le Br\u00e9sil, <a href=\"https:\/\/saudadedaluz.com\">Saudade da Luz<\/a>, sur la place de l\u2019\u00c9glise de Toulx Sainte Croix.<\/p>\n<p>Un lieu o\u00f9 les musiciens br\u00e9siliens et fran\u00e7ais, entre autres, se pr\u00e9sentent pour enregistrer leurs spectacles en vid\u00e9o avec l\u2019appr\u00e9ciation d\u2019un public d\u2019adh\u00e9rents int\u00e9ress\u00e9s par les \u00e9changes culturels.<\/p>\n<p>En activit\u00e9 depuis 8 ans, cet endroit a enregistr\u00e9 des moments de haute qualit\u00e9 musicale ajoutant valeur \u00e0 la culture dans la r\u00e9gion.<\/p>\n<h5><span class=\"st\" data-hveid=\"48\">\u00a0<\/span><\/h5>\n<p>\u00a0<\/p>    <\/div>\n<\/div>\n<!-- \/module text --><!-- module image -->\n<div  class=\"module module-image tb_3ed2000 image-center bordered circle  tf_mw wow\" data-tf-animation=\"fadeInLeft\" data-lazy=\"1\" data-lax-optimize=\"true\" data-lax-translate-y=\"(vh*1) 0,(vh*0) -70\" data-lax=\"true\">\n        <div class=\"image-wrap tf_rel tf_mw\">\n            <img decoding=\"async\" src=\"http:\/\/saudadedaluz.fr\/wp-content\/uploads\/sites\/10\/sites\/10\/2020\/05\/erick2.jpg\" width=\"321\" height=\"1080\" title=\"Erick Endres \" alt=\"Erick Endres \">    \n        <\/div>\n    <!-- \/image-wrap -->\n    \n        <div class=\"image-content\">\n                    <h3 class=\"image-title\">\n                                    Erick Endres                             <\/h3>\n                    <\/div>\n    <!-- \/image-content -->\n        <\/div>\n<!-- \/module image --><!-- module gallery -->\n<div  class=\"module gallery module-gallery tb_3602474 layout-slider rounded \" data-lazy=\"1\">\n    <\/div>\n<!-- \/module gallery -->        <\/div>\n                    <div  data-lazy=\"1\" class=\"module_column tb-column col4-2 tb_96adf63 last\">\n                    <!-- module image -->\n<div  class=\"module module-image tb_f2c20f1 image-overlay bordered circle  tf_mw\" data-lazy=\"1\" data-lax-translate-y=\"(vh*1) 0,(vh*0) -70\" data-lax=\"true\">\n        <div class=\"image-wrap tf_rel tf_mw\">\n            <a href=\"https:\/\/neyveras.fr\/\">\n                   <img decoding=\"async\" src=\"http:\/\/saudadedaluz.fr\/wp-content\/uploads\/sites\/10\/sites\/10\/2020\/05\/DSC3313x800.jpg\" width=\"884\" title=\"Ney Veras\" alt=\"Ney Veras\">        <\/a>\n    \n    \n        <div class=\"image-content\">\n                    <h3 class=\"image-title\">\n                                    <a href=\"https:\/\/neyveras.fr\/\">\n                        Ney Veras                    <\/a>\n                            <\/h3>\n                    <\/div>\n    <!-- \/image-content -->\n                <\/div>\n        <!-- \/image-wrap -->\n    <\/div>\n<!-- \/module image --><!-- module plain text -->\n<div  class=\"module module-plain-text tb_wivj770 \" data-lazy=\"1\">\n        <div class=\"tb_text_wrap\">\n        <\/div>\n<\/div>\n<!-- \/module plain text -->        <div  data-lazy=\"1\" class=\"module_subrow themify_builder_sub_row tf_w col_align_top tb_col_count_1 tb_gnsa827\">\n                <div  data-lazy=\"1\" class=\"module_column sub_column col-full tb_eptf829 first\">\n                    <!-- module image -->\n<div  class=\"module module-image tb_8113810 image-center bordered  tf_mw wow\" data-tf-animation=\"fadeInDownBig\" data-lazy=\"1\" data-lax-translate-y=\"(vh*1) 0,(vh*0) -70\" data-lax=\"true\">\n        <div class=\"image-wrap tf_rel tf_mw\">\n            <img decoding=\"async\" src=\"http:\/\/saudadedaluz.fr\/wp-content\/uploads\/sites\/10\/sites\/10\/2020\/05\/edi2.jpg\" width=\"321\" height=\"221\" title=\"Edi Barcelo, Edmundo Carneiro, Josu\u00e9 Domingues, Bernard Brun\" alt=\"Edi Barcelo, Edmundo Carneiro, Josu\u00e9 Domingues, Bernard Brun\">    \n        <\/div>\n    <!-- \/image-wrap -->\n    \n        <div class=\"image-content\">\n                    <h3 class=\"image-title\">\n                                    Edi Barcelo, Edmundo Carneiro, Josu\u00e9 Domingues, Bernard Brun                            <\/h3>\n                    <\/div>\n    <!-- \/image-content -->\n        <\/div>\n<!-- \/module image -->        <\/div>\n                    <\/div>\n        <div  class=\"module themify_builder_slider_wrap tf_clearfix module-slider tb_drle860  slider-default themify_builder_slider_vertical \" data-lazy=\"1\">\n        <div class=\"themify_builder_slider tf_carousel tf_swiper-container tf_rel tf_overflow\" data-lazy=\"1\"        data-visible=\"2\"\n        data-tab-visible=\"\"\n        data-mob-visible=\"0\"\n        data-scroll=\"1\"\n                    data-nav_out=\"1\"\n                            data-auto=\"3000\"\n            data-controller=\"0\"\n            data-pause_hover=\"1\"\n                data-speed=\"fast\"\n        data-wrapvar=\"1\"\n        data-slider_nav=\"1\"\n        data-pager=\"1\"\n        data-effect=\"scroll\" \n        data-height=\"variable\"\n        data-css_url=\"https:\/\/saudadedaluz.fr\/wp-content\/plugins\/themify-builder\/css\/modules\/sliders\/carousel,https:\/\/saudadedaluz.fr\/wp-content\/plugins\/themify-builder\/css\/modules\/sliders\/slider\"\n                    data-type=\"video\">\n        <div class=\"tf_swiper-wrapper tf_lazy tf_rel tf_w tf_h tf_textc\">\n                    <div class=\"tf_swiper-slide\">            <div class=\"slide-inner-wrap\">\n                                <div class=\"slide-image tf_rel tf_lazy tf_overflow\">\n                                            <div class=\"video-wrap\"><noscript><iframe data-no-script src=\"https:\/\/www.youtube.com\/embed\/7i4ulRtiN9A?pip=1&#038;playsinline=1\" allow=\"accelerometer;encrypted-media;gyroscope;picture-in-picture;fullscreen\" class=\"tf_abs tf_w tf_h\"><\/iframe><\/noscript><\/div>\n                                    <\/div>\n                                            <\/div>\n        <\/div>            <div class=\"tf_swiper-slide\">            <div class=\"slide-inner-wrap\">\n                                <div class=\"slide-image tf_rel tf_lazy tf_overflow\">\n                                            <div class=\"video-wrap\"><noscript><iframe data-no-script src=\"https:\/\/www.youtube.com\/embed\/3W2uZBe60PU?pip=1&#038;playsinline=1\" allow=\"accelerometer;encrypted-media;gyroscope;picture-in-picture;fullscreen\" class=\"tf_abs tf_w tf_h\"><\/iframe><\/noscript><\/div>\n                                    <\/div>\n                                            <\/div>\n        <\/div>            <div class=\"tf_swiper-slide\" style=\"content-visibility:hidden\">            <div class=\"slide-inner-wrap\">\n                                <div class=\"slide-image tf_rel tf_lazy tf_overflow\">\n                                            <div class=\"video-wrap\"><noscript><iframe data-no-script src=\"https:\/\/www.youtube.com\/embed\/EqvJP-cxcnk?pip=1&#038;playsinline=1\" allow=\"accelerometer;encrypted-media;gyroscope;picture-in-picture;fullscreen\" class=\"tf_abs tf_w tf_h\"><\/iframe><\/noscript><\/div>\n                                    <\/div>\n                                            <\/div>\n        <\/div>            <\/div>\n    <\/div>\n<\/div>\n        <\/div>\n                        <\/div>\n        <\/div>\n                        <div  data-parallax-bg=\"desktop\" data-css_id=\"7442d2f\" data-lazy=\"1\" class=\"module_row themify_builder_row fullwidth tb_7442d2f tf_w\">\n            <span  class=\"builder_row_cover tf_abs\" data-lazy=\"1\"><\/span>            <div class=\"row_inner col_align_middle tb_col_count_2 tf_box tf_rel\">\n                        <div  data-lazy=\"1\" class=\"module_column tb-column col4-2 tb_f86470f first\">\n                    <!-- module image -->\n<div  class=\"module module-image tb_8ee46ff image-center bordered  tf_mw\" data-lazy=\"1\" data-lax-translate-y=\"(vh*1) 0,(vh*0) -140\" data-lax=\"true\">\n        <div class=\"image-wrap tf_rel tf_mw\">\n            <img decoding=\"async\" src=\"http:\/\/saudadedaluz.fr\/wp-content\/uploads\/sites\/10\/sites\/10\/2020\/05\/2018.10.27-007x500-1.jpg\" width=\"221\" height=\"500\" title=\"21Cabaret\" alt=\"21Cabaret\">    \n        <\/div>\n    <!-- \/image-wrap -->\n    \n        <\/div>\n<!-- \/module image --><!-- module image -->\n<div  class=\"module module-image tb_swg848 image-right bordered  tf_mw\" data-lazy=\"1\" data-parallax-element-speed=\"3\" data-lax-translate-y=\"vh 1,0 -180\" data-lax=\"true\" id=\"jardin\">\n        <div class=\"image-wrap tf_rel tf_mw\">\n            <img decoding=\"async\" src=\"http:\/\/saudadedaluz.fr\/wp-content\/uploads\/sites\/10\/sites\/10\/2020\/05\/20180821_154022x1000.jpg\" width=\"400\" height=\"750\" title=\"21Cabaret\" alt=\"21Cabaret\">    \n        <\/div>\n    <!-- \/image-wrap -->\n    \n        <\/div>\n<!-- \/module image --><!-- module image -->\n<div  class=\"module module-image tb_7132a25 image-center bordered circle  tf_mw\" data-lazy=\"1\" data-lax-translate-y=\"(vh*1) 0,(vh*0) -250\" data-lax=\"true\">\n        <div class=\"image-wrap tf_rel tf_mw\">\n            <img decoding=\"async\" src=\"http:\/\/saudadedaluz.fr\/wp-content\/uploads\/sites\/10\/sites\/10\/2020\/05\/DSC1787x800.jpg\" width=\"400\" title=\"Nara Lisb\u00f4a et Edmundo Carneiro\" alt=\"Nara Lisb\u00f4a et Edmundo Carneiro\">    \n        <\/div>\n    <!-- \/image-wrap -->\n    \n        <div class=\"image-content\">\n                    <h3 class=\"image-title\">\n                                    Nara Lisb\u00f4a et Edmundo Carneiro                            <\/h3>\n                    <\/div>\n    <!-- \/image-content -->\n        <\/div>\n<!-- \/module image -->        <\/div>\n                    <div  data-lazy=\"1\" class=\"module_column tb-column col4-2 tb_0050bba last\">\n                            <div  data-lazy=\"1\" class=\"module_subrow themify_builder_sub_row tf_w col_align_top tb_col_count_1 tb_negg906\">\n                <div  data-lazy=\"1\" class=\"module_column sub_column col-full tb_tp7v913 first\">\n                    <!-- module image -->\n<div  class=\"module module-image tb_bce5a97 image-right bordered  tf_mw\" data-lazy=\"1\" data-parallax-element-speed=\"3\" data-lax-translate-y=\"vh 1,0 -180\" data-lax=\"true\">\n        <div class=\"image-wrap tf_rel tf_mw\">\n            <img decoding=\"async\" src=\"http:\/\/saudadedaluz.fr\/wp-content\/uploads\/sites\/10\/sites\/10\/2020\/05\/edi-3.jpg\" width=\"521\" height=\"321\" title=\"21Cabaret\" alt=\"21Cabaret\">    \n        <\/div>\n    <!-- \/image-wrap -->\n    \n        <\/div>\n<!-- \/module image --><!-- module text -->\n<div  class=\"module module-text tb_c435141   \" data-lazy=\"1\" data-parallax-element-speed=\"3\" data-lax-translate-y=\"vh 1,0 -180\" data-lax=\"true\">\n        <div  class=\"tb_text_wrap\">\n        <h2>Concerts au jardin<\/h2>\n<h5>En \u00e9t\u00e9 le jardin offre des ambiances chaleureuses et intimistes et une vue imprenable.<\/h5>    <\/div>\n<\/div>\n<!-- \/module text --><!-- module image -->\n<div  class=\"module module-image tb_456a86c image-right bordered  tf_mw\" data-lazy=\"1\" data-lax-translate-y=\"(vh*1) 0,(vh*0) -320\" data-lax=\"true\">\n        <div class=\"image-wrap tf_rel tf_mw\">\n            <img decoding=\"async\" src=\"http:\/\/saudadedaluz.fr\/wp-content\/uploads\/sites\/10\/sites\/10\/2020\/05\/PICT4338x1000.jpg\" height=\"200\" title=\"21Cabaret\" alt=\"21Cabaret\">    \n        <\/div>\n    <!-- \/image-wrap -->\n    \n        <\/div>\n<!-- \/module image -->        <\/div>\n                    <\/div>\n                <\/div>\n                        <\/div>\n        <\/div>\n                        <div  id=\"jazzbresil\" data-lazy=\"1\" class=\"module_row themify_builder_row tb_271c195 tf_w\">\n                        <div class=\"row_inner col_align_top tb_col_count_3 tf_box tf_rel\">\n                        <div  data-lazy=\"1\" class=\"module_column tb-column col3-1 tb_rcdj196 first\">\n                    <!-- module image -->\n<div  class=\"module module-image tb_aypb875 image-center bordered  tf_mw\" data-lazy=\"1\" data-parallax-element-speed=\"3\" data-lax-translate-y=\"vh 1,0 -180\" data-lax=\"true\">\n        <div class=\"image-wrap tf_rel tf_mw\">\n            <a href=\"https:\/\/jazzbresil.fr\">\n                   <img decoding=\"async\" src=\"http:\/\/saudadedaluz.fr\/wp-content\/uploads\/sites\/10\/sites\/10\/2020\/05\/Jazz-Bresil-Logox210.png\" width=\"210\" height=\"164\" title=\"21Cabaret\" alt=\"21Cabaret\">        <\/a>\n    \n        <\/div>\n    <!-- \/image-wrap -->\n    \n        <\/div>\n<!-- \/module image -->        <\/div>\n                    <div  data-lazy=\"1\" class=\"module_column tb-column col3-1 tb_lmpt515\">\n                    <!-- module text -->\n<div  class=\"module module-text tb_0agw890   \" data-lazy=\"1\" data-lax-translate-y=\"(vh*1) 0,(vh*0) -70\" data-lax=\"true\">\n        <div  class=\"tb_text_wrap\">\n        <h2 style=\"text-align: left\">Soir\u00e9es Jazz Br\u00e9sil<\/h2>\n<h5 style=\"text-align: left\">R\u00e9guli\u00e8rement des artistes se pr\u00e9sentent pour enregistrer leurs spectacles en public<\/h5>    <\/div>\n<\/div>\n<!-- \/module text -->        <div  data-lazy=\"1\" class=\"module_subrow themify_builder_sub_row tf_w col_align_top tb_col_count_1 tb_soge542\">\n                <div  data-lazy=\"1\" class=\"module_column sub_column col-full tb_yyqd542 first\">\n                    <!-- module buttons -->\n<div  class=\"module module-buttons tb_535fe67 buttons-horizontal solid  xlarge circle buttons-fullwidth\" data-lazy=\"1\" data-lax-translate-y=\"(vh*1) 0,(vh*0) -70\" data-lax=\"true\">\n        <div class=\"module-buttons-item tf_in_flx\">\n                        <a href=\"https:\/\/jazzbresil.fr\" class=\"ui builder_button tf_in_flx red\" >\n                                                Programme                                        <\/a>\n                <\/div>\n            <\/div>\n<!-- \/module buttons -->\n        <\/div>\n                    <\/div>\n                <\/div>\n                    <div  data-lazy=\"1\" class=\"module_column tb-column col3-1 tb_b0r1520 last\">\n                    <!-- module image -->\n<div  class=\"module module-image tb_v9y7308 image-center bordered  tf_mw\" data-lazy=\"1\">\n        <div class=\"image-wrap tf_rel tf_mw\">\n            <img decoding=\"async\" src=\"http:\/\/saudadedaluz.fr\/wp-content\/uploads\/sites\/10\/sites\/10\/2020\/05\/erick1.jpg\" width=\"421\" height=\"1080\" title=\"Erick Endres &amp; Sofia Perseu\" alt=\"Erick Endres &amp; Sofia Perseu\">    \n        <\/div>\n    <!-- \/image-wrap -->\n    \n        <div class=\"image-content\">\n                    <h3 class=\"image-title\">\n                                    Erick Endres &amp; Sofia Perseu                            <\/h3>\n                    <\/div>\n    <!-- \/image-content -->\n        <\/div>\n<!-- \/module image -->        <\/div>\n                        <\/div>\n        <\/div>\n                        <div  data-lazy=\"1\" class=\"module_row themify_builder_row tb_yej1930 tf_w\">\n                        <div class=\"row_inner col_align_top tb_col_count_2 tf_box tf_rel\">\n                        <div  data-lazy=\"1\" class=\"module_column tb-column col4-2 tb_5brt932 first\">\n                    <div  class=\"module themify_builder_slider_wrap tf_clearfix module-slider tb_daal6  slider-agency  \" data-lazy=\"1\">\n    <h3 class=\"module-title\">Prochaines soir\u00e9es Jazz Br\u00e9sil<\/h3>    <div class=\"themify_builder_slider tf_carousel tf_swiper-container tf_rel tf_overflow\" data-lazy=\"1\"        data-visible=\"1\"\n        data-tab-visible=\"\"\n        data-mob-visible=\"1\"\n        data-scroll=\"\"\n                        data-speed=\"normal\"\n        data-wrapvar=\"1\"\n        data-slider_nav=\"1\"\n        data-pager=\"1\"\n        data-effect=\"fade\" \n        data-height=\"auto\"\n        data-css_url=\"https:\/\/saudadedaluz.fr\/wp-content\/plugins\/themify-builder\/css\/modules\/sliders\/carousel,https:\/\/saudadedaluz.fr\/wp-content\/plugins\/themify-builder\/css\/modules\/sliders\/slider\"\n                    >\n        <div class=\"tf_swiper-wrapper tf_lazy tf_rel tf_w tf_h tf_textc\">\n        \n        <div class=\"tf_swiper-slide\">\n            <div class=\"slide-inner-wrap\">\n                                                                <figure class=\"tf_lazy slide-image\">\n                                                            <img decoding=\"async\" src=\"https:\/\/saudadedaluz.fr\/wp-content\/uploads\/sites\/10\/sites\/10\/2019\/09\/Ayres-Pothoff-Daniel-Wolff-729x1024-421x591.jpg\" width=\"421\" height=\"591\" class=\"wp-post-image wp-image-453\" title=\"Ayres Potthoff Daniel Wolff\" alt=\"Ayres Potthoff Daniel Wolff\" srcset=\"https:\/\/saudadedaluz.fr\/wp-content\/uploads\/sites\/10\/sites\/10\/2019\/09\/Ayres-Pothoff-Daniel-Wolff-729x1024-421x591.jpg 421w, https:\/\/saudadedaluz.fr\/wp-content\/uploads\/sites\/10\/sites\/10\/2019\/09\/Ayres-Pothoff-Daniel-Wolff-213x300.jpg 213w, https:\/\/saudadedaluz.fr\/wp-content\/uploads\/sites\/10\/sites\/10\/2019\/09\/Ayres-Pothoff-Daniel-Wolff-729x1024.jpg 729w, https:\/\/saudadedaluz.fr\/wp-content\/uploads\/sites\/10\/sites\/10\/2019\/09\/Ayres-Pothoff-Daniel-Wolff-17x24.jpg 17w, https:\/\/saudadedaluz.fr\/wp-content\/uploads\/sites\/10\/sites\/10\/2019\/09\/Ayres-Pothoff-Daniel-Wolff-26x36.jpg 26w, https:\/\/saudadedaluz.fr\/wp-content\/uploads\/sites\/10\/sites\/10\/2019\/09\/Ayres-Pothoff-Daniel-Wolff-34x48.jpg 34w, https:\/\/saudadedaluz.fr\/wp-content\/uploads\/sites\/10\/sites\/10\/2019\/09\/Ayres-Pothoff-Daniel-Wolff-729x1024-621x872.jpg 621w, https:\/\/saudadedaluz.fr\/wp-content\/uploads\/sites\/10\/sites\/10\/2019\/09\/Ayres-Pothoff-Daniel-Wolff.jpg 762w\" sizes=\"(max-width: 421px) 100vw, 421px\" \/>                                                    <\/figure>\n                                                            \n                                    <div class=\"slide-content tb_text_wrap\">\n                                                                        <h3 style=\"text-align: center\">21Cabaret Jazz Br\u00e9sil<\/h3>\n<p style=\"text-align: center\">pr\u00e9sente<\/p>\n<h1 style=\"text-align: center\">Ayres Potthoff et Daniel Wolff<\/h1>\n<p style=\"text-align: center\">22 et 23 octobre \u00e0 partir de 20 h<\/p>\n<p style=\"text-align: center\">20\u20ac \/ 15 \u20ac adh\u00e9rents<\/p>\n<p style=\"text-align: center\">R\u00e9servations 05.55.82.13.53<\/p>\n<p>\u00a0<\/p>\n<table style=\"border-collapse: collapse;width: 100%\">\n<tbody>\n<tr>\n<td style=\"width: 50%;vertical-align: top\">\n<h3><span style=\"font-family: Helvetica Neue, Segoe UI, Helvetica, Arial, sans-serif\"><span style=\"font-size: small\"><b>DANIEL WOLFF<\/b><\/span><\/span><\/h3>\n<p><span style=\"font-size: 12pt\"><span style=\"font-family: Helvetica Neue, Segoe UI, Helvetica, Arial, sans-serif\">Premier ma\u00eetre \u00e0 la guitare br\u00e9silienne<br \/><\/span><span style=\"font-family: Helvetica Neue, Segoe UI, Helvetica, Arial, sans-serif\">Daniel Wolff est un musicien br\u00e9silien d\u00e9tach\u00e9 de la nouvelle g\u00e9n\u00e9ration. Professionnel versatile, au-del\u00e0 d&rsquo;une carri\u00e8re de concertiste, il op\u00e8re principalement comme autodidacte, compositeur et arrangeur, ce pour quoi il a re\u00e7u le prix Grammy.<\/span><\/span><\/p>\n<p><a title=\"Daniel Wolff\" href=\"http:\/\/21connexion.fr\/artistes\/daniel-wolff\/\"><span style=\"font-size: 12pt\">En savoir plus&#8230;<\/span><\/a><\/p>\n<\/td>\n<td style=\"width: 50%;vertical-align: top\">\n<h3><span style=\"color: #000000\"><span style=\"font-family: Helvetica Neue, Segoe UI, Helvetica, Arial, sans-serif\"><span style=\"font-size: small\"><b>AYRES POTTHOFF <\/b><\/span><\/span><\/span><\/h3>\n<p><span style=\"font-size: 12pt\"><span style=\"color: #000000\"><span style=\"font-family: Helvetica Neue, Segoe UI, Helvetica, Arial, sans-serif\">Ma\u00eetre \u00e0 la fl\u00fbte pour la UFRGS<br \/><\/span><\/span><span style=\"color: #000000\"><span style=\"font-family: Helvetica Neue, Segoe UI, Helvetica, Arial, sans-serif\">Se sp\u00e9cialisant avec les fl\u00fbtistes <\/span><\/span><span style=\"color: #000000\"><span style=\"font-family: Helvetica Neue, Segoe UI, Helvetica, Arial, sans-serif\">Keith Underwood et Ransom Wilson, \u00e0 New-York, aux \u00c9tats-Unis, il re\u00e7u ensuite le titre de Ma\u00eetre de la fl\u00fbte de l&rsquo;Universit\u00e9 F\u00e9d\u00e9rale de Rio de Janeiro, o\u00f9 il a \u00e9tudi\u00e9 avec Celso Woltzenlogel. C&rsquo;est un des fondateurs de l&rsquo;Association Br\u00e9silienne de Fl\u00fbtistes, organisateur des Festivit\u00e9s Internationales de Fl\u00fbtistes de Rio de Janeiro et Porto Alegre, et directeur g\u00e9n\u00e9ral de l&rsquo;Orchestre de C\u00e2mara Theatro Sao Pedro, un groupe qui s&rsquo;est fond\u00e9 en 1985.<\/span><\/span><\/span><\/p>\n<p><a title=\"Ayres Potthoff\" href=\"http:\/\/21connexion.fr\/artistes\/ayres-pothoff\/\"><span style=\"font-size: 12pt\">En savoir plus&#8230;<\/span><\/a><\/p>\n<\/td>\n<\/tr>\n<\/tbody>\n<\/table>\n<p style=\"text-align: center\">\u00a0<\/p>\n<p style=\"text-align: center\">21Cabaret &#8211; 9 Place de l&rsquo;Eglise &#8211; TOULX SAINTE CROIX<\/p>\n<p style=\"text-align: center\"><a title=\"Saudade da Luz\" href=\"http:\/\/saudadedaluz.fr\">Saudade da Luz<\/a>\u00a0&#8211; <a title=\"21Cabaret\" href=\"http:\/\/21cabaret.fr\">21Cabaret<\/a> &#8211; <a title=\"Jazz Br\u00e9sil\" href=\"http:\/\/jazzbresil.fr\">Jazz Br\u00e9sil<\/a><\/p>\n\n                                            <\/div>\n                            <\/div>\n\n        <\/div>\n        \n        <div class=\"tf_swiper-slide\" style=\"content-visibility:hidden\">\n            <div class=\"slide-inner-wrap\">\n                                                                <figure class=\"tf_lazy slide-image\">\n                                                            <img decoding=\"async\" src=\"https:\/\/saudadedaluz.fr\/wp-content\/uploads\/sites\/10\/sites\/10\/2019\/09\/Antonio-Villeroy-722x1024-421x597.jpg\" width=\"421\" height=\"597\" class=\"wp-post-image wp-image-454\" title=\"Antonio-Villeroy\" alt=\"Antonio-Villeroy\" srcset=\"https:\/\/saudadedaluz.fr\/wp-content\/uploads\/sites\/10\/sites\/10\/2019\/09\/Antonio-Villeroy-722x1024-421x597.jpg 421w, https:\/\/saudadedaluz.fr\/wp-content\/uploads\/sites\/10\/sites\/10\/2019\/09\/Antonio-Villeroy-211x300.jpg 211w, https:\/\/saudadedaluz.fr\/wp-content\/uploads\/sites\/10\/sites\/10\/2019\/09\/Antonio-Villeroy-722x1024.jpg 722w, https:\/\/saudadedaluz.fr\/wp-content\/uploads\/sites\/10\/sites\/10\/2019\/09\/Antonio-Villeroy-17x24.jpg 17w, https:\/\/saudadedaluz.fr\/wp-content\/uploads\/sites\/10\/sites\/10\/2019\/09\/Antonio-Villeroy-25x36.jpg 25w, https:\/\/saudadedaluz.fr\/wp-content\/uploads\/sites\/10\/sites\/10\/2019\/09\/Antonio-Villeroy-34x48.jpg 34w, https:\/\/saudadedaluz.fr\/wp-content\/uploads\/sites\/10\/sites\/10\/2019\/09\/Antonio-Villeroy-722x1024-621x881.jpg 621w, https:\/\/saudadedaluz.fr\/wp-content\/uploads\/sites\/10\/sites\/10\/2019\/09\/Antonio-Villeroy.jpg 761w\" sizes=\"(max-width: 421px) 100vw, 421px\" \/>                                                    <\/figure>\n                                                            \n                                    <div class=\"slide-content tb_text_wrap\">\n                                                                        <p><!--themify_builder_static--><!--\/themify_builder_static--><\/p>\n                                            <\/div>\n                            <\/div>\n\n        <\/div>\n        \n        <div class=\"tf_swiper-slide\" style=\"content-visibility:hidden\">\n            <div class=\"slide-inner-wrap\">\n                                                                <figure class=\"tf_lazy slide-image\">\n                                                            <img decoding=\"async\" src=\"https:\/\/saudadedaluz.fr\/wp-content\/uploads\/sites\/10\/sites\/10\/2019\/08\/2019.08.21-Liana-Timm-730x1024-421x590.jpg\" width=\"421\" height=\"590\" class=\"wp-post-image wp-image-349\" title=\"Liana Timm\" alt=\"Liana Timm\" srcset=\"https:\/\/saudadedaluz.fr\/wp-content\/uploads\/sites\/10\/sites\/10\/2019\/08\/2019.08.21-Liana-Timm-730x1024-421x590.jpg 421w, https:\/\/saudadedaluz.fr\/wp-content\/uploads\/sites\/10\/sites\/10\/2019\/08\/2019.08.21-Liana-Timm-214x300.jpg 214w, https:\/\/saudadedaluz.fr\/wp-content\/uploads\/sites\/10\/sites\/10\/2019\/08\/2019.08.21-Liana-Timm-730x1024.jpg 730w, https:\/\/saudadedaluz.fr\/wp-content\/uploads\/sites\/10\/sites\/10\/2019\/08\/2019.08.21-Liana-Timm-768x1077.jpg 768w, https:\/\/saudadedaluz.fr\/wp-content\/uploads\/sites\/10\/sites\/10\/2019\/08\/2019.08.21-Liana-Timm-17x24.jpg 17w, https:\/\/saudadedaluz.fr\/wp-content\/uploads\/sites\/10\/sites\/10\/2019\/08\/2019.08.21-Liana-Timm-26x36.jpg 26w, https:\/\/saudadedaluz.fr\/wp-content\/uploads\/sites\/10\/sites\/10\/2019\/08\/2019.08.21-Liana-Timm-34x48.jpg 34w, https:\/\/saudadedaluz.fr\/wp-content\/uploads\/sites\/10\/sites\/10\/2019\/08\/2019.08.21-Liana-Timm-730x1024-621x871.jpg 621w, https:\/\/saudadedaluz.fr\/wp-content\/uploads\/sites\/10\/sites\/10\/2019\/08\/2019.08.21-Liana-Timm.jpg 770w\" sizes=\"(max-width: 421px) 100vw, 421px\" \/>                                                    <\/figure>\n                                                            \n                                    <div class=\"slide-content tb_text_wrap\">\n                                                                        <h4><strong>21Cabaret Jazz Br\u00e9sil<\/strong><\/h4>\n<p>\u00a0<\/p>\n<p>pr\u00e9sente<\/p>\n<p>\u00a0<\/p>\n<h2><strong>Liana Timm<\/strong><\/h2>\n<p>\u00a0<\/p>\n<p>mercredi 21 ao\u00fbt \u00e0 20h<\/p>\n<p>\u00a0<\/p>\n<p>Adh\u00e9rents 10 \u20ac<br \/>Non adh\u00e9rents 15 \u20ac<\/p>                                            <\/div>\n                            <\/div>\n\n        <\/div>\n        \n        <div class=\"tf_swiper-slide\" style=\"content-visibility:hidden\">\n            <div class=\"slide-inner-wrap\">\n                                                                <figure class=\"tf_lazy slide-image\">\n                                                            <img decoding=\"async\" src=\"https:\/\/saudadedaluz.fr\/wp-content\/uploads\/sites\/10\/sites\/10\/2019\/08\/JoZiako-web-723x1024-421x595.jpg\" width=\"421\" height=\"595\" class=\"wp-post-image wp-image-241791\" title=\"Jo Ziako\" alt=\"Jo Ziako\" srcset=\"https:\/\/saudadedaluz.fr\/wp-content\/uploads\/sites\/10\/sites\/10\/2019\/08\/JoZiako-web-723x1024-421x595.jpg 421w, https:\/\/saudadedaluz.fr\/wp-content\/uploads\/sites\/10\/sites\/10\/2019\/08\/JoZiako-web-212x300.jpg 212w, https:\/\/saudadedaluz.fr\/wp-content\/uploads\/sites\/10\/sites\/10\/2019\/08\/JoZiako-web-723x1024.jpg 723w, https:\/\/saudadedaluz.fr\/wp-content\/uploads\/sites\/10\/sites\/10\/2019\/08\/JoZiako-web-17x24.jpg 17w, https:\/\/saudadedaluz.fr\/wp-content\/uploads\/sites\/10\/sites\/10\/2019\/08\/JoZiako-web-25x36.jpg 25w, https:\/\/saudadedaluz.fr\/wp-content\/uploads\/sites\/10\/sites\/10\/2019\/08\/JoZiako-web-34x48.jpg 34w, https:\/\/saudadedaluz.fr\/wp-content\/uploads\/sites\/10\/sites\/10\/2019\/08\/JoZiako-web-723x1024-621x879.jpg 621w, https:\/\/saudadedaluz.fr\/wp-content\/uploads\/sites\/10\/sites\/10\/2019\/08\/JoZiako-web.jpg 763w\" sizes=\"(max-width: 421px) 100vw, 421px\" \/>                                                    <\/figure>\n                                                            \n                                    <div class=\"slide-content tb_text_wrap\">\n                                                                        <h5 style=\"text-align: left;\"><strong>Festival de Cr\u00e9ations Musicales<\/strong><\/h5>\n<p style=\"text-align: left;\">21Cabaret Jazz Br\u00e9sil<\/p>\n<p style=\"text-align: left;\">pr\u00e9sente<\/p>\n<h1 style=\"text-align: left;\"><strong>JO ZIAKO<\/strong><\/h1>\n<p style=\"text-align: left;\">vendredi 9 ao\u00fbt 20h<\/p>\n<p><a href=\"http:\/\/ziako.fr\" target=\"_blank\" rel=\"noopener noreferrer\">Site officiel Jo Ziako<\/a><\/p>\n<p>Adh\u00e9rents 10\u20ac<\/p>\n<p>Non adh\u00e9rents 15\u20ac<\/p>\n                                            <\/div>\n                            <\/div>\n\n        <\/div>\n        \n    \n        <\/div>\n    <\/div>\n<\/div>\n        <\/div>\n                    <div  data-lazy=\"1\" class=\"module_column tb-column col4-2 tb_hm8w932 last\">\n                    <!-- module text -->\n<div  class=\"module module-text tb_lyg3669   \" data-lazy=\"1\">\n        <div  class=\"tb_text_wrap\">\n        <p>\u00a0<\/p>\n<p>\u00a0<\/p>    <\/div>\n<\/div>\n<!-- \/module text --><!-- module buttons -->\n<div  class=\"module module-buttons tb_l65167 buttons-horizontal solid  xlarge circle\" data-lazy=\"1\" data-parallax-element-speed=\"3\" data-lax-translate-y=\"vh 1,0 -180\" data-lax=\"true\">\n        <div class=\"module-buttons-item tf_in_flx\">\n                        <a href=\"https:\/\/jazzbresil.fr\" class=\"ui builder_button tf_in_flx red\" >\n                                                Programme                                        <\/a>\n                <\/div>\n            <\/div>\n<!-- \/module buttons -->\n<!-- module text -->\n<div  class=\"module module-text tb_bu2e643   \" data-lazy=\"1\">\n        <div  class=\"tb_text_wrap\">\n        <p>\u00a0<\/p>\n<p>\u00a0<\/p>\n<p>\u00a0<\/p>\n<p>\u00a0<\/p>    <\/div>\n<\/div>\n<!-- \/module text --><!-- module buttons -->\n<div  class=\"module module-buttons tb_70oq556 buttons-horizontal solid  xlarge circle\" data-lazy=\"1\" data-parallax-element-speed=\"3\" data-lax-translate-y=\"vh 1,0 -180\" data-lax=\"true\">\n        <div class=\"module-buttons-item tf_in_flx\">\n                        <a href=\"https:\/\/21cabaret.fr\/newsletter-signup\/\" class=\"ui builder_button tf_in_flx red\" >\n                                                Inscription newsletter                                        <\/a>\n                <\/div>\n            <\/div>\n<!-- \/module buttons -->\n        <\/div>\n                        <\/div>\n        <\/div>\n                        <div  id=\"jams\" data-lazy=\"1\" class=\"module_row themify_builder_row tb_j2di347 tf_w\">\n                        <div class=\"row_inner col_align_middle tb_col_count_3 tf_box tf_rel\">\n                        <div  data-lazy=\"1\" class=\"module_column tb-column col3-1 tb_uyue348 first\">\n                    <!-- module image -->\n<div  class=\"module module-image tb_c8cs129 image-top bordered  tf_mw\" data-lazy=\"1\">\n        <div class=\"image-wrap tf_rel tf_mw\">\n            <img decoding=\"async\" src=\"http:\/\/saudadedaluz.fr\/wp-content\/uploads\/sites\/10\/sites\/10\/2020\/05\/20171114_204406x500.jpg\" width=\"221\" height=\"375\" title=\"21Cabaret\" alt=\"21Cabaret\">    \n        <\/div>\n    <!-- \/image-wrap -->\n    \n        <\/div>\n<!-- \/module image -->        <\/div>\n                    <div  data-lazy=\"1\" class=\"module_column tb-column col3-1 tb_4qon349\">\n                    <!-- module text -->\n<div  class=\"module module-text tb_u2t2810   \" data-lazy=\"1\" data-lax-translate-y=\"(vh*1) 0,(vh*0) -70\" data-lax=\"true\">\n        <div  class=\"tb_text_wrap\">\n        <h2 style=\"text-align: left\">Jams le samedi<\/h2>\n<h5 style=\"text-align: left\">Les musiciens peuvent venir s&rsquo;exprimer et partager des moments musicaux improvis\u00e9s<\/h5>    <\/div>\n<\/div>\n<!-- \/module text -->        <div  data-lazy=\"1\" class=\"module_subrow themify_builder_sub_row tf_w col_align_top tb_col_count_1 tb_l4n8267\">\n                <div  data-lazy=\"1\" class=\"module_column sub_column col-full tb_2fgj269 first\">\n                    <!-- module image -->\n<div  class=\"module module-image tb_nfrw589 image-center   tf_mw\" data-lazy=\"1\">\n        <div class=\"image-wrap tf_rel tf_mw\">\n            <img decoding=\"async\" src=\"http:\/\/saudadedaluz.fr\/wp-content\/uploads\/sites\/10\/sites\/10\/2020\/05\/Jams.jpg\" width=\"421\" height=\"1080\" title=\"21Cabaret\" alt=\"21Cabaret\">    \n        <\/div>\n    <!-- \/image-wrap -->\n    \n        <\/div>\n<!-- \/module image -->        <\/div>\n                    <\/div>\n                <\/div>\n                    <div  data-lazy=\"1\" class=\"module_column tb-column col3-1 tb_v467350 last\">\n                    <!-- module image -->\n<div  class=\"module module-image tb_qiyc130 image-top bordered  tf_mw\" data-lazy=\"1\">\n        <div class=\"image-wrap tf_rel tf_mw\">\n            <img decoding=\"async\" src=\"http:\/\/saudadedaluz.fr\/wp-content\/uploads\/sites\/10\/sites\/10\/2020\/05\/DSCF7678x800.jpg\" width=\"321\" height=\"600\" title=\"Elojac et Nara Lisb\u00f4a\" alt=\"Elojac et Nara Lisb\u00f4a\">    \n        <\/div>\n    <!-- \/image-wrap -->\n    \n        <div class=\"image-content\">\n                    <h3 class=\"image-title\">\n                                    Elojac et Nara Lisb\u00f4a                            <\/h3>\n                    <\/div>\n    <!-- \/image-content -->\n        <\/div>\n<!-- \/module image -->        <\/div>\n                        <\/div>\n        <\/div>\n                        <div  id=\"presse\" data-lazy=\"1\" class=\"module_row themify_builder_row fullheight tb_c2be77 tf_w\">\n                        <div class=\"row_inner col_align_top tb_col_count_1 tf_box tf_rel\">\n                        <div  data-lazy=\"1\" class=\"module_column tb-column col-full tb_a3n479 first\">\n                            <div  data-lazy=\"1\" class=\"module_subrow themify_builder_sub_row tf_w col_align_top tb_col_count_1 tb_n4s680\">\n                <div  data-lazy=\"1\" class=\"module_column sub_column col-full tb_ubke80 first\">\n                    <div  class=\"module themify_builder_slider_wrap tf_clearfix module-slider tb_4rjn81  slider-caption-overlay themify_builder_slider_vertical \" data-lazy=\"1\">\n        <div class=\"themify_builder_slider tf_carousel tf_swiper-container tf_rel tf_overflow\" data-lazy=\"1\"        data-visible=\"3\"\n        data-tab-visible=\"\"\n        data-mob-visible=\"0\"\n        data-scroll=\"1\"\n                    data-nav_out=\"1\"\n                        data-speed=\"normal\"\n        data-wrapvar=\"1\"\n        data-slider_nav=\"1\"\n        data-pager=\"1\"\n        data-effect=\"scroll\" \n        data-height=\"variable\"\n        data-css_url=\"https:\/\/saudadedaluz.fr\/wp-content\/plugins\/themify-builder\/css\/modules\/sliders\/carousel,https:\/\/saudadedaluz.fr\/wp-content\/plugins\/themify-builder\/css\/modules\/sliders\/slider\"\n                    >\n        <div class=\"tf_swiper-wrapper tf_lazy tf_rel tf_w tf_h tf_textc\">\n        \n        <div class=\"tf_swiper-slide\">\n            <div class=\"slide-inner-wrap\" style=\"margin-left:63px;margin-right:21px;\">\n                \n                                    <div class=\"slide-content tb_text_wrap\">\n                                                                                <h3 class=\"slide-title\">\n                                                                        <a href=\"https:\/\/saudadedaluz.fr\/br\/presse\/un-deuxieme-moment-sympa-ce-jeudi\/\"  \n                                                                                      >\n                                           Un deuxi\u00e8me \u00ab Moment Sympa \u00bb ce jeudi                                        <\/a>\n                                                            <\/h3>\n                                                                                                    <p><a href=\"https:\/\/saudadedaluz.com\/wp-content\/blogs.dir\/3\/files\/sites\/3\/2019\/06\/2019-06-01_203711.jpg\"><img decoding=\"async\" class=\"aligncenter wp-image-239339 size-full\" src=\"https:\/\/saudadedaluz.com\/wp-content\/blogs.dir\/3\/files\/sites\/3\/2019\/06\/2019-06-01_203711.jpg\" alt=\"2019-06-01_203711\" width=\"1012\" height=\"233\" srcset=\"https:\/\/saudadedaluz.fr\/wp-content\/uploads\/sites\/10\/sites\/10\/2019\/06\/2019-06-01_203711.jpg 1012w, https:\/\/saudadedaluz.fr\/wp-content\/uploads\/sites\/10\/sites\/10\/2019\/06\/2019-06-01_203711-300x69.jpg 300w, https:\/\/saudadedaluz.fr\/wp-content\/uploads\/sites\/10\/sites\/10\/2019\/06\/2019-06-01_203711-768x177.jpg 768w, https:\/\/saudadedaluz.fr\/wp-content\/uploads\/sites\/10\/sites\/10\/2019\/06\/2019-06-01_203711-24x6.jpg 24w, https:\/\/saudadedaluz.fr\/wp-content\/uploads\/sites\/10\/sites\/10\/2019\/06\/2019-06-01_203711-36x8.jpg 36w, https:\/\/saudadedaluz.fr\/wp-content\/uploads\/sites\/10\/sites\/10\/2019\/06\/2019-06-01_203711-48x11.jpg 48w\" sizes=\"(max-width: 1012px) 100vw, 1012px\" \/><\/a><\/p>\n<p><a href=\"https:\/\/saudadedaluz.com\/wp-content\/blogs.dir\/3\/files\/sites\/3\/2019\/06\/4354903.jpeg\"><img decoding=\"async\" class=\"aligncenter wp-image-239338 size-full\" src=\"https:\/\/saudadedaluz.com\/wp-content\/blogs.dir\/3\/files\/sites\/3\/2019\/06\/4354903.jpeg\" alt=\"4354903\" width=\"657\" height=\"437\" srcset=\"https:\/\/saudadedaluz.fr\/wp-content\/uploads\/sites\/10\/sites\/10\/2019\/06\/4354903.jpeg 657w, https:\/\/saudadedaluz.fr\/wp-content\/uploads\/sites\/10\/sites\/10\/2019\/06\/4354903-300x200.jpeg 300w, https:\/\/saudadedaluz.fr\/wp-content\/uploads\/sites\/10\/sites\/10\/2019\/06\/4354903-24x16.jpeg 24w, https:\/\/saudadedaluz.fr\/wp-content\/uploads\/sites\/10\/sites\/10\/2019\/06\/4354903-36x24.jpeg 36w, https:\/\/saudadedaluz.fr\/wp-content\/uploads\/sites\/10\/sites\/10\/2019\/06\/4354903-48x32.jpeg 48w\" sizes=\"(max-width: 657px) 100vw, 657px\" \/><\/a><\/p>\n<p><span style=\"color: #808080\">Bernard Brun et Nara Lisboa concluront la journ\u00e9e. \u00a9 Droits r\u00e9serv\u00e9s<\/span><\/p>\n<p>L&rsquo;association Toulx et Possibles a \u00e9t\u00e9 cr\u00e9\u00e9e en 2018 \u00e0 l&rsquo;initiative de plusieurs personnes de<br \/>Toulx-Sainte-Croix et de ses environs, d\u00e9sireuses de cr\u00e9er un lieu, dans le bourg de Toulx,<br \/>qui puisse accueillir et rassembler autour d&rsquo;\u00e9v\u00e9nements divers. Le premier \u00e9v\u00e9nement de<br \/>l&rsquo;association, Moment Sympa #1, avait permis aux membres de l&rsquo;association de pr\u00e9senter<br \/>leur projet \u00e0 l&rsquo;occasion d&rsquo;un apr\u00e8s-midi festif. La manifestation avait rassembl\u00e9 entre 200 et<br \/>300 personnes.<br \/>Ce jeudi 30 mai, de 12 \u00e0 18 heures, dans ses locaux, l&rsquo;association organise son \u00ab Moment<br \/>Sympa #2 \u00bb. Les membres de l&rsquo;association accueilleront les visiteurs autour d&rsquo;une buvette<br \/>proposant des bi\u00e8res artisanales La Marsienne, du jus de pommes artisanal des Vergers du<br \/>Bouchet, des assiettes compos\u00e9es de produits locaux (salade de la ferme des Sources de<br \/>Boussac-Bourg, charcuterie de la Ferme de Malmort de Toulx-Sainte-Croix), salades<br \/>compos\u00e9es, tartes sal\u00e9es et g\u00e2teaux.<br \/>Le Petit march\u00e9 d&rsquo;artisans et de producteurs permettra de d\u00e9couvrir de nombreuses<br \/>productions creusoises (*).<\/p>\n<p>L&rsquo;association proposera \u00e9galement un troc aux livres, et pr\u00e9sentera son Comit\u00e9 lecture, un<br \/>club de lecture qui rassemble d\u00e9j\u00e0 une quinzaine de personnes. Un atelier couture sera<br \/>pr\u00e9sent\u00e9 : on peut donc amener ses tissus et draps pour confectionner des fanions ou des<br \/>pochettes !<br \/>La journ\u00e9e se terminera par une repr\u00e9sentation guitare-voix de Nara Lisboa et Bernard<br \/>Brun, fondateurs de l&rsquo;association touloise Saudade da Luz et du 21 Cabaret.<br \/>L&rsquo;occasion une nouvelle fois pour Toulx et Possibles de r\u00e9unir les savoir-faire, les curiosit\u00e9s<br \/>et les \u00e9nergies, \u00e0 l&rsquo;occasion de ce \u00ab Moment Sympa #2 \u00bb.<br \/>(*) Ferme de Malmort, Cr\u00e9atoul\u00e9na, Boucle d&rsquo;Argent, P\u00e9pites de Couleurs, R\u00fbcher De<br \/>Bruyn\u2026<\/p>\n<p>Bernard Brun et Nara Lisboa concluront la journ\u00e9e. \u00a9 Droits r\u00e9serv\u00e9s<\/p>\n\n                                            <\/div>\n                            <\/div>\n\n        <\/div>\n        \n        <div class=\"tf_swiper-slide\">\n            <div class=\"slide-inner-wrap\" style=\"margin-left:63px;margin-right:21px;\">\n                \n                                    <div class=\"slide-content tb_text_wrap\">\n                                                                                <h3 class=\"slide-title\">\n                                                                        <a href=\"https:\/\/saudadedaluz.fr\/br\/presse\/la-montagne-saudade-da-luz-lance-un-cabaret\/\"  \n                                                                                      >\n                                           La Montagne \u2013 Saudade da Luz lance un cabaret                                        <\/a>\n                                                            <\/h3>\n                                                                                                    <p>Saudade da Luz lance un cabaret destin\u00e9 \u00e0 l\u2019\u00e9mulation et la coop\u00e9ration artistique. Le cabaret priv\u00e9 de Saudade da Luz propose , par ses veill\u00e9es ensoleill\u00e9es, d\u2019\u00e9veiller \u00e0 la culture et \u00e0 la musique br\u00e9siliennes. Pour le trouver, il suffit de tendre l\u2019oreille et de remonter le chant de la sir\u00e8ne br\u00e9silienne, madame Lisb\u00f4a.<\/p>\n<p><a href=\"https:\/\/saudadedaluz.com\/wp-content\/blogs.dir\/3\/files\/sites\/3\/2016\/06\/2013-04-21_La.Montagne-21Cabaret.jpg\"><img decoding=\"async\" class=\"aligncenter wp-image-17010 size-large\" src=\"https:\/\/saudadedaluz.com\/wp-content\/blogs.dir\/3\/files\/sites\/3\/2016\/06\/2013-04-21_La.Montagne-21Cabaret-453x1024.jpg\" alt=\"\" width=\"453\" height=\"1024\" srcset=\"https:\/\/saudadedaluz.fr\/wp-content\/uploads\/sites\/10\/sites\/10\/2016\/06\/2013-04-21_La.Montagne-21Cabaret-453x1024.jpg 453w, https:\/\/saudadedaluz.fr\/wp-content\/uploads\/sites\/10\/sites\/10\/2016\/06\/2013-04-21_La.Montagne-21Cabaret-133x300.jpg 133w, https:\/\/saudadedaluz.fr\/wp-content\/uploads\/sites\/10\/sites\/10\/2016\/06\/2013-04-21_La.Montagne-21Cabaret-768x1738.jpg 768w, https:\/\/saudadedaluz.fr\/wp-content\/uploads\/sites\/10\/sites\/10\/2016\/06\/2013-04-21_La.Montagne-21Cabaret-679x1536.jpg 679w, https:\/\/saudadedaluz.fr\/wp-content\/uploads\/sites\/10\/sites\/10\/2016\/06\/2013-04-21_La.Montagne-21Cabaret-905x2048.jpg 905w, https:\/\/saudadedaluz.fr\/wp-content\/uploads\/sites\/10\/sites\/10\/2016\/06\/2013-04-21_La.Montagne-21Cabaret-11x24.jpg 11w, https:\/\/saudadedaluz.fr\/wp-content\/uploads\/sites\/10\/sites\/10\/2016\/06\/2013-04-21_La.Montagne-21Cabaret-16x36.jpg 16w, https:\/\/saudadedaluz.fr\/wp-content\/uploads\/sites\/10\/sites\/10\/2016\/06\/2013-04-21_La.Montagne-21Cabaret-21x48.jpg 21w, https:\/\/saudadedaluz.fr\/wp-content\/uploads\/sites\/10\/sites\/10\/2016\/06\/2013-04-21_La.Montagne-21Cabaret.jpg 1039w\" sizes=\"(max-width: 453px) 100vw, 453px\" \/><\/a><\/p>\n<p><!-- Start Shareaholic ClassicBookmarks Automatic --><!-- End Shareaholic ClassicBookmarks Automatic --><\/p>\n\n                                            <\/div>\n                            <\/div>\n\n        <\/div>\n        \n        <div class=\"tf_swiper-slide\">\n            <div class=\"slide-inner-wrap\" style=\"margin-left:63px;margin-right:21px;\">\n                \n                                    <div class=\"slide-content tb_text_wrap\">\n                                                                                <h3 class=\"slide-title\">\n                                                                        <a href=\"https:\/\/saudadedaluz.fr\/br\/presse\/quand-le-bresil-pose-ses-valises-a-boussac-3\/\"  \n                                                                                      >\n                                           Quand le Br\u00e9sil pose ses valises \u00e0 Boussac                                        <\/a>\n                                                            <\/h3>\n                                                                                                    <p>Dans le cadre du d\u00e9veloppent d\u2019\u00e9changes culturels franco-br\u00e9siliens et de la promotion d\u2019artistes, l\u2019association Saudade Da Luz ouvre un magasin d\u2019artisanat d\u2019art en centre-ville. Saudade Da Luz, litt\u00e9ralement nostalgie de la lumi\u00e8re, est une association cr\u00e9\u00e9e en 2005 par des artistes br\u00e9siliens et fran\u00e7ais, notamment Nara Lisb\u00f4a et son compagnon fran\u00e7ais Bernard Brun, musiciens rencontr\u00e9s \u00e0 Paris.<a href=\"https:\/\/saudadedaluz.com\/wp-content\/blogs.dir\/3\/files\/sites\/3\/2016\/06\/Saudade.da_.Luz-Echo.Du_.Berry_.20.09.2012.jpg\"><img decoding=\"async\" class=\"aligncenter wp-image-17101 size-full\" src=\"https:\/\/saudadedaluz.com\/wp-content\/blogs.dir\/3\/files\/sites\/3\/2016\/06\/Saudade.da_.Luz-Echo.Du_.Berry_.20.09.2012.jpg\" alt=\"Saudade.da.Luz-Echo.Du.Berry.20.09.2012\" width=\"1007\" height=\"1024\" srcset=\"https:\/\/saudadedaluz.fr\/wp-content\/uploads\/sites\/10\/sites\/10\/2016\/06\/Saudade.da_.Luz-Echo.Du_.Berry_.20.09.2012.jpg 1007w, https:\/\/saudadedaluz.fr\/wp-content\/uploads\/sites\/10\/sites\/10\/2016\/06\/Saudade.da_.Luz-Echo.Du_.Berry_.20.09.2012-295x300.jpg 295w, https:\/\/saudadedaluz.fr\/wp-content\/uploads\/sites\/10\/sites\/10\/2016\/06\/Saudade.da_.Luz-Echo.Du_.Berry_.20.09.2012-768x781.jpg 768w, https:\/\/saudadedaluz.fr\/wp-content\/uploads\/sites\/10\/sites\/10\/2016\/06\/Saudade.da_.Luz-Echo.Du_.Berry_.20.09.2012-24x24.jpg 24w, https:\/\/saudadedaluz.fr\/wp-content\/uploads\/sites\/10\/sites\/10\/2016\/06\/Saudade.da_.Luz-Echo.Du_.Berry_.20.09.2012-36x36.jpg 36w, https:\/\/saudadedaluz.fr\/wp-content\/uploads\/sites\/10\/sites\/10\/2016\/06\/Saudade.da_.Luz-Echo.Du_.Berry_.20.09.2012-48x48.jpg 48w, https:\/\/saudadedaluz.fr\/wp-content\/uploads\/sites\/10\/sites\/10\/2016\/06\/Saudade.da_.Luz-Echo.Du_.Berry_.20.09.2012-764x777.jpg 764w\" sizes=\"(max-width: 1007px) 100vw, 1007px\" \/><\/a><\/p>\n\n                                            <\/div>\n                            <\/div>\n\n        <\/div>\n        \n        <div class=\"tf_swiper-slide\" style=\"content-visibility:hidden\">\n            <div class=\"slide-inner-wrap\" style=\"margin-left:63px;margin-right:21px;\">\n                \n                                    <div class=\"slide-content tb_text_wrap\">\n                                                                                <h3 class=\"slide-title\">\n                                                                        <a href=\"https:\/\/saudadedaluz.fr\/br\/presse\/saudade-da-luz-une-note-bresilienne-un-ilot-bresilien-dans-le-pays-creusois\/\"  \n                                                                                      >\n                                           Saudade da Luz une note br\u00e9silienne \u2013 Un il\u00f4t br\u00e9silien dans le pays creusois                                        <\/a>\n                                                            <\/h3>\n                                                                                                    <p>L\u2019association Saudade da Luz inaugure son pied \u00e0 terre, un espace de cr\u00e9ations et de rencontres. Bernard BRun, musicien est un passionn\u00e9 de beaucoup de choses mais surtout du Br\u00e9sil.Rentr\u00e9 dans la musique br\u00e9silienne dans les ann\u00e9es 1990, il rencontre la chanteuse et styliste br\u00e9silienne Nara Lisb\u00f4a \u00e0 Paris, en 2004. Nara Lisb\u00f4a c\u2019est d\u2019abord une voix, ample, relev\u00e9e,en fran\u00e7ais, d\u2019un accent charmant. L\u2019un comme l\u2019autre incarne la chaleur humaine et l\u2019ouverture d\u2019esprit.<br \/>D\u2019abord uni par la musique, le couple d\u00e9cide d\u00e8s l\u2019ann\u00e9e suivante, de pousser la d\u00e9marche plus loin. L\u2019association Saudade da Luz est le fruit de cette rencontre. un fruit franco-br\u00e9silien, naturellement.<\/p>\n<p><a href=\"https:\/\/saudadedaluz.com\/wp-content\/blogs.dir\/3\/files\/sites\/3\/2016\/06\/Couv.jpg\"><img decoding=\"async\" class=\"aligncenter wp-image-17108 size-full\" src=\"https:\/\/saudadedaluz.com\/wp-content\/blogs.dir\/3\/files\/sites\/3\/2016\/06\/Couv.jpg\" alt=\"Couv\" width=\"1024\" height=\"861\" srcset=\"https:\/\/saudadedaluz.fr\/wp-content\/uploads\/sites\/10\/sites\/10\/2016\/06\/Couv.jpg 1024w, https:\/\/saudadedaluz.fr\/wp-content\/uploads\/sites\/10\/sites\/10\/2016\/06\/Couv-300x252.jpg 300w, https:\/\/saudadedaluz.fr\/wp-content\/uploads\/sites\/10\/sites\/10\/2016\/06\/Couv-768x646.jpg 768w, https:\/\/saudadedaluz.fr\/wp-content\/uploads\/sites\/10\/sites\/10\/2016\/06\/Couv-24x20.jpg 24w, https:\/\/saudadedaluz.fr\/wp-content\/uploads\/sites\/10\/sites\/10\/2016\/06\/Couv-36x30.jpg 36w, https:\/\/saudadedaluz.fr\/wp-content\/uploads\/sites\/10\/sites\/10\/2016\/06\/Couv-48x40.jpg 48w, https:\/\/saudadedaluz.fr\/wp-content\/uploads\/sites\/10\/sites\/10\/2016\/06\/Couv-924x777.jpg 924w\" sizes=\"(max-width: 1024px) 100vw, 1024px\" \/><\/a><\/p>\n<p><a href=\"https:\/\/saudadedaluz.com\/wp-content\/blogs.dir\/3\/files\/sites\/3\/2016\/06\/Article.jpg\"><img decoding=\"async\" class=\"aligncenter wp-image-17109 size-full\" src=\"https:\/\/saudadedaluz.com\/wp-content\/blogs.dir\/3\/files\/sites\/3\/2016\/06\/Article.jpg\" alt=\"Article\" width=\"843\" height=\"1024\" srcset=\"https:\/\/saudadedaluz.fr\/wp-content\/uploads\/sites\/10\/sites\/10\/2016\/06\/Article.jpg 843w, https:\/\/saudadedaluz.fr\/wp-content\/uploads\/sites\/10\/sites\/10\/2016\/06\/Article-247x300.jpg 247w, https:\/\/saudadedaluz.fr\/wp-content\/uploads\/sites\/10\/sites\/10\/2016\/06\/Article-768x933.jpg 768w, https:\/\/saudadedaluz.fr\/wp-content\/uploads\/sites\/10\/sites\/10\/2016\/06\/Article-20x24.jpg 20w, https:\/\/saudadedaluz.fr\/wp-content\/uploads\/sites\/10\/sites\/10\/2016\/06\/Article-30x36.jpg 30w, https:\/\/saudadedaluz.fr\/wp-content\/uploads\/sites\/10\/sites\/10\/2016\/06\/Article-40x48.jpg 40w\" sizes=\"(max-width: 843px) 100vw, 843px\" \/><\/a><\/p>\n\n                                            <\/div>\n                            <\/div>\n\n        <\/div>\n        \n    \n        <\/div>\n    <\/div>\n<\/div>\n        <\/div>\n                    <\/div>\n                <\/div>\n                        <\/div>\n        <\/div>\n                        <div  data-css_id=\"gdzn454\" id=\"degustation\" data-lazy=\"1\" class=\"module_row themify_builder_row fullheight fullwidth tb_gdzn454 tf_w\">\n                        <div class=\"row_inner col_align_middle gutter-none tb_col_count_3 tf_box tf_rel\">\n                        <div  data-lazy=\"1\" class=\"module_column tb-column col4-1 tb_5te7454 first\">\n                    <!-- module image -->\n<div  class=\"module module-image tb_vpbc454 image-top bordered  tf_mw\" data-lazy=\"1\" data-parallax-element-speed=\"3\" data-lax-translate-y=\"vh 1,0 -180\" data-lax=\"true\">\n        <div class=\"image-wrap tf_rel tf_mw\">\n            <img decoding=\"async\" src=\"http:\/\/saudadedaluz.fr\/wp-content\/uploads\/sites\/10\/sites\/10\/2020\/05\/DSC00493.jpg\" width=\"480\" height=\"321\" title=\"21Cabaret\" alt=\"21Cabaret\">    \n        <\/div>\n    <!-- \/image-wrap -->\n    \n        <\/div>\n<!-- \/module image -->        <\/div>\n                    <div  data-lazy=\"1\" class=\"module_column tb-column col4-2 tb_tt3w455\">\n                    <!-- module text -->\n<div  class=\"module module-text tb_zng8455   \" data-lazy=\"1\" data-parallax-element-speed=\"3\" data-lax-translate-y=\"vh 1,0 -180\" data-lax=\"true\">\n        <div  class=\"tb_text_wrap\">\n        <h2>D\u00e9gustations<\/h2>\n<h5>Plats r\u00e9gionaux, produits locaux, repas exotiques,<br \/>un m\u00e9lange de saveurs aux influences culturelles vari\u00e9es.<\/h5>    <\/div>\n<\/div>\n<!-- \/module text -->        <div  data-lazy=\"1\" class=\"module_subrow themify_builder_sub_row tf_w col_align_top tb_col_count_1 tb_581r455\">\n                <div  data-lazy=\"1\" class=\"module_column sub_column col-full tb_tqo3456 first\">\n                    <!-- module image -->\n<div  class=\"module module-image tb_qyj8455 image-center bordered  tf_mw\" data-lazy=\"1\" data-parallax-element-speed=\"4\" data-lax-translate-y=\"vh 1,0 -250\" data-lax=\"true\">\n        <div class=\"image-wrap tf_rel tf_mw\">\n            <img decoding=\"async\" src=\"http:\/\/saudadedaluz.fr\/wp-content\/uploads\/sites\/10\/sites\/10\/2020\/05\/20180821_153758x1000.jpg\" width=\"400\" height=\"750\" title=\"21Cabaret\" alt=\"21Cabaret\">    \n        <\/div>\n    <!-- \/image-wrap -->\n    \n        <\/div>\n<!-- \/module image -->        <\/div>\n                    <\/div>\n                <\/div>\n                    <div  data-lazy=\"1\" class=\"module_column tb-column col4-1 tb_nce0456 last\">\n                    <!-- module image -->\n<div  class=\"module module-image tb_rd5n456 image-top bordered  auto_fullwidth tf_mw\" data-lazy=\"1\" data-parallax-element-speed=\"6\" data-lax-translate-y=\"vh 1,0 -390\" data-lax=\"true\">\n        <div class=\"image-wrap tf_rel tf_mw\">\n            <img decoding=\"async\" src=\"http:\/\/saudadedaluz.fr\/wp-content\/uploads\/sites\/10\/sites\/10\/2020\/05\/PICT2503x800.jpg\" width=\"500\" title=\"21Cabaret\" alt=\"21Cabaret\">    \n        <\/div>\n    <!-- \/image-wrap -->\n    \n        <\/div>\n<!-- \/module image -->        <\/div>\n                        <\/div>\n        <\/div>\n                        <div  data-parallax-bg=\"desktop\" data-css_id=\"5c666d7\" id=\"festival\" data-lazy=\"1\" class=\"module_row themify_builder_row fullwidth_row_container tb_5c666d7 tf_w\">\n            <span  class=\"builder_row_cover tf_abs\" data-lazy=\"1\" id=\"festival\"><\/span>            <div class=\"row_inner col_align_top tb_col_count_1 tf_box tf_rel\">\n                        <div  data-lazy=\"1\" class=\"module_column tb-column col-full tb_726c653 first\">\n                            <div  data-lazy=\"1\" class=\"module_subrow themify_builder_sub_row tf_w col_align_top tb_col_count_2 tb_8442f19\">\n                <div  data-lazy=\"1\" class=\"module_column sub_column col4-2 tb_05aa7fe first\">\n                    <!-- module image -->\n<div  class=\"module module-image tb_1548672 image-left rounded bordered  tf_mw\" data-lazy=\"1\" data-parallax-element-speed=\"3\" data-lax-translate-y=\"vh 1,0 -180\" data-lax=\"true\">\n        <div class=\"image-wrap tf_rel tf_mw\">\n            <a href=\"https:\/\/21studio.fr\/\">\n                   <img decoding=\"async\" src=\"http:\/\/saudadedaluz.fr\/wp-content\/uploads\/sites\/10\/sites\/10\/2020\/05\/PICT2149x800.jpg\" width=\"500\" title=\"Sc\u00e8ne \u00e9quip\u00e9e son et lumi\u00e8res\" alt=\"Enregistrements live multi-pistes\nPrises de vue Full HD\">        <\/a>\n    \n        <\/div>\n    <!-- \/image-wrap -->\n    \n        <div class=\"image-content\">\n                    <h3 class=\"image-title\">\n                                    <a href=\"https:\/\/21studio.fr\/\">\n                        Sc\u00e8ne \u00e9quip\u00e9e son et lumi\u00e8res                    <\/a>\n                            <\/h3>\n                        <div class=\"image-caption tb_text_wrap\">\n            Enregistrements live multi-pistes\nPrises de vue Full HD        <\/div>\n        <!-- \/image-caption -->\n            <\/div>\n    <!-- \/image-content -->\n        <\/div>\n<!-- \/module image -->        <\/div>\n                    <div  data-lazy=\"1\" class=\"module_column sub_column col4-2 tb_1d6ad45 last\">\n                    <!-- module image -->\n<div  class=\"module module-image tb_5344a5e image-center bordered  tf_mw\" data-lazy=\"1\" data-parallax-element-speed=\"4\" data-lax-translate-y=\"vh 1,0 -250\" data-lax=\"true\">\n        <div class=\"image-wrap tf_rel tf_mw\">\n            <img decoding=\"async\" src=\"http:\/\/saudadedaluz.fr\/wp-content\/uploads\/sites\/10\/sites\/10\/2020\/05\/DSC1814x800.jpg\" width=\"600\" title=\"Festival de Cr\u00e9ations Musicales\" alt=\"En \u00e9t\u00e9 le festival transforme la place du village avec des stands et des expositions.\">    \n        <\/div>\n    <!-- \/image-wrap -->\n    \n        <div class=\"image-content\">\n                    <h3 class=\"image-title\">\n                                    Festival de Cr\u00e9ations Musicales                            <\/h3>\n                        <div class=\"image-caption tb_text_wrap\">\n            En \u00e9t\u00e9 le festival transforme la place du village avec des stands et des expositions.         <\/div>\n        <!-- \/image-caption -->\n            <\/div>\n    <!-- \/image-content -->\n        <\/div>\n<!-- \/module image -->        <\/div>\n                    <\/div>\n                <div  data-lazy=\"1\" class=\"module_subrow themify_builder_sub_row tf_w col_align_top tb_col_count_2 tb_76b6ec7\">\n                <div  data-lazy=\"1\" class=\"module_column sub_column col3-2 tb_67c1377 first\">\n                    <!-- module image -->\n<div  class=\"module module-image tb_e515162 image-center bordered  auto_fullwidth tf_mw\" data-lazy=\"1\" data-parallax-element-speed=\"1\" data-lax-translate-y=\"vh 1,0 -70\" data-lax=\"true\">\n        <div class=\"image-wrap tf_rel tf_mw\">\n            <img decoding=\"async\" src=\"http:\/\/saudadedaluz.fr\/wp-content\/uploads\/sites\/10\/sites\/10\/2020\/05\/2019-07-16_165420_cr.jpg\" width=\"750\" height=\"808\" title=\"Leandro Maia\" alt=\"Leandro Maia\">    \n        <\/div>\n    <!-- \/image-wrap -->\n    \n        <div class=\"image-content\">\n                    <h3 class=\"image-title\">\n                                    Leandro Maia                            <\/h3>\n                    <\/div>\n    <!-- \/image-content -->\n        <\/div>\n<!-- \/module image --><!-- module image -->\n<div  class=\"module module-image tb_a92c2c1 image-center bordered  auto_fullwidth tf_mw\" data-lazy=\"1\">\n        <div class=\"image-wrap tf_rel tf_mw\">\n            <img decoding=\"async\" src=\"https:\/\/saudadedaluz.fr\/wp-content\/blogs.dir\/4\/files\/sites\/4\/2019\/04\/PICT2152x800.jpg\" width=\"290\" title=\"21Cabaret\" alt=\"21Cabaret\">    \n        <\/div>\n    <!-- \/image-wrap -->\n    \n        <\/div>\n<!-- \/module image -->        <\/div>\n                    <div  data-lazy=\"1\" class=\"module_column sub_column col3-1 tb_eac8cad last\">\n                    <!-- module image -->\n<div  class=\"module module-image tb_405b5b7 image-center bordered  auto_fullwidth tf_mw\" data-lazy=\"1\" data-parallax-element-speed=\"2\" data-lax-translate-y=\"vh 1,0 -140\" data-lax=\"true\">\n        <div class=\"image-wrap tf_rel tf_mw\">\n            <img decoding=\"async\" src=\"http:\/\/saudadedaluz.fr\/wp-content\/uploads\/sites\/10\/sites\/10\/2020\/05\/2017-festival3.jpg\" width=\"370\" height=\"1020\" title=\"Festival de Cr\u00e9ations Musicales\" alt=\"Festival de Cr\u00e9ations Musicales\">    \n        <\/div>\n    <!-- \/image-wrap -->\n    \n        <div class=\"image-content\">\n                    <h3 class=\"image-title\">\n                                    Festival de Cr\u00e9ations Musicales                            <\/h3>\n                    <\/div>\n    <!-- \/image-content -->\n        <\/div>\n<!-- \/module image --><!-- module image -->\n<div  class=\"module module-image tb_c98e6b1 image-center bordered  tf_mw\" data-lazy=\"1\" data-lax-translate-y=\"(vh*1) 0,(vh*0) -70\" data-lax=\"true\">\n        <div class=\"image-wrap tf_rel tf_mw\">\n            <img decoding=\"async\" src=\"http:\/\/saudadedaluz.fr\/wp-content\/uploads\/sites\/10\/sites\/10\/2020\/05\/20180820_170522x1000.jpg\" width=\"321\" height=\"321\" title=\"Leandro Maia\" alt=\"Leandro Maia\">    \n        <\/div>\n    <!-- \/image-wrap -->\n    \n        <div class=\"image-content\">\n                    <h3 class=\"image-title\">\n                                    Leandro Maia                            <\/h3>\n                    <\/div>\n    <!-- \/image-content -->\n        <\/div>\n<!-- \/module image -->        <\/div>\n                    <\/div>\n                <div  data-lazy=\"1\" class=\"module_subrow themify_builder_sub_row tf_w col_align_top gutter-none tb_col_count_4 tb_ee1cdac\">\n                <div  data-lazy=\"1\" class=\"module_column sub_column col4-1 tb_a4dca0f first\">\n                    <!-- module image -->\n<div  class=\"module module-image tb_184ddeb image-center bordered  auto_fullwidth tf_mw\" data-lazy=\"1\" data-parallax-element-speed=\"3\" data-lax-translate-y=\"vh 1,0 -180\" data-lax=\"true\">\n        <div class=\"image-wrap tf_rel tf_mw\">\n            <img decoding=\"async\" src=\"http:\/\/saudadedaluz.fr\/wp-content\/uploads\/sites\/10\/sites\/10\/2020\/05\/DSC3311x800.jpg\" width=\"290\" title=\"Ney Veras\" alt=\"Ney Veras\">    \n        <\/div>\n    <!-- \/image-wrap -->\n    \n        <div class=\"image-content\">\n                    <h3 class=\"image-title\">\n                                    Ney Veras                            <\/h3>\n                    <\/div>\n    <!-- \/image-content -->\n        <\/div>\n<!-- \/module image -->        <\/div>\n                    <div  data-lazy=\"1\" class=\"module_column sub_column col4-1 tb_4705da1\">\n                            <\/div>\n                    <div  data-lazy=\"1\" class=\"module_column sub_column col4-1 tb_b17dc0e\">\n                    <!-- module image -->\n<div  class=\"module module-image tb_8ee2532 image-center bordered  auto_fullwidth tf_mw\" data-lazy=\"1\" data-parallax-element-speed=\"3\" data-lax-translate-y=\"vh 1,0 -180\" data-lax=\"true\">\n        <div class=\"image-wrap tf_rel tf_mw\">\n            <img decoding=\"async\" src=\"http:\/\/saudadedaluz.fr\/wp-content\/uploads\/sites\/10\/sites\/10\/2020\/05\/PICT3091x800.jpg\" width=\"290\" title=\"Exposition India Brazil\" alt=\"Exposition India Brazil\">    \n        <\/div>\n    <!-- \/image-wrap -->\n    \n        <div class=\"image-content\">\n                    <h3 class=\"image-title\">\n                                    Exposition India Brazil                            <\/h3>\n                    <\/div>\n    <!-- \/image-content -->\n        <\/div>\n<!-- \/module image -->        <\/div>\n                    <div  data-lazy=\"1\" class=\"module_column sub_column col4-1 tb_3cbe92c last\">\n                            <\/div>\n                    <\/div>\n                <\/div>\n                        <\/div>\n        <\/div>\n                        <div  data-css_id=\"804b5d9\" id=\"toulx\" data-lazy=\"1\" class=\"module_row themify_builder_row fullheight fullwidth tb_804b5d9 tf_w\">\n                        <div class=\"row_inner col_align_middle gutter-none tb_col_count_2 tf_box tf_rel\">\n                        <div  data-lazy=\"1\" class=\"module_column tb-column col4-1 tb_dc71431 first\">\n                    <!-- module image -->\n<div  class=\"module module-image tb_ea6de37 image-top bordered  tf_mw\" data-lazy=\"1\" data-parallax-element-speed=\"3\" data-lax-translate-y=\"vh 1,0 -180\" data-lax=\"true\">\n        <div class=\"image-wrap tf_rel tf_mw\">\n            <img decoding=\"async\" src=\"https:\/\/saudadedaluz.fr\/wp-content\/blogs.dir\/4\/files\/sites\/4\/2019\/07\/IMG_2798.jpg\" width=\"214\" height=\"612\" title=\"21Cabaret\" alt=\"21Cabaret\">    \n        <\/div>\n    <!-- \/image-wrap -->\n    \n        <\/div>\n<!-- \/module image -->        <\/div>\n                    <div  data-lazy=\"1\" class=\"module_column tb-column col4-3 tb_401776a last\">\n                            <div  data-lazy=\"1\" class=\"module_subrow themify_builder_sub_row tf_w col_align_top gutter-none tb_col_count_2 tb_cf61c70\">\n                <div  data-lazy=\"1\" class=\"module_column sub_column col4-2 tb_aea3d24 first\">\n                    <!-- module image -->\n<div  class=\"module module-image tb_tdec581 image-top bordered  tf_mw\" data-lazy=\"1\" data-parallax-element-speed=\"3\" data-lax-translate-y=\"vh 1,0 -180\" data-lax=\"true\">\n        <div class=\"image-wrap tf_rel tf_mw\">\n            <img decoding=\"async\" src=\"https:\/\/saudadedaluz.fr\/wp-content\/blogs.dir\/4\/files\/sites\/4\/2019\/07\/IMG_0631x1000.jpg\" width=\"321\" title=\"21Cabaret\" alt=\"21Cabaret\">    \n        <\/div>\n    <!-- \/image-wrap -->\n    \n        <\/div>\n<!-- \/module image --><!-- module text -->\n<div  class=\"module module-text tb_3bc2674   \" data-lazy=\"1\" data-parallax-element-speed=\"3\" data-lax-translate-y=\"vh 1,0 -180\" data-lax=\"true\">\n        <div  class=\"tb_text_wrap\">\n        <h2>21Cabaret<\/h2>\n<p><span class=\"st\" data-hveid=\"48\"><strong>Toulx-Sainte-Croix<\/strong><br \/>9 Place de l&rsquo;Eglise<\/span><\/p>\n<h5>09 63 68 06 73<\/h5>    <\/div>\n<\/div>\n<!-- \/module text --><!-- module image -->\n<div  class=\"module module-image tb_spn7784 image-right drop-shadow bordered  tf_mw\" data-lazy=\"1\" data-parallax-element-speed=\"3\" data-lax-translate-y=\"vh 1,0 -180\" data-lax=\"true\">\n        <div class=\"image-wrap tf_rel tf_mw\">\n            <img decoding=\"async\" src=\"https:\/\/saudadedaluz.fr\/wp-content\/blogs.dir\/4\/files\/sites\/4\/2019\/07\/087.jpg\" width=\"321\" height=\"664\" title=\"21Cabaret\" alt=\"21Cabaret\">    \n        <\/div>\n    <!-- \/image-wrap -->\n    \n        <\/div>\n<!-- \/module image --><!-- module buttons -->\n<div  class=\"module module-buttons tb_zopg375 buttons-horizontal outline  large circle wow\" data-tf-animation=\"tada\" data-lazy=\"1\">\n        <div class=\"module-buttons-item tf_in_flx\">\n                        <a href=\"https:\/\/saudadedaluz.fr\/adhesions\" class=\"ui builder_button tf_in_flx tb_default_color\" >\n                                                Adh\u00e9sion et soutien aux artistes                                        <\/a>\n                <\/div>\n            <\/div>\n<!-- \/module buttons -->\n        <\/div>\n                    <div  data-lazy=\"1\" class=\"module_column sub_column col4-2 tb_7a54372 last\">\n                    <!-- module image -->\n<div  class=\"module module-image tb_stw7486 image-right bordered  tf_mw\" data-lazy=\"1\" data-parallax-element-speed=\"3\" data-lax-translate-y=\"vh 1,0 -180\" data-lax=\"true\">\n        <div class=\"image-wrap tf_rel tf_mw\">\n            <img decoding=\"async\" src=\"https:\/\/saudadedaluz.fr\/wp-content\/blogs.dir\/4\/files\/sites\/4\/2019\/07\/IMG_2792.jpg\" width=\"321\" height=\"612\" title=\"21Cabaret\" alt=\"21Cabaret\">    \n        <\/div>\n    <!-- \/image-wrap -->\n    \n        <\/div>\n<!-- \/module image --><!-- module image -->\n<div  class=\"module module-image tb_bqda460 image-left rounded  tf_mw\" data-lazy=\"1\">\n        <div class=\"image-wrap tf_rel tf_mw\">\n            <a href=\"https:\/\/saudadedaluz.com\/\">\n                   <img decoding=\"async\" src=\"https:\/\/21cabaret.fr\/wp-content\/blogs.dir\/4\/files\/sites\/4\/2019\/07\/saudadedaluz-logo-blancx221.png\" width=\"177\" title=\"21Cabaret\" alt=\"21Cabaret\">        <\/a>\n    \n        <\/div>\n    <!-- \/image-wrap -->\n    \n        <\/div>\n<!-- \/module image -->        <\/div>\n                    <\/div>\n                <\/div>\n                        <\/div>\n        <\/div>\n                        <div  id=\"contact\" data-lazy=\"1\" class=\"module_row themify_builder_row tb_dm65213 tf_w\">\n                        <div class=\"row_inner col_align_top tb_col_count_1 tf_box tf_rel\">\n                        <div  data-lazy=\"1\" class=\"module_column tb-column col-full tb_1h9y214 first\">\n                            <div  data-lazy=\"1\" class=\"module_subrow themify_builder_sub_row tf_w col_align_top tb_col_count_3 tb_n64l701\">\n                <div  data-lazy=\"1\" class=\"module_column sub_column col3-1 tb_twka704 first\">\n                    <!-- module fancy heading -->\n<div  class=\"module module-fancy-heading tb_vdyf430 \" data-lazy=\"1\">\n        <h1 class=\"fancy-heading\">\n    <span class=\"main-head tf_block\">\n                    Contact            <\/span>\n\n    \n    <span class=\"sub-head tf_block tf_rel\">\n                                <\/span>\n    <\/h1>\n<\/div>\n<!-- \/module fancy heading -->\n        <\/div>\n                    <div  data-lazy=\"1\" class=\"module_column sub_column col3-1 tb_cyfg706\">\n                    <!-- module text -->\n<div  class=\"module module-text tb_8mwg524   \" data-lazy=\"1\">\n        <div  class=\"tb_text_wrap\">\n        <p style=\"text-align: center\">\r\n        \r\n\r\n                <form class=\"wpuf-form-add weforms-241578  wpuf-style\" action=\"\" method=\"post\"   id=\"\">\r\n\r\n            <ul class=\"wpuf-form form-label-above\">\r\n\r\n                        <li class=\"wpuf-el name field-size-large\" data-label=\"Name\">\r\n                    <div class=\"wpuf-label\">\r\n            <label for=\"name_241578\">Name <span class=\"required\">*<\/span><\/label>\r\n        <\/div>\r\n        \r\n            <div class=\"wpuf-fields\">\r\n                <div class=\"wpuf-name-field-wrap format-first-last\" data-style=\"wpuf-style\">\r\n                    <div class=\"wpuf-name-field-first-name\">\r\n                        <input\r\n                            name=\"name[first]\"\r\n                            type=\"text\"\r\n                            placeholder=\"\"\r\n                            value=\"\"\r\n                            size=\"40\"\r\n                            data-required=\"yes\"\r\n                            data-type=\"text\"\r\n                            data-style=\"wpuf-style\"\r\n                            class=\"textfield wpuf_name_241578\"\r\n                            autocomplete=\"given-name\"\r\n                        >\r\n                                                    <label class=\"wpuf-form-sub-label\" data-style=\"wpuf-style\">First<\/label>\r\n                                            <\/div>\r\n\r\n                                            <input type=\"hidden\" name=\"name[middle]\" value=\"\">\r\n                    \r\n                    <div class=\"wpuf-name-field-last-name\">\r\n                        <input\r\n                            name=\"name[last]\"\r\n                            type=\"text\" class=\"textfield\"\r\n                            placeholder=\"\"\r\n                            value=\"\"\r\n                            size=\"40\"\r\n                            autocomplete=\"family-name\"\r\n                            data-style=\"wpuf-style\"\r\n                        >\r\n                                                    <label class=\"wpuf-form-sub-label\" data-style=\"wpuf-style\">Last<\/label>\r\n                                            <\/div>\r\n                <\/div>\r\n                            <\/div>\r\n        <\/li>\r\n                <li class=\"wpuf-el email field-size-large\" data-label=\"Email Address\">\r\n                    <div class=\"wpuf-label\">\r\n            <label for=\"email_241578\">Email Address <span class=\"required\">*<\/span><\/label>\r\n        <\/div>\r\n        \r\n            <div class=\"wpuf-fields\">\r\n                <input\r\n                    id=\"email_241578\"\r\n                    type=\"email\"\r\n                    class=\"email  wpuf_email_241578\"\r\n                    data-duplicate=\"\"\r\n                    data-required=\"yes\"\r\n                    data-type=\"email\"\r\n                    data-style=\"wpuf-style\"\r\n                    name=\"email\"\r\n                    placeholder=\"\"\r\n                    value=\"\"\r\n                    size=\"40\"\r\n                    autocomplete=\"email\"\r\n                \/>\r\n                            <\/div>\r\n        <\/li>\r\n                <li class=\"wpuf-el message field-size-large\" data-label=\"Message\">\r\n                    <div class=\"wpuf-label\">\r\n            <label for=\"message_241578\">Message <span class=\"required\">*<\/span><\/label>\r\n        <\/div>\r\n                                    <div class=\"wpuf-fields\">\r\n            \r\n                                    <textarea\r\n                        class=\"textareafield  wpuf_message_241578\"\r\n                        id=\"message_241578\"\r\n                        name=\"message\"\r\n                        data-required=\"yes\"\r\n                        data-type=\"textarea\"\r\n                        placeholder=\"\"\r\n                        rows=\"5\"\r\n                        cols=\"25\"\r\n                        data-style=\"wpuf-style\"\r\n                    ><\/textarea>\r\n                    <span class=\"wpuf-wordlimit-message wpuf-help\"><\/span>\r\n\r\n                \r\n                        <\/div><\/li>\r\n                <li class=\"wpuf-submit\">\r\n            <div class=\"wpuf-label\">\r\n                &nbsp;\r\n            <\/div>\r\n\r\n            <input type=\"hidden\" id=\"_wpnonce\" name=\"_wpnonce\" value=\"4cd6f11f51\" \/><input type=\"hidden\" name=\"_wp_http_referer\" value=\"\/br\/wp-json\/wp\/v2\/pages\/241919\" \/>\r\n            <input type=\"hidden\" name=\"form_id\" value=\"241578\">\r\n            <input type=\"hidden\" name=\"page_id\" value=\"241919\">\r\n            <input type=\"hidden\" name=\"action\" value=\"weforms_frontend_submit\">\r\n\r\n                            <input type=\"hidden\" name=\"weforms-front-report\" value=\"no\">\r\n            \r\n            \r\n                            <input type=\"submit\" class=\"weforms_submit_btn wpuf_submit_241578\" name=\"submit\" value=\"Submit\" \/>\r\n                    <\/li>\r\n                <\/ul>\r\n\r\n        <\/form>\r\n                <\/p>    <\/div>\n<\/div>\n<!-- \/module text -->        <\/div>\n                    <div  data-lazy=\"1\" class=\"module_column sub_column col3-1 tb_1vhn706 last\">\n                    <!-- module menu -->\n<div  class=\"module module-menu tb_r1la194  mobile-menu-slide\" data-menu-style=\"mobile-menu-slide\" data-menu-breakpoint=\"0\" data-element-id=\"tb_r1la194\" data-lazy=\"1\">\n        \n    <div class=\"module-menu-container\"><ul id=\"menu-social-links-2\" class=\"ui tf_clearfix nav tf_rel tf_scrollbar fullwidth transparent\"><li id=\"menu-item-241319\" class=\"menu-item-custom-241319 menu-item menu-item-type-custom menu-item-object-custom menu-item-241319\"><a href=\"https:\/\/www.facebook.com\/saudadedaluz\" class=\"menu-image-title-hide menu-image-not-hovered\"><span class=\"menu-image-title-hide menu-image-title\">Facebook<\/span><img decoding=\"async\" width=\"36\" height=\"36\" src=\"https:\/\/saudadedaluz.fr\/wp-content\/uploads\/sites\/10\/sites\/10\/2019\/11\/Fichier-1-36x36.png\" class=\"menu-image menu-image-title-hide\" alt=\"\" \/><\/a><\/li>\n<li id=\"menu-item-241320\" class=\"menu-item-custom-241320 menu-item menu-item-type-custom menu-item-object-custom menu-item-241320\"><a href=\"https:\/\/plus.google.com\/117775148093693481284\" class=\"menu-image-title-hide menu-image-not-hovered\"><span class=\"menu-image-title-hide menu-image-title\">Google+<\/span><img decoding=\"async\" width=\"36\" height=\"36\" src=\"https:\/\/saudadedaluz.fr\/wp-content\/uploads\/sites\/10\/sites\/10\/2019\/11\/Fichier-2-36x36.png\" class=\"menu-image menu-image-title-hide\" alt=\"\" \/><\/a><\/li>\n<li id=\"menu-item-241326\" class=\"menu-item-custom-241326 menu-item menu-item-type-custom menu-item-object-custom menu-item-241326\"><a href=\"https:\/\/www.linkedin.com\/in\/saudade-da-luz-27bb5bb4\/\" class=\"menu-image-title-hide menu-image-not-hovered\"><span class=\"menu-image-title-hide menu-image-title\">LinkedIn<\/span><img decoding=\"async\" width=\"36\" height=\"36\" src=\"https:\/\/saudadedaluz.fr\/wp-content\/uploads\/sites\/10\/sites\/10\/2019\/11\/Fichier-3-36x36.png\" class=\"menu-image menu-image-title-hide\" alt=\"\" \/><\/a><\/li>\n<li id=\"menu-item-241554\" class=\"menu-item-custom-241554 menu-item menu-item-type-custom menu-item-object-custom menu-item-241554\"><a href=\"https:\/\/twitter.com\/SaudadeDaLuz\" class=\"menu-image-title-hide menu-image-not-hovered\"><span class=\"menu-image-title-hide menu-image-title\">Twitter<\/span><img decoding=\"async\" width=\"36\" height=\"36\" src=\"https:\/\/saudadedaluz.fr\/wp-content\/uploads\/sites\/10\/sites\/10\/2019\/11\/Fichier-4-36x36.png\" class=\"menu-image menu-image-title-hide\" alt=\"\" \/><\/a><\/li>\n<li id=\"menu-item-241322\" class=\"menu-item-custom-241322 menu-item menu-item-type-custom menu-item-object-custom menu-item-241322\"><a href=\"https:\/\/www.youtube.com\/channel\/UCZOHbCyh_ppDrJs81HiYWVg\" class=\"menu-image-title-hide menu-image-not-hovered\"><span class=\"menu-image-title-hide menu-image-title\">Youtube<\/span><img decoding=\"async\" width=\"36\" height=\"36\" src=\"https:\/\/saudadedaluz.fr\/wp-content\/uploads\/sites\/10\/sites\/10\/2019\/11\/Fichier-5-36x36.png\" class=\"menu-image menu-image-title-hide\" alt=\"\" \/><\/a><\/li>\n<li id=\"menu-item-241323\" class=\"menu-item-custom-241323 menu-item menu-item-type-custom menu-item-object-custom menu-item-241323\"><a href=\"https:\/\/www.pinterest.com\/saudadedaluz\/\" class=\"menu-image-title-hide menu-image-not-hovered\"><span class=\"menu-image-title-hide menu-image-title\">Pinterest<\/span><img decoding=\"async\" width=\"36\" height=\"36\" src=\"https:\/\/saudadedaluz.fr\/wp-content\/uploads\/sites\/10\/sites\/10\/2019\/11\/Fichier-6-36x36.png\" class=\"menu-image menu-image-title-hide\" alt=\"\" \/><\/a><\/li>\n<li id=\"menu-item-241324\" class=\"menu-item-custom-241324 menu-item menu-item-type-custom menu-item-object-custom menu-item-241324\"><a href=\"https:\/\/soundcloud.com\/saudade-da-luz\" class=\"menu-image-title-hide menu-image-not-hovered\"><span class=\"menu-image-title-hide menu-image-title\">Soundcloud<\/span><img decoding=\"async\" width=\"36\" height=\"36\" src=\"https:\/\/saudadedaluz.fr\/wp-content\/uploads\/sites\/10\/sites\/10\/2019\/11\/Soundcloud-36x36.png\" class=\"menu-image menu-image-title-hide\" alt=\"\" \/><\/a><\/li>\n<\/ul><\/div>        <style>\n            .mobile-menu-module[data-module=\"tb_r1la194\"]{\n                right:-300px            }\n        <\/style>\n    <\/div>\n<!-- \/module menu -->\n        <\/div>\n                    <\/div>\n                <\/div>\n                        <\/div>\n        <\/div>\n        <\/div>\n<!--\/themify_builder_content-->","protected":false},"excerpt":{"rendered":"<p>\u00a0 \u00a0 Adh\u00e9sions et soutien aux artistes Spectacles Le 21Cabaret est une petite salle de spectacles, avec un bar associatif, qui fait partie de l\u2019association d\u2019\u00e9changes culturels avec le Br\u00e9sil, Saudade da Luz, sur la place de l\u2019\u00c9glise de Toulx Sainte Croix. Un lieu o\u00f9 les musiciens br\u00e9siliens et fran\u00e7ais, entre autres, se pr\u00e9sentent pour &#8230; <a title=\"21Cabaret\" class=\"read-more\" href=\"https:\/\/saudadedaluz.fr\/br\/21cabaret\/\" aria-label=\"Read more about 21Cabaret\">Leia mais<\/a><\/p>","protected":false},"author":1,"featured_media":0,"parent":0,"menu_order":0,"comment_status":"closed","ping_status":"closed","template":"","meta":{"footnotes":""},"class_list":["post-241919","page","type-page","status-publish"],"_links":{"self":[{"href":"https:\/\/saudadedaluz.fr\/br\/wp-json\/wp\/v2\/pages\/241919","targetHints":{"allow":["GET"]}}],"collection":[{"href":"https:\/\/saudadedaluz.fr\/br\/wp-json\/wp\/v2\/pages"}],"about":[{"href":"https:\/\/saudadedaluz.fr\/br\/wp-json\/wp\/v2\/types\/page"}],"author":[{"embeddable":true,"href":"https:\/\/saudadedaluz.fr\/br\/wp-json\/wp\/v2\/users\/1"}],"replies":[{"embeddable":true,"href":"https:\/\/saudadedaluz.fr\/br\/wp-json\/wp\/v2\/comments?post=241919"}],"version-history":[{"count":14,"href":"https:\/\/saudadedaluz.fr\/br\/wp-json\/wp\/v2\/pages\/241919\/revisions"}],"predecessor-version":[{"id":242049,"href":"https:\/\/saudadedaluz.fr\/br\/wp-json\/wp\/v2\/pages\/241919\/revisions\/242049"}],"wp:attachment":[{"href":"https:\/\/saudadedaluz.fr\/br\/wp-json\/wp\/v2\/media?parent=241919"}],"curies":[{"name":"wp","href":"https:\/\/api.w.org\/{rel}","templated":true}]}}